{"id":560437,"date":"2025-03-10T20:47:53","date_gmt":"2025-03-10T19:47:53","guid":{"rendered":"https:\/\/madelinefashion.pl\/?post_type=product&#038;p=560437"},"modified":"2025-07-30T10:31:04","modified_gmt":"2025-07-30T08:31:04","slug":"kombinezon-z-dlugim-rekawem-jasmine-wrzosowy","status":"publish","type":"product","link":"https:\/\/madelinefashion.pl\/en\/product\/kombinezon-z-dlugim-rekawem-jasmine-wrzosowy\/","title":{"rendered":"Jasmine Long Sleeve Jumpsuit Heather"},"content":{"rendered":"<h3 style=\"text-align: center;\">Kombinezon z D\u0142ugim R\u0119kawem Jasmine Wrzosowy<\/h3>\n<article class=\"w-full text-token-text-primary focus-visible:outline-2 focus-visible:outline-offset-[-4px]\" dir=\"auto\" data-testid=\"conversation-turn-7\" data-scroll-anchor=\"true\">\n<h6 class=\"sr-only\"><\/h6>\n<div class=\"text-base my-auto mx-auto py-[18px] px-6\">\n<div class=\"mx-auto flex flex-1 text-base gap-4 md:gap-5 lg:gap-6 md:max-w-3xl\">\n<div class=\"group\/conversation-turn relative flex w-full min-w-0 flex-col agent-turn @xs\/thread:px-0 @sm\/thread:px-1.5 @md\/thread:px-4\">\n<div class=\"flex-col gap-1 md:gap-3\">\n<div class=\"flex max-w-full flex-col flex-grow\">\n<div class=\"min-h-8 text-message relative flex w-full flex-col items-end gap-2 whitespace-normal break-words text-start [.text-message+&amp;]:mt-5\" dir=\"auto\" data-message-author-role=\"assistant\" data-message-id=\"c8efde86-16a7-4dab-8495-21cdb5b371ef\" data-message-model-slug=\"gpt-4o-mini\">\n<div class=\"flex w-full flex-col gap-1 empty:hidden first:pt-[3px]\">\n<div class=\"markdown prose w-full break-words dark:prose-invert light\">\n<p style=\"text-align: center;\" data-start=\"0\" data-end=\"220\">Kombinezon szyfonowy z d\u0142ugim r\u0119kawem to elegancka i nowoczesna propozycja na wesele ,chrzciny, komunia urodziny, bal czy inne imprezy okoliczno\u015bciowe. Taki kombinezon \u0142\u0105czy w sobie wygod\u0119 i szyk, oferuj\u0105c nie tylko komfort, ale i wyj\u0105tkowy wygl\u0105d. Szyfonowy materia\u0142 dodaje lekko\u015bci, a d\u0142ugie r\u0119kawy dodaj\u0105 elegancji. Kombinezon z\u00a0 dekoltem w kszta\u0142cie litery &#8222;V&#8221;\u00a0 dopasowany w tali\u00a0 z lekko rozkloszowanymi nogawkami &#8211; to idealna alternatywa dla sukienki.<br \/>\nD\u0142ugie, szerokie nogawki, wysmuklenie w talii, dekolt w kszta\u0142cie V &#8211; to wszystko, dzi\u0119ki czemu zaakcentujesz walory swojej sylwetki, optycznie wyd\u0142u\u017cysz i wysmuklisz figur\u0119.\u00a0<strong>Kombinezon damski<\/strong> o wizytowym charakterze doskonale sprawdzi si\u0119 na oficjalnym spotkaniu, eleganckim przyj\u0119ciu czy imprezie w rodzinie. Wygl\u0105da zjawiskowo zestawiony z wysokimi obcasami!\u00a0 <span style=\"font-size: 10pt; text-align: center;\">Je\u015bli nie mo\u017cesz zdecydowa\u0107, kt\u00f3ry <\/span><strong style=\"font-size: 10pt; text-align: center;\">rozmiar<\/strong><span style=\"font-size: 10pt; text-align: center;\"> jest dla Ciebie najlepszy, <\/span><strong style=\"font-size: 10pt; text-align: center;\">skontaktuj si\u0119 z nami<\/strong><span style=\"font-size: 10pt; text-align: center;\"> za po\u015brednictwem <\/span><a style=\"font-size: 10pt; text-align: center;\" href=\"https:\/\/www.facebook.com\/madelinefashionbutik\" target=\"_blank\" rel=\"noopener\">Facebooka<\/a><span style=\"font-size: 10pt; text-align: center;\"> lub <\/span><a style=\"font-size: 10pt; text-align: center;\" href=\"https:\/\/madelinefashion.pl\/kontakt\/\">telefonu<\/a><span style=\"font-size: 10pt; text-align: center;\">. W przypadku braku rozmiaru na stronie prosimy o kontakt.\u00a0<\/span><\/p>\n<\/div>\n<\/div>\n<\/div>\n<\/div>\n<\/div>\n<\/div>\n<\/div>\n<\/div>\n<\/article>\n<h3 style=\"text-align: center;\">WYMIARY SUKIENKI:<\/h3>\n<div class=\"additional-details\" style=\"text-align: center;\">\n<div class=\"additional-details\" style=\"text-align: center;\">\n<table width=\"556\">\n<tbody>\n<tr>\n<td><strong>ROZMIAR<\/strong><\/td>\n<td><strong>Biust<\/strong><\/td>\n<td><strong>Talia<\/strong><\/td>\n<td><strong>Biodra<\/strong><\/td>\n<\/tr>\n<tr>\n<td><strong>36<\/strong><\/td>\n<td>88-94<\/td>\n<td>68<\/td>\n<td>\u00a0dowolne<\/td>\n<\/tr>\n<tr>\n<td><strong>38<\/strong><\/td>\n<td>92-96<\/td>\n<td>72<\/td>\n<td>\u00a0dowolne<\/td>\n<\/tr>\n<tr>\n<td><strong>40<\/strong><\/td>\n<td>96-102<\/td>\n<td>76<\/td>\n<td>\u00a0dowolne<\/td>\n<\/tr>\n<\/tbody>\n<\/table>\n<p>&nbsp;<\/p>\n<\/div>\n<p style=\"text-align: center;\"><span style=\"font-size: 10pt;\">d\u0142ugo\u015b\u0107 ca\u0142kowita ok. 160 cm ( sukienk\u0119 mo\u017cna skr\u00f3ci\u0107 we w\u0142asnym zakresie)\u00a0<\/span><\/p>\n<\/div>\n<p style=\"text-align: center;\"><span style=\"font-size: 10pt;\">Sukienka dost\u0119pna r\u00f3wnie\u017c w innych wariantach kolorystycznych \u2013 zach\u0119camy do zapoznania si\u0119 z naszymi innymi produktami.<\/span><\/p>\n<p style=\"text-align: center;\"><span style=\"font-size: 10pt;\">Wymiary mog\u0105 si\u0119 nieznacznie r\u00f3\u017cni\u0107 od podanych +\/-2cm.\u00a0<\/span><\/p>\n<p style=\"text-align: center;\"><span style=\"font-size: 10pt;\"><strong>\u00a0<\/strong>\u00a0<\/span><\/p>\n<table width=\"620\">\n<tbody>\n<tr>\n<td width=\"302\">Nazwa modelu<\/td>\n<td width=\"302\">Kombinezon z D\u0142ugim R\u0119kawem Jasmine<\/td>\n<\/tr>\n<tr>\n<td width=\"302\">Kolor<\/td>\n<td width=\"302\">Wrzosowy<\/td>\n<\/tr>\n<tr>\n<td width=\"302\">Dekolt<\/td>\n<td width=\"302\">Styl V<\/td>\n<\/tr>\n<tr>\n<td width=\"302\">Rozmiary<\/td>\n<td width=\"302\">36 38 40<\/td>\n<\/tr>\n<tr>\n<td width=\"302\">R\u0119kaw<\/td>\n<td width=\"302\">D\u0142ugi<\/td>\n<\/tr>\n<tr>\n<td width=\"302\">Materia\u0142<\/td>\n<td width=\"302\">Wiskoza, Poliester, Bawe\u0142na<\/td>\n<\/tr>\n<tr>\n<td width=\"302\">D\u0142ugo\u015b\u0107<\/td>\n<td width=\"302\">Do ziemi<\/td>\n<\/tr>\n<\/tbody>\n<\/table>\n<p style=\"text-align: center;\"><span style=\"font-size: 10pt;\">\u00a0<\/span><\/p>\n<p style=\"text-align: center;\"><span style=\"font-size: 10pt;\">W celu dobrania <strong>idealnej Sukienki<\/strong> zapraszamy do kontaktu telefonicznego b\u0105d\u017a kontaktu przez nasz <a href=\"https:\/\/www.facebook.com\/madelinefashionbutik\" target=\"_blank\" rel=\"noopener\">Facebook<\/a> .<\/span><br \/>\n<span style=\"font-size: 10pt;\">Nasz Zesp\u00f3\u0142 Pomo\u017ce <strong>Wybra\u0107 t\u0105 odpowiedni\u0105<\/strong> . <strong>Ka\u017cd\u0105 sukienk\u0119 mo\u017cemy na pro\u015bb\u0119 kupuj\u0105cego\u00a0<\/strong><strong>dok\u0142adnie zmierzy\u0107.\u00a0<\/strong><\/span><\/p>\n<div class=\"additional-details\" style=\"text-align: center;\">\n<p style=\"text-align: center;\"><span style=\"font-size: 10pt;\">\u00a0<\/span><\/p>\n<\/div>\n","protected":false},"excerpt":{"rendered":"<p>Kombinezon z D\u0142ugim R\u0119kawem Jasmine Wrzosowy Kombinezon szyfonowy z d\u0142ugim r\u0119kawem to elegancka i nowoczesna propozycja na wesele ,chrzciny, komunia urodziny, bal czy inne imprezy okoliczno\u015bciowe. Taki kombinezon \u0142\u0105czy w sobie wygod\u0119 i szyk, oferuj\u0105c nie tylko komfort, ale i wyj\u0105tkowy wygl\u0105d. Szyfonowy materia\u0142 dodaje lekko\u015bci, a d\u0142ugie r\u0119kawy dodaj\u0105 elegancji. Kombinezon z\u00a0 dekoltem w<\/p>\n<div class=\"klb-readmore post-buttons\"><a class=\"button black outline size-sm\" href=\"https:\/\/madelinefashion.pl\/en\/product\/kombinezon-z-dlugim-rekawem-jasmine-wrzosowy\/\">Read More <i class=\"klbth-icon-right-arrow\"><\/i><\/a><\/div>","protected":false},"featured_media":560427,"template":"","meta":[],"product_brand":[],"product_cat":[80],"product_tag":[297],"class_list":{"0":"post-560437","1":"product","2":"type-product","3":"status-publish","4":"has-post-thumbnail","6":"product_cat-sukienki-i-kombinezony","7":"product_tag-kombinezony","9":"first","10":"instock","11":"product-type-variable"},"_links":{"self":[{"href":"https:\/\/madelinefashion.pl\/en\/wp-json\/wp\/v2\/product\/560437","targetHints":{"allow":["GET"]}}],"collection":[{"href":"https:\/\/madelinefashion.pl\/en\/wp-json\/wp\/v2\/product"}],"about":[{"href":"https:\/\/madelinefashion.pl\/en\/wp-json\/wp\/v2\/types\/product"}],"wp:featuredmedia":[{"embeddable":true,"href":"https:\/\/madelinefashion.pl\/en\/wp-json\/wp\/v2\/media\/560427"}],"wp:attachment":[{"href":"https:\/\/madelinefashion.pl\/en\/wp-json\/wp\/v2\/media?parent=560437"}],"wp:term":[{"taxonomy":"product_brand","embeddable":true,"href":"https:\/\/madelinefashion.pl\/en\/wp-json\/wp\/v2\/product_brand?post=560437"},{"taxonomy":"product_cat","embeddable":true,"href":"https:\/\/madelinefashion.pl\/en\/wp-json\/wp\/v2\/product_cat?post=560437"},{"taxonomy":"product_tag","embeddable":true,"href":"https:\/\/madelinefashion.pl\/en\/wp-json\/wp\/v2\/product_tag?post=560437"}],"curies":[{"name":"wp","href":"https:\/\/api.w.org\/{rel}","templated":true}]}}