{"id":69065,"date":"2022-12-01T14:01:35","date_gmt":"2022-12-01T13:01:35","guid":{"rendered":"https:\/\/madelinefashion.pl\/?post_type=product&#038;p=69065"},"modified":"2025-04-03T22:11:50","modified_gmt":"2025-04-03T20:11:50","slug":"elegancki-kombinezon-cekinowy-na-ramiaczkach-velvet-czarny","status":"publish","type":"product","link":"https:\/\/madelinefashion.pl\/en\/product\/elegancki-kombinezon-cekinowy-na-ramiaczkach-velvet-czarny\/","title":{"rendered":"Elegancki Kombinezon Cekinowy Na Rami\u0105czkach Velvet Czarny"},"content":{"rendered":"<h3 style=\"text-align: center;\">Elegancki Kombinezon Cekinowy Na Rami\u0105czkach Velvet Czarny<\/h3>\n<p style=\"text-align: center;\"><strong>Elegancki Kombinezon Cekinowy Kopertowy Dekolt Velvet<\/strong>\u00a0 jest idealn\u0105 opcj\u0105 dla Pa\u0144, kt\u00f3re lepiej czuj\u0105 si\u0119 w spodniach ni\u017c w sukience Unikatowy kr\u00f3j \u0142\u0105czy w sobie wygod\u0119, ekstrawagancj\u0119 i lu\u017any charakter Kombinezon idealny na wielkie wyj\u015bcie, urodziny, czy imprez\u0119 karnawa\u0142ow\u0105 Kombinezon wykonany z tkaniny wyszywanej cekinami (posiada elastyczn\u0105 podszewk\u0119)\u00a0 Kopertowy dekolt (mo\u017cemy zaszy\u0107 go delikatnie w dowolnym miejscu) Kombinezon Velvet to idealny wyb\u00f3r na wszystkie okazje, gdzie chcesz zab\u0142ysn\u0105\u0107 i wyr\u00f3\u017cni\u0107 si\u0119 z t\u0142umu Idealna propozycja na \u015blub, wesele, rodzinne uroczysto\u015bci, bankiety. <strong> Dungarees<\/strong><strong><span lang=\"pl-pl\" xml:lang=\"pl-pl\"> it is made of light material so you will feel at ease in it.\u00a0 <\/span><\/strong><span lang=\"pl-pl\" xml:lang=\"pl-pl\">Available in our store in several color options. Recommended for women in sizes XS SML.<\/span><\/p>\n<h3 style=\"text-align: center;\">Dimensions:<\/h3>\n<ul style=\"text-align: center;\">\n<li><span style=\"font-size: 10pt;\">\u00a0\u00a0\u00a0\u00a0\u00a0\u00a0\u00a0 overall length: 143 cm<\/span><\/li>\n<li><span style=\"font-size: 10pt;\">\u00a0\u00a0\u00a0\u00a0\u00a0\u00a0\u00a0 szeroko\u015b\u0107 od pachy do pachy: 51-56 cm<\/span><\/li>\n<li><span style=\"font-size: 10pt;\">\u00a0\u00a0\u00a0\u00a0\u00a0\u00a0\u00a0 szeroko\u015b\u0107 talia 34-47cm (gumka)<br \/>\nszeroko\u015b\u0107 biodra 41 &#8211; 50 cm<br \/>\n<\/span><\/li>\n<li><span style=\"font-size: 10pt;\">\u00a0\u00a0\u00a0\u00a0\u00a0\u00a0\u00a0 d\u0142ugo\u015b\u0107 nogawki od kroku: 71cm<\/span><\/li>\n<li><\/li>\n<\/ul>\n<p style=\"text-align: center;\"><span style=\"vertical-align: inherit;\">Dimensions may vary from the given +\/- 2cm. All dimensions given are measured flat. Dimension x2<\/span><\/p>\n<p style=\"text-align: center;\"><span style=\"font-size: 10pt;\"><strong>\u00a0<\/strong>\u00a0<\/span><\/p>\n<p>&nbsp;<\/p>\n<table style=\"height: 166px;\" width=\"670\">\n<tbody>\n<tr>\n<td width=\"302\"><span style=\"font-size: 10pt;\">Model name<\/span><\/td>\n<td width=\"302\">Elegancki Kombinezon Cekinowy Na Rami\u0105czkach Velvet<\/td>\n<\/tr>\n<tr>\n<td width=\"302\"><span style=\"font-size: 10pt;\">Color<\/span><\/td>\n<td width=\"302\"><span style=\"font-size: 10pt;\">Black<\/span><\/td>\n<\/tr>\n<tr>\n<td width=\"302\"><span style=\"font-size: 10pt;\">Fashion<\/span><\/td>\n<td width=\"302\"><span style=\"font-size: 13.3333px;\">Elegant<\/span><\/td>\n<\/tr>\n<tr>\n<td width=\"302\"><span style=\"font-size: 10pt;\">Material<\/span><\/td>\n<td width=\"302\"><span style=\"font-size: 10pt;\">50 %Poliester\u00a0 45% Wiskoza 5 % Elastian\u00a0<\/span><\/td>\n<\/tr>\n<tr>\n<td width=\"302\"><span style=\"font-size: 10pt;\">Length<\/span><\/td>\n<td width=\"302\"><span style=\"font-size: 13.3333px;\">Maxi<\/span><\/td>\n<\/tr>\n<\/tbody>\n<\/table>\n<p style=\"text-align: center;\">The model has\u00a0<strong>169<\/strong>\u00a0cm tall, wears a size every day\u00a0<strong>S.<\/strong><\/p>\n<p style=\"text-align: center;\">Bust width 91 cm<\/p>\n<p style=\"text-align: center;\">Waist width 71 cm<\/p>\n<p style=\"text-align: center;\">Hip width 96 cm<\/p>\n<div class=\"additional-details\" style=\"text-align: center;\">\n<p style=\"text-align: center;\"><span style=\"font-size: 10pt;\">\u00a0<\/span><\/p>\n<\/div>","protected":false},"excerpt":{"rendered":"<p>Elegancki Kombinezon Cekinowy Na Rami\u0105czkach Velvet Czarny Elegancki Kombinezon Cekinowy Kopertowy Dekolt Velvet\u00a0 jest idealn\u0105 opcj\u0105 dla Pa\u0144, kt\u00f3re lepiej czuj\u0105 si\u0119 w spodniach ni\u017c w sukience Unikatowy kr\u00f3j \u0142\u0105czy w sobie wygod\u0119, ekstrawagancj\u0119 i lu\u017any charakter Kombinezon idealny na wielkie wyj\u015bcie, urodziny, czy imprez\u0119 karnawa\u0142ow\u0105 Kombinezon wykonany z tkaniny wyszywanej cekinami (posiada elastyczn\u0105 podszewk\u0119)\u00a0<\/p>\n<div class=\"klb-readmore post-buttons\"><a class=\"button black outline size-sm\" href=\"https:\/\/madelinefashion.pl\/en\/product\/elegancki-kombinezon-cekinowy-na-ramiaczkach-velvet-czarny\/\">Read More <i class=\"klbth-icon-right-arrow\"><\/i><\/a><\/div>","protected":false},"featured_media":111600,"template":"","meta":[],"product_brand":[],"product_cat":[80],"product_tag":[297,504],"class_list":{"0":"post-69065","1":"product","2":"type-product","3":"status-publish","4":"has-post-thumbnail","6":"product_cat-sukienki-i-kombinezony","7":"product_tag-kombinezony","8":"product_tag-party-time","10":"first","11":"outofstock","12":"purchasable","13":"product-type-simple"},"_links":{"self":[{"href":"https:\/\/madelinefashion.pl\/en\/wp-json\/wp\/v2\/product\/69065","targetHints":{"allow":["GET"]}}],"collection":[{"href":"https:\/\/madelinefashion.pl\/en\/wp-json\/wp\/v2\/product"}],"about":[{"href":"https:\/\/madelinefashion.pl\/en\/wp-json\/wp\/v2\/types\/product"}],"wp:featuredmedia":[{"embeddable":true,"href":"https:\/\/madelinefashion.pl\/en\/wp-json\/wp\/v2\/media\/111600"}],"wp:attachment":[{"href":"https:\/\/madelinefashion.pl\/en\/wp-json\/wp\/v2\/media?parent=69065"}],"wp:term":[{"taxonomy":"product_brand","embeddable":true,"href":"https:\/\/madelinefashion.pl\/en\/wp-json\/wp\/v2\/product_brand?post=69065"},{"taxonomy":"product_cat","embeddable":true,"href":"https:\/\/madelinefashion.pl\/en\/wp-json\/wp\/v2\/product_cat?post=69065"},{"taxonomy":"product_tag","embeddable":true,"href":"https:\/\/madelinefashion.pl\/en\/wp-json\/wp\/v2\/product_tag?post=69065"}],"curies":[{"name":"wp","href":"https:\/\/api.w.org\/{rel}","templated":true}]}}