{"id":10083,"date":"2021-04-27T14:45:55","date_gmt":"2021-04-27T12:45:55","guid":{"rendered":"https:\/\/madelinefashion.pl\/?post_type=product&#038;p=10083"},"modified":"2026-03-26T12:40:37","modified_gmt":"2026-03-26T11:40:37","slug":"tunika-z-koronka-nalla-jasno-szara","status":"publish","type":"product","link":"https:\/\/madelinefashion.pl\/sk\/tunika-z-koronka-nalla-jasno-szara\/","title":{"rendered":"Tunika s \u010dipkou Nalla svetlo\u0161ed\u00e1"},"content":{"rendered":"<h3 style=\"text-align: center;\">Tunika s \u010dipkou Nalla svetlo\u0161ed\u00e1<\/h3>\n<p style=\"text-align: center;\"><span style=\"font-size: 10pt;\">H\u013ead\u00e1te pohodln\u00e9 a\u00a0<strong>\u0161t\u00fdlov\u00e1 tunika<\/strong>ktor\u00e9 m\u00f4\u017eete nosi\u0165 aj vy\u00a0<a href=\"https:\/\/madelinefashion.pl\/sk\/sukienki-i-kombinezony\/sukienki\/\" target=\"_blank\" rel=\"noopener\">\u0161aty<\/a>\u00a0alebo tunika? Pozrite si na\u0161e\u00a0<strong>tuniky\u00a0<\/strong>! typ \u0161iat <strong>spodni\u010dka s \u010dipkou a tylom<\/strong>. Spodni\u010dka m\u00e1 efektn\u00fa \u010dipku. Vyroben\u00e9 z vysoko kvalitn\u00e9ho materi\u00e1lu ide\u00e1lne pre<strong> svetre, <a href=\"https:\/\/madelinefashion.pl\/sk\/kurtki-i-plaszcze\/kurtki\/\">bundy<\/a>, bl\u00fazky - mierne oversized strih<\/strong>. Slip s polkruhov\u00fdm v\u00fdstrihom, ramienka. Jednoduch\u00fd strih s mini d\u013a\u017ekou pekne sed\u00ed na postave. Odpor\u00fa\u010dame nosi\u0165 v dvoch variantoch ako \u0161aty alebo spodni\u010dka. Skvele sa bude hodi\u0165 ako z\u00e1klad pre styling s na\u0161imi <a href=\"https:\/\/madelinefashion.pl\/sk\/?s=cleo&amp;post_type=product\">bunda <\/a>semi\u0161. <strong>Spodni\u010dka dostupn\u00e1 v mnoh\u00fdch farebn\u00fdch variantoch<\/strong>. <strong>Odpor\u00fa\u010dame pre d\u00e1my vo ve\u013ekosti XS SML<\/strong> <strong>XL <\/strong>Ak nos\u00edte v\u00e4\u010d\u0161iu ve\u013ekos\u0165, pozorne si skontrolujte miery.\u00a0<\/span><\/p>\n<h3 style=\"text-align: center;\">\u00a0 \u00a0 \u00a0Rozmery<\/h3>\n<ul>\n<li style=\"text-align: center;\">Celkov\u00e1 predn\u00e1 d\u013a\u017eka - 91 cm<\/li>\n<li style=\"text-align: center;\">\u0160\u00edrka od pazuchy po pazuchu - 39-56 cm<\/li>\n<li style=\"text-align: center;\">\u0160\u00edrka p\u00e1sa - 41-56 cm<\/li>\n<li style=\"text-align: center;\">\u0160\u00edrka v spodnej \u010dasti - 52-63 cm<\/li>\n<\/ul>\n<p style=\"text-align: center;\">Rozmery sa m\u00f4\u017eu mierne l\u00ed\u0161i\u0165 od uveden\u00fdch +\/- 2cm. V\u0161etky uveden\u00e9 rozmery s\u00fa meran\u00e9 plo\u0161ne.<\/p>\n<h3 style=\"text-align: center;\">Charakteristika:<\/h3>\n<p align=\"center\">-po\u0161myknutie<br \/>\n- univerz\u00e1lny<br \/>\n- vyroben\u00e9 z vysoko kvalitn\u00e9ho materi\u00e1lu<br \/>\n-m\u00f3dne<br \/>\n-\u017dena<br \/>\n-\u010dipka<br \/>\n-tyl<\/p>\n<table>\n<tbody>\n<tr>\n<td width=\"302\">Meno modela<\/td>\n<td width=\"302\">\u010cipkovan\u00e1 tunika Nalla<\/td>\n<\/tr>\n<tr>\n<td width=\"302\">Farba<\/td>\n<td width=\"302\">Svetlo siv\u00e1<\/td>\n<\/tr>\n<tr>\n<td width=\"302\">ve\u013ekosti<\/td>\n<td width=\"302\">Univerz\u00e1lny<\/td>\n<\/tr>\n<tr>\n<td width=\"302\">M\u00f3da<\/td>\n<td width=\"302\">nadrozmern\u00e9<\/td>\n<\/tr>\n<tr>\n<td width=\"302\">Materi\u00e1l<\/td>\n<td width=\"302\">85% visk\u00f3za 5% elastan 10 % polyester<\/td>\n<\/tr>\n<\/tbody>\n<\/table>\n<p style=\"text-align: center;\">Model m\u00e1\u00a0<strong>169<\/strong>\u00a0cm vysok\u00fd, nos\u00ed ve\u013ekos\u0165 ka\u017ed\u00fd de\u0148\u00a0<strong>S<\/strong><\/p>\n<p style=\"text-align: center;\">\u0160\u00edrka hrudn\u00edka 91 cm<\/p>\n<p style=\"text-align: center;\">\u0160\u00edrka p\u00e1su 71 cm<\/p>\n<p style=\"text-align: center;\">\u0160\u00edrka bokov 96 cm<\/p>\n<p style=\"text-align: center;\">","protected":false},"excerpt":{"rendered":"<p>Tunika z Koronk\u0105 Nalla Jasno Szara Szukasz wygodnej i\u00a0stylowej Tuniki, kt\u00f3r\u0105 mo\u017cesz nosi\u0107 r\u00f3wnie\u017c jako\u00a0sukienk\u0119\u00a0lub tunik\u0119? Sprawd\u017a nasze\u00a0tuniki\u00a0! Sukienka typu halka z koronk\u0105 i tiulem. Halka posiada efektown\u0105 koronk\u0119. Wykonana z wysokiej jako\u015bci materia\u0142u idealna do swetr\u00f3w, kurtek, bluzek &#8211; fason lekko oversize.\u00a0 Halka z p\u00f3\u0142okr\u0105g\u0142ym dekoltem, na\u00a0 rami\u0105czkach. Prosty kr\u00f3j o d\u0142ugo\u015bci mini \u0142adnie<\/p>\n<div class=\"klb-readmore post-buttons\"><a class=\"button black outline size-sm\" href=\"https:\/\/madelinefashion.pl\/sk\/tunika-z-koronka-nalla-jasno-szara\/\">\u010c\u00edta\u0165 \u010falej <i class=\"klbth-icon-right-arrow\"><\/i><\/a><\/div>","protected":false},"featured_media":112337,"template":"","meta":[],"product_brand":[],"product_cat":[125,380],"product_tag":[296],"class_list":{"0":"post-10083","1":"product","2":"type-product","3":"status-publish","4":"has-post-thumbnail","6":"product_cat-sukienki","7":"product_cat-wyprzedaz","8":"product_tag-tuniki","10":"first","11":"outofstock","12":"sale","13":"purchasable","14":"product-type-simple"},"_links":{"self":[{"href":"https:\/\/madelinefashion.pl\/sk\/wp-json\/wp\/v2\/product\/10083","targetHints":{"allow":["GET"]}}],"collection":[{"href":"https:\/\/madelinefashion.pl\/sk\/wp-json\/wp\/v2\/product"}],"about":[{"href":"https:\/\/madelinefashion.pl\/sk\/wp-json\/wp\/v2\/types\/product"}],"wp:featuredmedia":[{"embeddable":true,"href":"https:\/\/madelinefashion.pl\/sk\/wp-json\/wp\/v2\/media\/112337"}],"wp:attachment":[{"href":"https:\/\/madelinefashion.pl\/sk\/wp-json\/wp\/v2\/media?parent=10083"}],"wp:term":[{"taxonomy":"product_brand","embeddable":true,"href":"https:\/\/madelinefashion.pl\/sk\/wp-json\/wp\/v2\/product_brand?post=10083"},{"taxonomy":"product_cat","embeddable":true,"href":"https:\/\/madelinefashion.pl\/sk\/wp-json\/wp\/v2\/product_cat?post=10083"},{"taxonomy":"product_tag","embeddable":true,"href":"https:\/\/madelinefashion.pl\/sk\/wp-json\/wp\/v2\/product_tag?post=10083"}],"curies":[{"name":"pracovn\u00fd list","href":"https:\/\/api.w.org\/{rel}","templated":true}]}}