{"id":10140,"date":"2021-04-27T19:28:03","date_gmt":"2021-04-27T17:28:03","guid":{"rendered":"https:\/\/madelinefashion.pl\/?post_type=product&#038;p=10140"},"modified":"2026-01-20T10:34:35","modified_gmt":"2026-01-20T09:34:35","slug":"bluzka-w-kwiatki-wiazana-blekitna-mossi","status":"publish","type":"product","link":"https:\/\/madelinefashion.pl\/sk\/bluzka-w-kwiatki-wiazana-blekitna-mossi\/","title":{"rendered":"Modr\u00e1 kvetinov\u00e1 bl\u00fazka s viazan\u00edm Mossi"},"content":{"rendered":"<h3 style=\"text-align: center;\">Modr\u00e1 kvetinov\u00e1 bl\u00fazka s viazan\u00edm Mossi<\/h3>\n<p style=\"text-align: center;\">Bl\u00fazka s drobn\u00fdmi kvetmi nesmie ch\u00fdba\u0165 v \u0161atn\u00edku ka\u017edej \u017eeny. <strong>Potla\u010d drobn\u00fdch kvietkov o\u017eiv\u00ed styling<\/strong> a pozit\u00edvna n\u00e1lada ka\u017ed\u00fd de\u0148. Vo\u013enej\u0161\u00ed strih bl\u00fazky neobmedzuje v pohybe a p\u00f4sob\u00ed ve\u013emi diev\u010densky. Model z <strong>zviazan\u00e9 v spodnej \u010dasti<\/strong> s kvetinov\u00fdm strihom sa bude hodi\u0165 v pr\u00e1ci aj pri r\u00f4znych pr\u00edle\u017eitostiach. <strong>Kvetinov\u00e1 bl\u00fazka Mossi<\/strong>\u00a0 vytvoren\u00e9 pre energick\u00e9, otvoren\u00e9 a radostn\u00e9 \u017eeny. Skombinujte bl\u00fazku s <a href=\"https:\/\/madelinefashion.pl\/sk\/spodnie\/\">nohavice<\/a> u\u0161it\u00e9 na mieru a vy\u010dnieva\u0165 z davu. Odpor\u00fa\u010dame pre \u017eeny vo ve\u013ekostiach od XS do L<\/p>\n<p>&nbsp;<\/p>\n<h3 style=\"text-align: center;\">Rozmery:<\/h3>\n<p><span style=\"font-size: 10pt;\"><span style=\"font-size: 10pt;\">\u00a0<\/span><\/span><\/p>\n<ul style=\"text-align: center;\">\n<li><span style=\"font-size: 10pt;\">\u00a0\u00a0\u00a0 celkov\u00e1 d\u013a\u017eka: 49 cm\u00a0<\/span><\/li>\n<li><span style=\"font-size: 10pt;\">\u00a0\u00a0\u00a0\u00a0\u00a0\u00a0\u00a0 \u0161\u00edrka od pazuchy po pazuchu: 45 cm<\/span><span style=\"font-size: 10pt;\">\u00a0\u00a0<\/span><\/li>\n<\/ul>\n<p style=\"text-align: center;\"><span style=\"font-size: 10pt;\">Rozmery sa m\u00f4\u017eu mierne l\u00ed\u0161i\u0165 od uveden\u00fdch +\/- 2cm. V\u0161etky uveden\u00e9 rozmery s\u00fa meran\u00e9 plo\u0161ne. <strong>rozmer x2<\/strong><\/span><\/p>\n<p style=\"text-align: center;\"><span style=\"font-size: 10pt;\">\u00a0<\/span><\/p>\n<p style=\"text-align: center;\"><span style=\"font-size: 10pt;\">\u00a0<\/span><\/p>\n<table>\n<tbody>\n<tr>\n<td width=\"302\">Meno modela<\/td>\n<td width=\"302\">Kvetinov\u00e1 bl\u00fazka s viazan\u00edm Mossi<\/td>\n<\/tr>\n<tr>\n<td width=\"302\">Farba<\/td>\n<td width=\"302\">Modr\u00e1<\/td>\n<\/tr>\n<tr>\n<td width=\"302\">ve\u013ekosti<\/td>\n<td width=\"302\">Univerz\u00e1lny<\/td>\n<\/tr>\n<tr>\n<td width=\"302\">M\u00f3da<\/td>\n<td width=\"302\">nadrozmern\u00e9<\/td>\n<\/tr>\n<tr>\n<td width=\"302\">Materi\u00e1l<\/td>\n<td width=\"302\">100% visk\u00f3za<\/td>\n<\/tr>\n<\/tbody>\n<\/table>\n<p style=\"text-align: center;\"><span style=\"font-size: 10pt;\">\u00a0<\/span><\/p>\n<p style=\"text-align: center;\">Model m\u00e1\u00a0<strong>169<\/strong>\u00a0cm vysok\u00fd, nos\u00ed ve\u013ekos\u0165 ka\u017ed\u00fd de\u0148\u00a0<strong>S<\/strong><\/p>\n<p style=\"text-align: center;\">\u0160\u00edrka cez prsia 92 cm<\/p>\n<p style=\"text-align: center;\">\u0160\u00edrka v p\u00e1se 62 cm<\/p>\n<p style=\"text-align: center;\">\u0160\u00edrka v bokoch 94 cm<\/p>\n<p style=\"text-align: center;\"><span style=\"font-size: 10pt;\">\u00a0<\/span><\/p>\n<p style=\"text-align: center;\"><span style=\"font-size: 10pt;\">\u00a0<\/span><\/p>\n<p style=\"text-align: center;\"><span style=\"font-size: 10pt;\">\u00a0<\/span><\/p>","protected":false},"excerpt":{"rendered":"<p>Bluzka w Kwiatki Wi\u0105zana B\u0142\u0119kitna Mossi Bluzka w drobne kwiatki \u00a0to obowi\u0105zkowa pozycja w garderobie ka\u017cdej kobiety. Print w drobne kwiatuszki o\u017cywi stylizacj\u0119 i pozytywnie nastroi ka\u017cdego dnia. Lu\u017aniejszy fason bluzki nie kr\u0119puje ruch\u00f3w i wygl\u0105da bardzo dziewcz\u0119co. Model z wi\u0105zanym do\u0142em o kwiecistym fasonie \u00a0sprawdzi si\u0119 zar\u00f3wno w pracy jak i podczas r\u00f3\u017cnych okazji.<\/p>\n<div class=\"klb-readmore post-buttons\"><a class=\"button black outline size-sm\" href=\"https:\/\/madelinefashion.pl\/sk\/bluzka-w-kwiatki-wiazana-blekitna-mossi\/\">\u010c\u00edta\u0165 \u010falej <i class=\"klbth-icon-right-arrow\"><\/i><\/a><\/div>","protected":false},"featured_media":49321,"template":"","meta":[],"product_brand":[],"product_cat":[77],"product_tag":[],"class_list":{"0":"post-10140","1":"product","2":"type-product","3":"status-publish","4":"has-post-thumbnail","6":"product_cat-bluzki","8":"first","9":"instock","10":"sale","11":"purchasable","12":"product-type-simple"},"_links":{"self":[{"href":"https:\/\/madelinefashion.pl\/sk\/wp-json\/wp\/v2\/product\/10140","targetHints":{"allow":["GET"]}}],"collection":[{"href":"https:\/\/madelinefashion.pl\/sk\/wp-json\/wp\/v2\/product"}],"about":[{"href":"https:\/\/madelinefashion.pl\/sk\/wp-json\/wp\/v2\/types\/product"}],"wp:featuredmedia":[{"embeddable":true,"href":"https:\/\/madelinefashion.pl\/sk\/wp-json\/wp\/v2\/media\/49321"}],"wp:attachment":[{"href":"https:\/\/madelinefashion.pl\/sk\/wp-json\/wp\/v2\/media?parent=10140"}],"wp:term":[{"taxonomy":"product_brand","embeddable":true,"href":"https:\/\/madelinefashion.pl\/sk\/wp-json\/wp\/v2\/product_brand?post=10140"},{"taxonomy":"product_cat","embeddable":true,"href":"https:\/\/madelinefashion.pl\/sk\/wp-json\/wp\/v2\/product_cat?post=10140"},{"taxonomy":"product_tag","embeddable":true,"href":"https:\/\/madelinefashion.pl\/sk\/wp-json\/wp\/v2\/product_tag?post=10140"}],"curies":[{"name":"pracovn\u00fd list","href":"https:\/\/api.w.org\/{rel}","templated":true}]}}