{"id":1035,"date":"2019-03-14T10:13:10","date_gmt":"2019-03-14T09:13:10","guid":{"rendered":"http:\/\/serwer2078743.home.pl\/?post_type=product&#038;p=1035"},"modified":"2026-01-15T12:43:42","modified_gmt":"2026-01-15T11:43:42","slug":"plaszcz-czerwony-plus-size-z-flauszu","status":"publish","type":"product","link":"https:\/\/madelinefashion.pl\/sk\/plaszcz-czerwony-plus-size-z-flauszu\/","title":{"rendered":"\u010cerven\u00fd fleecov\u00fd kab\u00e1t ve\u013ekej ve\u013ekosti"},"content":{"rendered":"<h2 style=\"text-align: center;\">\u010cerven\u00fd fleecov\u00fd kab\u00e1t ve\u013ekej ve\u013ekosti<\/h2>\n<p style=\"text-align: center;\">\u010cerven\u00e1 farba up\u00fata zaka\u017ed\u00fdm, ke\u010f sa objav\u00ed v sez\u00f3nnych kolekci\u00e1ch. Nad\u010dasov\u00e1 farba - <strong>v\u017edy v m\u00f3de<\/strong> . Jedna kre\u00e1cia m\u00f4\u017ee by\u0165 hlavn\u00fdm bodom pre vytvorenie outfitu <strong>ve\u013ea r\u00f4znych pr\u00edle\u017eitost\u00ed<\/strong>. \u010cerven\u00fd fleecov\u00fd kab\u00e1t je skuto\u010dn\u00fdm hitom sez\u00f3ny. Je to spojenie elegancie, modernosti a funk\u010dnosti. <strong>Fl\u00edsov\u00fd kab\u00e1t<\/strong> - je skuto\u010dn\u00fd <strong>najpred\u00e1vanej\u0161\u00ed<\/strong> v ponuke <strong>MadelineFashion<\/strong>. pre\u010do? S\u00fa dokonalou kombin\u00e1ciou <strong>\u0161t\u00fdl, elegancia<\/strong> a <strong>n\u00edzka cena<\/strong>. Mnoh\u00ed na\u0161i klienti si vyberaj\u00fa p\u00e1perov\u00e9 kab\u00e1ty, preto\u017ee za cenu bavlnen\u00e9ho kab\u00e1ta si m\u00f4\u017eu k\u00fapi\u0165 nieko\u013eko r\u00f4znych modelov v r\u00f4znych farb\u00e1ch, v\u010faka \u010domu maj\u00fa ove\u013ea v\u00e4\u010d\u0161iu vo\u013enos\u0165 pri v\u00fdbere <strong>vytv\u00e1ranie r\u00f4znych \u0161t\u00fdlov! <\/strong>Ve\u013ekos\u0165 <strong>univerz\u00e1lna ve\u013ekos\u0165 plus <\/strong>\u00a0odpor\u00fa\u010dan\u00e9 pre\u00a0 <strong>P\u00e1n<\/strong> nosenie<strong> ve\u013ekos\u0165<\/strong> <strong>44,46,48,50<\/strong> \u010do je obrovsk\u00e1 v\u00fdhoda tohto modelu. V ponuke <strong>m\u00e1me<\/strong> tie\u017e <strong>men\u0161ie<\/strong> odpor\u00fa\u010dan\u00e9 pre SML XL. V na\u0161om internetovom obchode n\u00e1jdete tento produkt v r\u00f4znych farebn\u00fdch variantoch za bezkonkuren\u010dn\u00fa cenu <strong>n\u00edzka cena<\/strong>.<\/p>\n<h3 style=\"text-align: center;\">Rozmery srsti nadmernej ve\u013ekosti<\/h3>\n<ul style=\"text-align: center;\">\n<li style=\"text-align: center;\"><span style=\"background-color: #ffffff;\">celkov\u00e1 d\u013a\u017eka chrbta: 90 cm\u00a0<\/span><\/li>\n<li style=\"text-align: center;\"><span style=\"background-color: #ffffff;\">\u0161\u00edrka od pazuchy po pazuchu: 59 cm\u00a0<\/span><\/li>\n<li style=\"text-align: center;\"><span style=\"background-color: #ffffff;\">d\u013a\u017eka ruk\u00e1va od ramena: 62 cm<\/span><\/li>\n<li style=\"text-align: center;\"><span style=\"background-color: #ffffff;\">d\u013a\u017eka ruk\u00e1va od podpazu\u0161ia: 47 cm<\/span><\/li>\n<li style=\"text-align: center;\"><span style=\"background-color: #ffffff;\">odpor\u00fa\u010dan\u00fd maxim\u00e1lny obvod poprsia: 130-145 cm<\/span><\/li>\n<li style=\"text-align: center;\"><span style=\"background-color: #ffffff;\">\u0161\u00edrka v bicepsoch: 39 cm<\/span><\/li>\n<\/ul>\n<p style=\"text-align: center;\">Rozmery sa m\u00f4\u017eu mierne l\u00ed\u0161i\u0165 od uveden\u00fdch +\/- 2cm. V\u0161etky uveden\u00e9 rozmery s\u00fa meran\u00e9 plo\u0161ne.<\/p>\n<p style=\"text-align: center;\"><strong>\u00a0<\/strong><\/p>\n<table width=\"617\">\n<tbody>\n<tr>\n<td width=\"302\">Meno modela<\/td>\n<td width=\"302\">Fleeceov\u00fd kab\u00e1t ve\u013ekej ve\u013ekosti<\/td>\n<\/tr>\n<tr>\n<td width=\"302\">Farba<\/td>\n<td width=\"302\">\u010cerven\u00e1<\/td>\n<\/tr>\n<tr>\n<td width=\"302\">Zbierka<\/td>\n<td width=\"302\">jar\/jese\u0148\/zima<\/td>\n<\/tr>\n<tr>\n<td width=\"302\">ve\u013ekosti<\/td>\n<td width=\"302\">Univerz\u00e1lny (nadmern\u00e1 ve\u013ekos\u0165)<\/td>\n<\/tr>\n<tr>\n<td width=\"302\">M\u00f3da<\/td>\n<td width=\"302\">nadrozmern\u00e9<\/td>\n<\/tr>\n<tr>\n<td width=\"302\">Hood<\/td>\n<td width=\"302\">Bez kapucne<\/td>\n<\/tr>\n<tr>\n<td width=\"302\">izolovan\u00e9<\/td>\n<td width=\"302\">jednopl\u00e1\u0161\u0165ov\u00e9<\/td>\n<\/tr>\n<tr>\n<td width=\"302\">Materi\u00e1l<\/td>\n<td width=\"302\">Petersham<\/td>\n<\/tr>\n<\/tbody>\n<\/table>\n<p style=\"text-align: center;\">\u00a0Model m\u00e1\u00a0<strong>173<\/strong>\u00a0cm vysok\u00fd vo ve\u013ekosti <strong>Plusov\u00e1 velkos\u0165<\/strong><\/p>","protected":false},"excerpt":{"rendered":"<p>P\u0142aszcz Czerwony Plus Size z Flauszu Kolor czerwony przyci\u0105ga wzrok za ka\u017cdym razem, gdy tylko pojawia si\u0119 w sezonowych kolekcjach. Ponadczasowy kolor &#8211; zawsze w modzie . Jedna kreacja mo\u017ce by\u0107 g\u0142\u00f3wnym punktem do stworzenia stylizacji na wiele r\u00f3\u017cnych okazji. Czerwony p\u0142aszcz z flauszu to prawdziwy hit sezonu . Jest to po\u0142\u0105czenie elegancji, nowoczesno\u015bci i<\/p>\n<div class=\"klb-readmore post-buttons\"><a class=\"button black outline size-sm\" href=\"https:\/\/madelinefashion.pl\/sk\/plaszcz-czerwony-plus-size-z-flauszu\/\">\u010c\u00edta\u0165 \u010falej <i class=\"klbth-icon-right-arrow\"><\/i><\/a><\/div>","protected":false},"featured_media":6618,"template":"","meta":[],"product_brand":[],"product_cat":[102,279],"product_tag":[510],"class_list":{"0":"post-1035","1":"product","2":"type-product","3":"status-publish","4":"has-post-thumbnail","6":"product_cat-plaszcze-plus-size","7":"product_cat-plaszcze-wiosenne","8":"product_tag-plaszcze-flauszowe","10":"first","11":"instock","12":"sale","13":"purchasable","14":"product-type-simple"},"_links":{"self":[{"href":"https:\/\/madelinefashion.pl\/sk\/wp-json\/wp\/v2\/product\/1035","targetHints":{"allow":["GET"]}}],"collection":[{"href":"https:\/\/madelinefashion.pl\/sk\/wp-json\/wp\/v2\/product"}],"about":[{"href":"https:\/\/madelinefashion.pl\/sk\/wp-json\/wp\/v2\/types\/product"}],"wp:featuredmedia":[{"embeddable":true,"href":"https:\/\/madelinefashion.pl\/sk\/wp-json\/wp\/v2\/media\/6618"}],"wp:attachment":[{"href":"https:\/\/madelinefashion.pl\/sk\/wp-json\/wp\/v2\/media?parent=1035"}],"wp:term":[{"taxonomy":"product_brand","embeddable":true,"href":"https:\/\/madelinefashion.pl\/sk\/wp-json\/wp\/v2\/product_brand?post=1035"},{"taxonomy":"product_cat","embeddable":true,"href":"https:\/\/madelinefashion.pl\/sk\/wp-json\/wp\/v2\/product_cat?post=1035"},{"taxonomy":"product_tag","embeddable":true,"href":"https:\/\/madelinefashion.pl\/sk\/wp-json\/wp\/v2\/product_tag?post=1035"}],"curies":[{"name":"pracovn\u00fd list","href":"https:\/\/api.w.org\/{rel}","templated":true}]}}