{"id":1045,"date":"2019-03-14T10:24:19","date_gmt":"2019-03-14T09:24:19","guid":{"rendered":"http:\/\/serwer2078743.home.pl\/?post_type=product&#038;p=1045"},"modified":"2026-01-15T12:43:41","modified_gmt":"2026-01-15T11:43:41","slug":"plaszcz-czarny-plus-size-z-flauszu","status":"publish","type":"product","link":"https:\/\/madelinefashion.pl\/sk\/plaszcz-czarny-plus-size-z-flauszu\/","title":{"rendered":"\u010cierny fleecov\u00fd kab\u00e1t ve\u013ekej ve\u013ekosti"},"content":{"rendered":"<h2 style=\"text-align: center;\">\u010cierny fleecov\u00fd kab\u00e1t ve\u013ekej ve\u013ekosti<\/h2>\n<p style=\"text-align: center;\"><strong>\u010cierny kab\u00e1t<\/strong> toto <strong>mus\u00edte ma\u0165<\/strong> v \u0161atn\u00edku ka\u017edej \u017eeny! Je dokonal\u00fdm doplnkom mnoh\u00fdch \u0161t\u00fdlov. Ide o spojenie elegancie, modernosti a funk\u010dnosti \u2013 \u010dierny kab\u00e1t sa hod\u00ed do ka\u017edej \u0161tyliz\u00e1cie. <strong>\u010cierny kab\u00e1t<\/strong> je univerz\u00e1lny - kab\u00e1t vyu\u017eijete na <strong>styling:<\/strong>\u00a0 elegantn\u00e9 a \u0161portov\u00e9, <strong>bude perfektn\u00e1 v ka\u017edom ro\u010dnom obdob\u00ed<\/strong>, navy\u0161e v\u010faka fleecu perfektne sed\u00ed. Perfektn\u00fd kab\u00e1t na ka\u017ed\u00fa pr\u00edle\u017eitos\u0165. \u00daspe\u0161n\u00e9 \u017eeny na vysok\u00fdch postoch ve\u013emi dobre vedia, ak\u00e9 farby by mali nosi\u0165, aby vzbudzovali d\u00f4veru<strong>\u00a0vyzera\u0165 profesion\u00e1lne<\/strong>\u00a0v akejko\u013evek situ\u00e1cii. V m\u00f3de m\u00e1te radi v\u0161etko \u010dierne. vyber ty\u00a0<strong>\u010dierne oble\u010denie<\/strong>\u00a0a pr\u00edslu\u0161enstvo. Aj ke\u010f \u010diernu k\u00e1vu nepijete, t\u00e1to farba je va\u0161\u00edm ka\u017edodenn\u00fdm spolo\u010dn\u00edkom. si\u00a0<strong>milovn\u00edk \u010diernej<\/strong>ktor\u00e1 za\u017e\u00edva svoju ve\u013ek\u00fa renesanciu. Ve\u013ekos\u0165 <strong>univerz\u00e1lna ve\u013ekos\u0165 plus <\/strong>\u00a0odpor\u00fa\u010dan\u00e9 pre\u00a0 <strong>P\u00e1n<\/strong> nosenie<strong> ve\u013ekos\u0165<\/strong> <strong>44,46,48,50<\/strong> \u010do je obrovsk\u00e1 v\u00fdhoda tohto modelu. V ponuke <strong>m\u00e1me<\/strong> tie\u017e <strong>men\u0161ie<\/strong> odpor\u00fa\u010dame pre SML XL V na\u0161om internetovom obchode n\u00e1jdete tento produkt v r\u00f4znych farb\u00e1ch za bezkonkuren\u010dn\u00fa cenu <strong>n\u00edzka cena<\/strong>.<\/p>\n<h2 style=\"text-align: center;\">Rozmery kab\u00e1ta<\/h2>\n<ul style=\"text-align: center;\">\n<li>celkov\u00e1 d\u013a\u017eka chrbta: 90 cm<\/li>\n<li>\u0161\u00edrka od pazuchy po pazuchu: 59 cm<\/li>\n<li>d\u013a\u017eka ruk\u00e1va od ramena: 62 cm<\/li>\n<li>d\u013a\u017eka ruk\u00e1va od podpazu\u0161ia: 47 cm<\/li>\n<li>odpor\u00fa\u010dan\u00fd maxim\u00e1lny obvod poprsia: 130-145 cm<\/li>\n<li>\u0161\u00edrka v bicepsoch: 39 cm<\/li>\n<\/ul>\n<p style=\"text-align: center;\">Rozmery sa m\u00f4\u017eu mierne l\u00ed\u0161i\u0165 od uveden\u00fdch +\/- 2cm. V\u0161etky uveden\u00e9 rozmery s\u00fa meran\u00e9 plo\u0161ne.<\/p>\n<table width=\"620\">\n<tbody>\n<tr>\n<td width=\"302\">Meno modela<\/td>\n<td width=\"302\">Kab\u00e1t Fleece Plus<\/td>\n<\/tr>\n<tr>\n<td width=\"302\">Farba<\/td>\n<td width=\"302\">\u010dierna<\/td>\n<\/tr>\n<tr>\n<td width=\"302\">Zbierka<\/td>\n<td width=\"302\">jar\/jese\u0148\/zima<\/td>\n<\/tr>\n<tr>\n<td width=\"302\">ve\u013ekosti<\/td>\n<td width=\"302\">Univerz\u00e1lny (nadmern\u00e1 ve\u013ekos\u0165)<\/td>\n<\/tr>\n<tr>\n<td width=\"302\">M\u00f3da<\/td>\n<td width=\"302\">Prisp\u00f4soben\u00e9\/vypasovan\u00e9 v p\u00e1se<\/td>\n<\/tr>\n<tr>\n<td width=\"302\">Hood<\/td>\n<td width=\"302\">Bez kapucne<\/td>\n<\/tr>\n<tr>\n<td width=\"302\">vreck\u00e1<\/td>\n<td width=\"302\">\u00c1no<\/td>\n<\/tr>\n<tr>\n<td width=\"302\">Materi\u00e1l<\/td>\n<td width=\"302\">Petersham<\/td>\n<\/tr>\n<\/tbody>\n<\/table>\n<p style=\"text-align: center;\">\u00a0Model m\u00e1\u00a0<strong>173<\/strong>\u00a0cm vysok\u00fd vo ve\u013ekosti <strong>Plusov\u00e1 velkos\u0165<\/strong><\/p>","protected":false},"excerpt":{"rendered":"<p>P\u0142aszcz Czarny Plus Size z Flauszu Czarny p\u0142aszcz to must-have w szafie ka\u017cdej kobiety! Jest to idealne dope\u0142nienie wielu stylizacji. Jest to po\u0142\u0105czenie elegancji, nowoczesno\u015bci i funkcjonalno\u015bci \u2013 Czarny \u00a0p\u0142aszczyk wpisuje si\u0119 w ka\u017cd\u0105 stylizacj\u0119. P\u0142aszcz czarny jest uniwersalny \u2013 wykorzystasz p\u0142aszcz do stylizacji:\u00a0 eleganckich i tych sportowych , \u015bwietnie sprawdzi si\u0119 w ka\u017cdej porze<\/p>\n<div class=\"klb-readmore post-buttons\"><a class=\"button black outline size-sm\" href=\"https:\/\/madelinefashion.pl\/sk\/plaszcz-czarny-plus-size-z-flauszu\/\">\u010c\u00edta\u0165 \u010falej <i class=\"klbth-icon-right-arrow\"><\/i><\/a><\/div>","protected":false},"featured_media":6656,"template":"","meta":[],"product_brand":[],"product_cat":[102,279],"product_tag":[510],"class_list":{"0":"post-1045","1":"product","2":"type-product","3":"status-publish","4":"has-post-thumbnail","6":"product_cat-plaszcze-plus-size","7":"product_cat-plaszcze-wiosenne","8":"product_tag-plaszcze-flauszowe","10":"first","11":"outofstock","12":"sale","13":"purchasable","14":"product-type-simple"},"_links":{"self":[{"href":"https:\/\/madelinefashion.pl\/sk\/wp-json\/wp\/v2\/product\/1045","targetHints":{"allow":["GET"]}}],"collection":[{"href":"https:\/\/madelinefashion.pl\/sk\/wp-json\/wp\/v2\/product"}],"about":[{"href":"https:\/\/madelinefashion.pl\/sk\/wp-json\/wp\/v2\/types\/product"}],"wp:featuredmedia":[{"embeddable":true,"href":"https:\/\/madelinefashion.pl\/sk\/wp-json\/wp\/v2\/media\/6656"}],"wp:attachment":[{"href":"https:\/\/madelinefashion.pl\/sk\/wp-json\/wp\/v2\/media?parent=1045"}],"wp:term":[{"taxonomy":"product_brand","embeddable":true,"href":"https:\/\/madelinefashion.pl\/sk\/wp-json\/wp\/v2\/product_brand?post=1045"},{"taxonomy":"product_cat","embeddable":true,"href":"https:\/\/madelinefashion.pl\/sk\/wp-json\/wp\/v2\/product_cat?post=1045"},{"taxonomy":"product_tag","embeddable":true,"href":"https:\/\/madelinefashion.pl\/sk\/wp-json\/wp\/v2\/product_tag?post=1045"}],"curies":[{"name":"pracovn\u00fd list","href":"https:\/\/api.w.org\/{rel}","templated":true}]}}