{"id":105120,"date":"2023-10-04T13:59:09","date_gmt":"2023-10-04T11:59:09","guid":{"rendered":"https:\/\/madelinefashion.pl\/?post_type=product&#038;p=105120"},"modified":"2026-04-24T17:02:45","modified_gmt":"2026-04-24T15:02:45","slug":"sukienka-z-rekawkiem-idea-gloria-z-rozcieciem-butelkowa-zielen","status":"publish","type":"product","link":"https:\/\/madelinefashion.pl\/sk\/sukienka-z-rekawkiem-idea-gloria-z-rozcieciem-butelkowa-zielen\/","title":{"rendered":"\u0160aty Idea Gloria s ruk\u00e1vmi a rozparkom, f\u013ea\u0161kovozelen\u00e9"},"content":{"rendered":"<h3 style=\"text-align: center;\">\u0160aty Idea Gloria s ruk\u00e1vmi a rozparkom, f\u013ea\u0161kovozelen\u00e9<\/h3>\n<p style=\"text-align: center;\">Elegantn\u00e9, dlh\u00e9 ve\u010dern\u00e9 \u0161aty, ktor\u00e9 kombinuj\u00fa klasick\u00fd \u0161t\u00fdl s n\u00e1dychom zmyselnosti. Ich rafinovan\u00fd strih kr\u00e1sne zv\u00fdraz\u0148uje \u017eensk\u00fa siluetu, zv\u00fdraz\u0148uje p\u00e1s a opticky predl\u017euje nohy. Ide\u00e1lne na svadby, recepcie, plesy a in\u00e9 \u0161peci\u00e1lne pr\u00edle\u017eitosti. \u017div\u00f4tik m\u00e1 hlbok\u00fd v\u00fdstrih do V a dlh\u00e9, spl\u00fdvav\u00e9 ruk\u00e1vy s jemn\u00fdm v\u00fdstrihom a man\u017eetami, ktor\u00e9 dod\u00e1vaj\u00fa \u0161at\u00e1m \u013eahkos\u0165 a sofistikovanos\u0165. Priliehav\u00fd p\u00e1s zd\u00f4raz\u0148uje proporcie, zatia\u013e \u010do v\u00fdrazn\u00fd rozparok na nohavici zais\u0165uje slobodu pohybu a p\u00fata pozornos\u0165. Odhalen\u00fd chrb\u00e1t je elegantn\u00fdm prvkom, ktor\u00fd dod\u00e1va outfitu charakter a rob\u00ed ho neuverite\u013ene \u017eensk\u00fdm. Spodn\u00e1 \u010das\u0165 je pod\u0161it\u00e1 spl\u00fdvavou pod\u0161\u00edvkou. \u00a0<strong>Madelinem\u00f3dne \u0161aty<\/strong> je vynikaj\u00facou vo\u013ebou na svadbu, ples, Silvestra a in\u00e9 elegantn\u00e9 \u0161peci\u00e1lne udalosti. \u0160aty Gloria s v\u00fdstrihom do V kr\u00e1sne zv\u00fdraznia va\u0161e poprsie, ak sa neviete rozhodn\u00fa\u0165, ktor\u00e9 <strong>ve\u013ekos\u0165<\/strong> je pre v\u00e1s to najlep\u0161ie <strong>kontaktuj n\u00e1s<\/strong> cez <a href=\"https:\/\/www.facebook.com\/madelinefashionbutik\" target=\"_blank\" rel=\"noopener\">Facebook<\/a> alebo <a href=\"https:\/\/madelinefashion.pl\/sk\/kontakt\/\">telef\u00f3n<\/a>. Ak ve\u013ekos\u0165 nie je na str\u00e1nke, kontaktujte n\u00e1s.<\/p>\n<h3 style=\"text-align: center;\">ROZMERY \u0161iat:<\/h3>\n<div class=\"additional-details\" style=\"text-align: center;\">\n<div class=\"additional-details\" style=\"text-align: center;\">\n<table width=\"556\">\n<tbody>\n<tr>\n<td><strong>VE\u013dKOS\u0164<\/strong><\/td>\n<td><strong>poprsia<\/strong><\/td>\n<td><strong>P\u00e1s<\/strong><\/td>\n<td><strong>Boky<\/strong><\/td>\n<\/tr>\n<tr>\n<td><strong>36<\/strong><\/td>\n<td>88-94<\/td>\n<td>68<\/td>\n<td>\u00a0ak\u00fdko\u013evek<\/td>\n<\/tr>\n<tr>\n<td><strong>38<\/strong><\/td>\n<td>92-96<\/td>\n<td>72<\/td>\n<td>\u00a0ak\u00fdko\u013evek<\/td>\n<\/tr>\n<tr>\n<td><strong>40<\/strong><\/td>\n<td>96-102<\/td>\n<td>76<\/td>\n<td>\u00a0ak\u00fdko\u013evek<\/td>\n<\/tr>\n<\/tbody>\n<\/table>\n<p>&nbsp;<\/p>\n<\/div>\n<p style=\"text-align: center;\"><span style=\"font-size: 10pt;\">celkov\u00e1 d\u013a\u017eka cca 160 cm (\u0161aty sa daj\u00fa skr\u00e1ti\u0165 pod\u013ea vlastn\u00e9ho uv\u00e1\u017eenia)\u00a0<\/span><\/p>\n<\/div>\n<p style=\"text-align: center;\"><span style=\"font-size: 10pt;\">\u0160aty s\u00fa dostupn\u00e9 aj v in\u00fdch farb\u00e1ch - odpor\u00fa\u010dame v\u00e1m zozn\u00e1mi\u0165 sa s na\u0161imi \u010fal\u0161\u00edmi produktmi.<\/span><\/p>\n<p style=\"text-align: center;\"><span style=\"font-size: 10pt;\">Rozmery sa m\u00f4\u017eu mierne l\u00ed\u0161i\u0165 od uveden\u00fdch +\/- 2cm.\u00a0<\/span><\/p>\n<p style=\"text-align: center;\"><span style=\"font-size: 10pt;\"><strong>\u00a0<\/strong>\u00a0<\/span><\/p>\n<table width=\"620\">\n<tbody>\n<tr>\n<td width=\"302\">Meno modela<\/td>\n<td width=\"302\">Idea Gloria \u0161aty s ruk\u00e1vom a rozparkom<\/td>\n<\/tr>\n<tr>\n<td width=\"302\">Farba<\/td>\n<td width=\"302\">F\u013ea\u0161a zelen\u00e1<\/td>\n<\/tr>\n<tr>\n<td width=\"302\">\u0160tiepenie<\/td>\n<td width=\"302\">V \u0161t\u00fdle<\/td>\n<\/tr>\n<tr>\n<td width=\"302\">ve\u013ekosti<\/td>\n<td width=\"302\">36 38 40<\/td>\n<\/tr>\n<tr>\n<td width=\"302\">Ruk\u00e1v<\/td>\n<td width=\"302\">Dlh\u00e9<\/td>\n<\/tr>\n<tr>\n<td width=\"302\">Materi\u00e1l<\/td>\n<td width=\"302\">Visk\u00f3za, polyester, bavlna<\/td>\n<\/tr>\n<tr>\n<td width=\"302\">D\u013a\u017eka<\/td>\n<td width=\"302\">Na zem<\/td>\n<\/tr>\n<\/tbody>\n<\/table>\n<p style=\"text-align: center;\"><span style=\"font-size: 10pt;\">\u00a0<\/span><\/p>\n<p style=\"text-align: center;\"><span style=\"font-size: 10pt;\">Aby ste si vybrali <strong>perfektn\u00e9 \u0161aty<\/strong> kontaktujte n\u00e1s telefonicky alebo prostredn\u00edctvom na\u0161ej webovej str\u00e1nky <a href=\"https:\/\/www.facebook.com\/madelinefashionbutik\" target=\"_blank\" rel=\"noopener\">Facebook<\/a> .<\/span><br \/>\n<span style=\"font-size: 10pt;\">N\u00e1\u0161 t\u00edm v\u00e1m pom\u00f4\u017ee <strong>Vyberte si ten spr\u00e1vny<\/strong> . <strong>Na \u017eelanie kupuj\u00faceho vyrob\u00edme ak\u00e9ko\u013evek \u0161aty\u00a0<\/strong><strong>opatrne mera\u0165.\u00a0<\/strong><\/span><\/p>\n<div class=\"additional-details\" style=\"text-align: center;\">\n<p style=\"text-align: center;\"><span style=\"font-size: 10pt;\">\u00a0<\/span><\/p>\n<\/div>","protected":false},"excerpt":{"rendered":"<p>Sukienka z R\u0119kawkiem Idea Gloria z Rozci\u0119ciem Butelkowa Ziele\u0144 Elegancka, d\u0142uga sukienka wieczorowa, kt\u00f3ra \u0142\u0105czy klasyk\u0119 z nut\u0105 zmys\u0142owo\u015bci. Jej dopracowany kr\u00f3j pi\u0119knie podkre\u015bla kobiec\u0105 sylwetk\u0119, eksponuj\u0105c tali\u0119 i wyd\u0142u\u017caj\u0105c optycznie nogi. Idealna na wesela, przyj\u0119cia, bale oraz inne wyj\u0105tkowe okazje.G\u00f3ra sukienki posiada g\u0142\u0119boki dekolt w liter\u0119 V oraz d\u0142ugie, zwiewne r\u0119kawy z subtelnym wyci\u0119ciem<\/p>\n<div class=\"klb-readmore post-buttons\"><a class=\"button black outline size-sm\" href=\"https:\/\/madelinefashion.pl\/sk\/sukienka-z-rekawkiem-idea-gloria-z-rozcieciem-butelkowa-zielen\/\">\u010c\u00edta\u0165 \u010falej <i class=\"klbth-icon-right-arrow\"><\/i><\/a><\/div>","protected":false},"featured_media":105114,"template":"","meta":[],"product_brand":[],"product_cat":[124,395,568],"product_tag":[163,535],"class_list":{"0":"post-105120","1":"product","2":"type-product","3":"status-publish","4":"has-post-thumbnail","6":"product_cat-sukienki-okolicznosciowe","7":"product_cat-nowosci","8":"product_cat-sukienki-rozkloszowane-szyfonowe","9":"product_tag-sukienki-dlugie","10":"product_tag-zielone-sukienki","12":"first","13":"instock","14":"purchasable","15":"product-type-variable"},"_links":{"self":[{"href":"https:\/\/madelinefashion.pl\/sk\/wp-json\/wp\/v2\/product\/105120","targetHints":{"allow":["GET"]}}],"collection":[{"href":"https:\/\/madelinefashion.pl\/sk\/wp-json\/wp\/v2\/product"}],"about":[{"href":"https:\/\/madelinefashion.pl\/sk\/wp-json\/wp\/v2\/types\/product"}],"wp:featuredmedia":[{"embeddable":true,"href":"https:\/\/madelinefashion.pl\/sk\/wp-json\/wp\/v2\/media\/105114"}],"wp:attachment":[{"href":"https:\/\/madelinefashion.pl\/sk\/wp-json\/wp\/v2\/media?parent=105120"}],"wp:term":[{"taxonomy":"product_brand","embeddable":true,"href":"https:\/\/madelinefashion.pl\/sk\/wp-json\/wp\/v2\/product_brand?post=105120"},{"taxonomy":"product_cat","embeddable":true,"href":"https:\/\/madelinefashion.pl\/sk\/wp-json\/wp\/v2\/product_cat?post=105120"},{"taxonomy":"product_tag","embeddable":true,"href":"https:\/\/madelinefashion.pl\/sk\/wp-json\/wp\/v2\/product_tag?post=105120"}],"curies":[{"name":"pracovn\u00fd list","href":"https:\/\/api.w.org\/{rel}","templated":true}]}}