{"id":10695,"date":"2021-05-03T11:33:32","date_gmt":"2021-05-03T09:33:32","guid":{"rendered":"https:\/\/madelinefashion.pl\/?post_type=product&#038;p=10695"},"modified":"2026-03-26T12:40:36","modified_gmt":"2026-03-26T11:40:36","slug":"sukienka-w-kwiaty-duet-biala","status":"publish","type":"product","link":"https:\/\/madelinefashion.pl\/sk\/sukienka-w-kwiaty-duet-biala\/","title":{"rendered":"Duetov\u00e9 \u0161aty s bielymi kvetmi"},"content":{"rendered":"<h3 style=\"text-align: center;\">Duetov\u00e9 \u0161aty s bielymi kvetmi<\/h3>\n<p style=\"text-align: center;\">Kr\u00e1sne \u0161aty <strong>roz\u017eiaren\u00fd kvetmi<\/strong>. V p\u00e1se maj\u00fa \u0161aty hladk\u00fd jednofarebn\u00fd opasok, ktor\u00fd sa d\u00e1 zaviaza\u0165 na ma\u0161\u013eu. Spodok \u0161iat je ob\u0161it\u00fd riasen\u00edm, v\u010faka \u010domu je materi\u00e1l kr\u00e1sne decentne upraven\u00fd. Pod \u0161atami je pod\u0161\u00edvka, ktor\u00e1 tie\u017e ovplyv\u0148uje sp\u00f4sob aran\u017eovania materi\u00e1lu.<strong> \u0160tiepenie<\/strong> vystrihnut\u00e9 v \u0161at\u00e1ch <strong>p\u00edsmeno \u201eV\u201d<\/strong>. \u0160aty maj\u00fa na chrbte zips. Mimoriadne o\u010daruj\u00face a \u017eensk\u00e9.<strong> Ide\u00e1lne na svadby, spolo\u010denstv\u00e1, plesy a in\u00e9 oslavy.<\/strong> Stredne dlh\u00e9 \u0161aty s mierne roz\u0161\u00edrenou suk\u0148ou. Po\u013esk\u00fd v\u00fdrobok.<\/p>\n<p>&nbsp;<\/p>\n<h3 style=\"text-align: center;\">\u00a0Rozmery:<\/h3>\n<p style=\"text-align: center;\"><strong><span style=\"font-size: 10pt;\">\u00a0S\/36<\/span><\/strong><\/p>\n<ul style=\"text-align: center;\">\n<li><span style=\"font-size: 10pt;\">\u00a0\u00a0\u00a0\u00a0\u00a0\u00a0\u00a0 celkov\u00e1 d\u013a\u017eka: 84 cm\u00a0<\/span><\/li>\n<li><span style=\"font-size: 10pt;\">\u00a0\u00a0\u00a0\u00a0\u00a0\u00a0\u00a0 \u0161\u00edrka od pazuchy po pazuchu: 43 cm<\/span><\/li>\n<li><span style=\"font-size: 10pt;\">\u00a0\u00a0\u00a0\u00a0\u00a0\u00a0\u00a0 \u0161\u00edrka v p\u00e1se: 34 cm<\/span><\/li>\n<li><span style=\"font-size: 10pt;\">\u00a0 \u00a0 \u00a0 \u00a0\u00a0<\/span><\/li>\n<\/ul>\n<p style=\"text-align: center;\"><span style=\"font-size: 10pt;\">\u00a0<strong>M\/38<\/strong><\/span><\/p>\n<ul style=\"text-align: center;\">\n<li><span style=\"font-size: 10pt;\">\u00a0\u00a0\u00a0\u00a0\u00a0\u00a0\u00a0 celkov\u00e1 d\u013a\u017eka: 86 cm\u00a0<\/span><\/li>\n<li><span style=\"font-size: 10pt;\">\u00a0\u00a0\u00a0\u00a0\u00a0\u00a0\u00a0 \u0161\u00edrka od pazuchy po pazuchu: 45 cm<\/span><\/li>\n<li><span style=\"font-size: 10pt;\"><span style=\"font-size: 10pt;\">\u00a0\u00a0\u00a0\u00a0\u00a0\u00a0\u00a0 \u0161\u00edrka v p\u00e1se: 36 cm<\/span><\/span><\/li>\n<\/ul>\n<p style=\"text-align: center;\"><span style=\"font-size: 10pt;\">\u00a0<strong>L\/40<\/strong><\/span><\/p>\n<ul style=\"text-align: center;\">\n<li><span style=\"font-size: 10pt;\">\u00a0\u00a0\u00a0\u00a0\u00a0\u00a0\u00a0 celkov\u00e1 d\u013a\u017eka: 88 cm\u00a0<\/span><\/li>\n<li><span style=\"font-size: 10pt;\">\u00a0\u00a0\u00a0\u00a0\u00a0\u00a0\u00a0 \u0161\u00edrka od pazuchy po pazuchu: 48 cm<\/span><\/li>\n<li><span style=\"font-size: 10pt;\">\u00a0\u00a0\u00a0\u00a0\u00a0\u00a0\u00a0 \u0161\u00edrka v p\u00e1se: 38 cm<\/span><\/li>\n<\/ul>\n<p style=\"text-align: center;\"><strong><span style=\"font-size: 10pt;\">\u00a0XL\/42<\/span><\/strong><\/p>\n<ul style=\"text-align: center;\">\n<li><span style=\"font-size: 10pt;\">\u00a0\u00a0\u00a0\u00a0\u00a0\u00a0\u00a0 celkov\u00e1 d\u013a\u017eka: 90 cm\u00a0<\/span><\/li>\n<li><span style=\"font-size: 10pt;\">\u00a0\u00a0\u00a0\u00a0\u00a0\u00a0\u00a0 \u0161\u00edrka od pazuchy po pazuchu: 50 cm<\/span><\/li>\n<li><span style=\"font-size: 10pt;\">\u00a0\u00a0\u00a0\u00a0\u00a0\u00a0\u00a0 \u0161\u00edrka v p\u00e1se: 40 cm<\/span><\/li>\n<\/ul>\n<p>&nbsp;<\/p>\n<h3 style=\"text-align: center;\"><span style=\"font-size: 10pt;\">Rozmery sa m\u00f4\u017eu mierne l\u00ed\u0161i\u0165 od uveden\u00fdch +\/- 2cm. V\u0161etky uveden\u00e9 rozmery s\u00fa meran\u00e9 plo\u0161ne. rozmer x2<\/span><\/h3>\n<p>&nbsp;<\/p>\n<h3 style=\"text-align: center;\">Charakteristika:<\/h3>\n<ul>\n<li style=\"text-align: center;\">riasen\u00e9 \u0161aty<\/li>\n<li style=\"text-align: center;\">roz\u0161\u00edren\u00e9 \u0161aty<\/li>\n<li style=\"text-align: center;\">kvetinov\u00e1 potla\u010d<\/li>\n<li style=\"text-align: center;\">zap\u00ednanie na zips<\/li>\n<li style=\"text-align: center;\">uviazan\u00e9 v p\u00e1se<\/li>\n<li style=\"text-align: center;\">V-v\u00fdstrih<\/li>\n<li style=\"text-align: center;\">\u017eensk\u00fd<\/li>\n<li style=\"text-align: center;\">Po\u013esk\u00fd v\u00fdrobok<\/li>\n<\/ul>\n<p style=\"text-align: center;\"><span style=\"font-size: 10pt;\">\u00a0<\/span><\/p>\n<p>&nbsp;<\/p>\n<table>\n<tbody>\n<tr>\n<td width=\"302\"><span style=\"font-size: 10pt;\">Meno modela<\/span><\/td>\n<td width=\"302\">Kvetinov\u00e9 duetov\u00e9 \u0161aty<\/td>\n<\/tr>\n<tr>\n<td width=\"302\"><span style=\"font-size: 10pt;\">Farba<\/span><\/td>\n<td width=\"302\"><span style=\"font-size: 10pt;\">biely<\/span><\/td>\n<\/tr>\n<tr>\n<td width=\"302\"><span style=\"font-size: 10pt;\">M\u00f3da<\/span><\/td>\n<td width=\"302\"><span style=\"font-size: 10pt;\">Zhoda<\/span><\/td>\n<\/tr>\n<tr>\n<td width=\"302\"><span style=\"font-size: 10pt;\">Materi\u00e1l<\/span><\/td>\n<td width=\"302\"><span style=\"font-size: 10pt;\">73% Bavlna 24% Polyester 3% Elastan<\/span><\/td>\n<\/tr>\n<tr>\n<td width=\"302\"><span style=\"font-size: 10pt;\">D\u013a\u017eka<\/span><\/td>\n<td width=\"302\"><span style=\"font-size: 10pt;\">Pred kolenom<\/span><\/td>\n<\/tr>\n<\/tbody>\n<\/table>\n<p style=\"text-align: center;\"><span style=\"font-size: 10pt;\">\u00a0<\/span><\/p>\n<p style=\"text-align: center;\"><span style=\"font-size: 10pt;\">\u00a0<\/span><\/p>\n<div class=\"tabs tabs-bb clear mb-80\">\n<div class=\"tab-content\">\n<div id=\"tab-description\" class=\"tab-pane fade in woocommerce-Tabs-panel--description active\">\n<p style=\"text-align: center;\">\u00a0Model m\u00e1\u00a0<strong>175<\/strong>\u00a0cm vysok\u00fd, nos\u00ed ve\u013ekos\u0165 ka\u017ed\u00fd de\u0148\u00a0<strong>S<\/strong><span style=\"font-size: 10pt; text-align: center;\">\u00a0<\/span><\/p>\n<\/div>\n<\/div>\n<\/div>\n<div class=\"additional-details\" style=\"text-align: center;\">\n<p style=\"text-align: center;\"><span style=\"font-size: 10pt;\">\u00a0<\/span><\/p>\n<\/div>","protected":false},"excerpt":{"rendered":"<p>Sukienka w Kwiaty Duet Bia\u0142a Pi\u0119kna sukienka rozkloszowana w kwiaty. W talii sukienka posiada g\u0142adki jednokolorowy pasek, kt\u00f3ry mo\u017cna zawi\u0105za\u0107 na kokardk\u0119. D\u00f3\u0142 sukienki uszyty jest na zak\u0142adki, dzi\u0119ki czemu materia\u0142 uk\u0142ada si\u0119 w pi\u0119kny, subtelny spos\u00f3b.\u00a0 Pod spodem sukienka posiada podszewk\u0119, co r\u00f3wnie\u017c wp\u0142ywa na spos\u00f3b uk\u0142adania si\u0119 materia\u0142u. Dekolt w sukience wyci\u0119ty w<\/p>\n<div class=\"klb-readmore post-buttons\"><a class=\"button black outline size-sm\" href=\"https:\/\/madelinefashion.pl\/sk\/sukienka-w-kwiaty-duet-biala\/\">\u010c\u00edta\u0165 \u010falej <i class=\"klbth-icon-right-arrow\"><\/i><\/a><\/div>","protected":false},"featured_media":10676,"template":"","meta":[],"product_brand":[],"product_cat":[125,380],"product_tag":[396],"class_list":{"0":"post-10695","1":"product","2":"type-product","3":"status-publish","4":"has-post-thumbnail","6":"product_cat-sukienki","7":"product_cat-wyprzedaz","8":"product_tag-sukienki-w-kwiaty","10":"first","11":"instock","12":"sale","13":"purchasable","14":"product-type-variable"},"_links":{"self":[{"href":"https:\/\/madelinefashion.pl\/sk\/wp-json\/wp\/v2\/product\/10695","targetHints":{"allow":["GET"]}}],"collection":[{"href":"https:\/\/madelinefashion.pl\/sk\/wp-json\/wp\/v2\/product"}],"about":[{"href":"https:\/\/madelinefashion.pl\/sk\/wp-json\/wp\/v2\/types\/product"}],"wp:featuredmedia":[{"embeddable":true,"href":"https:\/\/madelinefashion.pl\/sk\/wp-json\/wp\/v2\/media\/10676"}],"wp:attachment":[{"href":"https:\/\/madelinefashion.pl\/sk\/wp-json\/wp\/v2\/media?parent=10695"}],"wp:term":[{"taxonomy":"product_brand","embeddable":true,"href":"https:\/\/madelinefashion.pl\/sk\/wp-json\/wp\/v2\/product_brand?post=10695"},{"taxonomy":"product_cat","embeddable":true,"href":"https:\/\/madelinefashion.pl\/sk\/wp-json\/wp\/v2\/product_cat?post=10695"},{"taxonomy":"product_tag","embeddable":true,"href":"https:\/\/madelinefashion.pl\/sk\/wp-json\/wp\/v2\/product_tag?post=10695"}],"curies":[{"name":"pracovn\u00fd list","href":"https:\/\/api.w.org\/{rel}","templated":true}]}}