{"id":107593,"date":"2023-10-30T12:42:00","date_gmt":"2023-10-30T11:42:00","guid":{"rendered":"https:\/\/madelinefashion.pl\/?post_type=product&#038;p=107593"},"modified":"2026-03-01T12:58:00","modified_gmt":"2026-03-01T11:58:00","slug":"szal-lv-bialy","status":"publish","type":"product","link":"https:\/\/madelinefashion.pl\/sk\/szal-lv-bialy\/","title":{"rendered":"Szal LV Bia\u0142y"},"content":{"rendered":"<h3 style=\"text-align: center;\">Szal LV Bia\u0142y<\/h3>\n<div class=\"_1voj4 _z9prt _1xzdi _ai5yc _5d6n2 _15lj1\" style=\"text-align: center;\">\n<div class=\"_2d49e_5pK0q\">\n<p><strong>Elegantn\u00e1 d\u00e1mska \u0161atka<\/strong> v m\u00f3dnom dizajne, nenahradite\u013en\u00e9 po\u010das chladn\u00fdch jesenn\u00fdch a zimn\u00fdch dn\u00ed. <strong>\u0160\u00e1l LV<\/strong>\u00a0dostupn\u00e9 v r\u00f4znych farebn\u00fdch variantoch. <strong>vynikaj\u00face<\/strong> hod\u00ed sa k r\u00f4znym \u0161t\u00fdlom! S\u00faprava vyroben\u00e1 z\u00a0<strong>vysok\u00e1 kvalita<\/strong> materi\u00e1l. M\u00e4kk\u00fd, nedr\u00e1\u017ediv\u00fd a pr\u00edjemn\u00fd na dotyk. Celok poskytuje pocit pohodlia a vynikaj\u00facej\u00a0<strong>ochrana proti chladu<\/strong>\u00a0po\u010das nepriazniv\u00fdch poveternostn\u00fdch podmienok.<\/p>\n<\/div>\n<\/div>\n<div class=\"_1voj4 _z9prt _1xzdi _ai5yc _5d6n2 _15lj1\" style=\"text-align: center;\">\n<div class=\"_4lbi0 _6kfrx _ur8qq _u5o1q _1xm8p _1agsg\">\n<div class=\"_18vat _10a7o _1yhvf _7ccvy\"><\/div>\n<\/div>\n<\/div>\n<h3 style=\"text-align: center;\">Rozmery :<\/h3>\n<p style=\"text-align: center;\"><b>D\u013a\u017eka: <\/b>174 cm<\/p>\n<p style=\"text-align: center;\"><strong>\u0161\u00edrka:<\/strong> 73,5 cm<\/p>\n<p>&nbsp;<\/p>\n<table class=\"aligncenter\" width=\"611\">\n<tbody>\n<tr>\n<td width=\"302\">Model<\/td>\n<td width=\"302\">\u0160\u00e1l LV<\/td>\n<\/tr>\n<tr>\n<td width=\"302\">Farba<\/td>\n<td width=\"302\">biely<\/td>\n<\/tr>\n<tr>\n<td width=\"302\">Zbierka<\/td>\n<td width=\"302\">jar\/jese\u0148\/zima<\/td>\n<\/tr>\n<tr>\n<td width=\"302\">ve\u013ekosti<\/td>\n<td width=\"302\">Univerz\u00e1lny<\/td>\n<\/tr>\n<tr>\n<td width=\"302\">V\u00fdroba<\/td>\n<td width=\"302\">Po\u013esko<\/td>\n<\/tr>\n<\/tbody>\n<\/table>","protected":false},"excerpt":{"rendered":"<p>Szal LV Bia\u0142y Elegancki damski szal w modnym wzornictwie, niezast\u0105piony podczas ch\u0142odnych jesienno-zimowych dni. Szal LV\u00a0dost\u0119pny w r\u00f3\u017cnych wariantach kolorystycznych. Znakomicie komponuje si\u0119 z przer\u00f3\u017cnymi stylizacjami! Komplet wykonany z\u00a0wysokiej jako\u015bci materia\u0142u. Mi\u0119kki, niegryz\u0105cy i przyjemny w dotyku. Ca\u0142o\u015b\u0107 zapewnia poczucie komfortu i znakomit\u0105\u00a0ochron\u0119 przed ch\u0142odem\u00a0podczas niesprzyjaj\u0105cych warunk\u00f3w atmosferycznych. Wymiary : D\u0142ugo\u015b\u0107: 174 cm Szeroko\u015b\u0107: 73,5<\/p>\n<div class=\"klb-readmore post-buttons\"><a class=\"button black outline size-sm\" href=\"https:\/\/madelinefashion.pl\/sk\/szal-lv-bialy\/\">\u010c\u00edta\u0165 \u010falej <i class=\"klbth-icon-right-arrow\"><\/i><\/a><\/div>","protected":false},"featured_media":107542,"template":"","meta":[],"product_brand":[],"product_cat":[114,86],"product_tag":[],"class_list":{"0":"post-107593","1":"product","2":"type-product","3":"status-publish","4":"has-post-thumbnail","6":"product_cat-chustki-szaliki","7":"product_cat-czapki-dodatki","9":"first","10":"outofstock","11":"sale","12":"purchasable","13":"product-type-simple"},"_links":{"self":[{"href":"https:\/\/madelinefashion.pl\/sk\/wp-json\/wp\/v2\/product\/107593","targetHints":{"allow":["GET"]}}],"collection":[{"href":"https:\/\/madelinefashion.pl\/sk\/wp-json\/wp\/v2\/product"}],"about":[{"href":"https:\/\/madelinefashion.pl\/sk\/wp-json\/wp\/v2\/types\/product"}],"wp:featuredmedia":[{"embeddable":true,"href":"https:\/\/madelinefashion.pl\/sk\/wp-json\/wp\/v2\/media\/107542"}],"wp:attachment":[{"href":"https:\/\/madelinefashion.pl\/sk\/wp-json\/wp\/v2\/media?parent=107593"}],"wp:term":[{"taxonomy":"product_brand","embeddable":true,"href":"https:\/\/madelinefashion.pl\/sk\/wp-json\/wp\/v2\/product_brand?post=107593"},{"taxonomy":"product_cat","embeddable":true,"href":"https:\/\/madelinefashion.pl\/sk\/wp-json\/wp\/v2\/product_cat?post=107593"},{"taxonomy":"product_tag","embeddable":true,"href":"https:\/\/madelinefashion.pl\/sk\/wp-json\/wp\/v2\/product_tag?post=107593"}],"curies":[{"name":"pracovn\u00fd list","href":"https:\/\/api.w.org\/{rel}","templated":true}]}}