{"id":108662,"date":"2023-11-06T13:04:55","date_gmt":"2023-11-06T12:04:55","guid":{"rendered":"https:\/\/madelinefashion.pl\/?post_type=product&#038;p=108662"},"modified":"2025-10-22T14:49:51","modified_gmt":"2025-10-22T12:49:51","slug":"sukienka-midi-prazkowana-z-perelkami-treya-karmelowa","status":"publish","type":"product","link":"https:\/\/madelinefashion.pl\/sk\/sukienka-midi-prazkowana-z-perelkami-treya-karmelowa\/","title":{"rendered":"Karamelov\u00e9 rebrovan\u00e9 midi \u0161aty Treya s perlami"},"content":{"rendered":"<h3 style=\"text-align: center;\">Karamelov\u00e9 rebrovan\u00e9 midi \u0161aty Treya s perlami<\/h3>\n<p style=\"text-align: center;\">Strih kr\u00e1sne zv\u00fdrazn\u00ed postavu a <strong>\u017eensk\u00e9 tvary<\/strong>. \u0160aty maj\u00fa v\u00fdstrih do V a<strong>\u00a0dlh\u00e9 ruk\u00e1vy<\/strong> . <span style=\"font-family: arial, helvetica, sans-serif;\"><span style=\"font-size: 10pt;\">Jeho jednoduch\u00fd strih a klasick\u00fd vzor zapadne do mnoh\u00fdch \u0161t\u00fdlov. S \u00faspechom ju m\u00f4\u017eete nosi\u0165 na ka\u017edodenn\u00e9 v\u00fdlety, do pr\u00e1ce, na rodinn\u00e9 stretnutie alebo aj na v\u00fdznamnej\u0161iu pr\u00edle\u017eitos\u0165. <\/span><\/span>\u00a0V\u010faka \u0161trukt\u00fare materi\u00e1lu sa s n\u00edm bude lep\u0161ie pracova\u0165 <strong>po\u010das chladnej\u0161\u00edch dn\u00ed a prechodn\u00fdch obdob\u00ed<\/strong> alebo na zimu v kombin\u00e1cii s bundou. Odpor\u00fa\u010dame skombinova\u0165 s vysok\u00fdmi \u010di\u017emami, v\u010faka ktor\u00fdm vyniknete z davu.\u00a0 <strong>Ve\u013ekos\u0165 je UNIVERZ\u00c1LNA\u00a0 <\/strong><strong>,<\/strong>\u00a0ale odpor\u00fa\u010dame\u00a0<strong>presn\u00e9 meranie <\/strong>pod\u013ea tabu\u013eky ve\u013ekost\u00ed ni\u017e\u0161ie. Priliehav\u00fd rebrovan\u00fd strih. <b>\u0161aty <\/b>\u00a0vyroben\u00e9 z ve\u013emi pr\u00edjemn\u00e9ho materi\u00e1lu. Pru\u017en\u00e1 l\u00e1tka sa dokonale prisp\u00f4sob\u00ed telu a pod\u010diarkne v\u0161etky prednosti va\u0161ej postavy.<br \/>\nDostupn\u00e9 na na\u0161om e-shope vo viacer\u00fdch farebn\u00fdch variantoch, tak nev\u00e1hajte a vyberte si t\u00fa, ktor\u00e1 je pre v\u00e1s ako stvoren\u00e1. Ak sa neviete rozhodn\u00fa\u0165, ktor\u00e1 farba je pre v\u00e1s najlep\u0161ia, kontaktujte n\u00e1s na Facebooku alebo telefonicky. <strong>Odpor\u00fa\u010da sa pre \u013eud\u00ed, ktor\u00ed nosia od s do xl\u00a0<\/strong><\/p>\n<p style=\"text-align: center;\">Tunika je prate\u013en\u00e1 do 30\u00b0C, ne\u017eehli\u0165, nie je vhodn\u00e1 do su\u0161i\u010dky.<\/p>\n<h3 style=\"text-align: center;\">Rozmery \u0161iat:<\/h3>\n<ul style=\"text-align: center;\">\n<li>Celkov\u00e1 d\u013a\u017eka 106 cm<\/li>\n<li>\u0160\u00edrka od podpazu\u0161ia k podpazu\u0161iu od 39 cm do 52 cm<\/li>\n<li>\u0160\u00edrka p\u00e1su od 27 cm do 41 cm<\/li>\n<li>\u0160\u00edrka bokov 37 cm \u2013 41 cm<\/li>\n<li>D\u013a\u017eka ruk\u00e1va od ramena 53 cm<\/li>\n<li>D\u013a\u017eka ruk\u00e1va od podpazu\u0161ia 45 cm<\/li>\n<li><\/li>\n<\/ul>\n<p style=\"text-align: center;\">Rozmery sa m\u00f4\u017eu mierne l\u00ed\u0161i\u0165 od uveden\u00fdch +\/- 2cm. V\u0161etky uveden\u00e9 rozmery s\u00fa meran\u00e9 plo\u0161ne.<\/p>\n<p style=\"text-align: center;\">rozmer x2<\/p>\n<table width=\"610\">\n<tbody>\n<tr>\n<td width=\"302\">Meno modela<\/td>\n<td width=\"302\">Rebrovan\u00e9 midi \u0161aty Treya s perlami<\/td>\n<\/tr>\n<tr>\n<td width=\"302\">Farba<\/td>\n<td width=\"302\">karamel<\/td>\n<\/tr>\n<tr>\n<td width=\"302\">ve\u013ekosti<\/td>\n<td width=\"302\">Univerz\u00e1lny<\/td>\n<\/tr>\n<tr>\n<td width=\"302\">Zbierka<\/td>\n<td width=\"302\">jar\/jese\u0148\/zima<\/td>\n<\/tr>\n<tr>\n<td width=\"302\">Pod\u0161\u00edvka<\/td>\n<td width=\"302\">Nie<\/td>\n<\/tr>\n<tr>\n<td width=\"302\">izolovan\u00e9<\/td>\n<td width=\"302\">jednopl\u00e1\u0161\u0165ov\u00e9<\/td>\n<\/tr>\n<tr>\n<td width=\"302\">Materi\u00e1l<\/td>\n<td width=\"302\">40% Polyamid 30% Visk\u00f3za 20% Polyester 10% Elastan<\/td>\n<\/tr>\n<\/tbody>\n<\/table>\n<section class=\"page-product-box\">\n<div class=\"rte\">\n<p style=\"text-align: center;\">Model m\u00e1\u00a0<strong>169<\/strong>\u00a0cm vysok\u00fd, nos\u00ed ve\u013ekos\u0165 ka\u017ed\u00fd de\u0148\u00a0<strong>S<\/strong><\/p>\n<p style=\"text-align: center;\">\u0160\u00edrka hrudn\u00edka 91 cm<\/p>\n<p style=\"text-align: center;\">\u0160\u00edrka p\u00e1su 71 cm<\/p>\n<p style=\"text-align: center;\">\u0160\u00edrka bokov 96 cm<\/p>\n<\/div>\n<\/section>","protected":false},"excerpt":{"rendered":"<p>Sukienka Midi Pr\u0105\u017ckowana Z Pere\u0142kami Treya Karmelowa Kr\u00f3j pi\u0119knie podkre\u015bla figur\u0119 i kobiece kszta\u0142ty. Sukienka ma dekolt V oraz\u00a0d\u0142ugie r\u0119kawy . Jej prosty kr\u00f3j i klasyczny wz\u00f3r wpisze si\u0119 w wiele stylizacji. Z powodzeniem mo\u017cesz j\u0105 ubra\u0107 na codzienne wyj\u015bcia, do pracy, spotkanie rodzinne czy nawet na wa\u017cniejsz\u0105 okazj\u0119. \u00a0Dzi\u0119ki strukturze materia\u0142u\u00a0 lepiej sprawdzi si\u0119<\/p>\n<div class=\"klb-readmore post-buttons\"><a class=\"button black outline size-sm\" href=\"https:\/\/madelinefashion.pl\/sk\/sukienka-midi-prazkowana-z-perelkami-treya-karmelowa\/\">\u010c\u00edta\u0165 \u010falej <i class=\"klbth-icon-right-arrow\"><\/i><\/a><\/div>","protected":false},"featured_media":582456,"template":"","meta":[],"product_brand":[],"product_cat":[125,395],"product_tag":[],"class_list":{"0":"post-108662","1":"product","2":"type-product","3":"status-publish","4":"has-post-thumbnail","6":"product_cat-sukienki","7":"product_cat-nowosci","9":"first","10":"instock","11":"purchasable","12":"product-type-simple"},"_links":{"self":[{"href":"https:\/\/madelinefashion.pl\/sk\/wp-json\/wp\/v2\/product\/108662","targetHints":{"allow":["GET"]}}],"collection":[{"href":"https:\/\/madelinefashion.pl\/sk\/wp-json\/wp\/v2\/product"}],"about":[{"href":"https:\/\/madelinefashion.pl\/sk\/wp-json\/wp\/v2\/types\/product"}],"wp:featuredmedia":[{"embeddable":true,"href":"https:\/\/madelinefashion.pl\/sk\/wp-json\/wp\/v2\/media\/582456"}],"wp:attachment":[{"href":"https:\/\/madelinefashion.pl\/sk\/wp-json\/wp\/v2\/media?parent=108662"}],"wp:term":[{"taxonomy":"product_brand","embeddable":true,"href":"https:\/\/madelinefashion.pl\/sk\/wp-json\/wp\/v2\/product_brand?post=108662"},{"taxonomy":"product_cat","embeddable":true,"href":"https:\/\/madelinefashion.pl\/sk\/wp-json\/wp\/v2\/product_cat?post=108662"},{"taxonomy":"product_tag","embeddable":true,"href":"https:\/\/madelinefashion.pl\/sk\/wp-json\/wp\/v2\/product_tag?post=108662"}],"curies":[{"name":"pracovn\u00fd list","href":"https:\/\/api.w.org\/{rel}","templated":true}]}}