{"id":109030,"date":"2023-11-09T11:48:36","date_gmt":"2023-11-09T10:48:36","guid":{"rendered":"https:\/\/madelinefashion.pl\/?post_type=product&#038;p=109030"},"modified":"2026-03-01T12:57:58","modified_gmt":"2026-03-01T11:57:58","slug":"komplet-zimowy-czapka-z-pomponem-szal-gruby-splot-pudrowy-roz","status":"publish","type":"product","link":"https:\/\/madelinefashion.pl\/sk\/komplet-zimowy-czapka-z-pomponem-szal-gruby-splot-pudrowy-roz\/","title":{"rendered":"Zimn\u00fd set: \u010ciapka s brmbolcami + Hrubo tkan\u00fd \u0161\u00e1l, p\u00fadrovo ru\u017eov\u00e1"},"content":{"rendered":"<h3 style=\"text-align: center;\">Zimn\u00fd set: \u010ciapka s brmbolcami + Hrubo tkan\u00fd \u0161\u00e1l, p\u00fadrovo ru\u017eov\u00e1<\/h3>\n<ul style=\"text-align: center;\">\n<li>\u010ciapka je vyroben\u00e1 z <b>vysok\u00e1 kvalita<\/b> priadza.<\/li>\n<li>\u010ciapka jese\u0148-zima<\/li>\n<li>Ide\u00e1lna ponuka na nadch\u00e1dzaj\u00face chladn\u00e9 dni.<\/li>\n<li>Ve\u013emi pr\u00edjemn\u00e9 na pou\u017e\u00edvanie.<\/li>\n<li><\/li>\n<\/ul>\n<h3 style=\"text-align: center;\">Rozmery uz\u00e1veru:<\/h3>\n<ul style=\"text-align: center;\">\n<li>Univerz\u00e1lna ve\u013ekos\u0165,<\/li>\n<li>Pohodln\u00e9, nestl\u00e1\u010da hlavu, vo\u013ene sa prisp\u00f4sobuje jej tvaru,<\/li>\n<li>V\u00fd\u0161ka klob\u00faka: 24 cm<br \/>\nV\u00fd\u0161ka brmbolca: 8 cm<\/li>\n<li>Obvod klob\u00faka: 22-30 cm (meran\u00e9 v plochom stave)<\/li>\n<li>Maxim\u00e1lny obvod \u010diapky 60 cm<\/li>\n<li><\/li>\n<\/ul>\n<table width=\"611\">\n<tbody>\n<tr>\n<td width=\"302\">Model<\/td>\n<td width=\"302\">Zimn\u00fd set: \u010ciapka s brmbolcami + Hrub\u00fd pleten\u00fd \u0161\u00e1l<\/td>\n<\/tr>\n<tr>\n<td width=\"302\">Farba<\/td>\n<td width=\"302\">P\u00fadrov\u00e1 ru\u017eov\u00e1<\/td>\n<\/tr>\n<tr>\n<td width=\"302\">Zbierka<\/td>\n<td width=\"302\">jar\/jese\u0148\/zima<\/td>\n<\/tr>\n<tr>\n<td width=\"302\">ve\u013ekosti<\/td>\n<td width=\"302\">Univerz\u00e1lny<\/td>\n<\/tr>\n<tr>\n<td width=\"302\">deti<\/td>\n<td width=\"302\">od 6 rokov<\/td>\n<\/tr>\n<tr>\n<td width=\"302\">izolovan\u00e9<\/td>\n<td width=\"302\">Fleece<\/td>\n<\/tr>\n<tr>\n<td width=\"302\">Materi\u00e1l<\/td>\n<td width=\"302\">100% akryl<\/td>\n<\/tr>\n<\/tbody>\n<\/table>\n<p style=\"text-align: center;\">","protected":false},"excerpt":{"rendered":"<p>Komplet Zimowy Czapka Z Pomponem + Szal Gruby Splot Pudrowy R\u00f3\u017c Czapka wykonana jest z wysokiej jako\u015bci prz\u0119dzy. Czapka Jesienno-zimowa Idealna propozycja na nadchodz\u0105ce ch\u0142odne dni. Bardzo\u00a0 przyjemna w u\u017cytkowaniu. Wymiary czapka: Rozmiar uniwersalny, Wygodna, nie uciska g\u0142owy, swobodnie dopasowuje si\u0119 do jej kszta\u0142tu, Wysoko\u015b\u0107 czapki: 24 cm Wysoko\u015b\u0107 pompona; 8 cm Obw\u00f3d czapki: 22-30<\/p>\n<div class=\"klb-readmore post-buttons\"><a class=\"button black outline size-sm\" href=\"https:\/\/madelinefashion.pl\/sk\/komplet-zimowy-czapka-z-pomponem-szal-gruby-splot-pudrowy-roz\/\">\u010c\u00edta\u0165 \u010falej <i class=\"klbth-icon-right-arrow\"><\/i><\/a><\/div>","protected":false},"featured_media":585357,"template":"","meta":[],"product_brand":[],"product_cat":[115],"product_tag":[],"class_list":{"0":"post-109030","1":"product","2":"type-product","3":"status-publish","4":"has-post-thumbnail","6":"product_cat-czapki","8":"first","9":"instock","10":"sale","11":"purchasable","12":"product-type-simple"},"_links":{"self":[{"href":"https:\/\/madelinefashion.pl\/sk\/wp-json\/wp\/v2\/product\/109030","targetHints":{"allow":["GET"]}}],"collection":[{"href":"https:\/\/madelinefashion.pl\/sk\/wp-json\/wp\/v2\/product"}],"about":[{"href":"https:\/\/madelinefashion.pl\/sk\/wp-json\/wp\/v2\/types\/product"}],"wp:featuredmedia":[{"embeddable":true,"href":"https:\/\/madelinefashion.pl\/sk\/wp-json\/wp\/v2\/media\/585357"}],"wp:attachment":[{"href":"https:\/\/madelinefashion.pl\/sk\/wp-json\/wp\/v2\/media?parent=109030"}],"wp:term":[{"taxonomy":"product_brand","embeddable":true,"href":"https:\/\/madelinefashion.pl\/sk\/wp-json\/wp\/v2\/product_brand?post=109030"},{"taxonomy":"product_cat","embeddable":true,"href":"https:\/\/madelinefashion.pl\/sk\/wp-json\/wp\/v2\/product_cat?post=109030"},{"taxonomy":"product_tag","embeddable":true,"href":"https:\/\/madelinefashion.pl\/sk\/wp-json\/wp\/v2\/product_tag?post=109030"}],"curies":[{"name":"pracovn\u00fd list","href":"https:\/\/api.w.org\/{rel}","templated":true}]}}