{"id":110202,"date":"2023-11-17T09:26:17","date_gmt":"2023-11-17T08:26:17","guid":{"rendered":"https:\/\/madelinefashion.pl\/?post_type=product&#038;p=110202"},"modified":"2026-04-10T14:43:22","modified_gmt":"2026-04-10T12:43:22","slug":"sukienka-brokatowa-mini-z-marszczonym-rekawem-jolly-czarna","status":"publish","type":"product","link":"https:\/\/madelinefashion.pl\/sk\/sukienka-brokatowa-mini-z-marszczonym-rekawem-jolly-czarna\/","title":{"rendered":"Sukienka Brokatowa Mini Z Marszczonym R\u0119kawem Jolly Czarna"},"content":{"rendered":"<h3 style=\"text-align: center;\">Sukienka Brokatowa Mini Z Marszczonym R\u0119kawem Jolly Czarna<\/h3>\n<p style=\"text-align: center;\"><b>Fenomenalna kr\u00f3tka suknia brokatowa na d\u0142ugi maszczony, ozdobny r\u0119kaw.<\/b>\u00a0 Wspania\u0142a suknia wieczorowa brokatowa z okr\u0105g\u0142ym dekoltem. Suknia wieczorowa bardzo \u0142adnie dopasowuje si\u0119 do sylwetki. Kr\u00f3tka Brokatowa dopasowana zosta\u0142a zaprojektowana z my\u015bl\u0105 o najbardziej wymagaj\u0105cych klientkach.\u00a0<strong>H\u013ead\u00e1te dokonal\u00e9 \u0161aty na svadbu, Silvestra, karneval \u010di ples<\/strong>? Tento model bude perfektne fungova\u0165. Trblietav\u00e9 \u0161aty -<strong>\u00a0je to n\u00e1dhern\u00e9 a vyzer\u00e1 to jednoducho \u00fa\u017easne<\/strong>\u00a0!! Brok\u00e1tov\u00e9 \u0161aty s\u00fa v\u00fdnimo\u010dne elegantn\u00e9 a vyzeraj\u00fa ako v\u00fdtvory filmov\u00fdch hviezd. Zozn\u00e1mte sa s na\u0161ou ponukou\u00a0<a href=\"https:\/\/madelinefashion.pl\/sk\/sukienki-i-kombinezony\/sukienki-okolicznosciowe\/\"><strong>ve\u010dern\u00e9 \u0161aty<\/strong><\/a>\u00a0a vyberte si model, v ktorom budete\u00a0<strong>vyzera\u0165 ako hviezda<\/strong> a budete vy\u010dnieva\u0165 z davu. Maxi \u0161aty sa vo svetle l\u00e1mp rozpr\u00e1vkovo trblietaj\u00fa. Nem\u00f4\u017eete by\u0165 k tomu \u013eahostajn\u00ed. Roz\u0161\u00edren\u00e9 \u0161aty v midi verzii - vypasovan\u00e9 a s hlbok\u00fdm v\u00fdstrihom. <b>\u0160aty v univerz\u00e1lnej ve\u013ekosti odpor\u00fa\u010dan\u00e9 pre \u017eeny XS SML <\/b>\u00a0Dostupn\u00e9 na na\u0161om e-shope vo viacer\u00fdch farebn\u00fdch variantoch, tak nev\u00e1hajte a vyberte si t\u00fa, ktor\u00e1 je pre v\u00e1s ako stvoren\u00e1. Ak sa neviete rozhodn\u00fa\u0165 ak\u00fa farbu,\u00a0<strong>ve\u013ekos\u0165<\/strong>\u00a0je pre v\u00e1s to najlep\u0161ie\u00a0<strong>kontaktuj n\u00e1s<\/strong>\u00a0cez\u00a0<a href=\"https:\/\/www.facebook.com\/madelinefashionbutik\" target=\"_blank\" rel=\"noopener\">Facebook<\/a>\u00a0alebo\u00a0<a href=\"https:\/\/madelinefashion.pl\/sk\/kontakt\/\">telef\u00f3n<\/a>. Ak ve\u013ekos\u0165 nie je na str\u00e1nke, kontaktujte n\u00e1s.<\/p>\n<h3 style=\"text-align: center;\">Rozmery:<\/h3>\n<ul>\n<li style=\"text-align: center;\">celkov\u00e1 d\u013a\u017eka 84 cm<\/li>\n<li style=\"text-align: center;\">\u0161\u00edrka od pazuchy po pazuchu: 41-50 cm<\/li>\n<li style=\"text-align: center;\">szeroko\u015b\u0107 w tali: 37-46 cm<\/li>\n<li style=\"text-align: center;\">d\u013a\u017eka ruk\u00e1va od ramena: 51 cm<br \/>\nd\u0142ugo\u015b\u0107 r\u0119kawa od pachy: 36 cm<\/li>\n<li style=\"text-align: center;\"><\/li>\n<li style=\"text-align: center;\"><\/li>\n<\/ul>\n<p style=\"text-align: center;\">Rozmery sa m\u00f4\u017eu mierne l\u00ed\u0161i\u0165 od uveden\u00fdch +\/- 2cm. V\u0161etky uveden\u00e9 rozmery s\u00fa meran\u00e9 plo\u0161ne. rozmer x2<\/p>\n<p style=\"text-align: center;\"><strong>\u00a0<\/strong><\/p>\n<p>&nbsp;<\/p>\n<table style=\"height: 211px;\" width=\"711\">\n<tbody>\n<tr>\n<td width=\"302\">Meno modela<\/td>\n<td width=\"302\">Sukienka Brokatowa Mini Z Marszczonym R\u0119kawem Jolly<\/td>\n<\/tr>\n<tr>\n<td width=\"302\">Farba<\/td>\n<td width=\"302\">\u010dierna<\/td>\n<\/tr>\n<tr>\n<td width=\"302\">D\u013a\u017eka<\/td>\n<td width=\"302\">Mini<\/td>\n<\/tr>\n<tr>\n<td width=\"302\">ve\u013ekosti<\/td>\n<td width=\"302\">Univerz\u00e1lny XS SML<\/td>\n<\/tr>\n<tr>\n<td width=\"302\">M\u00f3da<\/td>\n<td width=\"302\">Zhoda<\/td>\n<\/tr>\n<tr>\n<td width=\"302\">Materi\u00e1l<\/td>\n<td width=\"302\">Visk\u00f3za, polyester, bavlna<\/td>\n<\/tr>\n<tr>\n<td width=\"302\">Zap\u00ednanie na zips<\/td>\n<td width=\"302\">\u00c1no<\/td>\n<\/tr>\n<\/tbody>\n<\/table>\n<div class=\"additional-details\">\n<p style=\"text-align: center;\">Model m\u00e1\u00a0<strong>169<\/strong>\u00a0cm vysok\u00fd, nos\u00ed ve\u013ekos\u0165 ka\u017ed\u00fd de\u0148\u00a0<strong>S<\/strong><\/p>\n<p style=\"text-align: center;\">\u0160\u00edrka hrudn\u00edka 91 cm<\/p>\n<p style=\"text-align: center;\">\u0160\u00edrka p\u00e1su 71 cm<\/p>\n<p style=\"text-align: center;\">\u0160\u00edrka bokov 96 cm<\/p>\n<\/div>","protected":false},"excerpt":{"rendered":"<p>Sukienka Brokatowa Mini Z Marszczonym R\u0119kawem Jolly Czarna Fenomenalna kr\u00f3tka suknia brokatowa na d\u0142ugi maszczony, ozdobny r\u0119kaw.\u00a0 Wspania\u0142a suknia wieczorowa brokatowa z okr\u0105g\u0142ym dekoltem. Suknia wieczorowa bardzo \u0142adnie dopasowuje si\u0119 do sylwetki. Kr\u00f3tka Brokatowa dopasowana zosta\u0142a zaprojektowana z my\u015bl\u0105 o najbardziej wymagaj\u0105cych klientkach.\u00a0Szukasz doskona\u0142ej sukni na wesele, sylwestra, karnawa\u0142 czy studni\u00f3wk\u0119? Ten model sprawdzi si\u0119<\/p>\n<div class=\"klb-readmore post-buttons\"><a class=\"button black outline size-sm\" href=\"https:\/\/madelinefashion.pl\/sk\/sukienka-brokatowa-mini-z-marszczonym-rekawem-jolly-czarna\/\">\u010c\u00edta\u0165 \u010falej <i class=\"klbth-icon-right-arrow\"><\/i><\/a><\/div>","protected":false},"featured_media":110195,"template":"","meta":[],"product_brand":[],"product_cat":[124,560],"product_tag":[213,262],"class_list":{"0":"post-110202","1":"product","2":"type-product","3":"status-publish","4":"has-post-thumbnail","6":"product_cat-sukienki-okolicznosciowe","7":"product_cat-sukienki-brokatowe","8":"product_tag-sukienka-czarna","9":"product_tag-sukienki-krotkie","11":"first","12":"outofstock","13":"purchasable","14":"product-type-simple"},"_links":{"self":[{"href":"https:\/\/madelinefashion.pl\/sk\/wp-json\/wp\/v2\/product\/110202","targetHints":{"allow":["GET"]}}],"collection":[{"href":"https:\/\/madelinefashion.pl\/sk\/wp-json\/wp\/v2\/product"}],"about":[{"href":"https:\/\/madelinefashion.pl\/sk\/wp-json\/wp\/v2\/types\/product"}],"wp:featuredmedia":[{"embeddable":true,"href":"https:\/\/madelinefashion.pl\/sk\/wp-json\/wp\/v2\/media\/110195"}],"wp:attachment":[{"href":"https:\/\/madelinefashion.pl\/sk\/wp-json\/wp\/v2\/media?parent=110202"}],"wp:term":[{"taxonomy":"product_brand","embeddable":true,"href":"https:\/\/madelinefashion.pl\/sk\/wp-json\/wp\/v2\/product_brand?post=110202"},{"taxonomy":"product_cat","embeddable":true,"href":"https:\/\/madelinefashion.pl\/sk\/wp-json\/wp\/v2\/product_cat?post=110202"},{"taxonomy":"product_tag","embeddable":true,"href":"https:\/\/madelinefashion.pl\/sk\/wp-json\/wp\/v2\/product_tag?post=110202"}],"curies":[{"name":"pracovn\u00fd list","href":"https:\/\/api.w.org\/{rel}","templated":true}]}}