{"id":110935,"date":"2023-11-24T09:35:15","date_gmt":"2023-11-24T08:35:15","guid":{"rendered":"https:\/\/madelinefashion.pl\/?post_type=product&#038;p=110935"},"modified":"2026-03-07T13:46:35","modified_gmt":"2026-03-07T12:46:35","slug":"sukienka-olowkowa-mini-dopasowana-gaby-fuksja","status":"publish","type":"product","link":"https:\/\/madelinefashion.pl\/sk\/sukienka-olowkowa-mini-dopasowana-gaby-fuksja\/","title":{"rendered":"Priliehav\u00e9 mini \u0161aty Gaby v ceruzkovej farbe"},"content":{"rendered":"<h3 style=\"text-align: center;\">Priliehav\u00e9 mini \u0161aty Gaby v ceruzkovej farbe<\/h3>\n<p style=\"text-align: center;\"><strong>Fenomen\u00e1lne \u0161aty s flitrovan\u00fdm topom v mini verzii.<\/strong>\u00a0 Tieto \u00fa\u017easn\u00e9 ve\u010dern\u00e9 \u0161aty s okr\u00fahlym v\u00fdstrihom kr\u00e1sne zv\u00fdraznia poprsie. Ve\u010dern\u00e9 \u0161aty skvele sedia postave.<span style=\"vertical-align: inherit;\">Tie\u017e kr\u00e1sne odha\u013euje chrb\u00e1t a zu\u017euje sa v p\u00e1se.\u00a0<strong>dokonale zv\u00fdraz\u0148uje p\u00e1s<\/strong> <\/span>\u00a0<strong>H\u013ead\u00e1te dokonal\u00e9 \u0161aty na svadbu, Silvestra, karneval \u010di ples<\/strong>? Tento model bude perfektne fungova\u0165. Trblietav\u00e9 \u0161aty -<strong>\u00a0je to n\u00e1dhern\u00e9 a vyzer\u00e1 to jednoducho \u00fa\u017easne<\/strong> !! Zozn\u00e1mte sa s na\u0161ou ponukou <a href=\"https:\/\/madelinefashion.pl\/sk\/sukienki-i-kombinezony\/sukienki-okolicznosciowe\/\"><strong>ve\u010dern\u00e9 \u0161aty<\/strong><\/a>\u00a0a vyberte si model, v ktorom budete\u00a0<strong>vyzera\u0165 ako hviezda<\/strong> a budete vy\u010dnieva\u0165 z davu. Maxi \u0161aty sa vo svetle l\u00e1mp rozpr\u00e1vkovo trblietaj\u00fa. Nem\u00f4\u017eete by\u0165 k tomu \u013eahostajn\u00ed. \u0160aty v mini verzii vybaven\u00e9 hlbok\u00fdm v\u00fdstrihom. \u0160aty s tenk\u00fdmi ramienkami. <strong>\u00a0<\/strong> Na\u0161e \u0161aty s\u00fa ide\u00e1lnou vo\u013ebou pre<strong> svadba, ples, Silvester a in\u00e9 elegantn\u00e9 pr\u00edle\u017eitostn\u00e9 udalosti.<\/strong> \u00a0Dostupn\u00e9 na na\u0161om e-shope vo viacer\u00fdch farebn\u00fdch variantoch, tak nev\u00e1hajte a vyberte si t\u00fa, ktor\u00e1 je pre v\u00e1s ako stvoren\u00e1. Ak sa neviete rozhodn\u00fa\u0165 ak\u00fa farbu,\u00a0<strong>ve\u013ekos\u0165<\/strong>\u00a0je pre v\u00e1s to najlep\u0161ie\u00a0<strong>kontaktuj n\u00e1s<\/strong>\u00a0cez\u00a0<a href=\"https:\/\/www.facebook.com\/madelinefashionbutik\" target=\"_blank\" rel=\"noopener\">Facebook<\/a>\u00a0alebo\u00a0<a href=\"https:\/\/madelinefashion.pl\/sk\/kontakt\/\">telef\u00f3n<\/a>. Ak ve\u013ekos\u0165 nie je na str\u00e1nke, kontaktujte n\u00e1s.<\/p>\n<h3 style=\"text-align: center;\">ROZMERY \u0161iat:<\/h3>\n<ul style=\"text-align: center;\">\n<li>Celkov\u00e1 d\u013a\u017eka: 88 cm<\/li>\n<li>\u0160\u00edrka od podpazu\u0161ia k podpazu\u0161iu: 44 cm \u2013 51 cm<\/li>\n<li>\u0160\u00edrka p\u00e1su: 34 cm \u2013 40 cm<\/li>\n<li>\u0160\u00edrka bokov: 42 cm \u2013 48 cm<\/li>\n<li><\/li>\n<li><\/li>\n<\/ul>\n<p style=\"text-align: center;\">Rozmery sa m\u00f4\u017eu mierne l\u00ed\u0161i\u0165 od uveden\u00fdch +\/- 2cm. V\u0161etky uveden\u00e9 rozmery s\u00fa meran\u00e9 plo\u0161ne.<\/p>\n<p style=\"text-align: center;\">rozmer x2<\/p>\n<p style=\"text-align: center;\"><strong>\u00a0<\/strong><\/p>\n<table style=\"height: 231px;\" width=\"590\">\n<tbody>\n<tr>\n<td width=\"302\">Meno modela<\/td>\n<td width=\"302\">Priliehav\u00e9 mini \u0161aty Gaby<\/td>\n<\/tr>\n<tr>\n<td width=\"302\">Farba<\/td>\n<td width=\"302\">Fuchsiov\u00e1<\/td>\n<\/tr>\n<tr>\n<td width=\"302\">Zbierka<\/td>\n<td width=\"302\">jese\u0148\/zima\/jar<\/td>\n<\/tr>\n<tr>\n<td width=\"302\">ve\u013ekosti<\/td>\n<td width=\"302\">Univerz\u00e1lny<\/td>\n<\/tr>\n<tr>\n<td width=\"302\">M\u00f3da<\/td>\n<td width=\"302\">Vybaven\u00e1 \/ ob\u00e1lka<\/td>\n<\/tr>\n<tr>\n<td width=\"302\">Dekor\u00e1cia<\/td>\n<td width=\"302\">Flitre<\/td>\n<\/tr>\n<tr>\n<td width=\"302\">Materi\u00e1l<\/td>\n<td width=\"302\">Polyester 100%<\/td>\n<\/tr>\n<\/tbody>\n<\/table>\n<p style=\"text-align: center;\">Model m\u00e1\u00a0<strong>165<\/strong>\u00a0cm vysok\u00fd, nos\u00ed ve\u013ekos\u0165 ka\u017ed\u00fd de\u0148\u00a0<strong>S<\/strong><\/p>\n<p style=\"text-align: center;\">\u0160\u00edrka hrudn\u00edka 88 cm<\/p>\n<p style=\"text-align: center;\">\u0160\u00edrka p\u00e1su 65 cm<\/p>\n<p style=\"text-align: center;\">\u0160\u00edrka bokov 91 cm<\/p>","protected":false},"excerpt":{"rendered":"<p>Priliehav\u00e9 mini \u0161aty Gaby fuchsiovej farby s ceruzkov\u00fdm strihom. Fenomen\u00e1lne mini\u0161aty s flitrovan\u00fdm \u017eiv\u00f4tikom. Tieto \u00fa\u017easn\u00e9 ve\u010dern\u00e9 \u0161aty so zavinovac\u00edm v\u00fdstrihom kr\u00e1sne zv\u00fdraz\u0148uj\u00fa poprsie. Ve\u010dern\u00e9 \u0161aty kr\u00e1sne sedia postave. Kr\u00e1sne tie\u017e zv\u00fdraz\u0148uj\u00fa chrb\u00e1t a z\u00fa\u017een\u00fd p\u00e1s kr\u00e1sne zv\u00fdraz\u0148uje p\u00e1s. H\u013ead\u00e1te perfektn\u00e9 \u0161aty na svadbu, Silvestra, karneval alebo stu\u017ekov\u00fa? Tento \u0161t\u00fdl bude perfektn\u00fd.<\/p>\n<div class=\"klb-readmore post-buttons\"><a class=\"button black outline size-sm\" href=\"https:\/\/madelinefashion.pl\/sk\/sukienka-olowkowa-mini-dopasowana-gaby-fuksja\/\">\u010c\u00edta\u0165 \u010falej <i class=\"klbth-icon-right-arrow\"><\/i><\/a><\/div>","protected":false},"featured_media":110927,"template":"","meta":[],"product_brand":[],"product_cat":[125,80,558],"product_tag":[504,262,215],"class_list":{"0":"post-110935","1":"product","2":"type-product","3":"status-publish","4":"has-post-thumbnail","6":"product_cat-sukienki","7":"product_cat-sukienki-i-kombinezony","8":"product_cat-sukienki-cekinowe","9":"product_tag-party-time","10":"product_tag-sukienki-krotkie","11":"product_tag-sukienki-rozowe","13":"first","14":"instock","15":"sale","16":"purchasable","17":"product-type-simple"},"_links":{"self":[{"href":"https:\/\/madelinefashion.pl\/sk\/wp-json\/wp\/v2\/product\/110935","targetHints":{"allow":["GET"]}}],"collection":[{"href":"https:\/\/madelinefashion.pl\/sk\/wp-json\/wp\/v2\/product"}],"about":[{"href":"https:\/\/madelinefashion.pl\/sk\/wp-json\/wp\/v2\/types\/product"}],"wp:featuredmedia":[{"embeddable":true,"href":"https:\/\/madelinefashion.pl\/sk\/wp-json\/wp\/v2\/media\/110927"}],"wp:attachment":[{"href":"https:\/\/madelinefashion.pl\/sk\/wp-json\/wp\/v2\/media?parent=110935"}],"wp:term":[{"taxonomy":"product_brand","embeddable":true,"href":"https:\/\/madelinefashion.pl\/sk\/wp-json\/wp\/v2\/product_brand?post=110935"},{"taxonomy":"product_cat","embeddable":true,"href":"https:\/\/madelinefashion.pl\/sk\/wp-json\/wp\/v2\/product_cat?post=110935"},{"taxonomy":"product_tag","embeddable":true,"href":"https:\/\/madelinefashion.pl\/sk\/wp-json\/wp\/v2\/product_tag?post=110935"}],"curies":[{"name":"pracovn\u00fd list","href":"https:\/\/api.w.org\/{rel}","templated":true}]}}