{"id":111145,"date":"2023-11-24T14:56:02","date_gmt":"2023-11-24T13:56:02","guid":{"rendered":"https:\/\/madelinefashion.pl\/?post_type=product&#038;p=111145"},"modified":"2026-03-07T13:46:33","modified_gmt":"2026-03-07T12:46:33","slug":"sukienka-cekinowa-z-paskiem-costa-zlota","status":"publish","type":"product","link":"https:\/\/madelinefashion.pl\/sk\/sukienka-cekinowa-z-paskiem-costa-zlota\/","title":{"rendered":"Zlat\u00e9 flitrovan\u00e9 \u0161aty s opaskom Costa"},"content":{"rendered":"<h3 style=\"text-align: center;\">Zlat\u00e9 flitrovan\u00e9 \u0161aty s opaskom Costa<\/h3>\n<p style=\"text-align: center;\">Kr\u00e1sne flitrovan\u00e9 \u0161aty s jemnou siluetou do tvaru A. Maj\u00fa opasok, ktor\u00fd sa d\u00e1 uviaza\u0165 v p\u00e1se a zv\u00fdraz\u0148uje \u017eensk\u00e9 krivky. \u0160aty maj\u00fa 3\/4 ruk\u00e1vy s dvojit\u00fdm vol\u00e1nom. Tento \u0161t\u00fdl dod\u00e1va sebavedomie v\u010faka svojmu v\u0161estrann\u00e9mu strihu, ktor\u00fd bude skvele vyzera\u0165 aj na \u017een\u00e1ch s nadv\u00e1hou. Oble\u010dte si ich na \u0161peci\u00e1lnu pr\u00edle\u017eitos\u0165 a uistite sa, \u017ee okolo v\u00e1s nikto neprejde \u013eahostajne. Strih \u0161iat, ktor\u00fd sa vyzna\u010duje...<strong> vrstven\u00fd v\u00fdstrih <\/strong>\u00a0bude vyzera\u0165 skvele na akomko\u013evek type postavy. V kombin\u00e1cii s va\u0161imi ob\u013e\u00faben\u00fdmi vysok\u00fdmi op\u00e4tkami vytvor\u00edte jedine\u010dn\u00fd vzh\u013ead. \u0160aty maj\u00fa pod\u0161\u00edvku.\u00a0 <strong>Ve\u013ekos\u0165 je UNIVERZ\u00c1LNA\u00a0<\/strong> odpor\u00fa\u010dan\u00e9 pre nosite\u013eov <strong>S, M, L, XL, XXL <\/strong>\u00a0ale odpor\u00fa\u010dame\u00a0<strong>presn\u00e9 meranie\u00a0<\/strong>pod\u013ea ni\u017e\u0161ie uvedenej tabu\u013eky rozmerov. Dostupn\u00e9 na na\u0161om e-shope vo viacer\u00fdch farebn\u00fdch variantoch, tak nev\u00e1hajte a vyberte si t\u00fa, ktor\u00e1 je pre v\u00e1s ako stvoren\u00e1.<\/p>\n<h3 style=\"text-align: center;\">Rozmery \u0161iat<\/h3>\n<ul style=\"text-align: center;\">\n<li>celkov\u00e1 d\u013a\u017eka 85 cm<\/li>\n<li>\u0161\u00edrka od pazuchy k pazuche: 52-63 cm<\/li>\n<li>d\u013a\u017eka ruk\u00e1va od ramena: 46 cm<\/li>\n<li>d\u013a\u017eka ruk\u00e1va od podpazu\u0161ia 33 cm<\/li>\n<li>odpor\u00fa\u010dan\u00fd maxim\u00e1lny obvod hrudn\u00edka: 126 cm<\/li>\n<li><\/li>\n<\/ul>\n<p style=\"text-align: center;\">Rozmery sa m\u00f4\u017eu mierne l\u00ed\u0161i\u0165 od uveden\u00fdch +\/- 2cm. V\u0161etky uveden\u00e9 rozmery s\u00fa meran\u00e9 plo\u0161ne. <strong>rozmer x2<\/strong><\/p>\n<p style=\"text-align: center;\"><strong>\u00a0<\/strong><\/p>\n<table width=\"617\">\n<tbody>\n<tr>\n<td width=\"302\">Meno modela<\/td>\n<td width=\"302\">Flitrovan\u00e9 \u0161aty Costa s opaskom<\/td>\n<\/tr>\n<tr>\n<td width=\"302\">Farba<\/td>\n<td width=\"302\">Zlato<\/td>\n<\/tr>\n<tr>\n<td width=\"302\">Zbierka<\/td>\n<td width=\"302\">jese\u0148\/zima\/jar<\/td>\n<\/tr>\n<tr>\n<td width=\"302\">ve\u013ekosti<\/td>\n<td width=\"302\">Univerz\u00e1lny<\/td>\n<\/tr>\n<tr>\n<td width=\"302\">M\u00f3da<\/td>\n<td width=\"302\">Priliehav\u00fd \/ elastick\u00fd<\/td>\n<\/tr>\n<tr>\n<td width=\"302\">Materi\u00e1l<\/td>\n<td width=\"302\">100 % Polyester<\/td>\n<\/tr>\n<\/tbody>\n<\/table>\n<section class=\"page-product-box\">\n<div class=\"rte\">\n<p style=\"text-align: center;\">Model m\u00e1\u00a0<strong>169<\/strong>\u00a0cm vysok\u00fd, nos\u00ed ve\u013ekos\u0165 ka\u017ed\u00fd de\u0148\u00a0<strong>S<\/strong><\/p>\n<p style=\"text-align: center;\">\u0160\u00edrka hrudn\u00edka 91 cm<\/p>\n<p style=\"text-align: center;\">\u0160\u00edrka p\u00e1su 71 cm<\/p>\n<p style=\"text-align: center;\">\u0160\u00edrka bokov 96 cm<\/p>\n<p style=\"text-align: center;\">\n<\/div>\n<\/section>","protected":false},"excerpt":{"rendered":"<p>\u0160aty Costa Gold s flitrami a opaskom. Kr\u00e1sne flitrovan\u00e9 \u0161aty s jemnou siluetou do tvaru A. Maj\u00fa opasok, ktor\u00fd sa d\u00e1 uviaza\u0165 v p\u00e1se a zv\u00fdraz\u0148uje \u017eensk\u00e9 krivky. \u0160aty maj\u00fa 3\/4 ruk\u00e1vy s dvojit\u00fdm vol\u00e1nikom. Tento v\u0161estrann\u00fd strih bude skvele vyzera\u0165 aj na \u017een\u00e1ch s nadv\u00e1hou a dod\u00e1 v\u00e1m sebavedomie.<\/p>\n<div class=\"klb-readmore post-buttons\"><a class=\"button black outline size-sm\" href=\"https:\/\/madelinefashion.pl\/sk\/sukienka-cekinowa-z-paskiem-costa-zlota\/\">\u010c\u00edta\u0165 \u010falej <i class=\"klbth-icon-right-arrow\"><\/i><\/a><\/div>","protected":false},"featured_media":111122,"template":"","meta":[],"product_brand":[],"product_cat":[124,558],"product_tag":[504,385,262,445],"class_list":{"0":"post-111145","1":"product","2":"type-product","3":"status-publish","4":"has-post-thumbnail","6":"product_cat-sukienki-okolicznosciowe","7":"product_cat-sukienki-cekinowe","8":"product_tag-party-time","9":"product_tag-plus-size","10":"product_tag-sukienki-krotkie","11":"product_tag-sukienki-zlote","13":"first","14":"outofstock","15":"sale","16":"purchasable","17":"product-type-simple"},"_links":{"self":[{"href":"https:\/\/madelinefashion.pl\/sk\/wp-json\/wp\/v2\/product\/111145","targetHints":{"allow":["GET"]}}],"collection":[{"href":"https:\/\/madelinefashion.pl\/sk\/wp-json\/wp\/v2\/product"}],"about":[{"href":"https:\/\/madelinefashion.pl\/sk\/wp-json\/wp\/v2\/types\/product"}],"wp:featuredmedia":[{"embeddable":true,"href":"https:\/\/madelinefashion.pl\/sk\/wp-json\/wp\/v2\/media\/111122"}],"wp:attachment":[{"href":"https:\/\/madelinefashion.pl\/sk\/wp-json\/wp\/v2\/media?parent=111145"}],"wp:term":[{"taxonomy":"product_brand","embeddable":true,"href":"https:\/\/madelinefashion.pl\/sk\/wp-json\/wp\/v2\/product_brand?post=111145"},{"taxonomy":"product_cat","embeddable":true,"href":"https:\/\/madelinefashion.pl\/sk\/wp-json\/wp\/v2\/product_cat?post=111145"},{"taxonomy":"product_tag","embeddable":true,"href":"https:\/\/madelinefashion.pl\/sk\/wp-json\/wp\/v2\/product_tag?post=111145"}],"curies":[{"name":"pracovn\u00fd list","href":"https:\/\/api.w.org\/{rel}","templated":true}]}}