{"id":111524,"date":"2023-11-28T10:12:49","date_gmt":"2023-11-28T09:12:49","guid":{"rendered":"https:\/\/madelinefashion.pl\/?post_type=product&#038;p=111524"},"modified":"2026-04-10T14:43:22","modified_gmt":"2026-04-10T12:43:22","slug":"sukienka-brokatowa-na-ramiaczkach-asymetryczna-alla-czarna","status":"publish","type":"product","link":"https:\/\/madelinefashion.pl\/sk\/sukienka-brokatowa-na-ramiaczkach-asymetryczna-alla-czarna\/","title":{"rendered":"Sukienka Brokatowa Na Rami\u0105czkach Asymetryczna Alla Czarna"},"content":{"rendered":"<h3 style=\"text-align: center;\">Sukienka Brokatowa Na Rami\u0105czkach Asymetryczna Alla Czarna<\/h3>\n<p style=\"text-align: center;\"><strong>Fenomen\u00e1lne dlh\u00e9 brok\u00e1tov\u00e9 \u0161aty s rozparkom.<\/strong>\u00a0 Par\u00e1dne brok\u00e1tov\u00e9 spolo\u010densk\u00e9 \u0161aty s ob\u00e1lkov\u00fdm v\u00fdstrihom kr\u00e1sne odha\u013euj\u00fa poprsie. Spolo\u010densk\u00e9 \u0161aty ve\u013emi pekne padn\u00fa na postavu. <strong><span style=\"vertical-align: inherit;\">Trblietav\u00e9 \u0161aty<\/span><\/strong><span style=\"vertical-align: inherit;\">\u00a0 kr\u00e1sne odha\u013euje aj chrb\u00e1t. <\/span>\u00a0<strong>H\u013ead\u00e1te dokonal\u00e9 \u0161aty na svadbu, Silvestra, karneval \u010di ples<\/strong>? Tento model bude perfektne fungova\u0165. Trblietav\u00e9 \u0161aty -<strong>\u00a0je to n\u00e1dhern\u00e9 a vyzer\u00e1 to jednoducho \u00fa\u017easne<\/strong> !! Brok\u00e1tov\u00e9 \u0161aty s\u00fa v\u00fdnimo\u010dne elegantn\u00e9 a vyzeraj\u00fa ako v\u00fdtvory filmov\u00fdch hviezd. Zozn\u00e1mte sa s na\u0161ou ponukou <a href=\"https:\/\/madelinefashion.pl\/sk\/sukienki-i-kombinezony\/sukienki-okolicznosciowe\/\"><strong>ve\u010dern\u00e9 \u0161aty<\/strong><\/a>\u00a0a vyberte si model, v ktorom budete\u00a0<strong>vyzera\u0165 ako hviezda<\/strong> a budete vy\u010dnieva\u0165 z davu. Maxi \u0161aty sa vo svetle l\u00e1mp rozpr\u00e1vkovo trblietaj\u00fa. Nem\u00f4\u017eete by\u0165 k tomu \u013eahostajn\u00ed. Maxi \u0161aty po zem, opatren\u00e9 hlbok\u00fdm v\u00fdstrihom. \u0160aty s tenk\u00fdmi ramienkami. <strong>Efekt dop\u013a\u0148a ve\u013ek\u00fd strih odha\u013euj\u00faci nohu.\u00a0<\/strong> Na\u0161e \u0161aty s\u00fa ide\u00e1lnou vo\u013ebou pre<strong> svadba, ples, Silvester a in\u00e9 elegantn\u00e9 pr\u00edle\u017eitostn\u00e9 udalosti.<\/strong> \u00a0Dostupn\u00e9 na na\u0161om e-shope vo viacer\u00fdch farebn\u00fdch variantoch, tak nev\u00e1hajte a vyberte si t\u00fa, ktor\u00e1 je pre v\u00e1s ako stvoren\u00e1. Ak sa neviete rozhodn\u00fa\u0165 ak\u00fa farbu,\u00a0<strong>ve\u013ekos\u0165<\/strong>\u00a0je pre v\u00e1s to najlep\u0161ie\u00a0<strong>kontaktuj n\u00e1s<\/strong>\u00a0cez\u00a0<a href=\"https:\/\/www.facebook.com\/madelinefashionbutik\" target=\"_blank\" rel=\"noopener\">Facebook<\/a>\u00a0alebo\u00a0<a href=\"https:\/\/madelinefashion.pl\/sk\/kontakt\/\">telef\u00f3n<\/a>. Ak ve\u013ekos\u0165 nie je na str\u00e1nke, kontaktujte n\u00e1s.<\/p>\n<h3 style=\"text-align: center;\">ROZMERY \u0161iat:<\/h3>\n<ul style=\"text-align: center;\">\n<li>Celkov\u00e1 d\u013a\u017eka: 123 cm<\/li>\n<li>\u0160\u00edrka od podpazu\u0161ia k podpazu\u0161iu: 37 cm \u2013 47 cm<\/li>\n<li>\u0160\u00edrka p\u00e1su: 32 cm \u2013 49 cm<\/li>\n<li>\u0160\u00edrka bokov: 37 cm \u2013 52 cm<\/li>\n<li><\/li>\n<li><\/li>\n<\/ul>\n<p style=\"text-align: center;\">Rozmery sa m\u00f4\u017eu mierne l\u00ed\u0161i\u0165 od uveden\u00fdch +\/- 2cm. V\u0161etky uveden\u00e9 rozmery s\u00fa meran\u00e9 plo\u0161ne.<\/p>\n<p style=\"text-align: center;\">rozmer x2<\/p>\n<p style=\"text-align: center;\"><strong>\u00a0<\/strong><\/p>\n<table style=\"height: 231px;\" width=\"590\">\n<tbody>\n<tr>\n<td width=\"302\">Model<\/td>\n<td width=\"302\">Asymetrick\u00e9 brok\u00e1tov\u00e9 \u0161aty Alla s ramienkami<\/td>\n<\/tr>\n<tr>\n<td width=\"302\">Farba<\/td>\n<td width=\"302\">\u010dierna<\/td>\n<\/tr>\n<tr>\n<td width=\"302\">Zbierka<\/td>\n<td width=\"302\">jese\u0148\/zima\/jar<\/td>\n<\/tr>\n<tr>\n<td width=\"302\">ve\u013ekosti<\/td>\n<td width=\"302\">Univerz\u00e1lny<\/td>\n<\/tr>\n<tr>\n<td width=\"302\">M\u00f3da<\/td>\n<td width=\"302\">Vybaven\u00e1 \/ ob\u00e1lka<\/td>\n<\/tr>\n<tr>\n<td width=\"302\">Dekor\u00e1cia<\/td>\n<td width=\"302\">Lesk<\/td>\n<\/tr>\n<tr>\n<td width=\"302\">Materi\u00e1l<\/td>\n<td width=\"302\">97 % polyester 3 % elastan<\/td>\n<\/tr>\n<\/tbody>\n<\/table>\n<p style=\"text-align: center;\">Model m\u00e1\u00a0<strong>169<\/strong>\u00a0cm vysok\u00fd, nos\u00ed ve\u013ekos\u0165 ka\u017ed\u00fd de\u0148\u00a0<strong>S<\/strong><\/p>\n<p style=\"text-align: center;\">\u0160\u00edrka hrudn\u00edka 91 cm<\/p>\n<p style=\"text-align: center;\">\u0160\u00edrka p\u00e1su 71 cm<\/p>\n<p style=\"text-align: center;\">\u0160\u00edrka bokov 96 cm<\/p>\n<div class=\"additional-details\">\n<p style=\"text-align: center;\">\n<\/div>","protected":false},"excerpt":{"rendered":"<p>Sukienka Brokatowa Na Rami\u0105czkach Asymetryczna Alla Czarna Fenomenalna d\u0142uga suknia brokatowa z rozci\u0119ciem.\u00a0 Wspania\u0142a suknia wieczorowa brokatowa z dekoltem kopertowym pi\u0119knie eksponuje biust.\u00a0 Suknia wieczorowa bardzo \u0142adnie dopasowuje si\u0119 do sylwetki. Sukienka Brokatowa\u00a0 pi\u0119knie eksponuje r\u00f3wnie\u017c plecy. \u00a0Szukasz doskona\u0142ej sukni na wesele, sylwestra, karnawa\u0142 czy studni\u00f3wk\u0119? Ten model sprawdzi si\u0119 idealnie. Sukienka z brokatem \u2013\u00a0przepi\u0119knie<\/p>\n<div class=\"klb-readmore post-buttons\"><a class=\"button black outline size-sm\" href=\"https:\/\/madelinefashion.pl\/sk\/sukienka-brokatowa-na-ramiaczkach-asymetryczna-alla-czarna\/\">\u010c\u00edta\u0165 \u010falej <i class=\"klbth-icon-right-arrow\"><\/i><\/a><\/div>","protected":false},"featured_media":111502,"template":"","meta":[],"product_brand":[],"product_cat":[80,125,560],"product_tag":[213,504,163],"class_list":{"0":"post-111524","1":"product","2":"type-product","3":"status-publish","4":"has-post-thumbnail","6":"product_cat-sukienki-i-kombinezony","7":"product_cat-sukienki","8":"product_cat-sukienki-brokatowe","9":"product_tag-sukienka-czarna","10":"product_tag-party-time","11":"product_tag-sukienki-dlugie","13":"first","14":"outofstock","15":"purchasable","16":"product-type-simple"},"_links":{"self":[{"href":"https:\/\/madelinefashion.pl\/sk\/wp-json\/wp\/v2\/product\/111524","targetHints":{"allow":["GET"]}}],"collection":[{"href":"https:\/\/madelinefashion.pl\/sk\/wp-json\/wp\/v2\/product"}],"about":[{"href":"https:\/\/madelinefashion.pl\/sk\/wp-json\/wp\/v2\/types\/product"}],"wp:featuredmedia":[{"embeddable":true,"href":"https:\/\/madelinefashion.pl\/sk\/wp-json\/wp\/v2\/media\/111502"}],"wp:attachment":[{"href":"https:\/\/madelinefashion.pl\/sk\/wp-json\/wp\/v2\/media?parent=111524"}],"wp:term":[{"taxonomy":"product_brand","embeddable":true,"href":"https:\/\/madelinefashion.pl\/sk\/wp-json\/wp\/v2\/product_brand?post=111524"},{"taxonomy":"product_cat","embeddable":true,"href":"https:\/\/madelinefashion.pl\/sk\/wp-json\/wp\/v2\/product_cat?post=111524"},{"taxonomy":"product_tag","embeddable":true,"href":"https:\/\/madelinefashion.pl\/sk\/wp-json\/wp\/v2\/product_tag?post=111524"}],"curies":[{"name":"pracovn\u00fd list","href":"https:\/\/api.w.org\/{rel}","templated":true}]}}