{"id":111564,"date":"2023-11-28T10:44:59","date_gmt":"2023-11-28T09:44:59","guid":{"rendered":"https:\/\/madelinefashion.pl\/?post_type=product&#038;p=111564"},"modified":"2026-03-07T13:46:31","modified_gmt":"2026-03-07T12:46:31","slug":"sukienka-cekinowa-na-ramiaczkach-maxi-viola-fioletowa","status":"publish","type":"product","link":"https:\/\/madelinefashion.pl\/sk\/sukienka-cekinowa-na-ramiaczkach-maxi-viola-fioletowa\/","title":{"rendered":"Fialov\u00e9 flitrovan\u00e9 maxi \u0161aty Viola s ramienkami"},"content":{"rendered":"<h3 style=\"text-align: center;\">Fialov\u00e9 flitrovan\u00e9 maxi \u0161aty Viola s ramienkami<\/h3>\n<p style=\"text-align: center;\"><strong>Fenomen\u00e1lne dlh\u00e9 flitrovan\u00e9 \u0161aty s rozparkom.<\/strong>\u00a0 Tieto \u00fa\u017easn\u00e9 flitrovan\u00e9 ve\u010dern\u00e9 \u0161aty s v\u00fdstrihom kr\u00e1sne zv\u00fdraz\u0148uj\u00fa poprsie. Ve\u010dern\u00e9 \u0161aty skvele sedia postave. <strong><span style=\"vertical-align: inherit;\">Flitrovan\u00e9 \u0161aty<\/span><\/strong><span style=\"vertical-align: inherit;\">\u00a0 kr\u00e1sne odha\u013euje aj chrb\u00e1t. <\/span>\u00a0<strong>H\u013ead\u00e1te perfektn\u00e9 flitrovan\u00e9 \u0161aty na svadbu, Silvestra, karneval alebo ples?<\/strong>Tento model bude perfektn\u00fd. \u0160aty \u2013<strong>\u00a0je to n\u00e1dhern\u00e9 a vyzer\u00e1 to jednoducho \u00fa\u017easne<\/strong> Flitrovan\u00e9 \u0161aty s\u00fa mimoriadne elegantn\u00e9 a vyzeraj\u00fa ako outfity filmov\u00fdch hviezd. Pozrite si n\u00e1\u0161 v\u00fdber! <a href=\"https:\/\/madelinefashion.pl\/sk\/sukienki-i-kombinezony\/sukienki-okolicznosciowe\/\"><strong>ve\u010dern\u00e9 \u0161aty<\/strong><\/a>\u00a0a vyberte si model, v ktorom budete\u00a0<strong>vyzera\u0165 ako hviezda<\/strong> a budete vy\u010dnieva\u0165 z davu. Tieto maxi \u0161aty sa n\u00e1dherne trblietaj\u00fa vo svetle lampy. Ned\u00e1 sa ich ignorova\u0165. Tieto maxi \u0161aty po zem maj\u00fa priliehav\u00fd, rovn\u00fd v\u00fdstrih a tenk\u00e9 ramienka. . <strong>Efekt dop\u013a\u0148a ve\u013ek\u00fd strih odha\u013euj\u00faci nohu.\u00a0<\/strong> Na\u0161e \u0161aty s\u00fa ide\u00e1lnou vo\u013ebou pre<strong> svadba, ples, Silvester a in\u00e9 elegantn\u00e9 pr\u00edle\u017eitostn\u00e9 udalosti.<\/strong> \u00a0Dostupn\u00e9 na na\u0161om e-shope vo viacer\u00fdch farebn\u00fdch variantoch, tak nev\u00e1hajte a vyberte si t\u00fa, ktor\u00e1 je pre v\u00e1s ako stvoren\u00e1. Ak sa neviete rozhodn\u00fa\u0165 ak\u00fa farbu,\u00a0<strong>ve\u013ekos\u0165<\/strong>\u00a0je pre v\u00e1s to najlep\u0161ie\u00a0<strong>kontaktuj n\u00e1s<\/strong>\u00a0cez\u00a0<a href=\"https:\/\/www.facebook.com\/madelinefashionbutik\" target=\"_blank\" rel=\"noopener\">Facebook<\/a>\u00a0alebo\u00a0<a href=\"https:\/\/madelinefashion.pl\/sk\/kontakt\/\">telef\u00f3n<\/a>. Ak ve\u013ekos\u0165 nie je na str\u00e1nke, kontaktujte n\u00e1s.<\/p>\n<h3 style=\"text-align: center;\">ROZMERY \u0161iat:<\/h3>\n<ul style=\"text-align: center;\">\n<li>Celkov\u00e1 d\u013a\u017eka: 150 cm<\/li>\n<li>\u0160\u00edrka od podpazu\u0161ia k podpazu\u0161iu: 44 cm \u2013 56 cm<\/li>\n<li>\u0160\u00edrka p\u00e1su: 35 cm \u2013 48 cm<\/li>\n<li>\u0160\u00edrka bokov: 45 cm \u2013 56 cm<\/li>\n<li><\/li>\n<li><\/li>\n<\/ul>\n<p style=\"text-align: center;\">Rozmery sa m\u00f4\u017eu mierne l\u00ed\u0161i\u0165 od uveden\u00fdch +\/- 2cm. V\u0161etky uveden\u00e9 rozmery s\u00fa meran\u00e9 plo\u0161ne.<\/p>\n<p style=\"text-align: center;\">rozmer x2<\/p>\n<p style=\"text-align: center;\"><strong>\u00a0<\/strong><\/p>\n<table style=\"height: 231px;\" width=\"590\">\n<tbody>\n<tr>\n<td width=\"302\">Meno modela<\/td>\n<td width=\"302\">Maxi \u0161aty Viola Sequin s ramienkami<\/td>\n<\/tr>\n<tr>\n<td width=\"302\">Farba<\/td>\n<td width=\"302\">Fialov\u00e1<\/td>\n<\/tr>\n<tr>\n<td width=\"302\">Zbierka<\/td>\n<td width=\"302\">jese\u0148\/zima\/jar<\/td>\n<\/tr>\n<tr>\n<td width=\"302\">ve\u013ekosti<\/td>\n<td width=\"302\">Univerz\u00e1lny<\/td>\n<\/tr>\n<tr>\n<td width=\"302\">M\u00f3da<\/td>\n<td width=\"302\">Na mieru<\/td>\n<\/tr>\n<tr>\n<td width=\"302\">Dekor\u00e1cia<\/td>\n<td width=\"302\">Flitre<\/td>\n<\/tr>\n<tr>\n<td width=\"302\">Materi\u00e1l<\/td>\n<td width=\"302\">95 % polyester 5 % elastan<\/td>\n<\/tr>\n<\/tbody>\n<\/table>\n<p style=\"text-align: center;\">Model m\u00e1\u00a0<strong>169<\/strong>\u00a0cm vysok\u00fd, nos\u00ed ve\u013ekos\u0165 ka\u017ed\u00fd de\u0148\u00a0<strong>S<\/strong><\/p>\n<p style=\"text-align: center;\">\u0160\u00edrka hrudn\u00edka 91 cm<\/p>\n<p style=\"text-align: center;\">\u0160\u00edrka p\u00e1su 71 cm<\/p>\n<p style=\"text-align: center;\">\u0160\u00edrka bokov 96 cm<\/p>\n<div class=\"additional-details\">\n<p style=\"text-align: center;\">\n<\/div>","protected":false},"excerpt":{"rendered":"<p>Sukienka Cekinowa Na Rami\u0105czkach Maxi Viola Fioletowa Fenomenalna d\u0142uga suknia cekinowa z rozci\u0119ciem.\u00a0 Wspania\u0142a suknia wieczorowa cekinowa z dekoltem prostym pi\u0119knie eksponuje biust.\u00a0 Suknia wieczorowa bardzo \u0142adnie dopasowuje si\u0119 do sylwetki. Sukienka Cekinowa\u00a0 pi\u0119knie eksponuje r\u00f3wnie\u017c plecy. \u00a0Szukasz doskona\u0142ej sukni na cekinowa wesele, sylwestra, karnawa\u0142 czy studni\u00f3wk\u0119? Ten model sprawdzi si\u0119 idealnie. Sukienka\u00a0 \u2013\u00a0przepi\u0119knie si\u0119<\/p>\n<div class=\"klb-readmore post-buttons\"><a class=\"button black outline size-sm\" href=\"https:\/\/madelinefashion.pl\/sk\/sukienka-cekinowa-na-ramiaczkach-maxi-viola-fioletowa\/\">\u010c\u00edta\u0165 \u010falej <i class=\"klbth-icon-right-arrow\"><\/i><\/a><\/div>","protected":false},"featured_media":111543,"template":"","meta":[],"product_brand":[],"product_cat":[80,125,558],"product_tag":[504,163],"class_list":{"0":"post-111564","1":"product","2":"type-product","3":"status-publish","4":"has-post-thumbnail","6":"product_cat-sukienki-i-kombinezony","7":"product_cat-sukienki","8":"product_cat-sukienki-cekinowe","9":"product_tag-party-time","10":"product_tag-sukienki-dlugie","12":"first","13":"outofstock","14":"sale","15":"purchasable","16":"product-type-simple"},"_links":{"self":[{"href":"https:\/\/madelinefashion.pl\/sk\/wp-json\/wp\/v2\/product\/111564","targetHints":{"allow":["GET"]}}],"collection":[{"href":"https:\/\/madelinefashion.pl\/sk\/wp-json\/wp\/v2\/product"}],"about":[{"href":"https:\/\/madelinefashion.pl\/sk\/wp-json\/wp\/v2\/types\/product"}],"wp:featuredmedia":[{"embeddable":true,"href":"https:\/\/madelinefashion.pl\/sk\/wp-json\/wp\/v2\/media\/111543"}],"wp:attachment":[{"href":"https:\/\/madelinefashion.pl\/sk\/wp-json\/wp\/v2\/media?parent=111564"}],"wp:term":[{"taxonomy":"product_brand","embeddable":true,"href":"https:\/\/madelinefashion.pl\/sk\/wp-json\/wp\/v2\/product_brand?post=111564"},{"taxonomy":"product_cat","embeddable":true,"href":"https:\/\/madelinefashion.pl\/sk\/wp-json\/wp\/v2\/product_cat?post=111564"},{"taxonomy":"product_tag","embeddable":true,"href":"https:\/\/madelinefashion.pl\/sk\/wp-json\/wp\/v2\/product_tag?post=111564"}],"curies":[{"name":"pracovn\u00fd list","href":"https:\/\/api.w.org\/{rel}","templated":true}]}}