{"id":111988,"date":"2023-11-30T15:37:07","date_gmt":"2023-11-30T14:37:07","guid":{"rendered":"https:\/\/madelinefashion.pl\/?post_type=product&#038;p=111988"},"modified":"2026-03-01T12:57:56","modified_gmt":"2026-03-01T11:57:56","slug":"damskie-swiateczne-skarpety-do-kolana-wzory-norweskie-czarne","status":"publish","type":"product","link":"https:\/\/madelinefashion.pl\/sk\/damskie-swiateczne-skarpety-do-kolana-wzory-norweskie-czarne\/","title":{"rendered":"D\u00e1mske viano\u010dn\u00e9 podkolienky s n\u00f3rskym vzorom, \u010dierne"},"content":{"rendered":"<h3 style=\"text-align: center;\">D\u00e1mske viano\u010dn\u00e9 podkolienky s n\u00f3rskym vzorom, \u010dierne<\/h3>\n<p style=\"text-align: center;\">\u00a0Vianoce s\u00fa za dverami, a tak je \u010das myslie\u0165 na pr\u00edpravy, vr\u00e1tane t\u00fdch, ktor\u00e9 s\u00favisia s osvie\u017een\u00edm \u0161atn\u00edka. V na\u0161ej predajni n\u00e1jdete <a href=\"https:\/\/madelinefashion.pl\/sk\/product-tag\/swiateczny\/\"><strong>viano\u010dn\u00e9 oble\u010denie<\/strong><\/a>v\u010faka tomu sa znova budete c\u00edti\u0165 <strong>k\u00fazlo Vianoc.<\/strong> <strong>Sl\u00e1vnostn\u00fd charakter <\/strong>dobre posl\u00fa\u017ei aj na ka\u017edodenn\u00e9 pou\u017eitie<strong>, <\/strong>ako aj po\u010das ve\u010dere <b>na \u0160tedr\u00fd de\u0148.\u00a0<\/b><\/p>\n<p style=\"text-align: center;\">Vtipn\u00e9 viano\u010dn\u00e9 pono\u017eky s viano\u010dn\u00fdm mot\u00edvom.<br \/>\nNa\u0161e pono\u017eky bud\u00fa perfektn\u00fdm spolo\u010dn\u00edkom na mraziv\u00e9 zimn\u00e9 ve\u010dery. Tieto kvalitn\u00e9 bavlnen\u00e9 pono\u017eky sa vyzna\u010duj\u00fa kr\u00e1snymi viano\u010dn\u00fdmi vzormi, v\u010faka \u010domu s\u00fa kr\u00e1snym dar\u010dekom napr\u00edklad pod viano\u010dn\u00fd strom\u010dek. \ud83d\ude09 Tieto dlh\u00e9 vzorovan\u00e9 pono\u017eky s\u00fa p\u00f4vabn\u00fdm a pohodln\u00fdm doplnkom, ktor\u00fd dopln\u00ed ka\u017ed\u00fd sviato\u010dn\u00fd outfit.<br \/>\n* elastick\u00fd materi\u00e1l<br \/>\n* hladko sa prisp\u00f4sob\u00ed nohe<br \/>\n* \u0161irok\u00e1 man\u017eeta<br \/>\n* univerz\u00e1lna ve\u013ekos\u0165<\/p>\n<p style=\"text-align: center;\">Zlo\u017eenie: 95% Bavlna 5% Elastan<\/p>","protected":false},"excerpt":{"rendered":"<p>D\u00e1mske viano\u010dn\u00e9 pono\u017eky po kolen\u00e1 s n\u00f3rskymi vzormi. \u010cierne Vianoce s\u00fa za rohom, tak\u017ee je \u010das za\u010da\u0165 s pr\u00edpravami vr\u00e1tane osvie\u017eenia v\u00e1\u0161ho \u0161atn\u00edka. V na\u0161om obchode n\u00e1jdete sl\u00e1vnostn\u00e9 oble\u010denie, ktor\u00e9 v\u00e1m pom\u00f4\u017ee znovu pre\u017ei\u0165 \u010daro Vianoc. Tento sl\u00e1vnostn\u00fd vzh\u013ead sa hod\u00ed na ka\u017edodenn\u00e9 nosenie aj na \u0161tedrove\u010dern\u00fa ve\u010deru. Z\u00e1bavn\u00e9 viano\u010dn\u00e9 pono\u017eky<\/p>\n<div class=\"klb-readmore post-buttons\"><a class=\"button black outline size-sm\" href=\"https:\/\/madelinefashion.pl\/sk\/damskie-swiateczne-skarpety-do-kolana-wzory-norweskie-czarne\/\">\u010c\u00edta\u0165 \u010falej <i class=\"klbth-icon-right-arrow\"><\/i><\/a><\/div>","protected":false},"featured_media":111974,"template":"","meta":[],"product_brand":[],"product_cat":[113],"product_tag":[473,491],"class_list":{"0":"post-111988","1":"product","2":"type-product","3":"status-publish","4":"has-post-thumbnail","6":"product_cat-dodatki","7":"product_tag-kolekcja-swiateczna","8":"product_tag-skarpetki-swiateczne","10":"first","11":"instock","12":"sale","13":"purchasable","14":"product-type-variable"},"_links":{"self":[{"href":"https:\/\/madelinefashion.pl\/sk\/wp-json\/wp\/v2\/product\/111988","targetHints":{"allow":["GET"]}}],"collection":[{"href":"https:\/\/madelinefashion.pl\/sk\/wp-json\/wp\/v2\/product"}],"about":[{"href":"https:\/\/madelinefashion.pl\/sk\/wp-json\/wp\/v2\/types\/product"}],"wp:featuredmedia":[{"embeddable":true,"href":"https:\/\/madelinefashion.pl\/sk\/wp-json\/wp\/v2\/media\/111974"}],"wp:attachment":[{"href":"https:\/\/madelinefashion.pl\/sk\/wp-json\/wp\/v2\/media?parent=111988"}],"wp:term":[{"taxonomy":"product_brand","embeddable":true,"href":"https:\/\/madelinefashion.pl\/sk\/wp-json\/wp\/v2\/product_brand?post=111988"},{"taxonomy":"product_cat","embeddable":true,"href":"https:\/\/madelinefashion.pl\/sk\/wp-json\/wp\/v2\/product_cat?post=111988"},{"taxonomy":"product_tag","embeddable":true,"href":"https:\/\/madelinefashion.pl\/sk\/wp-json\/wp\/v2\/product_tag?post=111988"}],"curies":[{"name":"pracovn\u00fd list","href":"https:\/\/api.w.org\/{rel}","templated":true}]}}