{"id":111996,"date":"2023-11-30T15:43:49","date_gmt":"2023-11-30T14:43:49","guid":{"rendered":"https:\/\/madelinefashion.pl\/?post_type=product&#038;p=111996"},"modified":"2026-02-16T15:02:24","modified_gmt":"2026-02-16T14:02:24","slug":"sneakersy-ocieplane-z-futerkiem-wiazane-gino","status":"publish","type":"product","link":"https:\/\/madelinefashion.pl\/sk\/sneakersy-ocieplane-z-futerkiem-wiazane-gino\/","title":{"rendered":"Zateplen\u00e9 \u0161nurovacie tenisky Gino s ko\u017eu\u0161inou"},"content":{"rendered":"<h3 style=\"text-align: center;\">Zateplen\u00e9 \u0161nurovacie tenisky Gino s ko\u017eu\u0161inou<\/h3>\n<p style=\"text-align: center;\"><strong>Tenisky<\/strong> Zvn\u00fatra s\u00fa plne zateplen\u00e9 a zvonku maj\u00fa ozdobn\u00fa ko\u017eu\u0161inu. Tento model kombinuje klasick\u00fd \u0161t\u00fdl s pohodl\u00edm a praktickos\u0165ou. V\u010faka svojej v\u0161estrannosti a pohodliu s\u00fa ide\u00e1lne na ka\u017edodenn\u00e9 nosenie. Na nohe vyzeraj\u00fa skvele a s\u00fa dokonal\u00fdm doplnkom ka\u017ed\u00e9ho outfitu. Tieto \u010dlenkov\u00e9 \u010di\u017emy s\u00fa v\u0161estrann\u00e9; m\u00f4\u017eete ich nosi\u0165 kdeko\u013evek, preto\u017ee s\u00fa ide\u00e1lne na mnoho pr\u00edle\u017eitost\u00ed.<\/p>\n<p style=\"text-align: center;\">Bud\u00fa skvel\u00fdm doplnkom ka\u017edodenn\u00e9ho stylingu!<\/p>\n<h3 style=\"text-align: center;\">Charakteristika<\/h3>\n<ul>\n<li style=\"text-align: center;\"><b>Farba<\/b>: \u010cierna<\/li>\n<li style=\"text-align: center;\"><b>Nos<\/b>: Okr\u00fahly<\/li>\n<li style=\"text-align: center;\"><b>Spona<\/b>V\u00e4zba<\/li>\n<li style=\"text-align: center;\"><b>vonkaj\u0161\u00ed materi\u00e1l<\/b>: Eko ko\u017ea<\/li>\n<li style=\"text-align: center;\"><b>Otep\u013eovanie<\/b>\u00c1no<\/li>\n<li style=\"text-align: center;\"><b>P\u00e4ta<\/b>Ploch\u00fd<\/li>\n<li style=\"text-align: center;\"><b>V\u00fd\u0161ka podp\u00e4tku<\/b>5 cm<\/li>\n<li style=\"text-align: center;\"><b>Vlo\u017ei\u0165<\/b>: Polstrovan\u00fd<\/li>\n<li style=\"text-align: center;\"><b>V\u00fd\u0161ka top\u00e1nky<\/b>22 cm<\/li>\n<li style=\"text-align: center;\"><\/li>\n<\/ul>\n<table width=\"540\">\n<thead>\n<tr>\n<td width=\"216\"><strong>Ve\u013ekos\u0165 E\u00da<\/strong><\/td>\n<td width=\"316\"><strong>D\u013a\u017eka vlo\u017eky<\/strong><\/td>\n<\/tr>\n<\/thead>\n<tbody>\n<tr>\n<td width=\"216\"><strong>36<\/strong><\/td>\n<td width=\"316\">23,5 cm<\/td>\n<\/tr>\n<tr>\n<td width=\"216\"><strong>37<\/strong><\/td>\n<td width=\"316\">24 cm<\/td>\n<\/tr>\n<tr>\n<td width=\"216\"><strong>38<\/strong><\/td>\n<td width=\"316\">24,5 cm<\/td>\n<\/tr>\n<tr>\n<td width=\"216\"><strong>39<\/strong><\/td>\n<td width=\"316\">25,5 cm<\/td>\n<\/tr>\n<tr>\n<td width=\"216\"><strong>40<\/strong><\/td>\n<td width=\"316\">26 cm<\/td>\n<\/tr>\n<tr>\n<td width=\"216\"><strong>41<\/strong><\/td>\n<td width=\"316\">26,5 cm<\/td>\n<\/tr>\n<\/tbody>\n<\/table>\n<div class=\"wrap-content\">\n<div class=\"main-container container\">\n<div class=\"row\">\n<section class=\"main-content sidebar-left-false\">\n<div class=\"product-page page\">\n<div class=\"page-content\">\n<div id=\"ProductSizing\" class=\"product-sizing modal fade in\" tabindex=\"-1\" role=\"dialog\" aria-hidden=\"false\">\n<div class=\"modal-dialog\">\n<div class=\"modal-content\">\n<div class=\"widget html_editor\">\n<p>&nbsp;<\/p>\n<\/div>\n<p>&nbsp;<\/p>\n<\/div>\n<\/div>\n<\/div>\n<\/div>\n<\/div>\n<\/section>\n<\/div>\n<\/div>\n<\/div>\n<div class=\"wrap-footer\">\n<footer class=\"\">\n<div class=\"container\">\n<div class=\"footer-newsletter-box\"><\/div>\n<\/div>\n<\/footer>\n<\/div>\n<table>\n<tbody>\n<tr>\n<td width=\"302\">Meno modela<\/td>\n<td width=\"302\">Zimn\u00e9 \u010di\u017emy z mesa\u010dnej ko\u017eu\u0161iny<\/td>\n<\/tr>\n<tr>\n<td width=\"302\">Farba<\/td>\n<td width=\"302\">\u010dierna<\/td>\n<\/tr>\n<tr>\n<td width=\"302\">ve\u013ekosti<\/td>\n<td width=\"302\">36 37\u00a0 38\u00a0 39 40 41<\/td>\n<\/tr>\n<tr>\n<td width=\"302\">Materi\u00e1l<\/td>\n<td width=\"302\">Ekoko\u017ea<\/td>\n<\/tr>\n<tr>\n<td width=\"302\">Otep\u013eovanie<\/td>\n<td width=\"302\">\u00c1no<\/td>\n<\/tr>\n<tr>\n<td width=\"302\">Spona<\/td>\n<td width=\"302\">\u0160nurovanie \/ zips<\/td>\n<\/tr>\n<tr>\n<td width=\"302\">Zbierka<\/td>\n<td width=\"302\">Jesenn\u00e1 zima<\/td>\n<\/tr>\n<\/tbody>\n<\/table>\n<div class=\"tabs tabs-bb clear mb-80\">\n<div class=\"tab-content\">\n<div id=\"tab-description\" class=\"tab-pane fade in woocommerce-Tabs-panel--description active\">\n<p style=\"text-align: center;\">\n<\/div>\n<\/div>\n<\/div>\n<section class=\"up-sells upsells products mb-80\"><\/section>\n<p style=\"text-align: left;\">K\u00f3d produktu: SS-1325<\/p>","protected":false},"excerpt":{"rendered":"<p>Sneakersy Ocieplane Z Futerkiem Wi\u0105zane Gino Sneakersy s\u0105 ocieplane w ca\u0142o\u015bci buta w \u015brodku, oraz posiadaj\u0105 ozdobne futerko na zewn\u0105trz. Model kt\u00f3ry \u0142\u0105czy klasyk\u0119 z wygod\u0105 i praktyczno\u015bci\u0105. Idealnie sprawdz\u0105 si\u0119 w codziennych obowi\u0105zkach z uwagi na ich uniwersalno\u015b\u0107 oraz wygod\u0119. \u015awietnie prezentuj\u0105 si\u0119 na nodze i s\u0105 doskona\u0142ym prze\u0142amaniem ca\u0142ej stylizacji. Botki s\u0105 uniwersalne,<\/p>\n<div class=\"klb-readmore post-buttons\"><a class=\"button black outline size-sm\" href=\"https:\/\/madelinefashion.pl\/sk\/sneakersy-ocieplane-z-futerkiem-wiazane-gino\/\">\u010c\u00edta\u0165 \u010falej <i class=\"klbth-icon-right-arrow\"><\/i><\/a><\/div>","protected":false},"featured_media":111992,"template":"","meta":[],"product_brand":[],"product_cat":[400,395],"product_tag":[492],"class_list":{"0":"post-111996","1":"product","2":"type-product","3":"status-publish","4":"has-post-thumbnail","6":"product_cat-buty","7":"product_cat-nowosci","8":"product_tag-botki","10":"first","11":"instock","12":"sale","13":"purchasable","14":"product-type-variable"},"_links":{"self":[{"href":"https:\/\/madelinefashion.pl\/sk\/wp-json\/wp\/v2\/product\/111996","targetHints":{"allow":["GET"]}}],"collection":[{"href":"https:\/\/madelinefashion.pl\/sk\/wp-json\/wp\/v2\/product"}],"about":[{"href":"https:\/\/madelinefashion.pl\/sk\/wp-json\/wp\/v2\/types\/product"}],"wp:featuredmedia":[{"embeddable":true,"href":"https:\/\/madelinefashion.pl\/sk\/wp-json\/wp\/v2\/media\/111992"}],"wp:attachment":[{"href":"https:\/\/madelinefashion.pl\/sk\/wp-json\/wp\/v2\/media?parent=111996"}],"wp:term":[{"taxonomy":"product_brand","embeddable":true,"href":"https:\/\/madelinefashion.pl\/sk\/wp-json\/wp\/v2\/product_brand?post=111996"},{"taxonomy":"product_cat","embeddable":true,"href":"https:\/\/madelinefashion.pl\/sk\/wp-json\/wp\/v2\/product_cat?post=111996"},{"taxonomy":"product_tag","embeddable":true,"href":"https:\/\/madelinefashion.pl\/sk\/wp-json\/wp\/v2\/product_tag?post=111996"}],"curies":[{"name":"pracovn\u00fd list","href":"https:\/\/api.w.org\/{rel}","templated":true}]}}