{"id":112473,"date":"2023-12-01T15:04:39","date_gmt":"2023-12-01T14:04:39","guid":{"rendered":"https:\/\/madelinefashion.pl\/?post_type=product&#038;p=112473"},"modified":"2026-03-01T12:57:55","modified_gmt":"2026-03-01T11:57:55","slug":"czapka-zimowa-ciemno-szara","status":"publish","type":"product","link":"https:\/\/madelinefashion.pl\/sk\/czapka-zimowa-ciemno-szara\/","title":{"rendered":"Tmavosiv\u00e1 zimn\u00e1 \u010diapka"},"content":{"rendered":"<h3 style=\"text-align: center;\">Tmavosiv\u00e1 zimn\u00e1 \u010diapka<\/h3>\n<ul style=\"text-align: center;\">\n<li>\u010ciapka je vyroben\u00e1 z <b>vysok\u00e1 kvalita<\/b> priadza.<\/li>\n<li>Ide\u00e1lna ponuka na nadch\u00e1dzaj\u00face chladn\u00e9 dni.<\/li>\n<li>Ve\u013emi pr\u00edjemn\u00e9 na pou\u017e\u00edvanie.<\/li>\n<li>Po\u013esk\u00fd v\u00fdrobok<\/li>\n<li><\/li>\n<\/ul>\n<h3 style=\"text-align: center;\">Rozmery uz\u00e1veru:<\/h3>\n<ul style=\"text-align: center;\">\n<li>Univerz\u00e1lna ve\u013ekos\u0165,<\/li>\n<li>Pohodln\u00e9, nestl\u00e1\u010da hlavu, vo\u013ene sa prisp\u00f4sobuje jej tvaru,<\/li>\n<li>V\u00fd\u0161ka klob\u00faka: 24 cm,<\/li>\n<li>Obvod \u010diapky: 2 x 23 cm (meran\u00e9 naplocho)<\/li>\n<li>Maxim\u00e1lny obvod \u010diapky je 54 cm<\/li>\n<li><\/li>\n<\/ul>\n<table class=\"aligncenter\" style=\"margin-left: auto; margin-right: auto; height: 186px;\" width=\"608\">\n<tbody>\n<tr>\n<td width=\"302\">Model<\/td>\n<td width=\"302\">Zimn\u00e1 \u010diapka<\/td>\n<\/tr>\n<tr>\n<td width=\"302\">Farba<\/td>\n<td width=\"302\">Tmavo-siv\u00e1<\/td>\n<\/tr>\n<tr>\n<td width=\"302\">Zbierka<\/td>\n<td width=\"302\">jar\/jese\u0148\/zima<\/td>\n<\/tr>\n<tr>\n<td width=\"302\">ve\u013ekosti<\/td>\n<td width=\"302\">Univerz\u00e1lny<\/td>\n<\/tr>\n<tr>\n<td width=\"302\">Pruh<\/td>\n<td width=\"302\">\u00c1no<\/td>\n<\/tr>\n<tr>\n<td width=\"302\">izolovan\u00e9<\/td>\n<td width=\"302\">Fleece<\/td>\n<\/tr>\n<tr>\n<td width=\"302\">Materi\u00e1l<\/td>\n<td width=\"302\">100% akryl<\/td>\n<\/tr>\n<\/tbody>\n<\/table>\n<p style=\"text-align: center;\">","protected":false},"excerpt":{"rendered":"<p>Czapka Zimowa Ciemno Szara Czapka wykonana jest z wysokiej jako\u015bci prz\u0119dzy. Idealna propozycja na nadchodz\u0105ce ch\u0142odne dni. Bardzo\u00a0 przyjemna w u\u017cytkowaniu. Produkt Polski Wymiary czapka: Rozmiar uniwersalny, Wygodna, nie uciska g\u0142owy, swobodnie dopasowuje si\u0119 do jej kszta\u0142tu, Wysoko\u015b\u0107 czapki: 24cm, Obw\u00f3d czapki: 2 x 23 cm (mierzone na p\u0142asko) Maksymalny obw\u00f3d czapki\u00a0 54cm Model Czapka<\/p>\n<div class=\"klb-readmore post-buttons\"><a class=\"button black outline size-sm\" href=\"https:\/\/madelinefashion.pl\/sk\/czapka-zimowa-ciemno-szara\/\">\u010c\u00edta\u0165 \u010falej <i class=\"klbth-icon-right-arrow\"><\/i><\/a><\/div>","protected":false},"featured_media":585324,"template":"","meta":[],"product_brand":[],"product_cat":[115],"product_tag":[],"class_list":{"0":"post-112473","1":"product","2":"type-product","3":"status-publish","4":"has-post-thumbnail","6":"product_cat-czapki","8":"first","9":"instock","10":"sale","11":"purchasable","12":"product-type-simple"},"_links":{"self":[{"href":"https:\/\/madelinefashion.pl\/sk\/wp-json\/wp\/v2\/product\/112473","targetHints":{"allow":["GET"]}}],"collection":[{"href":"https:\/\/madelinefashion.pl\/sk\/wp-json\/wp\/v2\/product"}],"about":[{"href":"https:\/\/madelinefashion.pl\/sk\/wp-json\/wp\/v2\/types\/product"}],"wp:featuredmedia":[{"embeddable":true,"href":"https:\/\/madelinefashion.pl\/sk\/wp-json\/wp\/v2\/media\/585324"}],"wp:attachment":[{"href":"https:\/\/madelinefashion.pl\/sk\/wp-json\/wp\/v2\/media?parent=112473"}],"wp:term":[{"taxonomy":"product_brand","embeddable":true,"href":"https:\/\/madelinefashion.pl\/sk\/wp-json\/wp\/v2\/product_brand?post=112473"},{"taxonomy":"product_cat","embeddable":true,"href":"https:\/\/madelinefashion.pl\/sk\/wp-json\/wp\/v2\/product_cat?post=112473"},{"taxonomy":"product_tag","embeddable":true,"href":"https:\/\/madelinefashion.pl\/sk\/wp-json\/wp\/v2\/product_tag?post=112473"}],"curies":[{"name":"pracovn\u00fd list","href":"https:\/\/api.w.org\/{rel}","templated":true}]}}