{"id":11732,"date":"2021-05-08T18:24:21","date_gmt":"2021-05-08T16:24:21","guid":{"rendered":"https:\/\/madelinefashion.pl\/?post_type=product&#038;p=11732"},"modified":"2025-10-14T12:11:50","modified_gmt":"2025-10-14T10:11:50","slug":"spodnica-tiulowa-z-koronka-majorka-biala","status":"publish","type":"product","link":"https:\/\/madelinefashion.pl\/sk\/spodnica-tiulowa-z-koronka-majorka-biala\/","title":{"rendered":"Malorka biela tylov\u00e1 suk\u0148a s \u010dipkou"},"content":{"rendered":"<h3 style=\"text-align: center;\">Malorka biela tylov\u00e1 suk\u0148a s \u010dipkou<\/h3>\n<p style=\"text-align: center;\"><strong>Malorka biela tylov\u00e1 suk\u0148a s \u010dipkou<\/strong> je ide\u00e1lna ponuka na diskot\u00e9ku, do mesta aj na rande. \u013dahk\u00fd, vzdu\u0161n\u00fd, d\u00e1 v\u00e1m slobodu v ka\u017edej situ\u00e1cii. <strong>Univerz\u00e1lny<\/strong>napriek tomu ve\u013emi \u0161t\u00fdlov\u00e9 a \u017eensk\u00e9. <strong>Tylov\u00e1 suk\u0148a<\/strong> perfektn\u00e9 s \u010dipkou<strong>\u00a0<\/strong>bude fungova\u0165 cel\u00fd rok. M\u00f4\u017ee by\u0165 ako prvok jarn\u00fdch \u0161tyliz\u00e1ci\u00ed, tak aj s\u00fa\u010das\u0165 jesenn\u00e9ho \u0161atn\u00edka.<br \/>\nSuk\u0148a je vyroben\u00e1 z \u013eahk\u00e9ho, tylov\u00e9ho materi\u00e1lu. V\u010faka gume v p\u00e1se skvele sed\u00ed. Tylov\u00e9 \u0161aty s jemn\u00fdmi bodkami maj\u00fa pod\u0161\u00edvku. Tento model odpor\u00fa\u010dame kombinova\u0165 s oby\u010dajn\u00fdm topom a ko\u017eenou bundou. <strong>Elastick\u00e9 v p\u00e1se<\/strong> pekne zv\u00fdraz\u0148uje p\u00e1s a rob\u00ed suk\u0148u na svojom mieste. Jedna ve\u013ekos\u0165 je vhodn\u00e1 pre v\u0161etky \u017eeny od S po XL<\/p>\n<h3 style=\"text-align: center;\">Rozmery:<\/h3>\n<ul style=\"text-align: center;\">\n<li><span style=\"font-size: 10pt;\">\u00a0\u00a0\u00a0\u00a0\u00a0\u00a0\u00a0 celkov\u00e1 d\u013a\u017eka: 81 cm\u00a0<\/span><\/li>\n<li><span style=\"font-size: 10pt;\">\u00a0\u00a0\u00a0\u00a0\u00a0\u00a0\u00a0 \u0161\u00edrka v p\u00e1se 32-48 cm\u00a0<\/span><\/li>\n<li><span style=\"font-size: 10pt;\">\u00a0\u00a0\u00a0\u00a0\u00a0\u00a0\u00a0 d\u013a\u017eka pod\u0161\u00edvky 61 cm<\/span><\/li>\n<\/ul>\n<p style=\"text-align: center;\"><span style=\"font-size: 10pt;\">Rozmery sa m\u00f4\u017eu mierne l\u00ed\u0161i\u0165 od uveden\u00fdch +\/- 2cm. V\u0161etky uveden\u00e9 rozmery s\u00fa meran\u00e9 plo\u0161ne. <strong>rozmer x2<\/strong><\/span><\/p>\n<p style=\"text-align: center;\"><span style=\"font-size: 10pt;\">\u00a0<\/span><\/p>\n<p style=\"text-align: center;\"><span style=\"font-size: 10pt;\">\u00a0<\/span><\/p>\n<table>\n<tbody>\n<tr>\n<td width=\"302\">Meno modela<\/td>\n<td width=\"302\">Tylov\u00e1 suk\u0148a s mallorskou \u010dipkou<\/td>\n<\/tr>\n<tr>\n<td width=\"302\">Farba<\/td>\n<td width=\"302\">biely<\/td>\n<\/tr>\n<tr>\n<td width=\"302\">ve\u013ekosti<\/td>\n<td width=\"302\">Univerz\u00e1lny<\/td>\n<\/tr>\n<tr>\n<td width=\"302\">M\u00f3da<\/td>\n<td width=\"302\">nadrozmern\u00e9<\/td>\n<\/tr>\n<tr>\n<td width=\"302\">Materi\u00e1l<\/td>\n<td width=\"302\">65% visk\u00f3za 35% polyester<\/td>\n<\/tr>\n<\/tbody>\n<\/table>\n<p style=\"text-align: center;\"><span style=\"font-size: 10pt;\">\u00a0<\/span><\/p>\n<p style=\"text-align: center;\">Model m\u00e1\u00a0<strong>169<\/strong>\u00a0cm vysok\u00fd, nos\u00ed ve\u013ekos\u0165 ka\u017ed\u00fd de\u0148\u00a0<strong>S<\/strong><\/p>\n<p style=\"text-align: center;\">\u0160\u00edrka cez prsia 92 cm<\/p>\n<p style=\"text-align: center;\">\u0160\u00edrka v p\u00e1se 62 cm<\/p>\n<p style=\"text-align: center;\">\u0160\u00edrka v bokoch 94 cm<\/p>\n<p style=\"text-align: center;\">","protected":false},"excerpt":{"rendered":"<p>Sp\u00f3dnica Tiulowa z Koronk\u0105 Majorka Bia\u0142a Sp\u00f3dnica Tiulowa z Koronk\u0105 Majorka Bia\u0142a to idealna propozycja na dyskotek\u0119, na miasto i na randk\u0119. Lekka, zwiewna, zapewni ci swobod\u0119 w ka\u017cdej sytuacji. Uniwersalna, a jednocze\u015bnie bardzo stylowa i kobieca. Tiulowa sp\u00f3dnica z koronk\u0105 idealnie\u00a0sprawdzi si\u0119\u00a0 przez ca\u0142y rok. Mo\u017ce by\u0107 zar\u00f3wno elementem wiosennych stylizacji, jak i cz\u0119\u015bci\u0105<\/p>\n<div class=\"klb-readmore post-buttons\"><a class=\"button black outline size-sm\" href=\"https:\/\/madelinefashion.pl\/sk\/spodnica-tiulowa-z-koronka-majorka-biala\/\">\u010c\u00edta\u0165 \u010falej <i class=\"klbth-icon-right-arrow\"><\/i><\/a><\/div>","protected":false},"featured_media":32949,"template":"","meta":[],"product_brand":[],"product_cat":[107],"product_tag":[],"class_list":{"0":"post-11732","1":"product","2":"type-product","3":"status-publish","4":"has-post-thumbnail","6":"product_cat-spodnice-i-spodniczki","8":"first","9":"instock","10":"purchasable","11":"product-type-simple"},"_links":{"self":[{"href":"https:\/\/madelinefashion.pl\/sk\/wp-json\/wp\/v2\/product\/11732","targetHints":{"allow":["GET"]}}],"collection":[{"href":"https:\/\/madelinefashion.pl\/sk\/wp-json\/wp\/v2\/product"}],"about":[{"href":"https:\/\/madelinefashion.pl\/sk\/wp-json\/wp\/v2\/types\/product"}],"wp:featuredmedia":[{"embeddable":true,"href":"https:\/\/madelinefashion.pl\/sk\/wp-json\/wp\/v2\/media\/32949"}],"wp:attachment":[{"href":"https:\/\/madelinefashion.pl\/sk\/wp-json\/wp\/v2\/media?parent=11732"}],"wp:term":[{"taxonomy":"product_brand","embeddable":true,"href":"https:\/\/madelinefashion.pl\/sk\/wp-json\/wp\/v2\/product_brand?post=11732"},{"taxonomy":"product_cat","embeddable":true,"href":"https:\/\/madelinefashion.pl\/sk\/wp-json\/wp\/v2\/product_cat?post=11732"},{"taxonomy":"product_tag","embeddable":true,"href":"https:\/\/madelinefashion.pl\/sk\/wp-json\/wp\/v2\/product_tag?post=11732"}],"curies":[{"name":"pracovn\u00fd list","href":"https:\/\/api.w.org\/{rel}","templated":true}]}}