{"id":118856,"date":"2024-02-21T13:03:39","date_gmt":"2024-02-21T12:03:39","guid":{"rendered":"https:\/\/madelinefashion.pl\/?post_type=product&#038;p=118856"},"modified":"2026-04-10T13:01:21","modified_gmt":"2026-04-10T11:01:21","slug":"czolenka-lakierowane-gladkie-na-szpilce-bezowe","status":"publish","type":"product","link":"https:\/\/madelinefashion.pl\/sk\/czolenka-lakierowane-gladkie-na-szpilce-bezowe\/","title":{"rendered":"Hladk\u00e9 lakovan\u00e9 ko\u017een\u00e9 lodi\u010dky na ihli\u010dkovom podp\u00e4tku b\u00e9\u017eovej farby"},"content":{"rendered":"<h3 style=\"text-align: center;\">Hladk\u00e9 lakovan\u00e9 ko\u017een\u00e9 lodi\u010dky na ihli\u010dkovom podp\u00e4tku b\u00e9\u017eovej farby<\/h3>\n<p style=\"text-align: center;\"><strong>B\u00e9\u017eov\u00e9 ihli\u010dkov\u00e9 lodi\u010dky<\/strong> Vyroben\u00e9 z vysoko kvalitnej ekoko\u017ee. Ich jedine\u010dn\u00fd dizajn a farba doplnia ka\u017ed\u00fd m\u00f3dny outfit. V\u00fdrazn\u00fd materi\u00e1l v\u00e1s odl\u00ed\u0161i! M\u00e4kk\u00e1 ko\u017een\u00e1 stielka zais\u0165uje pohodlie. Tento model sa bude hodi\u0165 k r\u00f4znym \u0161t\u00fdlom, nielen k elegantn\u00fdm \u0161at\u00e1m. \u0160pi\u010dat\u00e1 \u0161pi\u010dka a vysok\u00fd ihli\u010dkov\u00fd podp\u00e4tok pred\u013a\u017eia va\u0161e nohy. Tieto top\u00e1nky s\u00fa ide\u00e1lne na ka\u017edodenn\u00e9 nosenie pre \u017eeny, ktor\u00e9 si cenia originalitu. Odoln\u00e1 a flexibiln\u00e1 podr\u00e1\u017eka je vyroben\u00e1 z vysoko kvalitn\u00e9ho materi\u00e1lu. \u0160t\u00fdlov\u00e9<strong> b\u00e9\u017eov\u00e9 lakovan\u00e9 lodi\u010dky<\/strong> Ihlov\u00e9 podp\u00e4tky s\u00fa nad\u010dasovou vo\u013ebou pre \u017eeny, ktor\u00e9 si cenia eleganciu, \u0161t\u00fdl a v\u0161estrannos\u0165. Tento jemne vyle\u0161ten\u00fd model vyzer\u00e1 na nohe n\u00e1dherne, zatia\u013e \u010do \u0161t\u00edhla \u0161picat\u00e1 \u0161pi\u010dka opticky predl\u017euje nohy a dod\u00e1va siluete n\u00e1dych \u013eahkosti. S\u00fa to perfektn\u00e9 spolo\u010densk\u00e9 podp\u00e4tky na svadbu, ve\u010dierok, prv\u00e9 prij\u00edmanie, krst, rande alebo in\u00fa \u0161peci\u00e1lnu pr\u00edle\u017eitos\u0165. Neutr\u00e1lne. <strong>b\u00e9\u017eov\u00e1 farba<\/strong> V\u010faka tomu s\u00fa top\u00e1nky vhodn\u00e9 pre mnoho \u0161t\u00fdlov \u2013 od svetl\u00fdch pastelov\u00fdch odtie\u0148ov a\u017e po elegantnej\u0161ie ve\u010dern\u00e9 outfity. Lakovan\u00e1 povrchov\u00e1 \u00faprava dod\u00e1va n\u00e1dych elegancie a klasick\u00fd strih ich rob\u00ed m\u00f3dnymi bez oh\u013eadu na ro\u010dn\u00e9 obdobie. B\u00e9\u017eov\u00e9 lodi\u010dky na vysokom podp\u00e4tku sa perfektne hodia k spolo\u010densk\u00fdm \u0161at\u00e1m, koktejlov\u00fdm \u0161at\u00e1m, <strong>d\u00e1mske obleky<\/strong> a outfity na rodinn\u00e9 oslavy. Ak h\u013ead\u00e1te obuv, ktor\u00e1 kombinuje \u017eensk\u00fd \u0161t\u00fdl, eleganciu a v\u0161estrannos\u0165, tieto lakovan\u00e9 lodi\u010dky s\u00fa perfektnou vo\u013ebou. Tento model je ide\u00e1lny na form\u00e1lne pr\u00edle\u017eitosti aj d\u00f4le\u017eit\u00e9 stretnutia a zv\u00fdraz\u0148uje eleganciu cel\u00e9ho outfitu.<\/p>\n<p style=\"text-align: center;\"><strong>Pri v\u00fdbere ve\u013ekosti sa ria\u010fte tabu\u013ekou ve\u013ekost\u00ed<a href=\"https:\/\/madelinefashion.pl\/sk\/sukienki-i-kombinezony\/sukienki-okolicznosciowe\/\"> Na\u0161e svadobn\u00e9 v\u00fdtvory\u00a0<\/a><\/strong><\/p>\n<h3 style=\"text-align: center;\">Charakteristika:<\/h3>\n<ul>\n<li style=\"text-align: center;\"><strong>Farba<\/strong>: Bez<\/li>\n<li style=\"text-align: center;\"><strong>vonkaj\u0161\u00ed materi\u00e1l<\/strong>: Umel\u00e1 ko\u017ea<\/li>\n<li style=\"text-align: center;\"><strong>\u010c\u00edslovanie<\/strong>: Typick\u00e9 - odpor\u00fa\u010dame vybra\u0165 si ve\u013ekos\u0165, ktor\u00fa nos\u00edte<\/li>\n<li style=\"text-align: center;\"><strong>Typ p\u00e4ty<\/strong>: Pin<\/li>\n<li style=\"text-align: center;\"><strong>Vlo\u017ei\u0165<\/strong>: Pr\u00edrodn\u00e1 ko\u017ea<\/li>\n<li style=\"text-align: center;\">Pohodln\u00e9, stabiln\u00e9<\/li>\n<li style=\"text-align: center;\">klasick\u00e9<\/li>\n<li style=\"text-align: center;\"><strong>Sez\u00f3na<\/strong> jar leto jese\u0148 zima<\/li>\n<li style=\"text-align: center;\">Nad\u010dasov\u00fd<\/li>\n<li style=\"text-align: center;\"><\/li>\n<\/ul>\n<h3 style=\"text-align: center;\">Rozmery<\/h3>\n<p style=\"text-align: center;\"><strong>V\u00fd\u0161ka podp\u00e4tku: 7 <\/strong>cm<\/p>\n<p>&nbsp;<\/p>\n<table width=\"540\">\n<thead>\n<tr>\n<td width=\"216\"><strong>Ve\u013ekos\u0165 E\u00da<\/strong><\/td>\n<td width=\"316\"><strong>D\u013a\u017eka vlo\u017eky<\/strong><\/td>\n<\/tr>\n<\/thead>\n<tbody>\n<tr>\n<td width=\"216\"><strong>36<\/strong><\/td>\n<td width=\"316\">23,5 cm<\/td>\n<\/tr>\n<tr>\n<td width=\"216\"><strong>37<\/strong><\/td>\n<td width=\"316\">24 cm<\/td>\n<\/tr>\n<tr>\n<td width=\"216\"><strong>38<\/strong><\/td>\n<td width=\"316\">24,5 cm<\/td>\n<\/tr>\n<tr>\n<td width=\"216\"><strong>39<\/strong><\/td>\n<td width=\"316\">25 cm<\/td>\n<\/tr>\n<tr>\n<td width=\"216\"><strong>40<\/strong><\/td>\n<td width=\"316\">25,5 cm<\/td>\n<\/tr>\n<tr>\n<td width=\"216\"><strong>41<\/strong><\/td>\n<td width=\"316\">26 cm<\/td>\n<\/tr>\n<\/tbody>\n<\/table>\n<div class=\"wrap-content\">\n<div class=\"main-container container\">\n<div class=\"row\">\n<section class=\"main-content sidebar-left-false\">\n<div class=\"product-page page\">\n<div class=\"page-content\">\n<div id=\"ProductSizing\" class=\"product-sizing modal fade in\" tabindex=\"-1\" role=\"dialog\" aria-hidden=\"false\">\n<div class=\"modal-dialog\">\n<div class=\"modal-content\">\n<div class=\"widget html_editor\">\n<p>&nbsp;<\/p>\n<\/div>\n<p>&nbsp;<\/p>\n<\/div>\n<\/div>\n<\/div>\n<\/div>\n<\/div>\n<\/section>\n<\/div>\n<\/div>\n<\/div>\n<div class=\"wrap-footer\">\n<footer class=\"\">\n<div class=\"container\">\n<div class=\"footer-newsletter-box\"><\/div>\n<\/div>\n<\/footer>\n<\/div>\n<table>\n<tbody>\n<tr>\n<td width=\"302\">Meno modela<\/td>\n<td width=\"302\">Hladk\u00e9 lakovan\u00e9 ko\u017een\u00e9 lodi\u010dky na ihli\u010dkovom podp\u00e4tku<\/td>\n<\/tr>\n<tr>\n<td width=\"302\">Farba<\/td>\n<td width=\"302\">Bez<\/td>\n<\/tr>\n<tr>\n<td width=\"302\">ve\u013ekosti<\/td>\n<td width=\"302\">36 37\u00a0 38\u00a0 39 40, 41<\/td>\n<\/tr>\n<tr>\n<td width=\"302\">Materi\u00e1l<\/td>\n<td width=\"302\">Umel\u00e1 ko\u017ea<\/td>\n<\/tr>\n<tr>\n<td width=\"302\">Typ p\u00e4ty<\/td>\n<td width=\"302\">Pin<\/td>\n<\/tr>\n<tr>\n<td width=\"302\">\u0160t\u00fdl<\/td>\n<td width=\"302\">Elegantn\u00fd \/ klasick\u00fd<\/td>\n<\/tr>\n<tr>\n<td width=\"302\">Zbierka<\/td>\n<td width=\"302\">Jar\/Jese\u0148\/Leto<\/td>\n<\/tr>\n<\/tbody>\n<\/table>\n<div class=\"tabs tabs-bb clear mb-80\">\n<div class=\"tab-content\">\n<div id=\"tab-description\" class=\"tab-pane fade in woocommerce-Tabs-panel--description active\">\n<p style=\"text-align: center;\">\n<\/div>\n<\/div>\n<\/div>\n<section class=\"up-sells upsells products mb-80\"><\/section>\n<p style=\"text-align: left;\">","protected":false},"excerpt":{"rendered":"<p>Cz\u00f3\u0142enka Lakierowane G\u0142adkie Na Szpilce Be\u017cowe Cz\u00f3\u0142enka Na Szpilce be\u017cowe wykonane z bardzo dobrej jako\u015bci sk\u00f3ry ekologicznej. Oryginalny fason i kolor b\u0119dzie ozdob\u0105 modnej stylizacji. Efektowny materia\u0142, z kt\u00f3rego zosta\u0142y wykonane sprawi, \u017ce b\u0119dziesz zachwyca\u0107 ka\u017cdego! O Tw\u00f3j komfort zadba mi\u0119kka wk\u0142adka ze sk\u00f3ry. Model ten b\u0119dzie pasowa\u0107 do r\u00f3\u017cnych stylizacji, nie tylko do eleganckich<\/p>\n<div class=\"klb-readmore post-buttons\"><a class=\"button black outline size-sm\" href=\"https:\/\/madelinefashion.pl\/sk\/czolenka-lakierowane-gladkie-na-szpilce-bezowe\/\">\u010c\u00edta\u0165 \u010falej <i class=\"klbth-icon-right-arrow\"><\/i><\/a><\/div>","protected":false},"featured_media":598547,"template":"","meta":[],"product_brand":[],"product_cat":[400,395],"product_tag":[440],"class_list":{"0":"post-118856","1":"product","2":"type-product","3":"status-publish","4":"has-post-thumbnail","6":"product_cat-buty","7":"product_cat-nowosci","8":"product_tag-szpilki","10":"first","11":"instock","12":"purchasable","13":"product-type-variable"},"_links":{"self":[{"href":"https:\/\/madelinefashion.pl\/sk\/wp-json\/wp\/v2\/product\/118856","targetHints":{"allow":["GET"]}}],"collection":[{"href":"https:\/\/madelinefashion.pl\/sk\/wp-json\/wp\/v2\/product"}],"about":[{"href":"https:\/\/madelinefashion.pl\/sk\/wp-json\/wp\/v2\/types\/product"}],"wp:featuredmedia":[{"embeddable":true,"href":"https:\/\/madelinefashion.pl\/sk\/wp-json\/wp\/v2\/media\/598547"}],"wp:attachment":[{"href":"https:\/\/madelinefashion.pl\/sk\/wp-json\/wp\/v2\/media?parent=118856"}],"wp:term":[{"taxonomy":"product_brand","embeddable":true,"href":"https:\/\/madelinefashion.pl\/sk\/wp-json\/wp\/v2\/product_brand?post=118856"},{"taxonomy":"product_cat","embeddable":true,"href":"https:\/\/madelinefashion.pl\/sk\/wp-json\/wp\/v2\/product_cat?post=118856"},{"taxonomy":"product_tag","embeddable":true,"href":"https:\/\/madelinefashion.pl\/sk\/wp-json\/wp\/v2\/product_tag?post=118856"}],"curies":[{"name":"pracovn\u00fd list","href":"https:\/\/api.w.org\/{rel}","templated":true}]}}