{"id":118905,"date":"2024-02-21T13:54:21","date_gmt":"2024-02-21T12:54:21","guid":{"rendered":"https:\/\/madelinefashion.pl\/?post_type=product&#038;p=118905"},"modified":"2026-04-27T15:33:58","modified_gmt":"2026-04-27T13:33:58","slug":"sukienka-tiulowa-na-ramiaczkach-liza-czarna","status":"publish","type":"product","link":"https:\/\/madelinefashion.pl\/sk\/sukienka-tiulowa-na-ramiaczkach-liza-czarna\/","title":{"rendered":"\u010cierne tylov\u00e9 \u0161aty Liza s ramienkami"},"content":{"rendered":"<h3 style=\"text-align: center;\">\u010cierne tylov\u00e9 \u0161aty Liza s ramienkami<\/h3>\n<p style=\"text-align: center;\"><strong>L\u00edza<\/strong> S\u00fa to kr\u00e1sne tylov\u00e9 \u0161aty s tenk\u00fdmi ramienkami. \u017div\u00f4tik je korzetov\u00fd, ale nie je klasickej, pevnej kon\u0161trukcie, \u010do v\u00fdrazne zlep\u0161uje pohodlie. Do poprsia je v\u0161it\u00fd silik\u00f3nov\u00fd p\u00e1s, ktor\u00fd dr\u017e\u00ed \u0161aty na mieste. \u0160nurovanie na chrbte umo\u017e\u0148uje dokonal\u00e9 strihanie. Tento model m\u00e1 roz\u0161\u00edren\u00fa suk\u0148u, ktor\u00e1 kr\u00e1sne spl\u00fdva s pohybom. Napriek svojej jednoduchosti \u0161aty ur\u010dite urobia obrovsk\u00fd dojem. <span style=\"font-size: 10pt;\">Ak sa neviete rozhodn\u00fa\u0165, ktor\u00e1 farba, ve\u013ekos\u0165 je pre v\u00e1s najlep\u0161ia, kontaktujte n\u00e1s prostredn\u00edctvom <a href=\"https:\/\/www.facebook.com\/madelinefashionbutik\" target=\"_blank\" rel=\"noopener\">Facebook<\/a> alebo <a href=\"https:\/\/madelinefashion.pl\/sk\/kontakt\/\">telef\u00f3n<\/a>. Ak ve\u013ekos\u0165 nie je na str\u00e1nke, kontaktujte n\u00e1s.\u00a0<\/span><\/p>\n<h3 style=\"text-align: center;\">ROZMERY \u0161iat:<\/h3>\n<table width=\"556\">\n<tbody>\n<tr>\n<td><strong>VE\u013dKOS\u0164<\/strong><\/td>\n<td><strong>poprsia<\/strong><\/td>\n<td><strong>P\u00e1s<\/strong><\/td>\n<td><strong>Boky<\/strong><\/td>\n<\/tr>\n<tr>\n<td><strong>34<\/strong><\/td>\n<td>84-86<\/td>\n<td>64<\/td>\n<td>\u00a0ak\u00fdko\u013evek<\/td>\n<\/tr>\n<tr>\n<td><strong>36<\/strong><\/td>\n<td>88-90<\/td>\n<td>68<\/td>\n<td>\u00a0ak\u00fdko\u013evek<\/td>\n<\/tr>\n<tr>\n<td><strong>38<\/strong><\/td>\n<td>\u00a092-94<\/td>\n<td>72<\/td>\n<td>\u00a0ak\u00fdko\u013evek<\/td>\n<\/tr>\n<tr>\n<td><strong>40<\/strong><\/td>\n<td>96-98<\/td>\n<td>76<\/td>\n<td>\u00a0ak\u00fdko\u013evek<\/td>\n<\/tr>\n<\/tbody>\n<\/table>\n<p style=\"text-align: center;\"><span style=\"font-size: 10pt;\">\u00a0<\/span><\/p>\n<p style=\"text-align: center;\"><span style=\"font-size: 10pt;\">celkov\u00e1 d\u013a\u017eka cca 157 cm\u00a0\u00a0<\/span><\/p>\n<p style=\"text-align: center;\"><span style=\"font-size: 10pt;\">\u0160aty dostupn\u00e9 aj v <strong>in\u00e9 farebn\u00e9 varianty<\/strong> \u2013 odpor\u00fa\u010dame v\u00e1m zozn\u00e1mi\u0165 sa s na\u0161imi \u010fal\u0161\u00edmi produktmi.\u00a0<\/span><\/p>\n<p style=\"text-align: center;\"><span style=\"font-size: 10pt;\">Rozmery sa m\u00f4\u017eu mierne l\u00ed\u0161i\u0165 od uveden\u00fdch +\/- 2cm.\u00a0<\/span><\/p>\n<p style=\"text-align: center;\"><span style=\"font-size: 10pt;\"><strong>\u00a0<\/strong>\u00a0<\/span><\/p>\n<table width=\"618\">\n<tbody>\n<tr>\n<td width=\"302\">Meno modela<\/td>\n<td width=\"302\">Tylov\u00e9 \u0161aty s ramienkami Liza<\/td>\n<\/tr>\n<tr>\n<td width=\"302\">Farba<\/td>\n<td width=\"302\">\u010dierna<\/td>\n<\/tr>\n<tr>\n<td width=\"302\">Materi\u00e1l<\/td>\n<td width=\"302\">Tyl<\/td>\n<\/tr>\n<tr>\n<td width=\"302\">ve\u013ekosti<\/td>\n<td width=\"302\">\u00a036 38 40<\/td>\n<\/tr>\n<tr>\n<td width=\"302\">M\u00f3da<\/td>\n<td width=\"302\">Zhoda<\/td>\n<\/tr>\n<tr>\n<td width=\"302\">Materi\u00e1l<\/td>\n<td width=\"302\">Visk\u00f3za, polyester, bavlna<\/td>\n<\/tr>\n<tr>\n<td width=\"302\">D\u013a\u017eka<\/td>\n<td width=\"302\">Na zem<\/td>\n<\/tr>\n<\/tbody>\n<\/table>\n<p style=\"text-align: center;\"><span style=\"font-size: 10pt;\">Aby ste si vybrali <strong>perfektn\u00e9 \u0161aty<\/strong> kontaktujte n\u00e1s telefonicky alebo prostredn\u00edctvom na\u0161ej webovej str\u00e1nky <a href=\"https:\/\/www.facebook.com\/madelinefashionbutik\" target=\"_blank\" rel=\"noopener\">Facebook<\/a> .<\/span><br \/>\n<span style=\"font-size: 10pt;\">N\u00e1\u0161 t\u00edm v\u00e1m pom\u00f4\u017ee <strong>Vyberte si ten spr\u00e1vny<\/strong> . <strong>Na \u017eelanie kupuj\u00faceho vyrob\u00edme ak\u00e9ko\u013evek \u0161aty\u00a0<\/strong><strong>opatrne mera\u0165.\u00a0<\/strong><\/span><\/p>\n<div class=\"additional-details\" style=\"text-align: center;\">\n<p style=\"text-align: center;\"><span style=\"font-size: 10pt;\">\u00a0<\/span><\/p>\n<\/div>","protected":false},"excerpt":{"rendered":"<p>Sukienka Tiulowa Na Rami\u0105czkach Liza Czarna Liza to przepi\u0119kna sukienka tiulowa na cienkich rami\u0105czkach. G\u00f3ra sukienki jest gorsetowa, jednak nie jest to klasyczna, sztywna konstrukcja, co bardzo wp\u0142ywa na komfort noszenia. Przy biu\u015bcie wszyty jest silikonowy pasek, kt\u00f3ry utrzyma sukienk\u0119 na miejscu. Wi\u0105zany ty\u0142 daje mo\u017cliwo\u015b\u0107 idealnego dopasowania sukienki. To model z rozkloszowanym do\u0142em, kt\u00f3ry<\/p>\n<div class=\"klb-readmore post-buttons\"><a class=\"button black outline size-sm\" href=\"https:\/\/madelinefashion.pl\/sk\/sukienka-tiulowa-na-ramiaczkach-liza-czarna\/\">\u010c\u00edta\u0165 \u010falej <i class=\"klbth-icon-right-arrow\"><\/i><\/a><\/div>","protected":false},"featured_media":118884,"template":"","meta":[],"product_brand":[],"product_cat":[124,563,561],"product_tag":[213,262],"class_list":{"0":"post-118905","1":"product","2":"type-product","3":"status-publish","4":"has-post-thumbnail","6":"product_cat-sukienki-okolicznosciowe","7":"product_cat-sukienki-gorsetowe","8":"product_cat-sukienki-tiulowe","9":"product_tag-sukienka-czarna","10":"product_tag-sukienki-krotkie","12":"first","13":"instock","14":"sale","15":"purchasable","16":"product-type-variable"},"_links":{"self":[{"href":"https:\/\/madelinefashion.pl\/sk\/wp-json\/wp\/v2\/product\/118905","targetHints":{"allow":["GET"]}}],"collection":[{"href":"https:\/\/madelinefashion.pl\/sk\/wp-json\/wp\/v2\/product"}],"about":[{"href":"https:\/\/madelinefashion.pl\/sk\/wp-json\/wp\/v2\/types\/product"}],"wp:featuredmedia":[{"embeddable":true,"href":"https:\/\/madelinefashion.pl\/sk\/wp-json\/wp\/v2\/media\/118884"}],"wp:attachment":[{"href":"https:\/\/madelinefashion.pl\/sk\/wp-json\/wp\/v2\/media?parent=118905"}],"wp:term":[{"taxonomy":"product_brand","embeddable":true,"href":"https:\/\/madelinefashion.pl\/sk\/wp-json\/wp\/v2\/product_brand?post=118905"},{"taxonomy":"product_cat","embeddable":true,"href":"https:\/\/madelinefashion.pl\/sk\/wp-json\/wp\/v2\/product_cat?post=118905"},{"taxonomy":"product_tag","embeddable":true,"href":"https:\/\/madelinefashion.pl\/sk\/wp-json\/wp\/v2\/product_tag?post=118905"}],"curies":[{"name":"pracovn\u00fd list","href":"https:\/\/api.w.org\/{rel}","templated":true}]}}