{"id":12146,"date":"2021-05-11T17:26:04","date_gmt":"2021-05-11T15:26:04","guid":{"rendered":"https:\/\/madelinefashion.pl\/?post_type=product&#038;p=12146"},"modified":"2024-04-26T17:39:36","modified_gmt":"2024-04-26T15:39:36","slug":"kombinezon-z-krotkim-rekawem-zapinany-na-guziki-wenus-blekitny","status":"publish","type":"product","link":"https:\/\/madelinefashion.pl\/sk\/kombinezon-z-krotkim-rekawem-zapinany-na-guziki-wenus-blekitny\/","title":{"rendered":"Overal s gomb\u00edkmi s kr\u00e1tkym ruk\u00e1vom Venus Blue"},"content":{"rendered":"<h3 style=\"text-align: center;\">Overal s gomb\u00edkmi s kr\u00e1tkym ruk\u00e1vom Venus Blue<\/h3>\n<p style=\"text-align: center;\"><span style=\"vertical-align: inherit;\"><span style=\"vertical-align: inherit;\"><b>Fenomen\u00e1lny overal s kr\u00e1tkymi ruk\u00e1vmi a zav\u00e4zovan\u00edm v p\u00e1se<\/b> je bestsellerom v na\u0161om obchode. S<\/span><span style=\"vertical-align: inherit;\">pr\u00e1va, ktor\u00e9 okolo v\u00e1s nikto \u013eahostajne neprejde.<strong> Oblek m\u00e1 vo\u013en\u00e9 nohavice.<\/strong> Vyroben\u00e9 z materi\u00e1lu pr\u00edjemn\u00e9ho na dotyk. Vysok\u00e1 kvalita materi\u00e1lu zaist\u00ed pohodlie a komfort. Tento strih je z\u00e1rukou dokonal\u00e9ho vzh\u013eadu. <strong>Dungarees<\/strong> M\u00e1 tak\u00fd v\u00fdstrih <strong>odhal\u00ed bustu<\/strong>. c<\/span><\/span>odpor vytv\u00e1ra v\u00fdnimo\u010dn\u00e9 <strong>styling<\/strong>, jednoducho stvoren\u00e1 na tepl\u00e9 jarn\u00e9 a letn\u00e9 dni ako po\u010das pr\u00e1zdnin, tak aj v ruchu ve\u013ekomesta. <strong>Budete pote\u0161en\u00ed, dokonal\u00fd strih, ktor\u00fd je alternat\u00edvou k \u0161at\u00e1m.<\/strong> Pohodln\u00e9 nosenie v sofistikovanom \u0161t\u00fdle mus\u00ed by\u0165 vo va\u0161om \u0161atn\u00edku. <strong>\u0160t\u00fdlov\u00fd a z\u00e1rove\u0148 ve\u013emi \u017eensk\u00fd overal..<\/strong>\u00a0 Odpor\u00fa\u010da sa pre \u017eeny, ktor\u00e9 nosia ve\u013e <strong>XS SML XL.\u00a0 <\/strong>Dostupn\u00e9 v na\u0161om<strong> skladova\u0165 vo viacer\u00fdch variantoch <a href=\"https:\/\/madelinefashion.pl\/sk\/product-tag\/kombinezony\/\">farby<\/a>.\u00a0<\/strong><\/p>\n<p>&nbsp;<\/p>\n<h3 style=\"text-align: center;\"><span style=\"vertical-align: inherit;\">Rozmery obleku:<\/span><\/h3>\n<p align=\"center\">Celkov\u00e1 d\u013a\u017eka - 129 cm<br \/>\n\u0160\u00edrka od pazuchy po pazuchu: 47-55 cm<br \/>\n\u0160\u00edrka ramien: 36 cm<br \/>\n\u0160\u00edrka p\u00e1sa -37 cm -42 cm<br \/>\nD\u013a\u017eka ruk\u00e1va od podpazu\u0161ia: 7 cm<br \/>\nD\u013a\u017eka ruk\u00e1va od ramena: 18 cm<\/p>\n<p style=\"text-align: center;\"><span style=\"vertical-align: inherit;\"><span style=\"vertical-align: inherit;\">Rozmery sa m\u00f4\u017eu l\u00ed\u0161i\u0165 od uveden\u00fdch +\/- 2cm. <\/span><span style=\"vertical-align: inherit;\">V\u0161etky uveden\u00e9 rozmery s\u00fa meran\u00e9 plo\u0161ne.<\/span><\/span><\/p>\n<h3 style=\"text-align: center;\"><span style=\"vertical-align: inherit;\"><span style=\"vertical-align: inherit;\">Vlastnosti produktu:<br \/>\n<\/span><\/span><\/h3>\n<p style=\"text-align: center;\"><span style=\"vertical-align: inherit;\"><span style=\"vertical-align: inherit;\"><br \/>\n- zap\u00ednanie na gomb\u00edky<br \/>\n-elegantn\u00fd<br \/>\n- golier<br \/>\n- pr\u00edjemn\u00fd materi\u00e1l<br \/>\n- m\u00f3dny \u0161t\u00fdl<br \/>\n- guma v p\u00e1se<br \/>\n- origin\u00e1l<br \/>\n-\u017eensk\u00fd<br \/>\n-kr\u00e1tky ruk\u00e1v\u00a0<\/span><\/span><\/p>\n<p style=\"text-align: center;\"><strong>\u00a0<\/strong><\/p>\n<table style=\"height: 214px;\" width=\"620\">\n<tbody>\n<tr>\n<td width=\"302\">Meno modela<\/td>\n<td width=\"302\">Overal s kr\u00e1tkym ruk\u00e1vom s gomb\u00edkmi Venus<\/td>\n<\/tr>\n<tr>\n<td width=\"302\">Farba<\/td>\n<td width=\"302\">Modr\u00e1<\/td>\n<\/tr>\n<tr>\n<td width=\"302\">Zbierka<\/td>\n<td width=\"302\">Jar leto \/<\/td>\n<\/tr>\n<tr>\n<td width=\"302\">ve\u013ekosti<\/td>\n<td width=\"302\">Univerz\u00e1lny<\/td>\n<\/tr>\n<tr>\n<td width=\"302\">\u0160tiepenie<\/td>\n<td width=\"302\">Ob\u00e1lka<\/td>\n<\/tr>\n<tr>\n<td width=\"302\">D\u013a\u017eka<\/td>\n<td width=\"302\">maxi<\/td>\n<\/tr>\n<tr>\n<td width=\"302\">Materi\u00e1l<\/td>\n<td width=\"302\">95% Polyester 5% Elastan<\/td>\n<\/tr>\n<\/tbody>\n<\/table>\n<div class=\"tabs tabs-bb clear mb-80\">\n<div class=\"tab-content\">\n<div id=\"tab-description\" class=\"tab-pane fade in woocommerce-Tabs-panel--description active\">\n<p>&nbsp;<\/p>\n<p style=\"text-align: center;\">Model m\u00e1\u00a0<strong>169<\/strong>\u00a0cm vysok\u00fd, nos\u00ed ve\u013ekos\u0165 ka\u017ed\u00fd de\u0148\u00a0<strong>S<\/strong><\/p>\n<p style=\"text-align: center;\">\u0160\u00edrka cez prsia 92 cm<\/p>\n<p style=\"text-align: center;\">\u0160\u00edrka v p\u00e1se 62 cm<\/p>\n<p style=\"text-align: center;\">\u0160\u00edrka v bokoch 94 cm<\/p>\n<\/div>\n<\/div>\n<\/div>","protected":false},"excerpt":{"rendered":"<p>Kombinezon z Kr\u00f3tkim R\u0119kawem Zapinany na Guziki Wenus B\u0142\u0119kitny Fenomenalny kombinezon z kr\u00f3tkim r\u0119kawkiem oraz wi\u0105zaniem w pasie to bestsellerowy hit w naszym sklepie. Spraw, \u017ce nikt nie przejdzie obok Ciebie oboj\u0119tnie. Kombinezon posiada lu\u017ane nogawki. Wykonany z przyjemnego w dotyku materia\u0142u.\u00a0Wysoka jako\u015b\u0107 materia\u0142u zapewni wygod\u0119 i komfort noszenia. Ten fason to gwarancja perfekcyjnego wygl\u0105du.<\/p>\n<div class=\"klb-readmore post-buttons\"><a class=\"button black outline size-sm\" href=\"https:\/\/madelinefashion.pl\/sk\/kombinezon-z-krotkim-rekawem-zapinany-na-guziki-wenus-blekitny\/\">\u010c\u00edta\u0165 \u010falej <i class=\"klbth-icon-right-arrow\"><\/i><\/a><\/div>","protected":false},"featured_media":50037,"template":"","meta":[],"product_brand":[],"product_cat":[80,395],"product_tag":[297],"class_list":{"0":"post-12146","1":"product","2":"type-product","3":"status-publish","4":"has-post-thumbnail","6":"product_cat-sukienki-i-kombinezony","7":"product_cat-nowosci","8":"product_tag-kombinezony","10":"first","11":"instock","12":"purchasable","13":"product-type-simple"},"_links":{"self":[{"href":"https:\/\/madelinefashion.pl\/sk\/wp-json\/wp\/v2\/product\/12146","targetHints":{"allow":["GET"]}}],"collection":[{"href":"https:\/\/madelinefashion.pl\/sk\/wp-json\/wp\/v2\/product"}],"about":[{"href":"https:\/\/madelinefashion.pl\/sk\/wp-json\/wp\/v2\/types\/product"}],"wp:featuredmedia":[{"embeddable":true,"href":"https:\/\/madelinefashion.pl\/sk\/wp-json\/wp\/v2\/media\/50037"}],"wp:attachment":[{"href":"https:\/\/madelinefashion.pl\/sk\/wp-json\/wp\/v2\/media?parent=12146"}],"wp:term":[{"taxonomy":"product_brand","embeddable":true,"href":"https:\/\/madelinefashion.pl\/sk\/wp-json\/wp\/v2\/product_brand?post=12146"},{"taxonomy":"product_cat","embeddable":true,"href":"https:\/\/madelinefashion.pl\/sk\/wp-json\/wp\/v2\/product_cat?post=12146"},{"taxonomy":"product_tag","embeddable":true,"href":"https:\/\/madelinefashion.pl\/sk\/wp-json\/wp\/v2\/product_tag?post=12146"}],"curies":[{"name":"pracovn\u00fd list","href":"https:\/\/api.w.org\/{rel}","templated":true}]}}