{"id":12853,"date":"2021-05-27T20:42:22","date_gmt":"2021-05-27T18:42:22","guid":{"rendered":"https:\/\/madelinefashion.pl\/?post_type=product&#038;p=12853"},"modified":"2025-09-09T10:34:16","modified_gmt":"2025-09-09T08:34:16","slug":"sukienka-koronkowa-azurowa-guziki-sisi","status":"publish","type":"product","link":"https:\/\/madelinefashion.pl\/sk\/sukienka-koronkowa-azurowa-guziki-sisi\/","title":{"rendered":"\u0160aty s \u010dipkovan\u00fdmi gomb\u00edkmi Sisi"},"content":{"rendered":"<h3 style=\"text-align: center;\">\u0160aty s \u010dipkovan\u00fdmi gomb\u00edkmi Sisi<\/h3>\n<p style=\"text-align: center;\"><strong>Prelamovan\u00e9 \u010dipkovan\u00e9 \u0161aty so zap\u00ednan\u00edm na gomb\u00edky Sisi v bielej farbe <\/strong>je to perfektn\u00e1 ponuka na ka\u017edodenn\u00e9 aj ve\u010dern\u00e9 v\u00fdlety! \u0160aty s\u00fa vyroben\u00e9 z najkvalitnej\u0161ieho, na dotyk pr\u00edjemn\u00e9ho materi\u00e1lu, ktor\u00fd vyzer\u00e1 ve\u013emi dobre <strong>\u017eensk\u00fd<\/strong>. Vzdu\u0161n\u00fd\u00a0<a href=\"https:\/\/madelinefashion.pl\/sk\/sukienki-i-kombinezony\/sukienki\/\">\u0161aty<\/a> bude perfektn\u00fd po\u010das sviatkov, stretnut\u00ed s priate\u013emi a dokonca aj po\u010das osl\u00e1v. \u010cipkovan\u00e9 \u0161aty maj\u00fa v p\u00e1se gumu, v\u010faka ktorej dokonale zv\u00fdraznia \u017eensk\u00e9 tvary.<strong> \u0160aty v boho \u0161t\u00fdle<\/strong> zap\u00ednanie na 4 gomb\u00edky na ramienkach s rozko\u0161n\u00fdm strihom dod\u00e1 \u0161arm ka\u017edej \u017eene. Prelamovan\u00e9 letn\u00e9 \u0161aty d<span lang=\"pl-pl\" xml:lang=\"pl-pl\">dokonale o\u017eiv\u00ed ka\u017ed\u00fa va\u0161u \u0161tyliz\u00e1ciu. Roz\u0161\u00edren\u00e9 \u0161aty v\u00e1m pom\u00f4\u017eu vytvori\u0165 diev\u010densk\u00fd vzh\u013ead na r\u00f4zne pr\u00edle\u017eitosti. Skvele sa bude hodi\u0165 tak k \u0161portovej obuvi, ako aj k vysok\u00fdm op\u00e4tkom. V kombin\u00e1cii s <a href=\"https:\/\/madelinefashion.pl\/sk\/product-tag\/ramoneski\/\">Ramones<\/a>\u00a0alebo\u00a0<a href=\"https:\/\/madelinefashion.pl\/sk\/?s=marynarka&amp;post_type=product\">bunda<\/a>\u00a0vytvor\u00edte \u0161ik look na ka\u017ed\u00fd de\u0148!\u00a0<\/span>Na\u0161e \u0161aty s\u00fa ide\u00e1lnym n\u00e1vrhom pre\u00a0<strong>tepl\u00e9 jarn\u00e9 a letn\u00e9 dni<\/strong>.\u00a0<strong>odpor\u00fa\u010dan\u00e9<\/strong>\u00a0pre d\u00e1my vo ve\u013e\u00a0<strong>XS SML<\/strong>\u00a0ak nos\u00edte v\u00e4\u010d\u0161iu ve\u013ekos\u0165, pozrite si tabu\u013eku ni\u017e\u0161ie.<\/p>\n<h3 style=\"text-align: center;\">Rozmery \u0161iat:<\/h3>\n<ul style=\"text-align: center;\">\n<li>celkov\u00e1 d\u013a\u017eka 86 cm<\/li>\n<li>\u0161\u00edrka od pazuchy po pazuchu: 34-52 cm<\/li>\n<li>\u0161\u00edrka v p\u00e1se: 28-46 cm<\/li>\n<\/ul>\n<p>&nbsp;<\/p>\n<p>&nbsp;<\/p>\n<p style=\"text-align: center;\">Rozmery sa m\u00f4\u017eu mierne l\u00ed\u0161i\u0165 od uveden\u00fdch +\/- 2cm. V\u0161etky uveden\u00e9 rozmery s\u00fa meran\u00e9 plo\u0161ne. <strong>rozmer x2<\/strong><\/p>\n<table style=\"height: 257px;\" width=\"689\">\n<tbody>\n<tr>\n<td width=\"302\">Meno modela<\/td>\n<td width=\"302\">\u0160aty s \u010dipkovan\u00fdmi gomb\u00edkmi Sisi<\/td>\n<\/tr>\n<tr>\n<td width=\"302\">Farba<\/td>\n<td width=\"302\">biely<\/td>\n<\/tr>\n<tr>\n<td width=\"302\">Zbierka<\/td>\n<td width=\"302\">Jar leto<\/td>\n<\/tr>\n<tr>\n<td width=\"302\">ve\u013ekosti<\/td>\n<td width=\"302\">Univerz\u00e1lny<\/td>\n<\/tr>\n<tr>\n<td width=\"302\">Zlo\u017eenie<\/td>\n<td width=\"302\">95 % Bavlna 5% Elastan<\/td>\n<\/tr>\n<tr>\n<td width=\"302\">D\u013a\u017eka<\/td>\n<td width=\"302\">Pred kolenom<\/td>\n<\/tr>\n<tr>\n<td width=\"302\">\u0160tiepenie<\/td>\n<td width=\"302\">Jednoduch\u00e9<\/td>\n<\/tr>\n<\/tbody>\n<\/table>\n<p>&nbsp;<\/p>\n<section class=\"page-product-box\">\n<div class=\"rte\">\n<p style=\"text-align: center;\">Model m\u00e1\u00a0<strong>169<\/strong>\u00a0cm vysok\u00fd, nos\u00ed ve\u013ekos\u0165 ka\u017ed\u00fd de\u0148\u00a0<strong>S<\/strong><\/p>\n<p style=\"text-align: center;\">\u0160\u00edrka cez prsia 92 cm<\/p>\n<p style=\"text-align: center;\">\u0160\u00edrka v p\u00e1se 62 cm<\/p>\n<p style=\"text-align: center;\">\u0160\u00edrka v bokoch 94 cm<\/p>\n<p style=\"text-align: center;\">\n<\/div>\n<\/section>","protected":false},"excerpt":{"rendered":"<p>Sukienka Koronkowa A\u017curowa Guziki Sisi Sukienka Koronkowa A\u017curowa zapinana na Guziki Sisi w kolorze bia\u0142ym to idealna propozycja zar\u00f3wno na co dzie\u0144 jak i na wieczorne wyj\u015bcie! Sukienka wykonana jest z najwy\u017cszej jako\u015bci, przyjemnego w dotyku materia\u0142u, kt\u00f3ry wygl\u0105da bardzo kobieco. Zwiewna\u00a0sukienka sprawdzi si\u0119 podczas urlopu, spotka\u0144 ze znajomymi a nawet podczas uroczysto\u015bci. Sukienka koronkowa<\/p>\n<div class=\"klb-readmore post-buttons\"><a class=\"button black outline size-sm\" href=\"https:\/\/madelinefashion.pl\/sk\/sukienka-koronkowa-azurowa-guziki-sisi\/\">\u010c\u00edta\u0165 \u010falej <i class=\"klbth-icon-right-arrow\"><\/i><\/a><\/div>","protected":false},"featured_media":49396,"template":"","meta":[],"product_brand":[],"product_cat":[125,395],"product_tag":[219],"class_list":{"0":"post-12853","1":"product","2":"type-product","3":"status-publish","4":"has-post-thumbnail","6":"product_cat-sukienki","7":"product_cat-nowosci","8":"product_tag-sukienka-biala","10":"first","11":"instock","12":"purchasable","13":"product-type-simple"},"_links":{"self":[{"href":"https:\/\/madelinefashion.pl\/sk\/wp-json\/wp\/v2\/product\/12853","targetHints":{"allow":["GET"]}}],"collection":[{"href":"https:\/\/madelinefashion.pl\/sk\/wp-json\/wp\/v2\/product"}],"about":[{"href":"https:\/\/madelinefashion.pl\/sk\/wp-json\/wp\/v2\/types\/product"}],"wp:featuredmedia":[{"embeddable":true,"href":"https:\/\/madelinefashion.pl\/sk\/wp-json\/wp\/v2\/media\/49396"}],"wp:attachment":[{"href":"https:\/\/madelinefashion.pl\/sk\/wp-json\/wp\/v2\/media?parent=12853"}],"wp:term":[{"taxonomy":"product_brand","embeddable":true,"href":"https:\/\/madelinefashion.pl\/sk\/wp-json\/wp\/v2\/product_brand?post=12853"},{"taxonomy":"product_cat","embeddable":true,"href":"https:\/\/madelinefashion.pl\/sk\/wp-json\/wp\/v2\/product_cat?post=12853"},{"taxonomy":"product_tag","embeddable":true,"href":"https:\/\/madelinefashion.pl\/sk\/wp-json\/wp\/v2\/product_tag?post=12853"}],"curies":[{"name":"pracovn\u00fd list","href":"https:\/\/api.w.org\/{rel}","templated":true}]}}