{"id":1300,"date":"2019-11-22T18:13:26","date_gmt":"2019-11-22T18:13:26","guid":{"rendered":"http:\/\/serwer2078743.home.pl\/?post_type=product&#038;p=1300"},"modified":"2026-03-07T13:47:27","modified_gmt":"2026-03-07T12:47:27","slug":"sukienka-cekinowa-daren-srebrna","status":"publish","type":"product","link":"https:\/\/madelinefashion.pl\/sk\/sukienka-cekinowa-daren-srebrna\/","title":{"rendered":"Strieborn\u00e9 flitrov\u00e9 \u0161aty Daren"},"content":{"rendered":"<h3 style=\"text-align: center;\">Strieborn\u00e9 flitrov\u00e9 \u0161aty Daren<\/h3>\n<p style=\"text-align: center;\">Kr\u00e1sne flitrov\u00e9 \u0161aty, priliehav\u00e9 na telo. Oble\u010dte si ho na \u0161peci\u00e1lnu pr\u00edle\u017eitos\u0165 a zabezpe\u010dte, aby okolo v\u00e1s nikto \u013eahostajne nepre\u0161iel. \u00a0<strong>Ve\u013ekos\u0165 je UNIVERZ\u00c1LNA\u00a0<\/strong>\u00a0odpor\u00fa\u010dan\u00e9 pre d\u00e1my nosiace XS,S,M,L\u00a0<strong>,<\/strong>\u00a0ale odpor\u00fa\u010dame\u00a0<strong>presn\u00e9 meranie\u00a0<\/strong>pod\u013ea ni\u017e\u0161ie uvedenej tabu\u013eky rozmerov. Dostupn\u00e9 na na\u0161om e-shope vo viacer\u00fdch farebn\u00fdch variantoch, tak nev\u00e1hajte a vyberte si t\u00fa, ktor\u00e1 je pre v\u00e1s ako stvoren\u00e1.<\/p>\n<h3 style=\"text-align: center;\">Rozmery \u0161iat<\/h3>\n<ul style=\"text-align: center;\">\n<li>celkov\u00e1 d\u013a\u017eka 88 cm<\/li>\n<li>\u0161\u00edrka od pazuchy po pazuchu: 45-55 cm<\/li>\n<li>d\u013a\u017eka ruk\u00e1va od ramena: 65 cm<\/li>\n<li>d\u013a\u017eka ruk\u00e1va od pazuchy 45 cm<\/li>\n<li>odpor\u00fa\u010dan\u00fd maxim\u00e1lny obvod poprsia: 110 cm<\/li>\n<li><\/li>\n<\/ul>\n<p style=\"text-align: center;\">Rozmery sa m\u00f4\u017eu mierne l\u00ed\u0161i\u0165 od uveden\u00fdch +\/- 2cm. V\u0161etky uveden\u00e9 rozmery s\u00fa meran\u00e9 plo\u0161ne.<\/p>\n<p style=\"text-align: center;\">rozmer x2<\/p>\n<p style=\"text-align: center;\"><strong>\u00a0<\/strong><\/p>\n<table width=\"622\">\n<tbody>\n<tr>\n<td width=\"302\">Meno modela<\/td>\n<td width=\"302\">\u0160aty Daren Sequin<\/td>\n<\/tr>\n<tr>\n<td width=\"302\">Farba<\/td>\n<td width=\"302\">Strieborn\u00e1<\/td>\n<\/tr>\n<tr>\n<td width=\"302\">Zbierka<\/td>\n<td width=\"302\">Jesenn\u00e1 zima<\/td>\n<\/tr>\n<tr>\n<td width=\"302\">ve\u013ekosti<\/td>\n<td width=\"302\">Univerz\u00e1lny<\/td>\n<\/tr>\n<tr>\n<td width=\"302\">M\u00f3da<\/td>\n<td width=\"302\">Priliehav\u00fd \/ elastick\u00fd<\/td>\n<\/tr>\n<tr>\n<td width=\"302\">Materi\u00e1l<\/td>\n<td width=\"302\">100 % Polyester<\/td>\n<\/tr>\n<\/tbody>\n<\/table>\n<p style=\"text-align: center;\">Model m\u00e1\u00a0<strong>169<\/strong>\u00a0cm vysok\u00fd, nos\u00ed ve\u013ekos\u0165 ka\u017ed\u00fd de\u0148\u00a0<strong>S<\/strong><\/p>\n<p style=\"text-align: center;\">\u0160\u00edrka cez prsia 92 cm<\/p>\n<p style=\"text-align: center;\">\u0160\u00edrka v p\u00e1se 62 cm<\/p>\n<p style=\"text-align: center;\">\u0160\u00edrka v bokoch 94 cm<\/p>","protected":false},"excerpt":{"rendered":"<p>Sukienka Cekinowa\u00a0Daren\u00a0Srebrna Pi\u0119kna cekinowa sukienka, dopasowana do cia\u0142a. Za\u0142\u00f3\u017c j\u0105 na wyj\u0105tkow\u0105 okazj\u0119 i spraw, \u017ce nikt nie przejdzie obok Ciebie oboj\u0119tnie. \u00a0Rozmiar jest UNIWERSALNY\u00a0\u00a0zalecany dla Pa\u0144 nosz\u0105cych XS,S,M,L\u00a0,\u00a0ale zalecamy\u00a0dok\u0142adne zmierzenie\u00a0zgodnie z tabel\u0105 wymiar\u00f3w poni\u017cej. Dost\u0119pna w naszym e-sklepie w kilku wariantach kolorystycznych, wi\u0119c nie wahaj si\u0119 i wybierz ten, kt\u00f3ry jest dla Ciebie idealny.<\/p>\n<div class=\"klb-readmore post-buttons\"><a class=\"button black outline size-sm\" href=\"https:\/\/madelinefashion.pl\/sk\/sukienka-cekinowa-daren-srebrna\/\">\u010c\u00edta\u0165 \u010falej <i class=\"klbth-icon-right-arrow\"><\/i><\/a><\/div>","protected":false},"featured_media":63638,"template":"","meta":[],"product_brand":[],"product_cat":[125,80,558],"product_tag":[],"class_list":{"0":"post-1300","1":"product","2":"type-product","3":"status-publish","4":"has-post-thumbnail","6":"product_cat-sukienki","7":"product_cat-sukienki-i-kombinezony","8":"product_cat-sukienki-cekinowe","10":"first","11":"instock","12":"sale","13":"purchasable","14":"product-type-simple"},"_links":{"self":[{"href":"https:\/\/madelinefashion.pl\/sk\/wp-json\/wp\/v2\/product\/1300","targetHints":{"allow":["GET"]}}],"collection":[{"href":"https:\/\/madelinefashion.pl\/sk\/wp-json\/wp\/v2\/product"}],"about":[{"href":"https:\/\/madelinefashion.pl\/sk\/wp-json\/wp\/v2\/types\/product"}],"wp:featuredmedia":[{"embeddable":true,"href":"https:\/\/madelinefashion.pl\/sk\/wp-json\/wp\/v2\/media\/63638"}],"wp:attachment":[{"href":"https:\/\/madelinefashion.pl\/sk\/wp-json\/wp\/v2\/media?parent=1300"}],"wp:term":[{"taxonomy":"product_brand","embeddable":true,"href":"https:\/\/madelinefashion.pl\/sk\/wp-json\/wp\/v2\/product_brand?post=1300"},{"taxonomy":"product_cat","embeddable":true,"href":"https:\/\/madelinefashion.pl\/sk\/wp-json\/wp\/v2\/product_cat?post=1300"},{"taxonomy":"product_tag","embeddable":true,"href":"https:\/\/madelinefashion.pl\/sk\/wp-json\/wp\/v2\/product_tag?post=1300"}],"curies":[{"name":"pracovn\u00fd list","href":"https:\/\/api.w.org\/{rel}","templated":true}]}}