{"id":13264,"date":"2021-06-08T23:27:48","date_gmt":"2021-06-08T21:27:48","guid":{"rendered":"https:\/\/madelinefashion.pl\/?post_type=product&#038;p=13264"},"modified":"2026-02-20T14:58:59","modified_gmt":"2026-02-20T13:58:59","slug":"kardigan-asymetryczny-czarny","status":"publish","type":"product","link":"https:\/\/madelinefashion.pl\/sk\/kardigan-asymetryczny-czarny\/","title":{"rendered":"\u010cierny asymetrick\u00fd kardigan"},"content":{"rendered":"<h3 style=\"text-align: center;\">\u010cierny asymetrick\u00fd kardigan<\/h3>\n<p style=\"text-align: center;\"><span style=\"font-size: 10pt;\">Vyzer\u00e1 skvele v kombin\u00e1cii s d\u017e\u00ednsami alebo leg\u00ednami, m\u00f4\u017ee nahradi\u0165 sako.<\/span><\/p>\n<p style=\"text-align: center;\"><span style=\"font-size: 10pt;\">Tak\u00fdto sveter by mala ma\u0165 v \u0161atn\u00edku ka\u017ed\u00e1 z n\u00e1s.<\/span><\/p>\n<p style=\"text-align: center;\"><span style=\"font-size: 10pt;\">Klasick\u00fd strih, jedine\u010dn\u00fd v le\u017e\u00e9rnom \u0161t\u00fdle.<\/span><\/p>\n<p style=\"text-align: center;\"><span style=\"font-size: 10pt;\">\u00da\u017easn\u00e1 kvalita za najlep\u0161iu cenu!<\/span><\/p>\n<p style=\"text-align: center;\"><span style=\"font-size: 10pt;\">Eur\u00f3psky v\u00fdrobok, ve\u013emi kvalitn\u00fd materi\u00e1l.<\/span><\/p>\n<p style=\"text-align: center;\"><span style=\"font-size: 10pt;\">Dokonale sa prisp\u00f4sob\u00ed postave\u00a0<\/span><\/p>\n<p style=\"text-align: center;\"><strong><span style=\"font-size: 10pt;\">Perfektn\u00fd kardigan na ka\u017ed\u00fa pr\u00edle\u017eitos\u0165<\/span><\/strong><\/p>\n<p style=\"text-align: center;\"><span style=\"font-size: 10pt;\">Ide\u00e1lne do \u0161koly, pr\u00e1ce, na rande alebo na stretnutie s priate\u013emi!<\/span><\/p>\n<p style=\"text-align: center;\"><span style=\"font-size: 10pt;\"><strong>Ide\u00e1lne pre ka\u017ed\u00fa pr\u00edle\u017eitos\u0165 a \u010das!<\/strong><\/span><\/p>\n<p>&nbsp;<\/p>\n<p style=\"text-align: center;\"><strong>Odpor\u00fa\u010dan\u00e1 univerz\u00e1lna ve\u013ekos\u0165 S-XXL<\/strong><\/p>\n<h3 style=\"text-align: center;\">Rozmery:<\/h3>\n<ul style=\"text-align: center;\">\n<li>Celkov\u00e1 d\u013a\u017eka: 88 cm<\/li>\n<li>Celkov\u00e1 d\u013a\u017eka strany 98 cm<\/li>\n<li>\u0160\u00edrka od pazuchy po pazuchu: 52-60 cm<\/li>\n<li>D\u013a\u017eka ruk\u00e1va od podpazu\u0161ia: 43 cm<\/li>\n<li><\/li>\n<\/ul>\n<p style=\"text-align: center;\"><span style=\"font-size: 10pt;\">Rozmery sa m\u00f4\u017eu mierne l\u00ed\u0161i\u0165 od uveden\u00fdch +\/- 2cm. V\u0161etky uveden\u00e9 rozmery s\u00fa meran\u00e9 plo\u0161ne.<\/span><\/p>\n<p style=\"text-align: center;\"><span style=\"font-size: 10pt;\"><strong>\u00a0<\/strong>\u00a0<\/span><\/p>\n<table width=\"610\">\n<tbody>\n<tr>\n<td width=\"302\">Meno modela<\/td>\n<td width=\"302\">Asymetrick\u00fd kardigan<\/td>\n<\/tr>\n<tr>\n<td width=\"302\">Farba<\/td>\n<td width=\"302\">\u010dierna<\/td>\n<\/tr>\n<tr>\n<td width=\"302\">ve\u013ekosti<\/td>\n<td width=\"302\">Univerz\u00e1lny<\/td>\n<\/tr>\n<tr>\n<td width=\"302\">M\u00f3da<\/td>\n<td width=\"302\">Zhoda<\/td>\n<\/tr>\n<tr>\n<td width=\"302\">Hood<\/td>\n<td width=\"302\">Bez kapucne<\/td>\n<\/tr>\n<tr>\n<td width=\"302\">izolovan\u00e9<\/td>\n<td width=\"302\">jednopl\u00e1\u0161\u0165ov\u00e9<\/td>\n<\/tr>\n<tr>\n<td width=\"302\">Materi\u00e1l<\/td>\n<td width=\"302\">100% akryl<\/td>\n<\/tr>\n<\/tbody>\n<\/table>\n<div class=\"additional-details\">\n<p style=\"text-align: center;\">\n<\/div>\n<div class=\"overview-buttons\">\n<div class=\"add-to-wishlist\" style=\"text-align: center;\">\n<p>Model m\u00e1\u00a0<strong>169<\/strong>\u00a0cm vysok\u00fd, nos\u00ed ve\u013ekos\u0165 ka\u017ed\u00fd de\u0148\u00a0<strong>S<\/strong><\/p>\n<p>\u0160\u00edrka cez prsia 92 cm<\/p>\n<p>\u0160\u00edrka v p\u00e1se 62 cm<\/p>\n<p>\u0160\u00edrka v bokoch 94 cm<\/p>\n<\/div>\n<\/div>\n<p style=\"text-align: center;\">","protected":false},"excerpt":{"rendered":"<p>Kardigan Asymetryczny Czarny \u015awietnie wygl\u0105da w zestawieniu z jeansami lub legginsami, mo\u017ce zast\u0105pi\u0107 marynark\u0119. Taki sweterek powinna mie\u0107 ka\u017cda z nas w swojej szafie. Fason klasyczny, unikatowy w stylu casual. Rewelacyjna jako\u015b\u0107 w najlepszej cenie ! Produkt europejski, bardzo dobra jako\u015b\u0107 materia\u0142u. Idealnie dopasowuje si\u0119 do sylwetki\u00a0 Kardigan\u00a0idealny na ka\u017cd\u0105 okazj\u0119 Idealne do szko\u0142y, do<\/p>\n<div class=\"klb-readmore post-buttons\"><a class=\"button black outline size-sm\" href=\"https:\/\/madelinefashion.pl\/sk\/kardigan-asymetryczny-czarny\/\">\u010c\u00edta\u0165 \u010falej <i class=\"klbth-icon-right-arrow\"><\/i><\/a><\/div>","protected":false},"featured_media":36679,"template":"","meta":[],"product_brand":[],"product_cat":[91],"product_tag":[],"class_list":{"0":"post-13264","1":"product","2":"type-product","3":"status-publish","4":"has-post-thumbnail","6":"product_cat-kardigany-damskie","8":"first","9":"instock","10":"purchasable","11":"product-type-simple"},"_links":{"self":[{"href":"https:\/\/madelinefashion.pl\/sk\/wp-json\/wp\/v2\/product\/13264","targetHints":{"allow":["GET"]}}],"collection":[{"href":"https:\/\/madelinefashion.pl\/sk\/wp-json\/wp\/v2\/product"}],"about":[{"href":"https:\/\/madelinefashion.pl\/sk\/wp-json\/wp\/v2\/types\/product"}],"wp:featuredmedia":[{"embeddable":true,"href":"https:\/\/madelinefashion.pl\/sk\/wp-json\/wp\/v2\/media\/36679"}],"wp:attachment":[{"href":"https:\/\/madelinefashion.pl\/sk\/wp-json\/wp\/v2\/media?parent=13264"}],"wp:term":[{"taxonomy":"product_brand","embeddable":true,"href":"https:\/\/madelinefashion.pl\/sk\/wp-json\/wp\/v2\/product_brand?post=13264"},{"taxonomy":"product_cat","embeddable":true,"href":"https:\/\/madelinefashion.pl\/sk\/wp-json\/wp\/v2\/product_cat?post=13264"},{"taxonomy":"product_tag","embeddable":true,"href":"https:\/\/madelinefashion.pl\/sk\/wp-json\/wp\/v2\/product_tag?post=13264"}],"curies":[{"name":"pracovn\u00fd list","href":"https:\/\/api.w.org\/{rel}","templated":true}]}}