{"id":1376,"date":"2019-12-06T15:50:49","date_gmt":"2019-12-06T14:50:49","guid":{"rendered":"http:\/\/serwer2078743.home.pl\/?post_type=product&#038;p=1376"},"modified":"2026-03-26T12:40:51","modified_gmt":"2026-03-26T11:40:51","slug":"sweter-bialy-lv","status":"publish","type":"product","link":"https:\/\/madelinefashion.pl\/sk\/sweter-bialy-lv\/","title":{"rendered":"Biely sveter LV"},"content":{"rendered":"<h3 style=\"text-align: center;\">Biely sveter LV<\/h3>\n<p style=\"text-align: center;\">Univerz\u00e1lna ve\u013ekos\u0165 odpor\u00fa\u010dan\u00e1 pre \u013eud\u00ed, ktor\u00ed nosia od s do xl<\/p>\n<p style=\"text-align: center;\"><strong>Rozmery<\/strong><\/p>\n<ul style=\"text-align: center;\">\n<li>\n<p align=\"CENTER\"><span style=\"color: #333333; font-size: 9pt;\"><span style=\"font-family: Arial, serif;\">celkov\u00e1 d\u013a\u017eka: 67 cm\u00a0<\/span><\/span><\/p>\n<\/li>\n<li>\n<p align=\"CENTER\"><span style=\"color: #333333; font-size: 9pt;\"><span style=\"font-family: Arial, serif;\">\u0161\u00edrka od pazuchy po pazuchu: 49 cm -58 cm<\/span><\/span><\/p>\n<\/li>\n<li>\n<p align=\"CENTER\"><span style=\"color: #333333; font-size: 9pt;\"><span style=\"font-family: Arial, serif;\">d\u013a\u017eka ruk\u00e1va od ramena: 60 cm<\/span><\/span><\/p>\n<\/li>\n<li>\n<p align=\"CENTER\"><span style=\"color: #333333; font-size: 9pt;\"><span style=\"font-family: Arial, serif;\">d\u013a\u017eka ruk\u00e1va od podpazu\u0161ia: 47 cm<\/span><\/span><\/p>\n<\/li>\n<li>\n<p align=\"CENTER\"><span style=\"color: #333333; font-size: 9pt;\"><span style=\"font-family: Arial, serif;\">odpor\u00fa\u010dan\u00fd maxim\u00e1lny obvod poprsia: 110 cm<\/span><\/span><\/p>\n<\/li>\n<\/ul>\n<h5 align=\"CENTER\">Rozmery sa m\u00f4\u017eu mierne l\u00ed\u0161i\u0165 od uveden\u00fdch +\/- 2cm. V\u0161etky uveden\u00e9 rozmery s\u00fa meran\u00e9 plo\u0161ne.<\/h5>\n<p>&nbsp;<\/p>\n<table width=\"621\">\n<tbody>\n<tr>\n<td width=\"302\">Meno modela<\/td>\n<td width=\"302\">LV sveter<\/td>\n<\/tr>\n<tr>\n<td width=\"302\">Farba<\/td>\n<td width=\"302\">biely<\/td>\n<\/tr>\n<tr>\n<td width=\"302\">Zbierka<\/td>\n<td width=\"302\">Jesenn\u00e1 zima<\/td>\n<\/tr>\n<tr>\n<td width=\"302\">ve\u013ekosti<\/td>\n<td width=\"302\">Univerz\u00e1lny<\/td>\n<\/tr>\n<tr>\n<td width=\"302\">Hood<\/td>\n<td width=\"302\">Bez kapucne<\/td>\n<\/tr>\n<tr>\n<td width=\"302\">\u0160tiepenie<\/td>\n<td width=\"302\">Nedostatok<\/td>\n<\/tr>\n<\/tbody>\n<\/table>\n<p style=\"text-align: center;\">Modelka na fotk\u00e1ch<strong> 165 cm<\/strong>, nos\u00ed ve\u013ekos\u0165 ka\u017ed\u00fd de\u0148 <strong>S<\/strong><\/p>","protected":false},"excerpt":{"rendered":"<p>Sweter Bia\u0142y LV Rozmiar uniwersalny zalecany dla os\u00f3b nosz\u0105cych od s\u00a0do xl Wymiary d\u0142ugo\u015b\u0107 ca\u0142kowita : 67 cm\u00a0 szeroko\u015b\u0107 od pachy do pachy: 49 cm\u00a0 -58 cm d\u0142ugo\u015b\u0107 r\u0119kawa od ramienia: 60 cm d\u0142ugo\u015b\u0107 r\u0119kawa od pachy: 47 cm zalecany max obw\u00f3d w biu\u015bcie: 110 cm Wymiary mog\u0105 si\u0119 nieznacznie r\u00f3\u017cni\u0107 od podanych +\/-2cm. Wszystkie<\/p>\n<div class=\"klb-readmore post-buttons\"><a class=\"button black outline size-sm\" href=\"https:\/\/madelinefashion.pl\/sk\/sweter-bialy-lv\/\">\u010c\u00edta\u0165 \u010falej <i class=\"klbth-icon-right-arrow\"><\/i><\/a><\/div>","protected":false},"featured_media":20096,"template":"","meta":[],"product_brand":[],"product_cat":[78,380],"product_tag":[],"class_list":{"0":"post-1376","1":"product","2":"type-product","3":"status-publish","4":"has-post-thumbnail","6":"product_cat-swetry-damskie","7":"product_cat-wyprzedaz","9":"first","10":"instock","11":"sale","12":"purchasable","13":"product-type-simple"},"_links":{"self":[{"href":"https:\/\/madelinefashion.pl\/sk\/wp-json\/wp\/v2\/product\/1376","targetHints":{"allow":["GET"]}}],"collection":[{"href":"https:\/\/madelinefashion.pl\/sk\/wp-json\/wp\/v2\/product"}],"about":[{"href":"https:\/\/madelinefashion.pl\/sk\/wp-json\/wp\/v2\/types\/product"}],"wp:featuredmedia":[{"embeddable":true,"href":"https:\/\/madelinefashion.pl\/sk\/wp-json\/wp\/v2\/media\/20096"}],"wp:attachment":[{"href":"https:\/\/madelinefashion.pl\/sk\/wp-json\/wp\/v2\/media?parent=1376"}],"wp:term":[{"taxonomy":"product_brand","embeddable":true,"href":"https:\/\/madelinefashion.pl\/sk\/wp-json\/wp\/v2\/product_brand?post=1376"},{"taxonomy":"product_cat","embeddable":true,"href":"https:\/\/madelinefashion.pl\/sk\/wp-json\/wp\/v2\/product_cat?post=1376"},{"taxonomy":"product_tag","embeddable":true,"href":"https:\/\/madelinefashion.pl\/sk\/wp-json\/wp\/v2\/product_tag?post=1376"}],"curies":[{"name":"pracovn\u00fd list","href":"https:\/\/api.w.org\/{rel}","templated":true}]}}