{"id":14383,"date":"2021-06-30T21:02:18","date_gmt":"2021-06-30T19:02:18","guid":{"rendered":"https:\/\/madelinefashion.pl\/?post_type=product&#038;p=14383"},"modified":"2026-01-20T10:34:18","modified_gmt":"2026-01-20T09:34:18","slug":"bluzka-z-fredzlami-street-biala","status":"publish","type":"product","link":"https:\/\/madelinefashion.pl\/sk\/bluzka-z-fredzlami-street-biala\/","title":{"rendered":"Pouli\u010dn\u00e1 bl\u00fazka s bielymi strapcami"},"content":{"rendered":"<h3 style=\"text-align: center;\">Pouli\u010dn\u00e1 bl\u00fazka s bielymi strapcami<\/h3>\n<p style=\"text-align: center;\"><strong>Pouli\u010dn\u00e1 bl\u00fazka s bielymi strapcami\u00a0<\/strong> s potla\u010dou na prednej strane. Pohodln\u00fd, vo\u013en\u00fd strih sa v nej budete c\u00edti\u0165 pohodlne. Vpredu m\u00e1 n\u00e1pis - navy\u0161e je spodok bl\u00fazky ukon\u010den\u00fd <strong>ozdobn\u00e9 strapce<\/strong> . <strong>Dlh\u0161ia bl\u00fazka <\/strong>s klasick\u00fdm jednoduch\u00fdm strihom<strong> ktor\u00e9 m\u00f4\u017eete nosi\u0165 ako tuniku. <\/strong>\u00a0Bl\u00fazka je vyroben\u00e1 z kvalitn\u00e9ho materi\u00e1lu, ve\u013emi pr\u00edjemn\u00e9ho na dotyk. Tunika pomerne vo\u013en\u00e9ho oversize strihu. M\u00e1 kr\u00e1tky ruk\u00e1v. Ide\u00e1lne na jarn\u00e9 a letn\u00e9 tepl\u00e9 dni. Vytvor\u00edte s n\u00edm mnoho m\u00f3dnych, ka\u017edodenn\u00fdch \u0161tyliz\u00e1ci\u00ed! Jedna ve\u013ekos\u0165 pre v\u0161etk\u00fdch, odpor\u00fa\u010dan\u00e1 od S po XXXL.<\/p>\n<p style=\"text-align: center;\"><span style=\"font-size: 10pt;\">\u00a0<\/span><\/p>\n<h3 style=\"text-align: center;\">Rozmery<\/h3>\n<ul style=\"text-align: center;\">\n<li><span style=\"font-size: 10pt;\">\u00a0\u00a0\u00a0\u00a0\u00a0\u00a0\u00a0 celkov\u00e1 d\u013a\u017eka: 75 cm<br \/>\n<\/span><\/li>\n<li>celkov\u00e1 d\u013a\u017eka po strapce: 60 cm<\/li>\n<li><span style=\"font-size: 10pt;\">\u00a0\u00a0\u00a0\u00a0\u00a0\u00a0\u00a0 \u0161\u00edrka od pazuchy po pazuchu: 70 cm<\/span><\/li>\n<li><span style=\"font-size: 10pt;\">\u00a0\u00a0\u00a0\u00a0\u00a0\u00a0\u00a0<\/span><span style=\"font-size: 10pt;\">\u00a0 \u00a0 \u00a0<\/span><\/li>\n<\/ul>\n<h3 style=\"text-align: center;\"><span style=\"font-size: 10pt;\">\u00a0Rozmery sa m\u00f4\u017eu mierne l\u00ed\u0161i\u0165 od uveden\u00fdch +\/- 2cm. V\u0161etky uveden\u00e9 rozmery s\u00fa meran\u00e9 plo\u0161ne. <strong>Rozmer X2<\/strong><\/span><\/h3>\n<h3 style=\"text-align: center;\">Charakteristika:<\/h3>\n<p style=\"text-align: center;\"><span style=\"font-size: 10pt;\"><br \/>\n-vo\u013en\u00fd strih<br \/>\n- potla\u010d na prednej strane<br \/>\n- strapce<br \/>\n-m\u00f3dne<br \/>\n- nadrozmern\u00e9<\/span><\/p>\n<p>&nbsp;<\/p>\n<table>\n<tbody>\n<tr>\n<td width=\"302\">Meno modela<\/td>\n<td width=\"302\">Pouli\u010dn\u00e1 bl\u00fazka s okrajmi<\/td>\n<\/tr>\n<tr>\n<td width=\"302\">Farba<\/td>\n<td width=\"302\">biely<\/td>\n<\/tr>\n<tr>\n<td width=\"302\">ve\u013ekosti<\/td>\n<td width=\"302\">Univerz\u00e1lny<\/td>\n<\/tr>\n<tr>\n<td width=\"302\">M\u00f3da<\/td>\n<td width=\"302\">nadrozmern\u00e9<\/td>\n<\/tr>\n<tr>\n<td width=\"302\">D\u013a\u017eka<\/td>\n<td width=\"302\">Pred kolenom<\/td>\n<\/tr>\n<tr>\n<td width=\"302\">Materi\u00e1l<\/td>\n<td width=\"302\">95 % Bavlna 5% Elastan<\/td>\n<\/tr>\n<\/tbody>\n<\/table>\n<div class=\"tabs tabs-bb clear mb-80\">\n<div class=\"tab-content\">\n<div id=\"tab-description\" class=\"tab-pane fade in woocommerce-Tabs-panel--description active\">\n<p style=\"text-align: center;\">Model m\u00e1\u00a0<strong>169<\/strong>\u00a0cm vysok\u00fd, nos\u00ed ve\u013ekos\u0165 ka\u017ed\u00fd de\u0148\u00a0<strong>S<\/strong><\/p>\n<p style=\"text-align: center;\">\u0160\u00edrka hrudn\u00edka 91 cm<\/p>\n<p style=\"text-align: center;\">\u0160\u00edrka p\u00e1su 71 cm<\/p>\n<p style=\"text-align: center;\">\u0160\u00edrka bokov 96 cm<\/p>\n<\/div>\n<\/div>\n<\/div>","protected":false},"excerpt":{"rendered":"<p>Bluzka z Fr\u0119dzlami Street Bia\u0142a Bluzka z Fr\u0119dzlami Street Bia\u0142a\u00a0 z nadrukiem na przodzie. Wygodny, lu\u017any fason sprawi \u017ce b\u0119dziesz czu\u0142a si\u0119 w niej komfortowo.\u00a0 Na przodzie posiada\u00a0 napis &#8211; dodatkowo d\u00f3\u0142 bluzki zako\u0144czony jest ozdobnymi fr\u0119dzelkami . D\u0142u\u017csza bluzka o klasycznym, prostym kroju kt\u00f3r\u0105 mo\u017cesz nosi\u0107 jako tunik\u0119. \u00a0Bluzka wykonana jest z wysokiej jako\u015bci<\/p>\n<div class=\"klb-readmore post-buttons\"><a class=\"button black outline size-sm\" href=\"https:\/\/madelinefashion.pl\/sk\/bluzka-z-fredzlami-street-biala\/\">\u010c\u00edta\u0165 \u010falej <i class=\"klbth-icon-right-arrow\"><\/i><\/a><\/div>","protected":false},"featured_media":112663,"template":"","meta":[],"product_brand":[],"product_cat":[395,77],"product_tag":[251,296],"class_list":{"0":"post-14383","1":"product","2":"type-product","3":"status-publish","4":"has-post-thumbnail","6":"product_cat-nowosci","7":"product_cat-bluzki","8":"product_tag-bluzka-biala","9":"product_tag-tuniki","11":"first","12":"outofstock","13":"sale","14":"purchasable","15":"product-type-simple"},"_links":{"self":[{"href":"https:\/\/madelinefashion.pl\/sk\/wp-json\/wp\/v2\/product\/14383","targetHints":{"allow":["GET"]}}],"collection":[{"href":"https:\/\/madelinefashion.pl\/sk\/wp-json\/wp\/v2\/product"}],"about":[{"href":"https:\/\/madelinefashion.pl\/sk\/wp-json\/wp\/v2\/types\/product"}],"wp:featuredmedia":[{"embeddable":true,"href":"https:\/\/madelinefashion.pl\/sk\/wp-json\/wp\/v2\/media\/112663"}],"wp:attachment":[{"href":"https:\/\/madelinefashion.pl\/sk\/wp-json\/wp\/v2\/media?parent=14383"}],"wp:term":[{"taxonomy":"product_brand","embeddable":true,"href":"https:\/\/madelinefashion.pl\/sk\/wp-json\/wp\/v2\/product_brand?post=14383"},{"taxonomy":"product_cat","embeddable":true,"href":"https:\/\/madelinefashion.pl\/sk\/wp-json\/wp\/v2\/product_cat?post=14383"},{"taxonomy":"product_tag","embeddable":true,"href":"https:\/\/madelinefashion.pl\/sk\/wp-json\/wp\/v2\/product_tag?post=14383"}],"curies":[{"name":"pracovn\u00fd list","href":"https:\/\/api.w.org\/{rel}","templated":true}]}}