{"id":1588,"date":"2020-04-26T11:42:51","date_gmt":"2020-04-26T11:42:51","guid":{"rendered":"http:\/\/serwer2078743.home.pl\/?post_type=product&#038;p=1588"},"modified":"2026-04-20T18:53:52","modified_gmt":"2026-04-20T16:53:52","slug":"sukienka-bugatti-dluga-biala","status":"publish","type":"product","link":"https:\/\/madelinefashion.pl\/sk\/sukienka-bugatti-dluga-biala\/","title":{"rendered":"Dlh\u00e9 biele \u0161aty Bugatti"},"content":{"rendered":"<h3 style=\"text-align: center;\"><span style=\"vertical-align: inherit;\"><span style=\"vertical-align: inherit;\">Dlh\u00e9 biele \u0161aty Bugatti<\/span><\/span><\/h3>\n<p style=\"text-align: center;\"><span style=\"font-size: 10pt;\"><span style=\"vertical-align: inherit;\"><span style=\"vertical-align: inherit;\">\u00a0Kr\u00e1sne dlh\u00e9 \u0161aty s <\/span><\/span><strong style=\"font-size: 10pt;\"><span style=\"vertical-align: inherit;\"><span style=\"vertical-align: inherit;\">vzdu\u0161n\u00fd<\/span><\/span><\/strong><span style=\"vertical-align: inherit;\"><span style=\"vertical-align: inherit;\"> materi\u00e1l s \u010dipkovan\u00fdm topom zdoben\u00fdm n\u00e1dhernou v\u00fd\u0161ivkou a ozdobami v podobe meniacich sa kry\u0161t\u00e1lov. <\/span><span style=\"vertical-align: inherit;\">Kr\u00e1sne odha\u013euje \u017eensk\u00e9 tvary, vyroben\u00e9 v\u00fdhradne zo spl\u00fdvav\u00e9ho materi\u00e1lu. <\/span><span style=\"vertical-align: inherit;\"><span style=\"font-size: 10pt;\">\u0160aty maj\u00fa v\u00fdstrih vo v\u00fd\u0161ke p\u00e1sa <\/span><b style=\"font-size: 10pt;\">kr\u00e1sne z\u00fa\u017een\u00e9 zv\u00fdraz\u0148uj\u00face p\u00e1s. <\/b><span style=\"font-size: 13.3333px;\"><b>k dispoz\u00edcii<\/b><\/span><b style=\"font-size: 10pt;\"> vo verzii<\/b><\/span><\/span><\/span><span style=\"font-size: 10pt;\"><span style=\"vertical-align: inherit;\"><span style=\"vertical-align: inherit;\">\u00a0dlh\u00e9 a kr\u00e1tke. <\/span><\/span><\/span><span style=\"font-size: 10pt;\"><span style=\"vertical-align: inherit;\"><span style=\"vertical-align: inherit;\">\u0160aty <\/span><\/span><strong><span style=\"vertical-align: inherit;\"><span style=\"vertical-align: inherit;\">Bugatti v bielej farbe<\/span><\/span><\/strong><span style=\"vertical-align: inherit;\"><span style=\"vertical-align: inherit;\"> v maxi verzii pre dokonal\u00fd n\u00e1vrh na svadbu. <\/span><span style=\"vertical-align: inherit;\">Vieme, ak\u00e9 je to d\u00f4le\u017eit\u00e9 pre ka\u017ed\u00e9ho <\/span><\/span><strong><span style=\"vertical-align: inherit;\"><span style=\"vertical-align: inherit;\">nevesty <\/span><\/span><\/strong><span style=\"vertical-align: inherit;\"><span style=\"vertical-align: inherit;\">je vhodne zvolen\u00fd outfit. <\/span><\/span><\/span><span style=\"font-size: 10pt;\"><span style=\"vertical-align: inherit;\"><span style=\"vertical-align: inherit;\">V na\u0161ej ponuke n\u00e1jdete \u0161aty za ve\u013emi prijate\u013en\u00fa cenu na <\/span><\/span><strong><span style=\"vertical-align: inherit;\"><span style=\"vertical-align: inherit;\">cirkevn\u00fd a civiln\u00fd sob\u00e1\u0161,<\/span><\/span><\/strong><span style=\"vertical-align: inherit;\"><span style=\"vertical-align: inherit;\"> tie\u017e podobn\u00fd model pre opravy. <\/span><\/span><\/span><span style=\"font-size: 10pt;\"><span style=\"vertical-align: inherit;\"><span style=\"vertical-align: inherit;\">Dostupn\u00e9 vo ve\u013ekostiach XS SML XL XXL. <\/span><span style=\"vertical-align: inherit;\">\u0160aty <\/span><\/span><strong><span style=\"vertical-align: inherit;\"><span style=\"vertical-align: inherit;\">Pekn\u00e1 \u017eena <\/span><\/span><\/strong><span style=\"vertical-align: inherit;\"><span style=\"vertical-align: inherit;\">ide\u00e1lne na svadbu, ples, Silvestra a in\u00e9 \u0161peci\u00e1lne udalosti. <\/span><span style=\"vertical-align: inherit;\">Dostupn\u00e9 na na\u0161om e-shope vo viacer\u00fdch farebn\u00fdch variantoch, tak nev\u00e1hajte a vyberte si t\u00fa, ktor\u00e1 je pre v\u00e1s ako stvoren\u00e1. <\/span><span style=\"vertical-align: inherit;\">Ak nem\u00f4\u017eete s v\u00fdrobkami, ak\u00fa farbu, <\/span><\/span><strong><span style=\"vertical-align: inherit;\"><span style=\"vertical-align: inherit;\">ve\u013ekos\u0165<\/span><\/span><\/strong><span style=\"vertical-align: inherit;\"><span style=\"vertical-align: inherit;\"> si najlep\u0161\u00ed, <\/span><\/span><strong><span style=\"vertical-align: inherit;\"><span style=\"vertical-align: inherit;\">kontaktuj n\u00e1s <\/span><\/span><\/strong><span style=\"vertical-align: inherit;\"><a href=\"https:\/\/madelinefashion.pl\/sk\/kontakt\/\"><span style=\"vertical-align: inherit;\">pozadu<\/span><\/a><span style=\"vertical-align: inherit;\"> cez <\/span><\/span><a href=\"https:\/\/www.facebook.com\/madelinefashionbutik\" target=\"_blank\" rel=\"noopener\"><span style=\"vertical-align: inherit;\"><span style=\"vertical-align: inherit;\">Facebook<\/span><\/span><\/a><span style=\"vertical-align: inherit;\"><span style=\"vertical-align: inherit;\"> alebo telefonicky na \u010d\u00edsle 510 050 269\u00a0<\/span><\/span><\/span><\/p>\n<h3 style=\"text-align: center;\"><span style=\"vertical-align: inherit;\"><span style=\"vertical-align: inherit;\">ROZMERY \u0161iat:<\/span><\/span><\/h3>\n<table width=\"556\">\n<tbody>\n<tr>\n<td width=\"202\"><strong>VE\u013dKOS\u0164<\/strong><\/td>\n<td><strong>poprsia<\/strong><\/td>\n<td><strong>P\u00e1s<\/strong><\/td>\n<td><strong>Boky<\/strong><\/td>\n<\/tr>\n<tr>\n<td width=\"202\"><strong>34<\/strong><\/td>\n<td>84-86<\/td>\n<td>64<\/td>\n<td>\u00a0Ak\u00e9ko\u013evek<\/td>\n<\/tr>\n<tr>\n<td width=\"202\"><strong>36<\/strong><\/td>\n<td>88-90<\/td>\n<td>68<\/td>\n<td>\u00a0Ak\u00e9ko\u013evek<\/td>\n<\/tr>\n<tr>\n<td width=\"202\"><strong>38<\/strong><\/td>\n<td>92-94<\/td>\n<td>72<\/td>\n<td>\u00a0Ak\u00e9ko\u013evek<\/td>\n<\/tr>\n<tr>\n<td width=\"202\"><strong>40<\/strong><\/td>\n<td>96-98<\/td>\n<td>76<\/td>\n<td>\u00a0Ak\u00e9ko\u013evek<\/td>\n<\/tr>\n<tr>\n<td width=\"202\"><strong>42<\/strong><\/td>\n<td>100-104<\/td>\n<td>80<\/td>\n<td>\u00a0Ak\u00e9ko\u013evek<\/td>\n<\/tr>\n<tr>\n<td width=\"202\"><strong>44<\/strong><\/td>\n<td>102-106<\/td>\n<td>86<\/td>\n<td>\u00a0Ak\u00e9ko\u013evek<\/td>\n<\/tr>\n<tr>\n<td width=\"202\"><strong>46<\/strong><\/td>\n<td>106-110<\/td>\n<td>88<\/td>\n<td>\u00a0Ak\u00e9ko\u013evek<\/td>\n<\/tr>\n<\/tbody>\n<\/table>\n<p>&nbsp;<\/p>\n<p style=\"text-align: center;\"><span style=\"font-size: 10pt;\">\u00a0 <\/span><\/p>\n<p style=\"text-align: center;\"><span style=\"font-size: 10pt;\"><span style=\"vertical-align: inherit;\"><span style=\"vertical-align: inherit;\">celkov\u00e1 d\u013a\u017eka cca. <\/span><span style=\"vertical-align: inherit;\">157 cm <\/span><\/span><\/span>(\u0161aty sa daj\u00fa skr\u00e1ti\u0165 pod\u013ea vlastnej chuti)<\/p>\n<p style=\"text-align: center;\"><span style=\"font-size: 10pt;\"><strong>\u00a0<\/strong>\u00a0<\/span><\/p>\n<table width=\"620\">\n<tbody>\n<tr>\n<td width=\"302\"><span style=\"vertical-align: inherit;\"><span style=\"vertical-align: inherit;\">Meno modela<\/span><\/span><\/td>\n<td width=\"302\"><span style=\"vertical-align: inherit;\"><span style=\"vertical-align: inherit;\">BUGATTI<\/span><\/span><\/td>\n<\/tr>\n<tr>\n<td width=\"302\"><span style=\"vertical-align: inherit;\"><span style=\"vertical-align: inherit;\">Farba<\/span><\/span><\/td>\n<td width=\"302\"><span style=\"vertical-align: inherit;\"><span style=\"vertical-align: inherit;\">biely<\/span><\/span><\/td>\n<\/tr>\n<tr>\n<td width=\"302\"><span style=\"vertical-align: inherit;\"><span style=\"vertical-align: inherit;\">Marka<\/span><\/span><\/td>\n<td width=\"302\"><span style=\"vertical-align: inherit;\"><span style=\"vertical-align: inherit;\">Pekn\u00e1 \u017eena\u00a0<\/span><\/span><\/td>\n<\/tr>\n<tr>\n<td width=\"302\"><span style=\"vertical-align: inherit;\"><span style=\"vertical-align: inherit;\">ve\u013ekosti<\/span><\/span><\/td>\n<td width=\"302\"><span style=\"vertical-align: inherit;\"><span style=\"vertical-align: inherit;\">34 36 38 40 42 44 46<\/span><\/span><\/td>\n<\/tr>\n<tr>\n<td width=\"302\"><span style=\"vertical-align: inherit;\"><span style=\"vertical-align: inherit;\">M\u00f3da<\/span><\/span><\/td>\n<td width=\"302\"><span style=\"vertical-align: inherit;\"><span style=\"vertical-align: inherit;\">Zhoda<\/span><\/span><\/td>\n<\/tr>\n<tr>\n<td width=\"302\"><span style=\"vertical-align: inherit;\"><span style=\"vertical-align: inherit;\">Materi\u00e1l<\/span><\/span><\/td>\n<td width=\"302\"><span style=\"vertical-align: inherit;\"><span style=\"vertical-align: inherit;\">Visk\u00f3za, polyester, bavlna<\/span><\/span><\/td>\n<\/tr>\n<tr>\n<td width=\"302\"><span style=\"vertical-align: inherit;\"><span style=\"vertical-align: inherit;\">D\u013a\u017eka<\/span><\/span><\/td>\n<td width=\"302\"><span style=\"vertical-align: inherit;\"><span style=\"vertical-align: inherit;\">Na zem <\/span><\/span><\/td>\n<\/tr>\n<\/tbody>\n<\/table>\n<p style=\"text-align: center;\"><span style=\"font-size: 10pt;\">\u00a0<\/span><\/p>\n<p style=\"text-align: center;\">Aby ste si vybrali\u00a0<strong>perfektn\u00e9 \u0161aty<\/strong>\u00a0kontaktujte n\u00e1s pros\u00edm telefonicky alebo cez n\u00e1\u0161 facebook.<br \/>\nN\u00e1\u0161 t\u00edm v\u00e1m pom\u00f4\u017ee\u00a0<strong>Vyberte si ten spr\u00e1vny<\/strong>\u00a0.\u00a0<strong>Na \u017eelanie kupuj\u00faceho vyrob\u00edme ak\u00e9ko\u013evek \u0161aty\u00a0<\/strong><strong>opatrne mera\u0165.\u00a0<\/strong><\/p>\n<div class=\"additional-details\" style=\"text-align: center;\">\n<p style=\"text-align: center;\"><span style=\"font-size: 10pt;\">\u00a0<\/span><\/p>\n<\/div>","protected":false},"excerpt":{"rendered":"<p>Sukienka Bugatti D\u0142uga Bia\u0142a \u00a0Pi\u0119kna d\u0142uga suknia ze zwiewnego materia\u0142u z koronkow\u0105 g\u00f3r\u0105 zdobion\u0105 cudownymi haftami oraz zdobieniami w postaci zmieniaj\u0105cych si\u0119 kryszta\u0142k\u00f3w. Pi\u0119knie eksponuje kobiece kszta\u0142ty wykonana w ca\u0142o\u015bci z lej\u0105cego si\u0119 materia\u0142u. Sukienka posiada dekolt pod szyjk\u0119 na wysoko\u015b\u0107 pasa zw\u0119\u017cana pi\u0119knie podkre\u015blaj\u0105ca tali\u0119. Dost\u0119pna w wersji\u00a0d\u0142ugiej i kr\u00f3tkiej. Sukienka Bugatti w kolorze<\/p>\n<div class=\"klb-readmore post-buttons\"><a class=\"button black outline size-sm\" href=\"https:\/\/madelinefashion.pl\/sk\/sukienka-bugatti-dluga-biala\/\">\u010c\u00edta\u0165 \u010falej <i class=\"klbth-icon-right-arrow\"><\/i><\/a><\/div>","protected":false},"featured_media":4244,"template":"","meta":[],"product_brand":[],"product_cat":[124,395,564,568,632],"product_tag":[257,385,219,163],"class_list":{"0":"post-1588","1":"product","2":"type-product","3":"status-publish","4":"has-post-thumbnail","6":"product_cat-sukienki-okolicznosciowe","7":"product_cat-nowosci","8":"product_cat-sukienki-plus-size","9":"product_cat-sukienki-rozkloszowane-szyfonowe","10":"product_cat-suknie-slubne-rozkloszowane","11":"product_tag-madelinefashion","12":"product_tag-plus-size","13":"product_tag-sukienka-biala","14":"product_tag-sukienki-dlugie","16":"first","17":"instock","18":"purchasable","19":"product-type-variable"},"_links":{"self":[{"href":"https:\/\/madelinefashion.pl\/sk\/wp-json\/wp\/v2\/product\/1588","targetHints":{"allow":["GET"]}}],"collection":[{"href":"https:\/\/madelinefashion.pl\/sk\/wp-json\/wp\/v2\/product"}],"about":[{"href":"https:\/\/madelinefashion.pl\/sk\/wp-json\/wp\/v2\/types\/product"}],"wp:featuredmedia":[{"embeddable":true,"href":"https:\/\/madelinefashion.pl\/sk\/wp-json\/wp\/v2\/media\/4244"}],"wp:attachment":[{"href":"https:\/\/madelinefashion.pl\/sk\/wp-json\/wp\/v2\/media?parent=1588"}],"wp:term":[{"taxonomy":"product_brand","embeddable":true,"href":"https:\/\/madelinefashion.pl\/sk\/wp-json\/wp\/v2\/product_brand?post=1588"},{"taxonomy":"product_cat","embeddable":true,"href":"https:\/\/madelinefashion.pl\/sk\/wp-json\/wp\/v2\/product_cat?post=1588"},{"taxonomy":"product_tag","embeddable":true,"href":"https:\/\/madelinefashion.pl\/sk\/wp-json\/wp\/v2\/product_tag?post=1588"}],"curies":[{"name":"pracovn\u00fd list","href":"https:\/\/api.w.org\/{rel}","templated":true}]}}