{"id":16913,"date":"2021-08-18T17:01:17","date_gmt":"2021-08-18T15:01:17","guid":{"rendered":"https:\/\/madelinefashion.pl\/?post_type=product&#038;p=16913"},"modified":"2026-03-07T13:47:27","modified_gmt":"2026-03-07T12:47:27","slug":"sukienka-cekinowa-fushion-mini-czarna","status":"publish","type":"product","link":"https:\/\/madelinefashion.pl\/sk\/sukienka-cekinowa-fushion-mini-czarna\/","title":{"rendered":"Flitrov\u00e9 \u0161aty Fushion Mini Black"},"content":{"rendered":"<h3 style=\"text-align: center;\">Flitrov\u00e9 \u0161aty Fushion Mini Black<\/h3>\n<p style=\"text-align: center;\"><span style=\"font-size: 10pt;\">Kr\u00e1sne kr\u00e1tke spolo\u010densk\u00e9 \u0161aty zdoben\u00e9 flitrami a kor\u00e1lkami v podobe trblietav\u00fdch strapcov a kri\u0161t\u00e1\u013eov. Kr\u00e1sne odha\u013euje \u017eensk\u00e9 tvary. Vystavan\u00fd model bez ruk\u00e1vov m\u00e1 pod\u0161\u00edvku, zap\u00edna sa na skryt\u00fd zips na chrbte. \u0160aty s\u00fa vyroben\u00e9 z materi\u00e1lu, ktor\u00fd sa jemne podd\u00e1. Po\u013esk\u00e1 v\u00fdroba ako v\u017edy zaru\u010duje najvy\u0161\u0161iu kvalitu spracovania. C\u00ed\u0165te sa v\u00fdnimo\u010dne na ka\u017edej akcii a stavte na to <strong>mimoriadny model.\u00a0<\/strong><\/span><span style=\"font-size: 10pt;\">Zozn\u00e1mte sa s na\u0161ou ponukou <strong><a href=\"https:\/\/madelinefashion.pl\/sk\/sukienki-i-kombinezony\/sukienki-okolicznosciowe\/\">ve\u010dern\u00e9 \u0161aty<\/a>\u00a0a vyberte si model, <\/strong>v ktorom budete <strong>vyzera\u0165 ako hviezda a vy\u010dnieva\u0165 z davu. Mini\u0161aty sa vo svetle l\u00e1mp rozpr\u00e1vkovo trblietaj\u00fa. <\/strong>Nem\u00f4\u017eete by\u0165 k tomu \u013eahostajn\u00ed.<strong> Mini \u0161aty nad kolen\u00e1.<\/strong><\/span><span style=\"font-size: 10pt;\">\u00a0\u0160aty maj\u00fa vpredu v\u0161it\u00e9 ko\u0161\u00ed\u010dky, tak\u017ee nemus\u00edte nosi\u0165 podprsenku. Vyroben\u00e9 a \u0161it\u00e9 v Po\u013esku. <strong>Fusion \u0161aty <\/strong>\u00a0k dispoz\u00edcii <\/span><span style=\"font-size: 10pt;\">\u00a0vo ve\u013ekostiach <strong>34, 36, 38 40<\/strong>\u00a0 . \u0160aty <strong>Pekn\u00e1 \u017eena<\/strong> je vynikaj\u00facou vo\u013ebou na svadbu, ples, Silvestra a in\u00e9 elegantn\u00e9 \u0161peci\u00e1lne udalosti. Dostupn\u00e9 na na\u0161om e-shope vo viacer\u00fdch farebn\u00fdch variantoch, tak nev\u00e1hajte a vyberte si t\u00fa, ktor\u00e1 je pre v\u00e1s ako stvoren\u00e1. Ak sa neviete rozhodn\u00fa\u0165 ak\u00fa farbu, <strong>ve\u013ekos\u0165<\/strong> je pre v\u00e1s to najlep\u0161ie <strong>kontaktuj n\u00e1s<\/strong> cez <a href=\"https:\/\/www.facebook.com\/madelinefashionbutik\" target=\"_blank\" rel=\"noopener\">Facebook<\/a> alebo <a href=\"https:\/\/madelinefashion.pl\/sk\/kontakt\/\">telef\u00f3n<\/a>. Ak ve\u013ekos\u0165 nie je na str\u00e1nke, kontaktujte n\u00e1s.\u00a0<\/span><\/p>\n<h3 style=\"text-align: center;\">ROZMERY \u0161iat:<\/h3>\n<table width=\"556\">\n<tbody>\n<tr>\n<td><strong>VE\u013dKOS\u0164<\/strong><\/td>\n<td><strong>poprsia<\/strong><\/td>\n<td><strong>P\u00e1s<\/strong><\/td>\n<td><strong>Boky<\/strong><\/td>\n<\/tr>\n<tr>\n<td><strong>34<\/strong><\/td>\n<td>84-86<\/td>\n<td>64-68<\/td>\n<td>\u00a082-90<\/td>\n<\/tr>\n<tr>\n<td><strong>36<\/strong><\/td>\n<td>88-90<\/td>\n<td>68-72<\/td>\n<td>\u00a086-92<\/td>\n<\/tr>\n<tr>\n<td><strong>38<\/strong><\/td>\n<td>92-94<\/td>\n<td>72-76<\/td>\n<td>\u00a090-96<\/td>\n<\/tr>\n<tr>\n<td><strong>40<\/strong><\/td>\n<td>96-98<\/td>\n<td>76-80<\/td>\n<td>\u00a094-106<\/td>\n<\/tr>\n<\/tbody>\n<\/table>\n<p>&nbsp;<\/p>\n<p style=\"text-align: center;\">\u00a0 celkov\u00e1 d\u013a\u017eka cca 93 cm<\/p>\n<p style=\"text-align: center;\">\u0160aty s\u00fa dostupn\u00e9 aj v in\u00fdch farb\u00e1ch - odpor\u00fa\u010dame v\u00e1m zozn\u00e1mi\u0165 sa s na\u0161imi \u010fal\u0161\u00edmi produktmi.<\/p>\n<p style=\"text-align: center;\">Rozmery sa m\u00f4\u017eu mierne l\u00ed\u0161i\u0165 od uveden\u00fdch +\/- 2cm.<\/p>\n<table>\n<tbody>\n<tr>\n<td width=\"302\">Meno modela<\/td>\n<td width=\"302\">Fushion Mini flitrov\u00e9 \u0161aty<\/td>\n<\/tr>\n<tr>\n<td width=\"302\">Farba<\/td>\n<td width=\"302\"><span style=\"font-size: 10pt;\">\u010dierna<\/span><\/td>\n<\/tr>\n<tr>\n<td width=\"302\">Marka<\/td>\n<td width=\"302\">Pekn\u00e1 \u017eena<\/td>\n<\/tr>\n<tr>\n<td width=\"302\">ve\u013ekosti<\/td>\n<td width=\"302\">34 36 38 40<\/td>\n<\/tr>\n<tr>\n<td width=\"302\">M\u00f3da<\/td>\n<td width=\"302\">Zhoda<\/td>\n<\/tr>\n<tr>\n<td width=\"302\">Materi\u00e1l<\/td>\n<td width=\"302\">Visk\u00f3za, polyester, bavlna<\/td>\n<\/tr>\n<tr>\n<td width=\"302\">D\u013a\u017eka<\/td>\n<td width=\"302\">Mini<\/td>\n<\/tr>\n<\/tbody>\n<\/table>\n<p>&nbsp;<\/p>\n<p style=\"text-align: center;\">Aby ste si vybrali\u00a0<strong>perfektn\u00e9 \u0161aty<\/strong>\u00a0kontaktujte n\u00e1s pros\u00edm telefonicky alebo cez n\u00e1\u0161 facebook.<br \/>\nN\u00e1\u0161 t\u00edm v\u00e1m pom\u00f4\u017ee\u00a0<strong>Vyberte si ten spr\u00e1vny<\/strong>\u00a0.\u00a0<strong>Na \u017eelanie kupuj\u00faceho vyrob\u00edme ak\u00e9ko\u013evek \u0161aty\u00a0<\/strong><strong>opatrne mera\u0165.\u00a0<\/strong><\/p>\n<div class=\"additional-details\">\n<p style=\"text-align: center;\">\n<\/div>","protected":false},"excerpt":{"rendered":"<p>Sukienka Cekinowa Fushion Mini Czarna Pi\u0119kna kr\u00f3tka suknia wieczorowa\u00a0 zdobiona cekinami oraz koralikami w postaci mieni\u0105cych fr\u0119dzli oraz kryszta\u0142k\u00f3w. Pi\u0119knie eksponuje kobiece kszta\u0142ty. Model zabudowany bez r\u0119kaw\u00f3w posiada podszewk\u0119, zapinana na kryty zamek na plecach. Sukienka wykonana jest z materia\u0142u, kt\u00f3ry delikatnie si\u0119 poddaj\u0119. Polska produkcja jak zawsz\u0119 gwarantuj\u0119 nam najwy\u017csz\u0105 jako\u015b\u0107 wykonania. Poczuj si\u0119<\/p>\n<div class=\"klb-readmore post-buttons\"><a class=\"button black outline size-sm\" href=\"https:\/\/madelinefashion.pl\/sk\/sukienka-cekinowa-fushion-mini-czarna\/\">\u010c\u00edta\u0165 \u010falej <i class=\"klbth-icon-right-arrow\"><\/i><\/a><\/div>","protected":false},"featured_media":50221,"template":"","meta":[],"product_brand":[],"product_cat":[124,395,558],"product_tag":[213,257,262],"class_list":{"0":"post-16913","1":"product","2":"type-product","3":"status-publish","4":"has-post-thumbnail","6":"product_cat-sukienki-okolicznosciowe","7":"product_cat-nowosci","8":"product_cat-sukienki-cekinowe","9":"product_tag-sukienka-czarna","10":"product_tag-madelinefashion","11":"product_tag-sukienki-krotkie","13":"first","14":"outofstock","15":"product-type-variable"},"_links":{"self":[{"href":"https:\/\/madelinefashion.pl\/sk\/wp-json\/wp\/v2\/product\/16913","targetHints":{"allow":["GET"]}}],"collection":[{"href":"https:\/\/madelinefashion.pl\/sk\/wp-json\/wp\/v2\/product"}],"about":[{"href":"https:\/\/madelinefashion.pl\/sk\/wp-json\/wp\/v2\/types\/product"}],"wp:featuredmedia":[{"embeddable":true,"href":"https:\/\/madelinefashion.pl\/sk\/wp-json\/wp\/v2\/media\/50221"}],"wp:attachment":[{"href":"https:\/\/madelinefashion.pl\/sk\/wp-json\/wp\/v2\/media?parent=16913"}],"wp:term":[{"taxonomy":"product_brand","embeddable":true,"href":"https:\/\/madelinefashion.pl\/sk\/wp-json\/wp\/v2\/product_brand?post=16913"},{"taxonomy":"product_cat","embeddable":true,"href":"https:\/\/madelinefashion.pl\/sk\/wp-json\/wp\/v2\/product_cat?post=16913"},{"taxonomy":"product_tag","embeddable":true,"href":"https:\/\/madelinefashion.pl\/sk\/wp-json\/wp\/v2\/product_tag?post=16913"}],"curies":[{"name":"pracovn\u00fd list","href":"https:\/\/api.w.org\/{rel}","templated":true}]}}