{"id":17216,"date":"2021-08-21T00:21:38","date_gmt":"2021-08-20T22:21:38","guid":{"rendered":"https:\/\/madelinefashion.pl\/?post_type=product&#038;p=17216"},"modified":"2026-03-25T10:53:27","modified_gmt":"2026-03-25T09:53:27","slug":"plaszcz-alpaka-z-kapturem-carolyn-czarny","status":"publish","type":"product","link":"https:\/\/madelinefashion.pl\/sk\/plaszcz-alpaka-z-kapturem-carolyn-czarny\/","title":{"rendered":"Kab\u00e1t z alpaky s kapuc\u0148ou Carolyn Black"},"content":{"rendered":"<h3 style=\"text-align: center;\">Kab\u00e1t z alpaky s kapuc\u0148ou Carolyn Black<\/h3>\n<p style=\"text-align: center;\"><strong>\u010cierny kab\u00e1t z alpaky s kapuc\u0148ou od Carolyn\u00a0 <\/strong>zap\u00ednanie na skryt\u00e9 patentky je to skuto\u010dn\u00e9 <strong>sez\u00f3nny hit<\/strong>. Je to spojenie elegancie, modernosti a funk\u010dnosti -<strong> \u010dierna<\/strong> Kab\u00e1t sa hod\u00ed ku ka\u017edej siluete a \u0161t\u00fdlu. Vyroben\u00fd z ve\u013emi m\u00f3dneho a mimoriadne pr\u00edjemn\u00e9ho materi\u00e1lu \u2013 \u201ealpaky\u201c. \u0160t\u00fdlov\u00fd d\u00e1msky kab\u00e1t starostlivo u\u0161it\u00fd z <strong>tepl\u00e9 a pr\u00edjemn\u00e9 na dotyk<\/strong> tkaniny. <strong>Kab\u00e1t z alpaky s kapuc\u0148ou<\/strong> tento model jednoduch\u00e9ho strihu zamaskuje nedokonalosti postavy a z\u00e1rove\u0148 v\u00e1m umo\u017en\u00ed zachova\u0165 si vo\u013enos\u0165 pohybu. Tepl\u00e9, ide\u00e1lne na jese\u0148 a jar. Oversize, vo\u013en\u00fd strih, ktor\u00fd sa hod\u00ed k elegantn\u00e9mu, le\u017e\u00e9rnemu aj \u0161portov\u00e9mu \u0161t\u00fdlu. Mys m\u00e1 <strong>vreck\u00e1<\/strong> na bokoch. M\u00e1 zap\u00ednanie na sponu. Charakter celku dod\u00e1vaj\u00fa \u0161irok\u00e9 man\u017eety na ruk\u00e1voch. Alpaka m\u00e1 kapuc\u0148u, a preto sa predstaven\u00fd model bude hodi\u0165 ako zateplen\u00e1 prikr\u00fdvka v ka\u017edodenn\u00fdch i pr\u00edle\u017eitostn\u00fdch \u0161tyliz\u00e1ci\u00e1ch. M\u00f4\u017eete ju skombinova\u0165 s na\u0161imi d\u017e\u00ednsami alebo vypasovan\u00fdmi suk\u0148ami. Na\u0161a v ka\u017edom \u010d\u00edsle <strong>kab\u00e1t z alpaky<\/strong> bude to vyzera\u0165 p\u00f4sobivo.<br \/>\n<strong>Perfektn\u00fd kab\u00e1t na ka\u017ed\u00fa pr\u00edle\u017eitos\u0165.<\/strong>\u00a0V na\u0161om internetovom obchode n\u00e1jdete ve\u013ek\u00fd v\u00fdber kab\u00e1tov za bezkonkuren\u010dn\u00e9 ceny <strong>n\u00edzka cena.<br \/>\n<\/strong>Hod\u00ed sa ku ka\u017ed\u00e9mu \u0161t\u00fdlu, na ka\u017edodenn\u00e9 nosenie, no v\u010faka spr\u00e1vnym doplnkom si vytvor\u00edte aj origin\u00e1lny ve\u010dern\u00fd outfit<strong>romantick\u00fa prech\u00e1dzku, ako aj pracovn\u00fd v\u00fdlet<\/strong>. Model vhodn\u00fd pre d\u00e1my nosiace ve\u013e <strong>SML XL<\/strong><strong>\u00a0 . Pridajte k svojej objedn\u00e1vke teraz m\u00f3dne vrchn\u00e9 oble\u010denie a vyst\u00fapte z davu origin\u00e1lnym vzh\u013eadom na sez\u00f3nu jese\u0148\/zima.<\/strong><\/p>\n<h2 style=\"text-align: center;\">rozmery kab\u00e1ta:<\/h2>\n<ul style=\"text-align: center;\">\n<li>Celkov\u00e1 d\u013a\u017eka: 86 cm<\/li>\n<li>\u0160\u00edrka od pazuchy po pazuchu: 60-64 cm<\/li>\n<li>Maxim\u00e1lny obvod hrudn\u00edka: 120 cm<\/li>\n<li>D\u013a\u017eka ruk\u00e1va od ramena 57 cm<\/li>\n<\/ul>\n<p style=\"text-align: center;\">Rozmery sa m\u00f4\u017eu mierne l\u00ed\u0161i\u0165 od uveden\u00fdch +\/- 2cm. V\u0161etky uveden\u00e9 rozmery s\u00fa meran\u00e9 plo\u0161ne.<\/p>\n<p style=\"text-align: center;\"><strong>\u00a0<\/strong><\/p>\n<table width=\"499\">\n<tbody>\n<tr>\n<td width=\"302\">Meno modela<\/td>\n<td width=\"302\">Kab\u00e1t z alpaky s kapuc\u0148ou Carolyn<\/td>\n<\/tr>\n<tr>\n<td width=\"302\">Farba<\/td>\n<td width=\"302\">\u010dierna<\/td>\n<\/tr>\n<tr>\n<td width=\"302\">Zbierka<\/td>\n<td width=\"302\">jar\/jese\u0148\/zima<\/td>\n<\/tr>\n<tr>\n<td width=\"302\">ve\u013ekosti<\/td>\n<td width=\"302\">Univerz\u00e1lny<\/td>\n<\/tr>\n<tr>\n<td width=\"302\">M\u00f3da<\/td>\n<td width=\"302\">nadrozmern\u00e9<\/td>\n<\/tr>\n<tr>\n<td width=\"302\">Hood<\/td>\n<td width=\"302\">\u00c1no<\/td>\n<\/tr>\n<tr>\n<td width=\"302\">Zaspievanie<\/td>\n<td width=\"302\">Sn\u00edmky<\/td>\n<\/tr>\n<tr>\n<td width=\"302\">Materi\u00e1l<\/td>\n<td width=\"302\">38,4% vlna; 23,51 TP3T polyester; 15,31 TP3T angora; 22,81 TP3T visk\u00f3za<\/td>\n<\/tr>\n<\/tbody>\n<\/table>\n<p style=\"text-align: center;\">Model m\u00e1\u00a0<strong>175<\/strong>\u00a0cm vysok\u00fd, nos\u00ed ho ka\u017ed\u00fd de\u0148\u00a0<strong>ve\u013ekos\u0165 S<\/strong><\/p>\n<section class=\"related products mb-80\"><\/section>","protected":false},"excerpt":{"rendered":"<p>P\u0142aszcz Alpaka z Kapturem Carolyn Czarny Czarny p\u0142aszcz alpaka z kapturem Carolyn\u00a0 zapinany na ukryte napy to prawdziwy hit sezonu. Jest to po\u0142\u0105czenie elegancji, nowoczesno\u015bci i funkcjonalno\u015bci \u2013 Czarny p\u0142aszczyk wpisuje si\u0119 w ka\u017cd\u0105 sylwetk\u0119 i stylizacj\u0119. Wykonany z bardzo modnego i niezwykle przyjemnego materia\u0142u &#8211; &#8222;alpaka&#8221; . Stylowy p\u0142aszcz damski starannie uszyty z ciep\u0142ej<\/p>\n<div class=\"klb-readmore post-buttons\"><a class=\"button black outline size-sm\" href=\"https:\/\/madelinefashion.pl\/sk\/plaszcz-alpaka-z-kapturem-carolyn-czarny\/\">\u010c\u00edta\u0165 \u010falej <i class=\"klbth-icon-right-arrow\"><\/i><\/a><\/div>","protected":false},"featured_media":17206,"template":"","meta":[],"product_brand":[],"product_cat":[118,395,279],"product_tag":[284],"class_list":{"0":"post-17216","1":"product","2":"type-product","3":"status-publish","4":"has-post-thumbnail","6":"product_cat-plaszcze","7":"product_cat-nowosci","8":"product_cat-plaszcze-wiosenne","9":"product_tag-alpaka","11":"first","12":"instock","13":"sale","14":"purchasable","15":"product-type-simple"},"_links":{"self":[{"href":"https:\/\/madelinefashion.pl\/sk\/wp-json\/wp\/v2\/product\/17216","targetHints":{"allow":["GET"]}}],"collection":[{"href":"https:\/\/madelinefashion.pl\/sk\/wp-json\/wp\/v2\/product"}],"about":[{"href":"https:\/\/madelinefashion.pl\/sk\/wp-json\/wp\/v2\/types\/product"}],"wp:featuredmedia":[{"embeddable":true,"href":"https:\/\/madelinefashion.pl\/sk\/wp-json\/wp\/v2\/media\/17206"}],"wp:attachment":[{"href":"https:\/\/madelinefashion.pl\/sk\/wp-json\/wp\/v2\/media?parent=17216"}],"wp:term":[{"taxonomy":"product_brand","embeddable":true,"href":"https:\/\/madelinefashion.pl\/sk\/wp-json\/wp\/v2\/product_brand?post=17216"},{"taxonomy":"product_cat","embeddable":true,"href":"https:\/\/madelinefashion.pl\/sk\/wp-json\/wp\/v2\/product_cat?post=17216"},{"taxonomy":"product_tag","embeddable":true,"href":"https:\/\/madelinefashion.pl\/sk\/wp-json\/wp\/v2\/product_tag?post=17216"}],"curies":[{"name":"pracovn\u00fd list","href":"https:\/\/api.w.org\/{rel}","templated":true}]}}