{"id":18566,"date":"2021-09-09T18:47:25","date_gmt":"2021-09-09T16:47:25","guid":{"rendered":"https:\/\/madelinefashion.pl\/?post_type=product&#038;p=18566"},"modified":"2025-09-09T10:33:18","modified_gmt":"2025-09-09T08:33:18","slug":"sukienka-brokatowa-dluga-ilona-na-ramiaczkach-lawendowe-srebro","status":"publish","type":"product","link":"https:\/\/madelinefashion.pl\/sk\/sukienka-brokatowa-dluga-ilona-na-ramiaczkach-lawendowe-srebro\/","title":{"rendered":"Dlh\u00e9 brok\u00e1tov\u00e9 \u0161aty Ilona s levandu\u013eov\u00fdmi strieborn\u00fdmi ramienkami"},"content":{"rendered":"<h3 style=\"text-align: center;\">Dlh\u00e9 brok\u00e1tov\u00e9 \u0161aty Ilona s levandu\u013eov\u00fdmi strieborn\u00fdmi ramienkami<\/h3>\n<p style=\"text-align: center;\"><strong>Fenomen\u00e1lne dlh\u00e9 brok\u00e1tov\u00e9 \u0161aty s rozparkom.<\/strong>\u00a0 Skvel\u00e9 brok\u00e1tov\u00e9 spolo\u010densk\u00e9 \u0161aty s v\u00fdstrihom do V - V kr\u00e1sne odha\u013euje poprsie. Spolo\u010densk\u00e9 \u0161aty ve\u013emi pekne padn\u00fa na postavu. Ilona Brokatowa Maxi roz\u0161\u00edren\u00e1 s remienkami bola vyroben\u00e1 a u\u0161it\u00e1 v Po\u013esku.\u00a0<strong>Brok\u00e1tov\u00e9 \u0161aty na ramienka<\/strong>\u00a0\u00a0kr\u00e1sne odha\u013euje aj chrb\u00e1t.\u00a0\u00a0\u00a0<strong>H\u013ead\u00e1te dokonal\u00e9 \u0161aty na svadbu, Silvestra, karneval \u010di ples<\/strong>? Tento model bude perfektne fungova\u0165. Trblietav\u00e9 \u0161aty -<strong>\u00a0je to n\u00e1dhern\u00e9 a vyzer\u00e1 to jednoducho \u00fa\u017easne<\/strong>\u00a0!! Brok\u00e1tov\u00e9 \u0161aty s\u00fa v\u00fdnimo\u010dne elegantn\u00e9 a vyzeraj\u00fa ako v\u00fdtvory filmov\u00fdch hviezd. Zozn\u00e1mte sa s na\u0161ou ponukou\u00a0<a href=\"https:\/\/madelinefashion.pl\/sk\/sukienki-i-kombinezony\/sukienki-okolicznosciowe\/\"><strong>ve\u010dern\u00e9 \u0161aty<\/strong><\/a>\u00a0a vyberte si model, v ktorom budete\u00a0<strong>vyzera\u0165 ako hviezda<\/strong>\u00a0a budete vy\u010dnieva\u0165 z davu. Maxi \u0161aty sa vo svetle l\u00e1mp rozpr\u00e1vkovo trblietaj\u00fa. Nem\u00f4\u017eete by\u0165 k tomu \u013eahostajn\u00ed. Maxi \u0161aty a\u017e po zem, roz\u0161\u00edren\u00e9, vypasovan\u00e9 a s hlbok\u00fdm v\u00fdstrihom.\u00a0<strong>Efekt dop\u013a\u0148a ve\u013ek\u00fd strih odha\u013euj\u00faci nohu.\u00a0<\/strong>Dostupn\u00e9 vo ve\u013ekostiach 34 36 38. \u0160aty\u00a0<strong>Pekn\u00e1 \u017eena<\/strong>\u00a0je vynikaj\u00facou vo\u013ebou na svadbu, ples, Silvestra a in\u00e9 elegantn\u00e9 \u0161peci\u00e1lne udalosti. Dostupn\u00e9 na na\u0161om e-shope vo viacer\u00fdch farebn\u00fdch variantoch, tak nev\u00e1hajte a vyberte si t\u00fa, ktor\u00e1 je pre v\u00e1s ako stvoren\u00e1. Ak sa neviete rozhodn\u00fa\u0165 ak\u00fa farbu,\u00a0<strong>ve\u013ekos\u0165<\/strong>\u00a0je pre v\u00e1s to najlep\u0161ie\u00a0<strong>kontaktuj n\u00e1s<\/strong>\u00a0cez\u00a0<a href=\"https:\/\/www.facebook.com\/madelinefashionbutik\" target=\"_blank\" rel=\"noopener\">Facebook<\/a>\u00a0alebo\u00a0<a href=\"https:\/\/madelinefashion.pl\/sk\/kontakt\/\">telef\u00f3n<\/a>. Ak ve\u013ekos\u0165 nie je na str\u00e1nke, kontaktujte n\u00e1s.<\/p>\n<h3 style=\"text-align: center;\"><span style=\"vertical-align: inherit;\"><span style=\"vertical-align: inherit;\">ROZMERY \u0161iat:<\/span><\/span><\/h3>\n<table width=\"556\">\n<tbody>\n<tr>\n<td width=\"202\"><strong>VE\u013dKOS\u0164<\/strong><\/td>\n<td><strong>poprsia<\/strong><\/td>\n<td><strong>P\u00e1s<\/strong><\/td>\n<td><strong>Boky<\/strong><\/td>\n<\/tr>\n<tr>\n<td width=\"202\"><strong>34<\/strong><\/td>\n<td>84-86<\/td>\n<td>64<\/td>\n<td>\u00a0Ak\u00e9ko\u013evek<\/td>\n<\/tr>\n<tr>\n<td width=\"202\"><strong>36<\/strong><\/td>\n<td>88-90<\/td>\n<td>68<\/td>\n<td>\u00a0Ak\u00e9ko\u013evek<\/td>\n<\/tr>\n<tr>\n<td width=\"202\"><strong>38<\/strong><\/td>\n<td>92-94<\/td>\n<td>72<\/td>\n<td>\u00a0Ak\u00e9ko\u013evek<\/td>\n<\/tr>\n<\/tbody>\n<\/table>\n<p style=\"text-align: center;\">\u00a0 celkov\u00e1 d\u013a\u017eka cca 158 cm (\u0161aty sa daj\u00fa skr\u00e1ti\u0165 pod\u013ea vlastn\u00e9ho uv\u00e1\u017eenia)<\/p>\n<p style=\"text-align: center;\">\u0160aty s\u00fa dostupn\u00e9 aj v in\u00fdch farb\u00e1ch - odpor\u00fa\u010dame v\u00e1m zozn\u00e1mi\u0165 sa s na\u0161imi \u010fal\u0161\u00edmi produktmi.<\/p>\n<p style=\"text-align: center;\">Rozmery sa m\u00f4\u017eu mierne l\u00ed\u0161i\u0165 od uveden\u00fdch +\/- 2cm.<\/p>\n<p style=\"text-align: center;\"><strong>\u00a0<\/strong><\/p>\n<p>&nbsp;<\/p>\n<table>\n<tbody>\n<tr>\n<td width=\"302\"><span style=\"vertical-align: inherit;\"><span style=\"vertical-align: inherit;\">Meno modela<\/span><\/span><\/td>\n<td width=\"302\"><span style=\"vertical-align: inherit;\"><span style=\"vertical-align: inherit;\">Dlh\u00e9 brok\u00e1tov\u00e9 \u0161aty Ilona s ramienkami<\/span><\/span><\/td>\n<\/tr>\n<tr>\n<td width=\"302\"><span style=\"vertical-align: inherit;\"><span style=\"vertical-align: inherit;\">Farba<\/span><\/span><\/td>\n<td width=\"302\"><span style=\"vertical-align: inherit;\"><span style=\"vertical-align: inherit;\">\u010cu\u010doriedkov\u00fd\u00a0<\/span><\/span><\/td>\n<\/tr>\n<tr>\n<td width=\"302\"><span style=\"vertical-align: inherit;\"><span style=\"vertical-align: inherit;\">Marka<\/span><\/span><\/td>\n<td width=\"302\">Pekn\u00e1 \u017eena<\/td>\n<\/tr>\n<tr>\n<td width=\"302\"><span style=\"vertical-align: inherit;\"><span style=\"vertical-align: inherit;\">ve\u013ekosti<\/span><\/span><\/td>\n<td width=\"302\"><span style=\"vertical-align: inherit;\"><span style=\"vertical-align: inherit;\">34 36 38<\/span><\/span><\/td>\n<\/tr>\n<tr>\n<td width=\"302\"><span style=\"vertical-align: inherit;\"><span style=\"vertical-align: inherit;\">M\u00f3da<\/span><\/span><\/td>\n<td width=\"302\"><span style=\"vertical-align: inherit;\"><span style=\"vertical-align: inherit;\">Zhoda<\/span><\/span><\/td>\n<\/tr>\n<tr>\n<td width=\"302\"><span style=\"vertical-align: inherit;\"><span style=\"vertical-align: inherit;\">Materi\u00e1l<\/span><\/span><\/td>\n<td width=\"302\"><span style=\"vertical-align: inherit;\"><span style=\"vertical-align: inherit;\">Visk\u00f3za, polyester, bavlna<\/span><\/span><\/td>\n<\/tr>\n<tr>\n<td width=\"302\"><span style=\"vertical-align: inherit;\"><span style=\"vertical-align: inherit;\">D\u013a\u017eka<\/span><\/span><\/td>\n<td width=\"302\"><span style=\"vertical-align: inherit;\"><span style=\"vertical-align: inherit;\">Na zem<\/span><\/span><\/td>\n<\/tr>\n<\/tbody>\n<\/table>\n<p>&nbsp;<\/p>\n<p style=\"text-align: center;\"><span style=\"vertical-align: inherit;\"><span style=\"vertical-align: inherit;\">Aby ste si vybrali\u00a0 <\/span><\/span><strong><span style=\"vertical-align: inherit;\"><span style=\"vertical-align: inherit;\">perfektn\u00e9 \u0161aty<\/span><\/span><\/strong><span style=\"vertical-align: inherit;\"><span style=\"vertical-align: inherit;\"> \u00a0kontaktujte n\u00e1s telefonicky alebo prostredn\u00edctvom na\u0161ej webovej str\u00e1nky <\/span><\/span><a href=\"https:\/\/www.facebook.com\/madelinefashionbutik\" target=\"_blank\" rel=\"noopener\"><span style=\"vertical-align: inherit;\"><span style=\"vertical-align: inherit;\">Facebook<\/span><\/span><\/a><span style=\"vertical-align: inherit;\"><span style=\"vertical-align: inherit;\"> . <\/span><\/span><br \/>\n<span style=\"vertical-align: inherit;\"><span style=\"vertical-align: inherit;\">N\u00e1\u0161 t\u00edm v\u00e1m pom\u00f4\u017ee\u00a0 <\/span><\/span><strong><span style=\"vertical-align: inherit;\"><span style=\"vertical-align: inherit;\">ten, kto kontroluje<\/span><\/span><\/strong><span style=\"vertical-align: inherit;\"><span style=\"vertical-align: inherit;\"> \u00a0.\u00a0<\/span><\/span><strong><span style=\"vertical-align: inherit;\"><span style=\"vertical-align: inherit;\">Ak\u00e9ko\u013evek \u0161aty vieme k\u00fapi\u0165 na \u017eelanie\u00a0 <\/span><\/span><\/strong><strong><span style=\"vertical-align: inherit;\"><span style=\"vertical-align: inherit;\">dla\u017eba s mierou.\u00a0<\/span><\/span><\/strong><\/p>\n<div class=\"additional-details\">\n<p style=\"text-align: center;\">\n<\/div>","protected":false},"excerpt":{"rendered":"<p>Sukienka Brokatowa D\u0142uga Ilona Na Rami\u0105czkach Lawendowe Srebro Fenomenalna d\u0142uga suknia brokatowa z rozci\u0119ciem.\u00a0 Wspania\u0142a suknia wieczorowa brokatowa z dekoltem w szpic \u2013 V pi\u0119knie eksponuje biust.\u00a0 Suknia wieczorowa bardzo \u0142adnie dopasowuje si\u0119 do sylwetki. Ilona Brokatowa Maxi rozkloszowana na rami\u0105czka\u00a0 zosta\u0142a wyprodukowana i uszyta w Polsce.\u00a0Sukienka Brokatowa na rami\u0105czkach\u00a0\u00a0pi\u0119knie eksponuje r\u00f3wnie\u017c plecy.\u00a0\u00a0\u00a0Szukasz doskona\u0142ej sukni<\/p>\n<div class=\"klb-readmore post-buttons\"><a class=\"button black outline size-sm\" href=\"https:\/\/madelinefashion.pl\/sk\/sukienka-brokatowa-dluga-ilona-na-ramiaczkach-lawendowe-srebro\/\">\u010c\u00edta\u0165 \u010falej <i class=\"klbth-icon-right-arrow\"><\/i><\/a><\/div>","protected":false},"featured_media":55055,"template":"","meta":[],"product_brand":[],"product_cat":[124,395,560],"product_tag":[257,163],"class_list":{"0":"post-18566","1":"product","2":"type-product","3":"status-publish","4":"has-post-thumbnail","6":"product_cat-sukienki-okolicznosciowe","7":"product_cat-nowosci","8":"product_cat-sukienki-brokatowe","9":"product_tag-madelinefashion","10":"product_tag-sukienki-dlugie","12":"first","13":"instock","14":"product-type-variable"},"_links":{"self":[{"href":"https:\/\/madelinefashion.pl\/sk\/wp-json\/wp\/v2\/product\/18566","targetHints":{"allow":["GET"]}}],"collection":[{"href":"https:\/\/madelinefashion.pl\/sk\/wp-json\/wp\/v2\/product"}],"about":[{"href":"https:\/\/madelinefashion.pl\/sk\/wp-json\/wp\/v2\/types\/product"}],"wp:featuredmedia":[{"embeddable":true,"href":"https:\/\/madelinefashion.pl\/sk\/wp-json\/wp\/v2\/media\/55055"}],"wp:attachment":[{"href":"https:\/\/madelinefashion.pl\/sk\/wp-json\/wp\/v2\/media?parent=18566"}],"wp:term":[{"taxonomy":"product_brand","embeddable":true,"href":"https:\/\/madelinefashion.pl\/sk\/wp-json\/wp\/v2\/product_brand?post=18566"},{"taxonomy":"product_cat","embeddable":true,"href":"https:\/\/madelinefashion.pl\/sk\/wp-json\/wp\/v2\/product_cat?post=18566"},{"taxonomy":"product_tag","embeddable":true,"href":"https:\/\/madelinefashion.pl\/sk\/wp-json\/wp\/v2\/product_tag?post=18566"}],"curies":[{"name":"pracovn\u00fd list","href":"https:\/\/api.w.org\/{rel}","templated":true}]}}