{"id":1884,"date":"2020-05-04T19:53:37","date_gmt":"2020-05-04T19:53:37","guid":{"rendered":"http:\/\/serwer2078743.home.pl\/?post_type=product&#038;p=1884"},"modified":"2026-01-20T10:34:50","modified_gmt":"2026-01-20T09:34:50","slug":"tunika-perfect-czarna","status":"publish","type":"product","link":"https:\/\/madelinefashion.pl\/sk\/tunika-perfect-czarna\/","title":{"rendered":"Perfektn\u00e1 \u010dierna tunika"},"content":{"rendered":"<h2 style=\"text-align: center;\">Perfektn\u00e1 \u010dierna tunika<\/h2>\n<p style=\"text-align: center;\">H\u013ead\u00e1te pohodln\u00e9 a <strong>\u0161t\u00fdlov\u00e1 tunika<\/strong>ktor\u00e9 m\u00f4\u017eete nosi\u0165 aj vy <a href=\"https:\/\/madelinefashion.pl\/sk\/sukienki-i-kombinezony\/sukienki\/\" target=\"_blank\" rel=\"noopener\">\u0161aty<\/a>\u00a0alebo tunika? Pozrite si na\u0161e\u00a0<strong>tuniky <\/strong>! \u013dahk\u00e1 tunika sa bude hodi\u0165 v ka\u017edom ro\u010dnom obdob\u00ed. Tunika na prednej strane m\u00e1 ozdobn\u00fd n\u00e1pis:\u00a0<strong> Nie som perfektn\u00e1 top\u00e1nka, som limitovan\u00e1 ed\u00edcia<\/strong>. Vyroben\u00e9 z pr\u00edjemn\u00e9ho a \u013eahk\u00e9ho materi\u00e1lu. Klasick\u00fd strih sa bude hodi\u0165 do \u0161koly, pr\u00e1ce alebo na ka\u017edodenn\u00e9 vych\u00e1dzky. Predn\u00e1 strana tuniky je potiahnut\u00e1 ala semi\u0161om a na bokoch m\u00e1 rozparok. <strong>\u010cierna tunika<\/strong> je dokonal\u00fdm n\u00e1padom pre pohodln\u00fd a m\u00f3dny styling. Odpor\u00fa\u010dame pre d\u00e1my vo ve\u013ekosti SML XL XXL. <strong>Roz\u0161\u00edren\u00e1 tunika do A<\/strong><\/p>\n<h3 style=\"text-align: center;\">\u00a0 \u00a0 \u00a0 \u00a0Rozmery<\/h3>\n<ul style=\"text-align: center;\">\n<li style=\"list-style-type: none;\">\n<ul>\n<li>\u00a0\u00a0\u00a0\u00a0\u00a0\u00a0\u00a0 celkov\u00e1 d\u013a\u017eka: 100 cm<\/li>\n<li>\u00a0\u00a0\u00a0\u00a0\u00a0\u00a0\u00a0 \u0161\u00edrka od pazuchy po pazuchu: 57-62 cm<\/li>\n<li>\u00a0\u00a0\u00a0\u00a0\u00a0\u00a0\u00a0 d\u013a\u017eka ruk\u00e1va od ramena: 61 cm<\/li>\n<li>\u00a0\u00a0\u00a0\u00a0\u00a0\u00a0\u00a0 d\u013a\u017eka ruk\u00e1va od pazuchy: 46 cm<\/li>\n<li>\u00a0\u00a0\u00a0\u00a0\u00a0\u00a0\u00a0 odpor\u00fa\u010dan\u00fd maxim\u00e1lny obvod poprsia: 122 cm<br \/>\n\u0161\u00edrka dole: 88 cm<\/li>\n<\/ul>\n<\/li>\n<\/ul>\n<p style=\"text-align: center;\">Rozmery sa m\u00f4\u017eu mierne l\u00ed\u0161i\u0165 od uveden\u00fdch +\/- 2cm. V\u0161etky uveden\u00e9 rozmery s\u00fa meran\u00e9 plo\u0161ne.<\/p>\n<table>\n<tbody>\n<tr>\n<td width=\"302\">Meno modela<\/td>\n<td width=\"302\">Perfektn\u00e1 tunika<\/td>\n<\/tr>\n<tr>\n<td width=\"302\">Farba<\/td>\n<td width=\"302\">\u010dierna<\/td>\n<\/tr>\n<tr>\n<td width=\"302\">ve\u013ekosti<\/td>\n<td width=\"302\">Univerz\u00e1lny<\/td>\n<\/tr>\n<tr>\n<td width=\"302\">M\u00f3da<\/td>\n<td width=\"302\">nadrozmern\u00e9<\/td>\n<\/tr>\n<tr>\n<td width=\"302\">Materi\u00e1l<\/td>\n<td width=\"302\">95 % Bavlna 5lastan<\/td>\n<\/tr>\n<\/tbody>\n<\/table>\n<p>&nbsp;<\/p>\n<div class=\"tabs tabs-bb clear mb-80\">\n<div class=\"tab-content\">\n<div id=\"tab-description\" class=\"tab-pane fade in woocommerce-Tabs-panel--description active\">\n<p style=\"text-align: center;\">\u00a0Model m\u00e1\u00a0<strong>175<\/strong>\u00a0cm vysok\u00fd, nos\u00ed ve\u013ekos\u0165 ka\u017ed\u00fd de\u0148\u00a0<strong>S<\/strong><\/p>\n<p>&nbsp;<\/p>\n<\/div>\n<\/div>\n<\/div>\n<section class=\"up-sells upsells products mb-80\"><\/section>\n<p style=\"text-align: center;\">","protected":false},"excerpt":{"rendered":"<p>Tunika Perfect Czarna Szukasz wygodnej i stylowej Tuniki, kt\u00f3r\u0105 mo\u017cesz nosi\u0107 r\u00f3wnie\u017c jako sukienk\u0119\u00a0lub tunik\u0119? Sprawd\u017a nasze\u00a0tuniki ! Lekka tunika sprawdzi si\u0119 idealnie na ka\u017cd\u0105 por\u0119 roku. Tunika z przodu posiada ozdobny napis:\u00a0 I&#8217;m not Perfect but, I&#8217;m Limited Edition. Wykonana z przyjemnego i lekkiego materia\u0142u. Klasyczny fason b\u0119dzie idealny do szko\u0142y, pracy czy te\u017c<\/p>\n<div class=\"klb-readmore post-buttons\"><a class=\"button black outline size-sm\" href=\"https:\/\/madelinefashion.pl\/sk\/tunika-perfect-czarna\/\">\u010c\u00edta\u0165 \u010falej <i class=\"klbth-icon-right-arrow\"><\/i><\/a><\/div>","protected":false},"featured_media":6386,"template":"","meta":[],"product_brand":[],"product_cat":[77,80],"product_tag":[296],"class_list":{"0":"post-1884","1":"product","2":"type-product","3":"status-publish","4":"has-post-thumbnail","6":"product_cat-bluzki","7":"product_cat-sukienki-i-kombinezony","8":"product_tag-tuniki","10":"first","11":"instock","12":"sale","13":"purchasable","14":"product-type-simple"},"_links":{"self":[{"href":"https:\/\/madelinefashion.pl\/sk\/wp-json\/wp\/v2\/product\/1884","targetHints":{"allow":["GET"]}}],"collection":[{"href":"https:\/\/madelinefashion.pl\/sk\/wp-json\/wp\/v2\/product"}],"about":[{"href":"https:\/\/madelinefashion.pl\/sk\/wp-json\/wp\/v2\/types\/product"}],"wp:featuredmedia":[{"embeddable":true,"href":"https:\/\/madelinefashion.pl\/sk\/wp-json\/wp\/v2\/media\/6386"}],"wp:attachment":[{"href":"https:\/\/madelinefashion.pl\/sk\/wp-json\/wp\/v2\/media?parent=1884"}],"wp:term":[{"taxonomy":"product_brand","embeddable":true,"href":"https:\/\/madelinefashion.pl\/sk\/wp-json\/wp\/v2\/product_brand?post=1884"},{"taxonomy":"product_cat","embeddable":true,"href":"https:\/\/madelinefashion.pl\/sk\/wp-json\/wp\/v2\/product_cat?post=1884"},{"taxonomy":"product_tag","embeddable":true,"href":"https:\/\/madelinefashion.pl\/sk\/wp-json\/wp\/v2\/product_tag?post=1884"}],"curies":[{"name":"pracovn\u00fd list","href":"https:\/\/api.w.org\/{rel}","templated":true}]}}