{"id":20180,"date":"2021-09-26T12:37:31","date_gmt":"2021-09-26T10:37:31","guid":{"rendered":"https:\/\/madelinefashion.pl\/?post_type=product&#038;p=20180"},"modified":"2026-01-20T10:34:13","modified_gmt":"2026-01-20T09:34:13","slug":"bluza-z-zamkiem-na-skos-kornelia-jasno-szara","status":"publish","type":"product","link":"https:\/\/madelinefashion.pl\/sk\/bluza-z-zamkiem-na-skos-kornelia-jasno-szara\/","title":{"rendered":"Svetlosiv\u00e1 mikina na zips Kornelia"},"content":{"rendered":"<h3 style=\"text-align: center;\">Svetlosiv\u00e1 mikina na zips Kornelia<\/h3>\n<p style=\"text-align: center;\"><strong>Svetlosiv\u00e1 mikina na zips Kornelia<\/strong>je ide\u00e1lnym modelom na prech\u00e1dzky, von aj na dlh\u00e9 zimn\u00e9 ve\u010dery doma. \u00daspe\u0161ne ho m\u00f4\u017eete nosi\u0165 na ka\u017edodenn\u00e9 vych\u00e1dzky, do <strong>pr\u00e1cu, rodinn\u00e9 stretnutia a stretnutia s priate\u013emi.<\/strong>\u00a0 N\u00e1\u0161 model so s\u0165ahovac\u00edm golierom a <strong>\u0161ikm\u00fd z\u00e1mok<\/strong>\u00a0je to ve\u013emi \u017eensk\u00e9 a o\u010daruj\u00face. Ur\u010dite to prispeje k v\u00e1\u0161mu \u0161t\u00fdlu <strong>nad\u010dasov\u00fd charakter.<\/strong> Skvel\u00e1 d\u00e1mska mikina<strong> vo\u013en\u00fd strih,<\/strong> zap\u00edna sa vpredu na zips. Bol vyroben\u00fd z kvalitnej bavlnenej l\u00e1tky, ktor\u00e1 je ve\u013emi <strong>pr\u00edjemn\u00e9 na telo a dobre sed\u00ed. <\/strong>Oversize strih umo\u017e\u0148uje vo\u013enos\u0165 pohybu. Mikinu m\u00f4\u017eete skombinova\u0165 s ob\u013e\u00faben\u00fdmi d\u017e\u00ednsami alebo leg\u00ednami. Ak h\u013ead\u00e1te jednoduch\u00e9, no z\u00e1rove\u0148 origin\u00e1lne rie\u0161enia, t\u00e1to mikina bude<strong> perfektn\u00e9<\/strong> p<strong>n\u00e1vrh pre v\u00e1s<\/strong>. Funk\u010dn\u00fd strih, zap\u00ednanie na zips s vreckami na prednej strane.<strong>Tepl\u00e1 mikina so s\u0165ahovacou \u0161n\u00farkou v spodnej \u010dasti<\/strong> - ur\u010dite v\u00e1s pote\u0161\u00ed. Mikina to<strong> podstatn\u00fd prvok<\/strong> d\u00e1msky \u0161atn\u00edk. Vo\u013enej\u0161ia mikina so s\u0165ahovac\u00edm golierom je produkt, ktor\u00fd mus\u00edte ma\u0165 <strong>v\u00e1\u0161 \u0161atn\u00edk<\/strong>. Oversize mikina ide\u00e1lna pre \u017eeny, ktor\u00e9 si cenia pohodlie. Dlh\u00e1 mikina bude vyzera\u0165 skvele s teniskami. <strong>V tejto bl\u00fazke<\/strong> ur\u010dite bude\u0161 <strong>vynikn\u00fa\u0165 s<\/strong> <strong>dav.\u00a0<\/strong> Ide\u00e1lna ponuka na jesenn\u00e9 a zimn\u00e9 dni!! N\u00e1\u0161 model perfektne sed\u00ed <a href=\"https:\/\/madelinefashion.pl\/sk\/spodnie\/\">d\u017e\u00ednsy <\/a>.\u00a0<strong>Najpred\u00e1vanej\u0161\u00ed model<\/strong> hodia sa k \u0161portov\u00e9mu aj le\u017e\u00e9rnemu \u0161t\u00fdlu a najnov\u0161\u00edm trendom je jednoducho kombin\u00e1cia oboch \u0161t\u00fdlov \u2013 \u0161portov\u00e9ho a elegantn\u00e9ho. In\u0161pirujte sa outfitmi blogeriek \u010di celebr\u00edt - Dopl\u0148te svoj \u0161atn\u00edk o Mikinu - Oversize. Ve\u013ekos\u0165 je univerz\u00e1lna a bude vhodn\u00e1 pre <b>D\u00e1mske ve\u013ekosti S, M, L, XL<\/b><\/p>\n<h3 style=\"text-align: center;\">Charakteristika:<\/h3>\n<p style=\"text-align: center;\">\u2013 mikina so s\u0165ahovac\u00edm golierom<br \/>\n\u2013 tepl\u00e9 a m\u00e4kk\u00e9, ide\u00e1lne na chladn\u00e9 jarn\u00e9 a zimn\u00e9 dni<br \/>\n- zap\u00edna sa na zips<br \/>\n- predn\u00e9 vreck\u00e1<br \/>\n- dlh\u00e1 bl\u00fazka<\/p>\n<h3 style=\"text-align: center;\">Rozmery:<\/h3>\n<ul style=\"text-align: center;\">\n<li>Celkov\u00e1 predn\u00e1 d\u013a\u017eka: 86 cm<\/li>\n<li>\u0160\u00edrka v podpazu\u0161\u00ed: 49 cm x2<\/li>\n<li>D\u013a\u017eka ruk\u00e1va od podpazu\u0161ia: 47 cm<\/li>\n<li>\u0160\u00edrka v p\u00e1se: 50 cm<\/li>\n<li>\u0160\u00edrka v spodnej \u010dasti: 54 cm x 2 (\u0161n\u00farka)<\/li>\n<li>Obvod hrudn\u00edka max 110 cm<\/li>\n<\/ul>\n<p style=\"text-align: center;\">Rozmery sa m\u00f4\u017eu mierne l\u00ed\u0161i\u0165 od uveden\u00fdch +\/- 2cm. V\u0161etky uveden\u00e9 rozmery s\u00fa meran\u00e9 plo\u0161ne. rozmer x2<\/p>\n<p style=\"text-align: center;\"><span style=\"font-size: 10pt;\">\u00a0<\/span><\/p>\n<p style=\"text-align: center;\"><span style=\"font-size: 10pt;\">\u00a0<\/span><\/p>\n<table width=\"608\">\n<tbody>\n<tr>\n<td width=\"302\">Meno modela<\/td>\n<td width=\"302\">Mikina Cornelia so zipsom<\/td>\n<\/tr>\n<tr>\n<td width=\"302\">Farba<\/td>\n<td width=\"302\">Svetlo siv\u00e1<\/td>\n<\/tr>\n<tr>\n<td width=\"302\">ve\u013ekosti<\/td>\n<td width=\"302\">Univerz\u00e1lny<\/td>\n<\/tr>\n<tr>\n<td width=\"302\">M\u00f3da<\/td>\n<td width=\"302\">nadrozmern\u00e9<\/td>\n<\/tr>\n<tr>\n<td width=\"302\">Materi\u00e1l<\/td>\n<td width=\"302\">Bavlna 95%, Elastan 5%<\/td>\n<\/tr>\n<\/tbody>\n<\/table>\n<p style=\"text-align: center;\"><span style=\"font-size: 10pt;\">\u00a0<\/span><\/p>\n<div class=\"tabs tabs-bb clear mb-80\">\n<div class=\"tab-content\">\n<div id=\"tab-description\" class=\"tab-pane fade in woocommerce-Tabs-panel--description active\">\n<p style=\"text-align: center;\">\u00a0Model m\u00e1\u00a0<strong>165<\/strong>\u00a0cm vysok\u00fd, nos\u00ed ve\u013ekos\u0165 ka\u017ed\u00fd de\u0148\u00a0<strong>S<\/strong><span style=\"font-size: 10pt;\">\u00a0<\/span><\/p>\n<\/div>\n<\/div>\n<\/div>","protected":false},"excerpt":{"rendered":"<p>Bluza Z Zamkiem Na Skos Kornelia Jasno Szara Bluza z zamkiem na skos Kornelia Jasno Szarato idealny model na spacery, wyj\u015bcia jak i d\u0142ugie zimowe wieczory w domu. Z powodzeniem mo\u017cesz j\u0105 ubra\u0107 na codzienne wyj\u015bcia, do pracy, spotkanie rodzinne i spotkania z przyjaci\u00f3\u0142mi.\u00a0 Nasz model z wywijanym ko\u0142nierzem\u00a0oraz zamkiem na skos\u00a0jest bardzo kobiecy i<\/p>\n<div class=\"klb-readmore post-buttons\"><a class=\"button black outline size-sm\" href=\"https:\/\/madelinefashion.pl\/sk\/bluza-z-zamkiem-na-skos-kornelia-jasno-szara\/\">\u010c\u00edta\u0165 \u010falej <i class=\"klbth-icon-right-arrow\"><\/i><\/a><\/div>","protected":false},"featured_media":20165,"template":"","meta":[],"product_brand":[],"product_cat":[255,395],"product_tag":[],"class_list":{"0":"post-20180","1":"product","2":"type-product","3":"status-publish","4":"has-post-thumbnail","6":"product_cat-bluzy","7":"product_cat-nowosci","9":"first","10":"instock","11":"sale","12":"purchasable","13":"product-type-simple"},"_links":{"self":[{"href":"https:\/\/madelinefashion.pl\/sk\/wp-json\/wp\/v2\/product\/20180","targetHints":{"allow":["GET"]}}],"collection":[{"href":"https:\/\/madelinefashion.pl\/sk\/wp-json\/wp\/v2\/product"}],"about":[{"href":"https:\/\/madelinefashion.pl\/sk\/wp-json\/wp\/v2\/types\/product"}],"wp:featuredmedia":[{"embeddable":true,"href":"https:\/\/madelinefashion.pl\/sk\/wp-json\/wp\/v2\/media\/20165"}],"wp:attachment":[{"href":"https:\/\/madelinefashion.pl\/sk\/wp-json\/wp\/v2\/media?parent=20180"}],"wp:term":[{"taxonomy":"product_brand","embeddable":true,"href":"https:\/\/madelinefashion.pl\/sk\/wp-json\/wp\/v2\/product_brand?post=20180"},{"taxonomy":"product_cat","embeddable":true,"href":"https:\/\/madelinefashion.pl\/sk\/wp-json\/wp\/v2\/product_cat?post=20180"},{"taxonomy":"product_tag","embeddable":true,"href":"https:\/\/madelinefashion.pl\/sk\/wp-json\/wp\/v2\/product_tag?post=20180"}],"curies":[{"name":"pracovn\u00fd list","href":"https:\/\/api.w.org\/{rel}","templated":true}]}}