{"id":20748,"date":"2021-10-03T18:41:50","date_gmt":"2021-10-03T16:41:50","guid":{"rendered":"https:\/\/madelinefashion.pl\/?post_type=product&#038;p=20748"},"modified":"2026-02-16T15:02:29","modified_gmt":"2026-02-16T14:02:29","slug":"damskie-kozaki-czarne-zamszowe-muszkieterki","status":"publish","type":"product","link":"https:\/\/madelinefashion.pl\/sk\/damskie-kozaki-czarne-zamszowe-muszkieterki\/","title":{"rendered":"D\u00e1mske \u010dierne semi\u0161ov\u00e9 vysok\u00e9 \u010di\u017emy na stehn\u00e1"},"content":{"rendered":"<h3 style=\"text-align: center;\">D\u00e1mske \u010di\u017emy \u010cierne semi\u0161ov\u00e9 vysok\u00e9 \u010di\u017emy ST-58P<\/h3>\n<p style=\"text-align: center;\"><strong>D\u00e1mske \u010dierne semi\u0161ov\u00e9 vysok\u00e9 \u010di\u017emy na stehn\u00e1 \u2013<\/strong>je to nad\u010dasov\u00fd model!! Klasick\u00fa siluetu tohto modelu dop\u013a\u0148a \u0161irok\u00e1, gumen\u00e1<strong> 9,5 cm vysok\u00fd op\u00e4tok a 3 cm platforma<\/strong>.<strong> Hranat\u00e9 prsty s\u00fa nielen pohodln\u00e9, ale t\u00fato sez\u00f3nu aj ve\u013emi m\u00f3dne. Semi\u0161ov\u00e9 \u010di\u017emy maj\u00fa praktick\u00fd zips na boku. <\/strong>Navy\u0161e vedia ve\u013emi dobre udr\u017ea\u0165 chodidlo v pr\u00edjemnej teplote. Top\u00e1nky s\u00fa ako stvoren\u00e9 aj do n\u00e1ro\u010dn\u00e9ho zimn\u00e9ho po\u010dasia. Bud\u00fa skvelou ozdobou pre ka\u017edodenn\u00e9 \u0161tyliz\u00e1cie.<br \/>\n\u0160tandardn\u00e9 d\u013a\u017eky vlo\u017eiek.<\/p>\n<h3 style=\"text-align: center;\">Rozmery<\/h3>\n<table width=\"540\">\n<thead>\n<tr>\n<td width=\"216\"><strong>Ve\u013ekos\u0165 E\u00da<\/strong><\/td>\n<td width=\"316\"><strong>D\u013a\u017eka vlo\u017eky<\/strong><\/td>\n<\/tr>\n<\/thead>\n<tbody>\n<tr>\n<td width=\"216\"><strong>36<\/strong><\/td>\n<td width=\"316\">23,5 cm<\/td>\n<\/tr>\n<tr>\n<td width=\"216\"><strong>37<\/strong><\/td>\n<td width=\"316\">24 cm<\/td>\n<\/tr>\n<tr>\n<td width=\"216\"><strong>38<\/strong><\/td>\n<td width=\"316\">24,5 cm<\/td>\n<\/tr>\n<tr>\n<td width=\"216\"><strong>39<\/strong><\/td>\n<td width=\"316\">25 cm<\/td>\n<\/tr>\n<tr>\n<td width=\"216\"><strong>40<\/strong><\/td>\n<td width=\"316\">26 cm<\/td>\n<\/tr>\n<tr>\n<td width=\"216\"><strong>41<\/strong><\/td>\n<td width=\"316\">26,5 cm<\/td>\n<\/tr>\n<\/tbody>\n<\/table>\n<div class=\"wrap-content\">\n<div class=\"main-container container\">\n<div class=\"row\">\n<section class=\"main-content sidebar-left-false\">\n<div class=\"product-page page\">\n<div class=\"page-content\">\n<div id=\"ProductSizing\" class=\"product-sizing modal fade in\" tabindex=\"-1\" role=\"dialog\" aria-hidden=\"false\">\n<div class=\"modal-dialog\">\n<div class=\"modal-content\">\n<div class=\"widget html_editor\">\n<p>&nbsp;<\/p>\n<\/div>\n<p>&nbsp;<\/p>\n<\/div>\n<\/div>\n<\/div>\n<\/div>\n<\/div>\n<\/section>\n<\/div>\n<\/div>\n<\/div>\n<div class=\"wrap-footer\">\n<footer class=\"\">\n<div class=\"container\">\n<div class=\"footer-newsletter-box\"><\/div>\n<\/div>\n<\/footer>\n<\/div>\n<table>\n<tbody>\n<tr>\n<td width=\"302\">Meno modela<\/td>\n<td width=\"302\">D\u00e1mske \u010dierne semi\u0161ov\u00e9 vysok\u00e9 \u010di\u017emy na stehn\u00e1<\/td>\n<\/tr>\n<tr>\n<td width=\"302\">Farba<\/td>\n<td width=\"302\">\u010dierna<\/td>\n<\/tr>\n<tr>\n<td width=\"302\">ve\u013ekosti<\/td>\n<td width=\"302\">36 37\u00a0 38\u00a0 39 40 41<\/td>\n<\/tr>\n<tr>\n<td width=\"302\">Materi\u00e1l<\/td>\n<td width=\"302\">Semi\u0161 - ekologick\u00fd<\/td>\n<\/tr>\n<tr>\n<td width=\"302\">Otep\u013eovanie<\/td>\n<td width=\"302\">Nie<\/td>\n<\/tr>\n<tr>\n<td width=\"302\">Spona<\/td>\n<td width=\"302\">Zips\/\u0161nurovanie<\/td>\n<\/tr>\n<tr>\n<td width=\"302\">Zbierka<\/td>\n<td width=\"302\">jar\/jese\u0148\/zima<\/td>\n<\/tr>\n<\/tbody>\n<\/table>\n<div class=\"tabs tabs-bb clear mb-80\">\n<div class=\"tab-content\">\n<div id=\"tab-description\" class=\"tab-pane fade in woocommerce-Tabs-panel--description active\">\n<p style=\"text-align: center;\">\n<\/div>\n<\/div>\n<\/div>\n<section class=\"up-sells upsells products mb-80\"><\/section>\n<p style=\"text-align: center;\">","protected":false},"excerpt":{"rendered":"<p>Damskie Kozaki Czarne Zamszowe Muszkieterki ST-58P Damskie Kozaki Czarne Zamszowe Muszkieterki &#8211;to ponadczasowy model !! Klasyczn\u0105 sylwetk\u0119 tego modelu uzupe\u0142nia szeroki, kauczukowy obcas o wysoko\u015bci\u00a09,5 cm oraz platforma &#8211; 3 cm. Kwadratowe noski s\u0105 nie tylko komfortowe, ale r\u00f3wnie\u017c bardzo modne w tym sezonie. Kozaki zamszowe posiadaj\u0105 praktyczny zamek z boku. Ponadto s\u0105 w stanie<\/p>\n<div class=\"klb-readmore post-buttons\"><a class=\"button black outline size-sm\" href=\"https:\/\/madelinefashion.pl\/sk\/damskie-kozaki-czarne-zamszowe-muszkieterki\/\">\u010c\u00edta\u0165 \u010falej <i class=\"klbth-icon-right-arrow\"><\/i><\/a><\/div>","protected":false},"featured_media":20759,"template":"","meta":[],"product_brand":[],"product_cat":[400,395],"product_tag":[493],"class_list":{"0":"post-20748","1":"product","2":"type-product","3":"status-publish","4":"has-post-thumbnail","6":"product_cat-buty","7":"product_cat-nowosci","8":"product_tag-kozaki","10":"first","11":"instock","12":"sale","13":"purchasable","14":"product-type-variable"},"_links":{"self":[{"href":"https:\/\/madelinefashion.pl\/sk\/wp-json\/wp\/v2\/product\/20748","targetHints":{"allow":["GET"]}}],"collection":[{"href":"https:\/\/madelinefashion.pl\/sk\/wp-json\/wp\/v2\/product"}],"about":[{"href":"https:\/\/madelinefashion.pl\/sk\/wp-json\/wp\/v2\/types\/product"}],"wp:featuredmedia":[{"embeddable":true,"href":"https:\/\/madelinefashion.pl\/sk\/wp-json\/wp\/v2\/media\/20759"}],"wp:attachment":[{"href":"https:\/\/madelinefashion.pl\/sk\/wp-json\/wp\/v2\/media?parent=20748"}],"wp:term":[{"taxonomy":"product_brand","embeddable":true,"href":"https:\/\/madelinefashion.pl\/sk\/wp-json\/wp\/v2\/product_brand?post=20748"},{"taxonomy":"product_cat","embeddable":true,"href":"https:\/\/madelinefashion.pl\/sk\/wp-json\/wp\/v2\/product_cat?post=20748"},{"taxonomy":"product_tag","embeddable":true,"href":"https:\/\/madelinefashion.pl\/sk\/wp-json\/wp\/v2\/product_tag?post=20748"}],"curies":[{"name":"pracovn\u00fd list","href":"https:\/\/api.w.org\/{rel}","templated":true}]}}