{"id":2118,"date":"2020-05-15T13:57:59","date_gmt":"2020-05-15T13:57:59","guid":{"rendered":"http:\/\/serwer2078743.home.pl\/?post_type=product&#038;p=2118"},"modified":"2026-03-26T12:40:48","modified_gmt":"2026-03-26T11:40:48","slug":"sukienka-valencia-slim-ciemno-szara","status":"publish","type":"product","link":"https:\/\/madelinefashion.pl\/sk\/sukienka-valencia-slim-ciemno-szara\/","title":{"rendered":"Tenk\u00e9 tmavo\u0161ed\u00e9 \u0161aty Vaencia"},"content":{"rendered":"<h3 style=\"text-align: center;\">Tenk\u00e9 tmavo\u0161ed\u00e9 \u0161aty Vaencia<\/h3>\n<p style=\"text-align: center;\"><span style=\"font-size: 10pt;\">\u0160aty z\u00e1kladn\u00e9ho strihu dokonale zd\u00f4raznia \u017eensk\u00e9 tvary. Materi\u00e1l \u0161iat neobmedzuje v pohybe a je ve\u013emi pru\u017en\u00fd. D\u00e1 sa nosi\u0165 v \u0161portovej aj elegantnej verzii.Naviac m\u00e1 ozdobn\u00e9 zlat\u00e9 gomb\u00edky na ruk\u00e1voch.\u00a0\u00a0<\/span><\/p>\n<p style=\"text-align: center;\"><span style=\"font-size: 10pt;\">* elastick\u00fd materi\u00e1l<\/span><br \/>\n<span style=\"font-size: 10pt;\">* rebrovan\u00fd materi\u00e1l<\/span><\/p>\n<h3 style=\"text-align: center;\">\u00a0 \u00a0 \u00a0 \u00a0 \u00a0 \u00a0 \u00a0 \u00a0 \u00a0 Rozmery:<\/h3>\n<ul style=\"text-align: center;\">\n<li>\u00a0\u00a0\u00a0\u00a0\u00a0\u00a0\u00a0 celkov\u00e1 d\u013a\u017eka: 96 cm<\/li>\n<li>\u00a0\u00a0\u00a0\u00a0\u00a0\u00a0\u00a0 \u0161\u00edrka od pazuchy po pazuchu: 36-50 cm<\/li>\n<li>\u00a0\u00a0\u00a0\u00a0\u00a0\u00a0\u00a0 d\u013a\u017eka ruk\u00e1va od podpazu\u0161ia: 37 cm<\/li>\n<li>\u00a0\u00a0\u00a0\u00a0\u00a0\u00a0\u00a0 d\u013a\u017eka ruk\u00e1va od ramena: 46 cm<\/li>\n<li>\u00a0\u00a0\u00a0\u00a0\u00a0\u00a0\u00a0 \u0161\u00edrka v p\u00e1se 33-44 cm<\/li>\n<li>\u00a0\u00a0\u00a0\u00a0\u00a0\u00a0\u00a0 odpor\u00fa\u010dan\u00fd maxim\u00e1lny obvod poprsia: 100 cm<\/li>\n<\/ul>\n<p style=\"text-align: center;\">Rozmery sa m\u00f4\u017eu mierne l\u00ed\u0161i\u0165 od uveden\u00fdch +\/- 2cm. V\u0161etky uveden\u00e9 rozmery s\u00fa meran\u00e9 plo\u0161ne.<\/p>\n<p>&nbsp;<\/p>\n<table>\n<tbody>\n<tr>\n<td width=\"302\"><span style=\"font-size: 10pt;\">Meno modela<\/span><\/td>\n<td width=\"302\"><span style=\"font-size: 10pt;\">Valencia Slim<\/span><\/td>\n<\/tr>\n<tr>\n<td width=\"302\"><span style=\"font-size: 10pt;\">Farba<\/span><\/td>\n<td width=\"302\"><span style=\"font-size: 13.3333px;\">\u0160ed\u00e1<\/span><\/td>\n<\/tr>\n<tr>\n<td width=\"302\"><span style=\"font-size: 10pt;\">M\u00f3da<\/span><\/td>\n<td width=\"302\"><span style=\"font-size: 10pt;\">Zhoda<\/span><\/td>\n<\/tr>\n<tr>\n<td width=\"302\"><span style=\"font-size: 10pt;\">Materi\u00e1l<\/span><\/td>\n<td width=\"302\"><span style=\"font-size: 10pt;\">90 % Bavlna 10 % Elastan\u00a0<\/span><\/td>\n<\/tr>\n<tr>\n<td width=\"302\"><span style=\"font-size: 10pt;\">D\u013a\u017eka<\/span><\/td>\n<td width=\"302\"><span style=\"font-size: 10pt;\">Cez koleno<\/span><\/td>\n<\/tr>\n<\/tbody>\n<\/table>\n<p>&nbsp;<\/p>\n<p style=\"text-align: center;\"><span style=\"font-size: 10pt;\">\u00a0<\/span><\/p>\n<p style=\"text-align: center;\"><span style=\"font-size: 10pt;\">\u00a0<\/span><\/p>\n<p style=\"text-align: center;\">\u00a0Model m\u00e1\u00a0<strong>165<\/strong>\u00a0cm vysok\u00fd, nos\u00ed ve\u013ekos\u0165 ka\u017ed\u00fd de\u0148\u00a0<strong>S<\/strong><\/p>\n<div class=\"additional-details\" style=\"text-align: center;\">\n<p style=\"text-align: center;\"><span style=\"font-size: 10pt;\">\u00a0<\/span><\/p>\n<\/div>","protected":false},"excerpt":{"rendered":"<p>Sukienka Vaencia Slim Ciemno Szara Sukienka o basicowym kroju idealnie podkre\u015bli kobiece kszta\u0142ty. Materia\u0142 sukienki nie kr\u0119puj\u0119 ruch\u00f3w i jest bardzo elastyczny. Mo\u017cna j\u0105 nosi\u0107 w sportowym, jak i w eleganckim wydaniu.Dodatkowo posiada na r\u0119kawkach ozdobne z\u0142ote guziczki.\u00a0\u00a0 * materia\u0142 elastyczny * materia\u0142 pr\u0105\u017ckowany \u00a0 \u00a0 \u00a0 \u00a0 \u00a0 \u00a0 \u00a0 \u00a0 \u00a0 Wymiary: \u00a0\u00a0\u00a0\u00a0\u00a0\u00a0\u00a0<\/p>\n<div class=\"klb-readmore post-buttons\"><a class=\"button black outline size-sm\" href=\"https:\/\/madelinefashion.pl\/sk\/sukienka-valencia-slim-ciemno-szara\/\">\u010c\u00edta\u0165 \u010falej <i class=\"klbth-icon-right-arrow\"><\/i><\/a><\/div>","protected":false},"featured_media":25598,"template":"","meta":[],"product_brand":[],"product_cat":[125,380],"product_tag":[],"class_list":{"0":"post-2118","1":"product","2":"type-product","3":"status-publish","4":"has-post-thumbnail","6":"product_cat-sukienki","7":"product_cat-wyprzedaz","9":"first","10":"instock","11":"sale","12":"purchasable","13":"product-type-simple"},"_links":{"self":[{"href":"https:\/\/madelinefashion.pl\/sk\/wp-json\/wp\/v2\/product\/2118","targetHints":{"allow":["GET"]}}],"collection":[{"href":"https:\/\/madelinefashion.pl\/sk\/wp-json\/wp\/v2\/product"}],"about":[{"href":"https:\/\/madelinefashion.pl\/sk\/wp-json\/wp\/v2\/types\/product"}],"wp:featuredmedia":[{"embeddable":true,"href":"https:\/\/madelinefashion.pl\/sk\/wp-json\/wp\/v2\/media\/25598"}],"wp:attachment":[{"href":"https:\/\/madelinefashion.pl\/sk\/wp-json\/wp\/v2\/media?parent=2118"}],"wp:term":[{"taxonomy":"product_brand","embeddable":true,"href":"https:\/\/madelinefashion.pl\/sk\/wp-json\/wp\/v2\/product_brand?post=2118"},{"taxonomy":"product_cat","embeddable":true,"href":"https:\/\/madelinefashion.pl\/sk\/wp-json\/wp\/v2\/product_cat?post=2118"},{"taxonomy":"product_tag","embeddable":true,"href":"https:\/\/madelinefashion.pl\/sk\/wp-json\/wp\/v2\/product_tag?post=2118"}],"curies":[{"name":"pracovn\u00fd list","href":"https:\/\/api.w.org\/{rel}","templated":true}]}}