{"id":22764,"date":"2021-11-02T16:16:21","date_gmt":"2021-11-02T15:16:21","guid":{"rendered":"https:\/\/madelinefashion.pl\/?post_type=product&#038;p=22764"},"modified":"2026-02-20T14:58:17","modified_gmt":"2026-02-20T13:58:17","slug":"sweterek-z-koronka-czarny-susa","status":"publish","type":"product","link":"https:\/\/madelinefashion.pl\/sk\/sweterek-z-koronka-czarny-susa\/","title":{"rendered":"\u010cipkovan\u00fd sveter \u010cierna Susa"},"content":{"rendered":"<h3 style=\"text-align: center;\">\u010cipkovan\u00fd sveter \u010cierna Susa<\/h3>\n<p style=\"text-align: center;\"><strong>\u010cipkovan\u00fd sveter \u010cierna Susa<\/strong> - vhodn\u00e9 na ka\u017edodenn\u00e9 aj sl\u00e1vnostnej\u0161ie pr\u00edle\u017eitosti. Ide\u00e1lne pre d\u00e1my vo ve\u013ekosti <strong>XS,S,M,L <\/strong>Svetr\u00edk s ozdobnou \u010dipkou dod\u00e1 v\u00e1\u0161mu stylingu nad\u010dasov\u00fd \u0161ik.<strong> M\u00e4kk\u00e9 a pohodln\u00e9.<\/strong>\u00a0 Sweterek posiada \u015bci\u0105gacz na r\u0119kawach oraz na dole dzi\u0119ki czemu idealnie dopasowuje si\u0119 do sylwetki.\u00a0 Sweterek wykonany z mi\u0142ego i przyjemnego w dotyku materia\u0142u posiada dekolt w styl V r\u00f3wnie\u017c na plecach.<\/p>\n<h3 style=\"text-align: center;\">\u00a0 \u00a0 \u00a0Rozmery:<\/h3>\n<ul style=\"text-align: center;\">\n<li style=\"list-style-type: none;\">\n<ul>\n<li>celkov\u00e1 d\u013a\u017eka: 58 cm<\/li>\n<li>szeroko\u015b\u0107 od pachy do pachy: 57 cm\u00a0 -59 cm<\/li>\n<li>d\u013a\u017eka ruk\u00e1va od ramena: 63 cm<\/li>\n<li>d\u013a\u017eka ruk\u00e1va od podpazu\u0161ia: 48 cm<\/li>\n<\/ul>\n<p>Rozmery sa m\u00f4\u017eu mierne l\u00ed\u0161i\u0165 od uveden\u00fdch +\/- 2cm. V\u0161etky uveden\u00e9 rozmery s\u00fa meran\u00e9 plo\u0161ne. rozmer x2<\/li>\n<\/ul>\n<table style=\"height: 160px;\" width=\"707\">\n<tbody>\n<tr>\n<td width=\"302\">Meno modela<\/td>\n<td width=\"302\">Sweterek z Koronk\u0105\u00a0 Susa<\/td>\n<\/tr>\n<tr>\n<td width=\"302\">Farba<\/td>\n<td width=\"302\">\u010dierna<\/td>\n<\/tr>\n<tr>\n<td width=\"302\">ve\u013ekosti<\/td>\n<td width=\"302\">Univerz\u00e1lny<\/td>\n<\/tr>\n<tr>\n<td width=\"302\">M\u00f3da<\/td>\n<td width=\"302\">nadrozmern\u00e9<\/td>\n<\/tr>\n<tr>\n<td width=\"302\">Materi\u00e1l<\/td>\n<td width=\"302\">15% Bawe\u0142na\u00a0 20% Viskoza 55% Akryl 10% Elastian<\/td>\n<\/tr>\n<\/tbody>\n<\/table>\n<p>&nbsp;<\/p>\n<p>&nbsp;<\/p>\n<div class=\"tabs tabs-bb clear mb-80\">\n<div class=\"tab-content\">\n<div id=\"tab-description\" class=\"tab-pane fade in woocommerce-Tabs-panel--description active\">\n<div class=\"tabs tabs-bb clear mb-80\">\n<div class=\"tab-content\">\n<div id=\"tab-description\" class=\"tab-pane fade in woocommerce-Tabs-panel--description active\">\n<p style=\"text-align: center;\">Model m\u00e1\u00a0<strong>169<\/strong>\u00a0cm vysok\u00fd, nos\u00ed ve\u013ekos\u0165 ka\u017ed\u00fd de\u0148\u00a0<strong>S<\/strong><\/p>\n<p style=\"text-align: center;\">\u0160\u00edrka hrudn\u00edka 91 cm<\/p>\n<p style=\"text-align: center;\">\u0160\u00edrka p\u00e1su 71 cm<\/p>\n<p style=\"text-align: center;\">\u0160\u00edrka bokov 96 cm<\/p>\n<\/div>\n<\/div>\n<\/div>\n<\/div>\n<\/div>\n<\/div>\n<section class=\"up-sells upsells products mb-80\"><\/section>\n<p style=\"text-align: center;\">","protected":false},"excerpt":{"rendered":"<p>Sweterek z Koronk\u0105 Czarny Susa Sweterek z Koronk\u0105 Czarny Susa &#8211; nadaje si\u0119 zar\u00f3wno na co dzie\u0144, jak i na bardziej \u015bwi\u0105teczne okazje. Idealna dla Pa\u0144 w rozmiarze XS,S,M,L Sweterek z ozdobn\u0105 koronk\u0105 nada twojej stylizacji ponadczasowego szyku. Mi\u0119kki i wygodny.\u00a0 Sweterek posiada \u015bci\u0105gacz na r\u0119kawach oraz na dole dzi\u0119ki czemu idealnie dopasowuje si\u0119 do<\/p>\n<div class=\"klb-readmore post-buttons\"><a class=\"button black outline size-sm\" href=\"https:\/\/madelinefashion.pl\/sk\/sweterek-z-koronka-czarny-susa\/\">\u010c\u00edta\u0165 \u010falej <i class=\"klbth-icon-right-arrow\"><\/i><\/a><\/div>","protected":false},"featured_media":113250,"template":"","meta":[],"product_brand":[],"product_cat":[77,78,395],"product_tag":[252],"class_list":{"0":"post-22764","1":"product","2":"type-product","3":"status-publish","4":"has-post-thumbnail","6":"product_cat-bluzki","7":"product_cat-swetry-damskie","8":"product_cat-nowosci","9":"product_tag-bluzka-czarna","11":"first","12":"outofstock","13":"purchasable","14":"product-type-simple"},"_links":{"self":[{"href":"https:\/\/madelinefashion.pl\/sk\/wp-json\/wp\/v2\/product\/22764","targetHints":{"allow":["GET"]}}],"collection":[{"href":"https:\/\/madelinefashion.pl\/sk\/wp-json\/wp\/v2\/product"}],"about":[{"href":"https:\/\/madelinefashion.pl\/sk\/wp-json\/wp\/v2\/types\/product"}],"wp:featuredmedia":[{"embeddable":true,"href":"https:\/\/madelinefashion.pl\/sk\/wp-json\/wp\/v2\/media\/113250"}],"wp:attachment":[{"href":"https:\/\/madelinefashion.pl\/sk\/wp-json\/wp\/v2\/media?parent=22764"}],"wp:term":[{"taxonomy":"product_brand","embeddable":true,"href":"https:\/\/madelinefashion.pl\/sk\/wp-json\/wp\/v2\/product_brand?post=22764"},{"taxonomy":"product_cat","embeddable":true,"href":"https:\/\/madelinefashion.pl\/sk\/wp-json\/wp\/v2\/product_cat?post=22764"},{"taxonomy":"product_tag","embeddable":true,"href":"https:\/\/madelinefashion.pl\/sk\/wp-json\/wp\/v2\/product_tag?post=22764"}],"curies":[{"name":"pracovn\u00fd list","href":"https:\/\/api.w.org\/{rel}","templated":true}]}}