{"id":23129,"date":"2021-11-04T09:48:26","date_gmt":"2021-11-04T08:48:26","guid":{"rendered":"https:\/\/madelinefashion.pl\/?post_type=product&#038;p=23129"},"modified":"2026-01-20T10:34:06","modified_gmt":"2026-01-20T09:34:06","slug":"golf-dopasowany-aila-czarny","status":"publish","type":"product","link":"https:\/\/madelinefashion.pl\/sk\/golf-dopasowany-aila-czarny\/","title":{"rendered":"Rol\u00e1k Aila na mieru \u010dierny"},"content":{"rendered":"<h3 style=\"text-align: center;\">Rol\u00e1k Aila na mieru \u010dierny<\/h3>\n<p style=\"text-align: center;\">Jednofarebn\u00e1 klasick\u00e1 rol\u00e1kov\u00e1 bl\u00fazka. Vyroben\u00e9 z elastick\u00e9ho materi\u00e1lu. Rebrovan\u00fd rol\u00e1k jednej ve\u013ekosti. Ide\u00e1lne pre jesenn\u00e9, zimn\u00e9 a jarn\u00e9 \u0161tyliz\u00e1cie. Vyroben\u00e9 z elastick\u00e9ho materi\u00e1lu pr\u00edjemn\u00e9ho na dotyk. Univerz\u00e1lna ve\u013ekos\u0165, odpor\u00fa\u010dan\u00e1 od XS po L<\/p>\n<h3 style=\"text-align: center;\">\u00a0 \u00a0 \u00a0Rozmery:<\/h3>\n<ul style=\"text-align: center;\">\n<li>celkov\u00e1 d\u013a\u017eka: 63 cm<\/li>\n<li>\u0161\u00edrka od pazuchy po pazuchu: 43 cm -54 cm<\/li>\n<li>d\u013a\u017eka ruk\u00e1va od ramena: 64 cm<\/li>\n<li>d\u013a\u017eka ruk\u00e1va od pazuchy: 53 cm<\/li>\n<li>odpor\u00fa\u010dan\u00fd maxim\u00e1lny obvod poprsia: 108 cm<\/li>\n<\/ul>\n<p>&nbsp;<\/p>\n<p style=\"text-align: center;\">Rozmery sa m\u00f4\u017eu mierne l\u00ed\u0161i\u0165 od uveden\u00fdch +\/- 2cm. V\u0161etky uveden\u00e9 rozmery s\u00fa meran\u00e9 plo\u0161ne.<\/p>\n<h3 style=\"text-align: center;\">Charakteristika:<\/h3>\n<ul>\n<li style=\"text-align: center;\">vypasovan\u00fd strih<\/li>\n<li style=\"text-align: center;\">rol\u00e1k rol\u00e1k<\/li>\n<li style=\"text-align: center;\">rebrovan\u00e1 tkanina<\/li>\n<li style=\"text-align: center;\">rebrovan\u00e1 \u00faprava<\/li>\n<\/ul>\n<table>\n<tbody>\n<tr>\n<td width=\"302\">Meno modela<\/td>\n<td width=\"302\">Rol\u00e1k Fit Aila<\/td>\n<\/tr>\n<tr>\n<td width=\"302\">Farba<\/td>\n<td width=\"302\">\u010dierna<\/td>\n<\/tr>\n<tr>\n<td width=\"302\">ve\u013ekosti<\/td>\n<td width=\"302\">Univerz\u00e1lny<\/td>\n<\/tr>\n<tr>\n<td width=\"302\">M\u00f3da<\/td>\n<td width=\"302\">Na mieru<\/td>\n<\/tr>\n<tr>\n<td width=\"302\">Materi\u00e1l<\/td>\n<td width=\"302\">50 % Visk\u00f3za 29% Polyester 21% Polamid<\/td>\n<\/tr>\n<\/tbody>\n<\/table>\n<p>&nbsp;<\/p>\n<p>&nbsp;<\/p>\n<p style=\"text-align: center;\"><span style=\"text-align: center;\">Model m\u00e1 <\/span><strong style=\"text-align: center;\">165<\/strong><span style=\"text-align: center;\">\u00a0cm vysok\u00fd, nos\u00ed ve\u013ekos\u0165 ka\u017ed\u00fd de\u0148\u00a0<\/span><strong style=\"text-align: center;\">S<\/strong><\/p>\n<p style=\"text-align: center;\">","protected":false},"excerpt":{"rendered":"<p>Golf Dopasowany Aila Czarny Jednokolorowa klasyczna bluzka z golfem. Uszyta z elastycznego materia\u0142u. Pr\u0105\u017ckowany golf w rozmiarze uniwersalnym. \u015awietnie sprawdzi si\u0119 w jesiennych, zimowych jak i wiosennych\u00a0 stylizacjach. Wykonany z przyjemnego w dotyku elastycznego materia\u0142u. Rozmiar uniwersalny zalecany od XS do L \u00a0 \u00a0 \u00a0Wymiary: d\u0142ugo\u015b\u0107 ca\u0142kowita : 63 cm szeroko\u015b\u0107 od pachy do pachy:<\/p>\n<div class=\"klb-readmore post-buttons\"><a class=\"button black outline size-sm\" href=\"https:\/\/madelinefashion.pl\/sk\/golf-dopasowany-aila-czarny\/\">\u010c\u00edta\u0165 \u010falej <i class=\"klbth-icon-right-arrow\"><\/i><\/a><\/div>","protected":false},"featured_media":23120,"template":"","meta":[],"product_brand":[],"product_cat":[77,395],"product_tag":[252],"class_list":{"0":"post-23129","1":"product","2":"type-product","3":"status-publish","4":"has-post-thumbnail","6":"product_cat-bluzki","7":"product_cat-nowosci","8":"product_tag-bluzka-czarna","10":"first","11":"instock","12":"sale","13":"purchasable","14":"product-type-simple"},"_links":{"self":[{"href":"https:\/\/madelinefashion.pl\/sk\/wp-json\/wp\/v2\/product\/23129","targetHints":{"allow":["GET"]}}],"collection":[{"href":"https:\/\/madelinefashion.pl\/sk\/wp-json\/wp\/v2\/product"}],"about":[{"href":"https:\/\/madelinefashion.pl\/sk\/wp-json\/wp\/v2\/types\/product"}],"wp:featuredmedia":[{"embeddable":true,"href":"https:\/\/madelinefashion.pl\/sk\/wp-json\/wp\/v2\/media\/23120"}],"wp:attachment":[{"href":"https:\/\/madelinefashion.pl\/sk\/wp-json\/wp\/v2\/media?parent=23129"}],"wp:term":[{"taxonomy":"product_brand","embeddable":true,"href":"https:\/\/madelinefashion.pl\/sk\/wp-json\/wp\/v2\/product_brand?post=23129"},{"taxonomy":"product_cat","embeddable":true,"href":"https:\/\/madelinefashion.pl\/sk\/wp-json\/wp\/v2\/product_cat?post=23129"},{"taxonomy":"product_tag","embeddable":true,"href":"https:\/\/madelinefashion.pl\/sk\/wp-json\/wp\/v2\/product_tag?post=23129"}],"curies":[{"name":"pracovn\u00fd list","href":"https:\/\/api.w.org\/{rel}","templated":true}]}}