{"id":24408,"date":"2021-11-19T11:35:46","date_gmt":"2021-11-19T10:35:46","guid":{"rendered":"https:\/\/madelinefashion.pl\/?post_type=product&#038;p=24408"},"modified":"2026-02-20T14:58:09","modified_gmt":"2026-02-20T13:58:09","slug":"sweter-swiateczny-w-norweskie-wzory-czarny","status":"publish","type":"product","link":"https:\/\/madelinefashion.pl\/sk\/sweter-swiateczny-w-norweskie-wzory-czarny\/","title":{"rendered":"Viano\u010dn\u00fd sveter s n\u00f3rskym vzorom \u010dierny"},"content":{"rendered":"<h3 style=\"text-align: center;\">Viano\u010dn\u00fd sveter s n\u00f3rskym vzorom \u010dierny<\/h3>\n<p style=\"text-align: center;\">U\u017e m\u00e1\u0161 svoje <strong>viano\u010dn\u00fd sveter<\/strong>? Tento kr\u00e1sny model je vyroben\u00fd z najkvalitnej\u0161ej priadze, ktor\u00e1 v\u010faka prec\u00edznemu procesu spracovania dod\u00e1va jemnos\u0165, hebkos\u0165 a maxim\u00e1lny komfort. <strong>Viano\u010dn\u00fd sveter<\/strong> v odpor\u00fa\u010danej univerz\u00e1lnej ve\u013ekosti <strong>P\u00e1n <\/strong>nosn\u00e1 ve\u013ekos\u0165 <strong>S, M, L, XL <\/strong>N\u00e1\u0161 model up\u00fata pozornos\u0165 - vy <strong>vyzeraj v tom \u00fa\u017easne<\/strong>. <strong>Bola zdoben\u00e1 mot\u00edvmi sobov, hviezd, snehov\u00fdch vlo\u010diek a viano\u010dn\u00fdch strom\u010dekov spojen\u00fdch so zimou a Vianocami. . <\/strong><strong>Na\u0161e viano\u010dn\u00e9 svetre<\/strong>\u00a0je ide\u00e1lnym n\u00e1vrhom na mikul\u00e1\u0161sky alebo viano\u010dn\u00fd dar\u010dek. V na\u0161ej predajni n\u00e1jdete <strong>viano\u010dn\u00e9 oble\u010denie<\/strong>v\u010faka tomu sa znova budete c\u00edti\u0165 <strong>k\u00fazlo Vianoc.<\/strong> <strong>Sl\u00e1vnostn\u00fd charakter <\/strong>dobre posl\u00fa\u017ei aj na ka\u017edodenn\u00e9 pou\u017eitie<strong>, <\/strong>ako aj po\u010das ve\u010dere <strong>na \u0160tedr\u00fd de\u0148.\u00a0 <\/strong>Ak m\u00e1te \u010fal\u0161ie ot\u00e1zky k tomuto produktu, nev\u00e1hajte n\u00e1s kontaktova\u0165 telefonicky alebo cez Facebook. Univerz\u00e1lna ve\u013ekos\u0165 odpor\u00fa\u010dan\u00e1 pre \u017eeny vo ve\u013ekosti SML XL<\/p>\n<p style=\"text-align: center;\">\u00a0.<\/p>\n<h3 style=\"text-align: center;\">Rozmery :<\/h3>\n<ul style=\"text-align: center;\">\n<li>\u0160\u00edrka od podpazu\u0161ia k podpazu\u0161iu 49-63 cm<\/li>\n<li>Celkov\u00e1 d\u013a\u017eka 73 cm<\/li>\n<li>D\u013a\u017eka ruk\u00e1va od podpazu\u0161ia 46 cm<\/li>\n<li>D\u013a\u017eka ruk\u00e1va od ramena 56 cm<\/li>\n<li><\/li>\n<\/ul>\n<p style=\"text-align: center;\">Rozmery sa m\u00f4\u017eu mierne l\u00ed\u0161i\u0165 od uveden\u00fdch +\/- 2cm. V\u0161etky uveden\u00e9 rozmery s\u00fa meran\u00e9 plo\u0161ne.<strong>\u00a0<\/strong><\/p>\n<p>&nbsp;<\/p>\n<p>&nbsp;<\/p>\n<table style=\"height: 178px;\" width=\"678\">\n<tbody>\n<tr>\n<td width=\"302\">Meno modela<\/td>\n<td width=\"302\">Viano\u010dn\u00fd sveter s n\u00f3rskym vzorom<\/td>\n<\/tr>\n<tr>\n<td width=\"302\">Zbierka<\/td>\n<td width=\"302\">Jesenn\u00e1 zima<\/td>\n<\/tr>\n<tr>\n<td width=\"302\">ve\u013ekosti<\/td>\n<td width=\"302\">Univerz\u00e1lny<\/td>\n<\/tr>\n<tr>\n<td width=\"302\">Zlo\u017eenie<\/td>\n<td width=\"302\">60% Akryl 30%Moher %30 %We\u0142na<\/td>\n<\/tr>\n<tr>\n<td width=\"302\">Farba<\/td>\n<td width=\"302\">\u010dierna<\/td>\n<\/tr>\n<tr>\n<td width=\"302\">Hood<\/td>\n<td width=\"302\">Nedostatok<\/td>\n<\/tr>\n<\/tbody>\n<\/table>\n<p>&nbsp;<\/p>\n<p>&nbsp;<\/p>\n<p style=\"text-align: center;\">Model m\u00e1\u00a0<strong>169<\/strong>\u00a0cm vysok\u00fd, nos\u00ed ve\u013ekos\u0165 ka\u017ed\u00fd de\u0148\u00a0<strong>S<\/strong><\/p>\n<p style=\"text-align: center;\">\u0160\u00edrka cez prsia 92 cm<\/p>\n<p style=\"text-align: center;\">\u0160\u00edrka v p\u00e1se 62 cm<\/p>\n<p style=\"text-align: center;\">\u0160\u00edrka v bokoch 94 cm<\/p>\n<p style=\"text-align: center;\">","protected":false},"excerpt":{"rendered":"<p>Sweter \u015awi\u0105teczny w Norweskie Wzory Czarny Masz ju\u017c sw\u00f3j \u015bwi\u0105teczny sweter?\u00a0Ten pi\u0119kny model wykonany jest z najwy\u017cszej jako\u015bci prz\u0119dzy, kt\u00f3ra dzi\u0119ki precyzyjnemu procesowi obr\u00f3bki dodaje mi\u0119kko\u015bci, mi\u0119kko\u015bci i maksymalnego komfortu. Sweter bo\u017conarodzeniowy w rozmiarze\u00a0uniwersalnym zalecanym dla Pa\u0144 nosz\u0105cych rozmiar S, M, L , XL Nasz model przyci\u0105gnie uwag\u0119 &#8211; b\u0119dziesz wygl\u0105da\u0107 w nim\u00a0 niesamowicie. zosta\u0142<\/p>\n<div class=\"klb-readmore post-buttons\"><a class=\"button black outline size-sm\" href=\"https:\/\/madelinefashion.pl\/sk\/sweter-swiateczny-w-norweskie-wzory-czarny\/\">\u010c\u00edta\u0165 \u010falej <i class=\"klbth-icon-right-arrow\"><\/i><\/a><\/div>","protected":false},"featured_media":67695,"template":"","meta":[],"product_brand":[],"product_cat":[78],"product_tag":[473,250],"class_list":{"0":"post-24408","1":"product","2":"type-product","3":"status-publish","4":"has-post-thumbnail","6":"product_cat-swetry-damskie","7":"product_tag-kolekcja-swiateczna","8":"product_tag-swiateczny","10":"first","11":"instock","12":"shipping-taxable","13":"purchasable","14":"product-type-simple"},"_links":{"self":[{"href":"https:\/\/madelinefashion.pl\/sk\/wp-json\/wp\/v2\/product\/24408","targetHints":{"allow":["GET"]}}],"collection":[{"href":"https:\/\/madelinefashion.pl\/sk\/wp-json\/wp\/v2\/product"}],"about":[{"href":"https:\/\/madelinefashion.pl\/sk\/wp-json\/wp\/v2\/types\/product"}],"wp:featuredmedia":[{"embeddable":true,"href":"https:\/\/madelinefashion.pl\/sk\/wp-json\/wp\/v2\/media\/67695"}],"wp:attachment":[{"href":"https:\/\/madelinefashion.pl\/sk\/wp-json\/wp\/v2\/media?parent=24408"}],"wp:term":[{"taxonomy":"product_brand","embeddable":true,"href":"https:\/\/madelinefashion.pl\/sk\/wp-json\/wp\/v2\/product_brand?post=24408"},{"taxonomy":"product_cat","embeddable":true,"href":"https:\/\/madelinefashion.pl\/sk\/wp-json\/wp\/v2\/product_cat?post=24408"},{"taxonomy":"product_tag","embeddable":true,"href":"https:\/\/madelinefashion.pl\/sk\/wp-json\/wp\/v2\/product_tag?post=24408"}],"curies":[{"name":"pracovn\u00fd list","href":"https:\/\/api.w.org\/{rel}","templated":true}]}}