{"id":27267,"date":"2022-01-06T09:49:59","date_gmt":"2022-01-06T08:49:59","guid":{"rendered":"https:\/\/madelinefashion.pl\/?post_type=product&#038;p=27267"},"modified":"2026-02-20T14:57:59","modified_gmt":"2026-02-20T13:57:59","slug":"kardigan-bez-kaptura-stella-braz","status":"publish","type":"product","link":"https:\/\/madelinefashion.pl\/sk\/kardigan-bez-kaptura-stella-braz\/","title":{"rendered":"Kardigan Bez Kaptura Stella Br\u0105z"},"content":{"rendered":"<h3 style=\"text-align: center;\">Kardigan Bez Kaptura Stella Br\u0105z<\/h3>\n<p style=\"text-align: center;\"><strong>Dlh\u00fd kardigan bez kapucne <\/strong>je to ide\u00e1lny model pre ak\u00fdko\u013evek styling. Kardigan m\u00e1 man\u017eety na ruk\u00e1voch, vyroben\u00fd z ve\u013emi <strong>materi\u00e1l pr\u00edjemn\u00fd na dotyk<\/strong>. V\u010faka m\u00f3dnemu vo\u013enej\u0161iemu strihu sa v nej budete c\u00edti\u0165 ve\u013emi pohodlne. Tak\u00fdto sveter by mala ma\u0165 v \u0161atn\u00edku ka\u017ed\u00e1 z n\u00e1s. Klasick\u00fd strih, jedine\u010dn\u00fd v le\u017e\u00e9rnom \u0161t\u00fdle. \u00da\u017easn\u00e1 kvalita za najlep\u0161iu cenu! Eur\u00f3psky v\u00fdrobok, ve\u013emi kvalitn\u00fd materi\u00e1l. Dokonale sa prisp\u00f4sob\u00ed postave.<strong>\u00a0<\/strong>Ide\u00e1lne do \u0161koly, pr\u00e1ce, na rande alebo na stretnutie s priate\u013emi! Odpor\u00fa\u010dame pre d\u00e1my vo ve\u013ekosti SML XL XXL, ak nos\u00edte v\u00e4\u010d\u0161iu ve\u013ekos\u0165, pozrite si tabu\u013eku ni\u017e\u0161ie.<\/p>\n<h3 style=\"text-align: center;\">Perfektn\u00fd kardigan na ka\u017ed\u00fa pr\u00edle\u017eitos\u0165<\/h3>\n<ul style=\"text-align: center;\">\n<li><strong>M\u00f3dny strih s kapuc\u0148ou<\/strong><\/li>\n<li>Hood<\/li>\n<li>\u0160t\u00fdlov\u00fd, hrub\u00fd kardigan<\/li>\n<li>Ve\u013emi tepl\u00e9 a pr\u00edjemn\u00e9 na dotyk<br \/>\nMaxi d\u013a\u017eka<\/li>\n<\/ul>\n<h3 style=\"text-align: center;\">Rozmery<\/h3>\n<ul style=\"text-align: center;\">\n<li>CELKOV\u00c1 D\u0139\u017dKA:\u00a0 <strong>89 <\/strong><strong>CM<\/strong><\/li>\n<li>\u0160\u00cdRKA OD AARM PO AARM: <strong>50-62 cm<\/strong><\/li>\n<li>D\u0139\u017dKA RUK\u00c1VU OD PA\u017d\u00cd: <strong>42 cm<\/strong><\/li>\n<li>D\u0139\u017dKA RUK\u00c1VU OD RAMENA: <strong>54 cm<\/strong><\/li>\n<li>\u0160\u00cdRKA BO\u010cIEK: <strong>52 cm<\/strong><\/li>\n<\/ul>\n<p style=\"text-align: center;\">Rozmery sa m\u00f4\u017eu mierne l\u00ed\u0161i\u0165 od uveden\u00fdch +\/- 2cm. V\u0161etky uveden\u00e9 rozmery s\u00fa meran\u00e9 plo\u0161ne. <strong>rozmer x2<\/strong><\/p>\n<p style=\"text-align: center;\"><strong>\u00a0<\/strong><\/p>\n<p>&nbsp;<\/p>\n<table>\n<tbody>\n<tr>\n<td width=\"302\">Meno modela<\/td>\n<td width=\"302\">Kardigan Stella s kapuc\u0148ou<\/td>\n<\/tr>\n<tr>\n<td width=\"302\">Farba<\/td>\n<td width=\"302\">Hned\u00e1<\/td>\n<\/tr>\n<tr>\n<td width=\"302\">ve\u013ekosti<\/td>\n<td width=\"302\">Univerz\u00e1lny<\/td>\n<\/tr>\n<tr>\n<td width=\"302\">M\u00f3da<\/td>\n<td width=\"302\">nadrozmern\u00e9<\/td>\n<\/tr>\n<tr>\n<td width=\"302\">Hood<\/td>\n<td width=\"302\">Nie<\/td>\n<\/tr>\n<tr>\n<td width=\"302\">D\u013a\u017eka<\/td>\n<td width=\"302\">Behind the Knee<\/td>\n<\/tr>\n<tr>\n<td width=\"302\">Materi\u00e1l<\/td>\n<td width=\"302\">50% POLYESTER 26% NYLON 24 %<\/td>\n<\/tr>\n<\/tbody>\n<\/table>\n<p>&nbsp;<\/p>\n<div class=\"tabs tabs-bb clear mb-80\">\n<div class=\"tab-content\">\n<div id=\"tab-description\" class=\"tab-pane fade in woocommerce-Tabs-panel--description active\">\n<p style=\"text-align: center;\">Model m\u00e1\u00a0<strong>165<\/strong>\u00a0cm vysok\u00fd, nos\u00ed ho ka\u017ed\u00fd de\u0148\u00a0<strong>ve\u013ekos\u0165 S<\/strong><\/p>\n<p>&nbsp;<\/p>\n<\/div>\n<\/div>\n<\/div>\n<section class=\"related products mb-80\"><\/section>","protected":false},"excerpt":{"rendered":"<p>Kardigan Bez Kaptura Stella Br\u0105z Kardigan d\u0142ugi bez kaptura to model idealny do ka\u017cdej stylizacji. Kardigan posiada \u015bci\u0105gacze na r\u0119kawach, wykonany z bardzo mi\u0142ego w dotyku materia\u0142u. Modny, lu\u017aniejszy fason sprawia, \u017ce b\u0119dziesz si\u0119 w nim czu\u0142a bardzo komfortowo. Taki sweterek powinna mie\u0107 ka\u017cda z nas w swojej szafie. Fason klasyczny, unikatowy w stylu casual.<\/p>\n<div class=\"klb-readmore post-buttons\"><a class=\"button black outline size-sm\" href=\"https:\/\/madelinefashion.pl\/sk\/kardigan-bez-kaptura-stella-braz\/\">\u010c\u00edta\u0165 \u010falej <i class=\"klbth-icon-right-arrow\"><\/i><\/a><\/div>","protected":false},"featured_media":27149,"template":"","meta":[],"product_brand":[],"product_cat":[91,395],"product_tag":[385],"class_list":{"0":"post-27267","1":"product","2":"type-product","3":"status-publish","4":"has-post-thumbnail","6":"product_cat-kardigany-damskie","7":"product_cat-nowosci","8":"product_tag-plus-size","10":"first","11":"outofstock","12":"purchasable","13":"product-type-simple"},"_links":{"self":[{"href":"https:\/\/madelinefashion.pl\/sk\/wp-json\/wp\/v2\/product\/27267","targetHints":{"allow":["GET"]}}],"collection":[{"href":"https:\/\/madelinefashion.pl\/sk\/wp-json\/wp\/v2\/product"}],"about":[{"href":"https:\/\/madelinefashion.pl\/sk\/wp-json\/wp\/v2\/types\/product"}],"wp:featuredmedia":[{"embeddable":true,"href":"https:\/\/madelinefashion.pl\/sk\/wp-json\/wp\/v2\/media\/27149"}],"wp:attachment":[{"href":"https:\/\/madelinefashion.pl\/sk\/wp-json\/wp\/v2\/media?parent=27267"}],"wp:term":[{"taxonomy":"product_brand","embeddable":true,"href":"https:\/\/madelinefashion.pl\/sk\/wp-json\/wp\/v2\/product_brand?post=27267"},{"taxonomy":"product_cat","embeddable":true,"href":"https:\/\/madelinefashion.pl\/sk\/wp-json\/wp\/v2\/product_cat?post=27267"},{"taxonomy":"product_tag","embeddable":true,"href":"https:\/\/madelinefashion.pl\/sk\/wp-json\/wp\/v2\/product_tag?post=27267"}],"curies":[{"name":"pracovn\u00fd list","href":"https:\/\/api.w.org\/{rel}","templated":true}]}}