{"id":27515,"date":"2022-01-06T14:42:53","date_gmt":"2022-01-06T13:42:53","guid":{"rendered":"https:\/\/madelinefashion.pl\/?post_type=product&#038;p=27515"},"modified":"2025-10-01T07:34:50","modified_gmt":"2025-10-01T05:34:50","slug":"krotkie-spodenki-dwukolorowe-postrzepione-jeans-niebieskie","status":"publish","type":"product","link":"https:\/\/madelinefashion.pl\/sk\/krotkie-spodenki-dwukolorowe-postrzepione-jeans-niebieskie\/","title":{"rendered":"Dvojfarebn\u00e9 rozstrapkan\u00e9 d\u017e\u00ednsy modr\u00e9 \u0161ortky"},"content":{"rendered":"<h3 style=\"text-align: center;\">Dvojfarebn\u00e9 rozstrapkan\u00e9 d\u017e\u00ednsy modr\u00e9 \u0161ortky<\/h3>\n<p style=\"text-align: center;\"><span style=\"vertical-align: inherit;\"><span style=\"vertical-align: inherit;\"><b>Rozstrapkan\u00e9 dvojfarebn\u00e9 \u0161ortky s\u00fa bestsellerom letnej sez\u00f3ny 2022 <\/b>. <\/span><span style=\"vertical-align: inherit;\">\u0160ortky vyroben\u00e9 z <\/span><\/span><strong><span style=\"vertical-align: inherit;\"><span style=\"vertical-align: inherit;\">kvalitn\u00fd materi\u00e1l s vysok\u00fdm p\u00e1som,<\/span><\/span><\/strong><span style=\"vertical-align: inherit;\"><span style=\"vertical-align: inherit;\"> \u00a0ktor\u00e9 dokonale modeluj\u00fa postavu. Extr\u00e9mne sexi ponuka na jar a leto, ktor\u00e1 bezpochyby <strong>prid\u00e1<\/strong>\u00a0jedine\u010dn\u00fd <strong>charakter<\/strong>. <\/span><span style=\"vertical-align: inherit;\">S\u00fa ve\u013emi pohodln\u00e9<\/span><\/span><span style=\"vertical-align: inherit;\"><span style=\"vertical-align: inherit;\"> a \u013eahko sa kombinuj\u00fa, \u013eahko sa kombinuj\u00fa s na\u0161imi bl\u00fazkami, ko\u0161e\u013eami alebo \u013eahk\u00fdmi svetrami - ktor\u00e9 n\u00e1jdete aj v na\u0161ej <a href=\"https:\/\/madelinefashion.pl\/sk\/swetry\/\">e-shop.<\/a>\u00a0 <strong>\u0160ortky s vysok\u00fdm p\u00e1som <\/strong>zap\u00ednanie na gomb\u00edk vpredu ukradne srdce ka\u017edej \u017eeny. Neuverite\u013ene pohodln\u00e9, ide\u00e1lne pre ka\u017edodenn\u00e9 a ve\u010dern\u00e9 \u0161tyliz\u00e1cie. <strong>\u0160ortky<\/strong>\u00a0s\u00fa ve\u013emi pohodln\u00e9, perfektn\u00e9 <strong>zd\u00f4razni\u0165 postavu<\/strong>. Absol\u00fatny hit, ktor\u00fd nesmie ch\u00fdba\u0165 vo va\u0161om \u0161atn\u00edku. Kr\u00e1tke nohy odhalia a <strong>opticky pred\u013a\u017eia nohy<\/strong>. Vyr\u00e1ba ve\u013ek\u00fd v\u00fdrobca oble\u010denia Laulia. M\u00e4kk\u00e1 a elastick\u00e1 d\u017e\u00ednsovina obj\u00edme zado\u010dek Pon\u00fakame<\/span><\/span><span style=\"vertical-align: inherit;\"><span style=\"vertical-align: inherit;\"> ich vo ve\u013ekostiach <strong>S, M, L, XL, <\/strong><\/span><\/span><span style=\"vertical-align: inherit;\"><span style=\"vertical-align: inherit;\">\u00a0tie\u017e odpor\u00fa\u010dame <\/span><\/span><span style=\"vertical-align: inherit;\"><span style=\"vertical-align: inherit;\"><b>presne tak\u00a0<\/b><\/span><\/span><strong><span style=\"vertical-align: inherit;\"><span style=\"vertical-align: inherit;\">mera\u0165<\/span><\/span><\/strong><span style=\"vertical-align: inherit;\"><span style=\"vertical-align: inherit;\"> pod\u013ea tabu\u013eky rozmerov ni\u017e\u0161ie. <\/span><span style=\"vertical-align: inherit;\">Dopl\u0148te svoj \u0161atn\u00edk o tento najpred\u00e1vanej\u0161\u00ed model. <\/span><\/span><span style=\"vertical-align: inherit;\"><span style=\"vertical-align: inherit;\">V pr\u00edpade \u010fal\u0161\u00edch ot\u00e1zok k tomuto produktu n\u00e1s nev\u00e1hajte kontaktova\u0165 telefonicky alebo cez Facebook. Sledujte nov\u00e9 trendy s\u00a0<strong>Madelinefashion.<\/strong><\/span><\/span><\/p>\n<p>&nbsp;<\/p>\n<h3 style=\"text-align: center;\"><span style=\"vertical-align: inherit;\"><span style=\"vertical-align: inherit;\">Rozmery nohav\u00edc:<\/span><\/span><\/h3>\n<ul style=\"text-align: center;\">\n<li><strong>36(S):<\/strong><br \/>\n\u0160\u00edrka v p\u00e1se: 35 cm<br \/>\n\u0160\u00edrka v bokoch: 48,5 cm<br \/>\nV\u00fd\u0161ka stojana: 30 cm<br \/>\nVn\u00fatorn\u00e1 d\u013a\u017eka nohav\u00edc: 6 cm<br \/>\nCelkov\u00e1 d\u013a\u017eka: 30 cm<br \/>\nSzeroko\u015b\u0107 nogawki na dole: 29 cm<\/li>\n<li><\/li>\n<li><strong>38 (M):<\/strong><br \/>\n\u0160\u00edrka v p\u00e1se: 36,5 cm<br \/>\n\u0160\u00edrka v bokoch: 49,5 cm<br \/>\nV\u00fd\u0161ka stojana: 28 cm<br \/>\nVn\u00fatorn\u00e1 d\u013a\u017eka nohav\u00edc: 7 cm<br \/>\nCelkov\u00e1 d\u013a\u017eka: 30 cm<br \/>\n\u0160\u00edrka spodnej \u010dasti nohav\u00edc: 29 cm<\/li>\n<li><\/li>\n<li><strong>40 (L):<\/strong><br \/>\n\u0160\u00edrka v p\u00e1se: 38 cm<br \/>\n\u0160\u00edrka v bokoch: 52 cm<br \/>\nV\u00fd\u0161ka p\u00e1sa: 29,5 cm<br \/>\nVn\u00fatorn\u00e1 d\u013a\u017eka nohav\u00edc: 6 cm<br \/>\nCelkov\u00e1 d\u013a\u017eka: 31 cm<br \/>\n\u0160\u00edrka spodnej \u010dasti nohav\u00edc: 30 cm<\/li>\n<li><\/li>\n<li><strong>42 (XL):<\/strong><br \/>\n\u0160\u00edrka v p\u00e1se: 40 cm<br \/>\n\u0160\u00edrka v bokoch: 53,5 cm<br \/>\nV\u00fd\u0161ka stojana: 29 cm<br \/>\nVn\u00fatorn\u00e1 d\u013a\u017eka nohav\u00edc: 6,5 cm<br \/>\nCelkov\u00e1 d\u013a\u017eka: 30,5 cm<\/li>\n<li>Szeroko\u015b\u0107 nogawki na dole: 31,5 cm<\/li>\n<li><\/li>\n<li><span style=\"vertical-align: inherit;\">Rozmery sa m\u00f4\u017eu l\u00ed\u0161i\u0165 od uveden\u00fdch +\/- 2cm. <\/span><span style=\"vertical-align: inherit;\">V\u0161etky uveden\u00e9 rozmery s\u00fa meran\u00e9 plo\u0161ne.<\/span><\/li>\n<\/ul>\n<p style=\"text-align: center;\"><strong><span style=\"vertical-align: inherit;\"><span style=\"vertical-align: inherit;\">Dokonale padn\u00fa ka\u017edej postave<\/span><\/span><\/strong><\/p>\n<p>&nbsp;<\/p>\n<p style=\"text-align: center;\">Model m\u00e1\u00a0<strong>169<\/strong>\u00a0cm vysok\u00fd, nos\u00ed ve\u013ekos\u0165 ka\u017ed\u00fd de\u0148\u00a0<strong>S<\/strong><\/p>\n<p style=\"text-align: center;\">\u0160\u00edrka cez prsia 92 cm<\/p>\n<p style=\"text-align: center;\">\u0160\u00edrka v p\u00e1se 62 cm<\/p>\n<p style=\"text-align: center;\">\u0160\u00edrka v bokoch 94 cm<\/p>","protected":false},"excerpt":{"rendered":"<p>Kr\u00f3tkie Spodenki Dwukolorowe Postrz\u0119pione Jeans Niebieskie Kr\u00f3tkie spodenki postrz\u0119pione dwukolorowe to bestseller sezonu letniego 2022 . Spodenki wykonane z wysokiej jako\u015bci materia\u0142u z wysokim stanem, \u00a0kt\u00f3re doskonale modeluj\u0105 sylwetk\u0119.\u00a0 Niezwykle seksowna propozycja na wiosn\u0119 i lato, kt\u00f3re bez w\u0105tpienia doda\u00a0niepowtarzalnego charakteru. S\u0105 bardzo wygodne oraz \u0142atwe w \u0142\u0105czeniu, bez problemu mo\u017cna je po\u0142\u0105czy\u0107 z naszymi<\/p>\n<div class=\"klb-readmore post-buttons\"><a class=\"button black outline size-sm\" href=\"https:\/\/madelinefashion.pl\/sk\/krotkie-spodenki-dwukolorowe-postrzepione-jeans-niebieskie\/\">\u010c\u00edta\u0165 \u010falej <i class=\"klbth-icon-right-arrow\"><\/i><\/a><\/div>","protected":false},"featured_media":52295,"template":"","meta":[],"product_brand":[],"product_cat":[83,395],"product_tag":[425],"class_list":{"0":"post-27515","1":"product","2":"type-product","3":"status-publish","4":"has-post-thumbnail","6":"product_cat-spodnie","7":"product_cat-nowosci","8":"product_tag-spodenki","9":"pa_rozmiar-xs","10":"pa_rozmiar-s","11":"pa_rozmiar-m","12":"pa_rozmiar-l","13":"pa_rozmiar-xl","15":"first","16":"instock","17":"product-type-variable"},"_links":{"self":[{"href":"https:\/\/madelinefashion.pl\/sk\/wp-json\/wp\/v2\/product\/27515","targetHints":{"allow":["GET"]}}],"collection":[{"href":"https:\/\/madelinefashion.pl\/sk\/wp-json\/wp\/v2\/product"}],"about":[{"href":"https:\/\/madelinefashion.pl\/sk\/wp-json\/wp\/v2\/types\/product"}],"wp:featuredmedia":[{"embeddable":true,"href":"https:\/\/madelinefashion.pl\/sk\/wp-json\/wp\/v2\/media\/52295"}],"wp:attachment":[{"href":"https:\/\/madelinefashion.pl\/sk\/wp-json\/wp\/v2\/media?parent=27515"}],"wp:term":[{"taxonomy":"product_brand","embeddable":true,"href":"https:\/\/madelinefashion.pl\/sk\/wp-json\/wp\/v2\/product_brand?post=27515"},{"taxonomy":"product_cat","embeddable":true,"href":"https:\/\/madelinefashion.pl\/sk\/wp-json\/wp\/v2\/product_cat?post=27515"},{"taxonomy":"product_tag","embeddable":true,"href":"https:\/\/madelinefashion.pl\/sk\/wp-json\/wp\/v2\/product_tag?post=27515"}],"curies":[{"name":"pracovn\u00fd list","href":"https:\/\/api.w.org\/{rel}","templated":true}]}}