{"id":29287,"date":"2022-02-04T14:35:43","date_gmt":"2022-02-04T13:35:43","guid":{"rendered":"https:\/\/madelinefashion.pl\/?post_type=product&#038;p=29287"},"modified":"2026-01-20T10:34:01","modified_gmt":"2026-01-20T09:34:01","slug":"bluza-z-kapturem-basic-jasno-szara","status":"publish","type":"product","link":"https:\/\/madelinefashion.pl\/sk\/bluza-z-kapturem-basic-jasno-szara\/","title":{"rendered":"Svetlo\u0161ed\u00e1 z\u00e1kladn\u00e1 mikina s kapuc\u0148ou"},"content":{"rendered":"<h3 style=\"text-align: center;\">Svetlo\u0161ed\u00e1 z\u00e1kladn\u00e1 mikina s kapuc\u0148ou<\/h3>\n<p style=\"text-align: center;\">Skvel\u00e1 d\u00e1mska mikina s kapuc\u0148ou, vyroben\u00e1 z najkvalitnej\u0161ieho materi\u00e1lu, pohodln\u00e1 na pou\u017e\u00edvanie. M\u00e1 kapuc\u0148u a vpredu priestrann\u00e9 klokanie vrecko. Spodn\u00e1 \u010das\u0165 mikiny a ruk\u00e1vy s\u00fa zakon\u010den\u00e9 \u0161irok\u00fdm lemom. Ide\u00e1lna ponuka na ka\u017ed\u00fd de\u0148, ktor\u00e1 sa hod\u00ed ku ka\u017ed\u00e9mu \u0161t\u00fdlu. Je skvel\u00e1 aj pre milovn\u00edkov \u0161portov\u00e9ho tr\u00e9ningu. Budete sa c\u00edti\u0165 nielen m\u00f3dne, ale aj ve\u013emi pohodlne! Univerz\u00e1lny strih, hod\u00ed sa ku ka\u017ed\u00e9mu \u0161t\u00fdlu vo va\u0161om \u0161atn\u00edku. Mikina m\u00e1 vo vn\u00fatri zateplenie, v\u010faka \u010domu sa perfektne hod\u00ed do sez\u00f3ny<br \/>\nJe mimoriadne pr\u00edjemn\u00e1 na dotyk, v\u010faka dokonal\u00e9mu spracovaniu a kvalitn\u00e9mu materi\u00e1lu.<\/p>\n<h3 style=\"text-align: center;\">Rozmery:<\/h3>\n<p style=\"text-align: center;\"><strong>S<\/strong><\/p>\n<p style=\"text-align: center;\">\u0160\u00edrka pod pazuchami: 51-55 cm<\/p>\n<p style=\"text-align: center;\">Celkov\u00e1 d\u013a\u017eka: 64 cm<\/p>\n<p style=\"text-align: center;\">D\u013a\u017eka ruk\u00e1va od podpazu\u0161ia: 48 cm<\/p>\n<p style=\"text-align: center;\">D\u013a\u017eka ruk\u00e1va od ramena: 59 cm<\/p>\n<p style=\"text-align: center;\"><strong>m<\/strong><\/p>\n<p style=\"text-align: center;\">\u0160\u00edrka pod pazuchami: 52-56 cm<\/p>\n<p style=\"text-align: center;\">Celkov\u00e1 d\u013a\u017eka: 64 cm<\/p>\n<p style=\"text-align: center;\">D\u013a\u017eka ruk\u00e1va od podpazu\u0161ia: 50 cm<\/p>\n<p style=\"text-align: center;\">D\u013a\u017eka ruk\u00e1va od ramena: 62 cm<\/p>\n<p style=\"text-align: center;\"><strong>L<\/strong><\/p>\n<p style=\"text-align: center;\">\u0160\u00edrka pod pazuchami: 53-57 cm<\/p>\n<p style=\"text-align: center;\">Celkov\u00e1 d\u013a\u017eka: 64 cm<\/p>\n<p style=\"text-align: center;\">D\u013a\u017eka ruk\u00e1va od podpazu\u0161ia: 53 cm<\/p>\n<p style=\"text-align: center;\">D\u013a\u017eka ruk\u00e1va od ramena: 64 cm<\/p>\n<p style=\"text-align: center;\"><strong>XL<\/strong><\/p>\n<p style=\"text-align: center;\">\u0160\u00edrka pod pazuchami: 54-58 cm<\/p>\n<p style=\"text-align: center;\">Celkov\u00e1 d\u013a\u017eka: 67 cm<\/p>\n<p style=\"text-align: center;\">D\u013a\u017eka ruk\u00e1va od podpazu\u0161ia: 53 cm<\/p>\n<p style=\"text-align: center;\">D\u013a\u017eka ruk\u00e1va od ramena: 65 cm<\/p>\n<ul style=\"text-align: center;\">\n<li style=\"list-style-type: none;\">\n<ul>\n<li style=\"list-style-type: none;\">\n<ul>\n<li style=\"list-style-type: none;\">\n<ul style=\"text-align: center;\">\n<li><\/li>\n<\/ul>\n<\/li>\n<\/ul>\n<\/li>\n<\/ul>\n<\/li>\n<li>\n<p style=\"margin-top: 0cm; background: white;\">\n<\/li>\n<\/ul>\n<p style=\"text-align: center;\">Rozmery sa m\u00f4\u017eu mierne l\u00ed\u0161i\u0165 od uveden\u00fdch +\/- 2cm. V\u0161etky uveden\u00e9 rozmery s\u00fa meran\u00e9 plo\u0161ne. <strong>rozmer x2<\/strong><\/p>\n<p style=\"text-align: center;\"><span style=\"font-size: 10pt;\">\u00a0<\/span><\/p>\n<p style=\"text-align: center;\"><span style=\"font-size: 10pt;\">\u00a0<\/span><\/p>\n<table style=\"height: 154px;\" width=\"674\">\n<tbody>\n<tr>\n<td width=\"302\">Meno modela<\/td>\n<td width=\"302\">Z\u00e1kladn\u00e1 mikina s kapuc\u0148ou<\/td>\n<\/tr>\n<tr>\n<td width=\"302\">Farba<\/td>\n<td width=\"302\">Svetlo siv\u00e1<\/td>\n<\/tr>\n<tr>\n<td width=\"302\">ve\u013ekosti<\/td>\n<td width=\"302\">Univerz\u00e1lny<\/td>\n<\/tr>\n<tr>\n<td width=\"302\">M\u00f3da<\/td>\n<td width=\"302\">nadrozmern\u00e9<\/td>\n<\/tr>\n<tr>\n<td width=\"302\">Materi\u00e1l<\/td>\n<td width=\"302\">Bavlna 70%, polyester 30%<\/td>\n<\/tr>\n<\/tbody>\n<\/table>\n<p style=\"text-align: center;\"><span style=\"font-size: 10pt;\"><br \/>\nModel m\u00e1 <strong>165<\/strong>\u00a0cm vysok\u00fd, nos\u00ed ve\u013ekos\u0165 ka\u017ed\u00fd de\u0148 <strong>S<\/strong><br \/>\n<\/span><\/p>\n<p style=\"text-align: center;\"><span style=\"font-size: 10pt;\">\u00a0<\/span><\/p>","protected":false},"excerpt":{"rendered":"<p>Bluza Z Kapturem Basic Jasno Szara \u015awietna damska bluza z kapturem, uszyta z materia\u0142u najwy\u017cszej jako\u015bci, wygodna w u\u017cytkowaniu. Posiada kaptur oraz pojemn\u0105 kiesze\u0144 z przodu, typu kangurek. D\u00f3\u0142 bluzy oraz r\u0119kawy zako\u0144czone s\u0105 szerokim \u015bci\u0105gaczem. Idealna propozycja na co dzie\u0144, pasuj\u0105ca do ka\u017cdej stylizacji. \u015awietnie sprawdzi si\u0119 tak\u017ce dla mi\u0142o\u015bnik\u00f3w trening\u00f3w sportowych. Poczujesz si\u0119<\/p>\n<div class=\"klb-readmore post-buttons\"><a class=\"button black outline size-sm\" href=\"https:\/\/madelinefashion.pl\/sk\/bluza-z-kapturem-basic-jasno-szara\/\">\u010c\u00edta\u0165 \u010falej <i class=\"klbth-icon-right-arrow\"><\/i><\/a><\/div>","protected":false},"featured_media":29173,"template":"","meta":[],"product_brand":[],"product_cat":[255],"product_tag":[],"class_list":{"0":"post-29287","1":"product","2":"type-product","3":"status-publish","4":"has-post-thumbnail","6":"product_cat-bluzy","7":"pa_rozmiar-34-42-36-2","8":"pa_rozmiar-34-42-38-2","9":"pa_rozmiar-34-42-40-2","10":"pa_rozmiar-34-42-42-2","12":"first","13":"instock","14":"sale","15":"purchasable","16":"product-type-variable"},"_links":{"self":[{"href":"https:\/\/madelinefashion.pl\/sk\/wp-json\/wp\/v2\/product\/29287","targetHints":{"allow":["GET"]}}],"collection":[{"href":"https:\/\/madelinefashion.pl\/sk\/wp-json\/wp\/v2\/product"}],"about":[{"href":"https:\/\/madelinefashion.pl\/sk\/wp-json\/wp\/v2\/types\/product"}],"wp:featuredmedia":[{"embeddable":true,"href":"https:\/\/madelinefashion.pl\/sk\/wp-json\/wp\/v2\/media\/29173"}],"wp:attachment":[{"href":"https:\/\/madelinefashion.pl\/sk\/wp-json\/wp\/v2\/media?parent=29287"}],"wp:term":[{"taxonomy":"product_brand","embeddable":true,"href":"https:\/\/madelinefashion.pl\/sk\/wp-json\/wp\/v2\/product_brand?post=29287"},{"taxonomy":"product_cat","embeddable":true,"href":"https:\/\/madelinefashion.pl\/sk\/wp-json\/wp\/v2\/product_cat?post=29287"},{"taxonomy":"product_tag","embeddable":true,"href":"https:\/\/madelinefashion.pl\/sk\/wp-json\/wp\/v2\/product_tag?post=29287"}],"curies":[{"name":"pracovn\u00fd list","href":"https:\/\/api.w.org\/{rel}","templated":true}]}}