{"id":2931,"date":"2020-11-20T16:53:31","date_gmt":"2020-11-20T15:53:31","guid":{"rendered":"http:\/\/serwer2078743.home.pl\/?post_type=product&#038;p=2931"},"modified":"2026-02-20T14:59:07","modified_gmt":"2026-02-20T13:59:07","slug":"sweter-z-golfem-warkocz-czarny","status":"publish","type":"product","link":"https:\/\/madelinefashion.pl\/sk\/sweter-z-golfem-warkocz-czarny\/","title":{"rendered":"Plait \u010dierny rol\u00e1k"},"content":{"rendered":"<h2 style=\"text-align: center;\">Plait \u010dierny rol\u00e1k<\/h2>\n<p style=\"text-align: center;\">Rol\u00e1kov\u00fd sveter s dlh\u00fdm ruk\u00e1vom z diamantov\u00e9ho \u00fapletu. Sveter vyroben\u00fd z <strong>najlep\u0161ia kvalita<\/strong> priadza dokonale\u00a0<strong>prisp\u00f4sob\u00ed sa siluete<\/strong> a dopln\u00ed ka\u017ed\u00fd outfit. Perfektn\u00fd sveter na chladnej\u0161ie dni. ve\u013ekos\u0165 je\u00a0<strong>univerz\u00e1lny<\/strong>\u00a0perfektne sed\u00ed\u00a0<strong>S, M, L<\/strong> ,\u00a0<strong>XL\u00a0<\/strong> v pr\u00edpade v\u00e4\u010d\u0161ieho rozmeru odpor\u00fa\u010dame presn\u00e9 meranie pod\u013ea rozmerovej tabu\u013eky ni\u017e\u0161ie. V na\u0161om internetovom obchode n\u00e1jdete tento produkt v r\u00f4znych farebn\u00fdch variantoch za bezkonkuren\u010dn\u00fa cenu <strong>n\u00edzka cena<\/strong>. Preto nev\u00e1hajte a objedn\u00e1vajte \u010do najsk\u00f4r. Ak m\u00e1te \u010fal\u0161ie ot\u00e1zky k tomuto produktu, nev\u00e1hajte n\u00e1s kontaktova\u0165 telefonicky alebo cez Facebook.<\/p>\n<p style=\"text-align: center;\">\u00a0.<\/p>\n<h3 style=\"text-align: center;\">Rozmery :<\/h3>\n<ul style=\"text-align: center;\">\n<li>\u0160\u00edrka od pazuchy po pazuchu 49-53 cm<\/li>\n<li>Celkov\u00e1 d\u013a\u017eka 47 cm<\/li>\n<li>D\u013a\u017eka ruk\u00e1va od podpazu\u0161ia 42 cm<\/li>\n<li>D\u013a\u017eka ruk\u00e1va od ramena 50 cm<\/li>\n<\/ul>\n<p style=\"text-align: center;\">Rozmery sa m\u00f4\u017eu mierne l\u00ed\u0161i\u0165 od uveden\u00fdch +\/- 2cm. V\u0161etky uveden\u00e9 rozmery s\u00fa meran\u00e9 plo\u0161ne.<strong>\u00a0<\/strong><\/p>\n<table class=\"aligncenter\" width=\"355\">\n<tbody>\n<tr>\n<td width=\"302\">Meno modela<\/td>\n<td width=\"302\">Rol\u00e1kov\u00fd sveter s vrko\u010dom<\/td>\n<\/tr>\n<tr>\n<td width=\"302\">Zbierka<\/td>\n<td width=\"302\">jar\/jese\u0148\/zima<\/td>\n<\/tr>\n<tr>\n<td width=\"302\">ve\u013ekosti<\/td>\n<td width=\"302\">Univerz\u00e1lny<\/td>\n<\/tr>\n<tr>\n<td width=\"302\">Zlo\u017eenie<\/td>\n<td width=\"302\">70% Akryl 30% Polyester<\/td>\n<\/tr>\n<tr>\n<td width=\"302\">Farba<\/td>\n<td width=\"302\">\u010dierna<\/td>\n<\/tr>\n<tr>\n<td width=\"302\">\u0160tiepenie<\/td>\n<td width=\"302\"><span style=\"text-align: center;\">Golf<\/span><\/td>\n<\/tr>\n<\/tbody>\n<\/table>\n<div class=\"rte\" style=\"text-align: center;\">\n<p>Model m\u00e1\u00a0<strong>169<\/strong>\u00a0cm vysok\u00fd, nos\u00ed ve\u013ekos\u0165 ka\u017ed\u00fd de\u0148\u00a0<strong>S<\/strong><\/p>\n<p>\u0160\u00edrka cez prsia 92 cm<\/p>\n<p>\u0160\u00edrka v p\u00e1se 62 cm<\/p>\n<p>\u0160\u00edrka v bokoch 94 cm<\/p>\n<\/div>\n<p style=\"text-align: center;\">","protected":false},"excerpt":{"rendered":"<p>Sweter z golfem Warkocz Czarny Sweterek z golfem z d\u0142ugim r\u0119kawem o splocie w romby. Sweter wykonany z najlepszej jako\u015bci prz\u0119dzy idealnie\u00a0dopasowuje si\u0119 do sylwetki i uzupe\u0142nia ka\u017cd\u0105 stylizacj\u0119.\u00a0Sweter idealny na ch\u0142odniejsze dni. Rozmiar jest\u00a0uniwersalny\u00a0, idealnie pasuje do\u00a0S, M, L ,\u00a0XL\u00a0 w przypadku wi\u0119kszego rozmiaru zalecamy dok\u0142adny pomiar wed\u0142ug poni\u017cszej tabeli wymiar\u00f3w. W naszym sklepie<\/p>\n<div class=\"klb-readmore post-buttons\"><a class=\"button black outline size-sm\" href=\"https:\/\/madelinefashion.pl\/sk\/sweter-z-golfem-warkocz-czarny\/\">\u010c\u00edta\u0165 \u010falej <i class=\"klbth-icon-right-arrow\"><\/i><\/a><\/div>","protected":false},"featured_media":73203,"template":"","meta":[],"product_brand":[],"product_cat":[78],"product_tag":[],"class_list":{"0":"post-2931","1":"product","2":"type-product","3":"status-publish","4":"has-post-thumbnail","6":"product_cat-swetry-damskie","8":"first","9":"instock","10":"purchasable","11":"product-type-simple"},"_links":{"self":[{"href":"https:\/\/madelinefashion.pl\/sk\/wp-json\/wp\/v2\/product\/2931","targetHints":{"allow":["GET"]}}],"collection":[{"href":"https:\/\/madelinefashion.pl\/sk\/wp-json\/wp\/v2\/product"}],"about":[{"href":"https:\/\/madelinefashion.pl\/sk\/wp-json\/wp\/v2\/types\/product"}],"wp:featuredmedia":[{"embeddable":true,"href":"https:\/\/madelinefashion.pl\/sk\/wp-json\/wp\/v2\/media\/73203"}],"wp:attachment":[{"href":"https:\/\/madelinefashion.pl\/sk\/wp-json\/wp\/v2\/media?parent=2931"}],"wp:term":[{"taxonomy":"product_brand","embeddable":true,"href":"https:\/\/madelinefashion.pl\/sk\/wp-json\/wp\/v2\/product_brand?post=2931"},{"taxonomy":"product_cat","embeddable":true,"href":"https:\/\/madelinefashion.pl\/sk\/wp-json\/wp\/v2\/product_cat?post=2931"},{"taxonomy":"product_tag","embeddable":true,"href":"https:\/\/madelinefashion.pl\/sk\/wp-json\/wp\/v2\/product_tag?post=2931"}],"curies":[{"name":"pracovn\u00fd list","href":"https:\/\/api.w.org\/{rel}","templated":true}]}}