{"id":30424,"date":"2022-03-02T13:43:22","date_gmt":"2022-03-02T12:43:22","guid":{"rendered":"https:\/\/madelinefashion.pl\/?post_type=product&#038;p=30424"},"modified":"2025-11-12T20:29:16","modified_gmt":"2025-11-12T19:29:16","slug":"klapki-letnie-damskie-z-kokarda-szare","status":"publish","type":"product","link":"https:\/\/madelinefashion.pl\/sk\/klapki-letnie-damskie-z-kokarda-szare\/","title":{"rendered":"D\u00e1mske letn\u00e9 papu\u010de so sivou ma\u0161\u013eou"},"content":{"rendered":"<h3 style=\"text-align: center;\">D\u00e1mske letn\u00e9 papu\u010de so sivou ma\u0161\u013eou<\/h3>\n<p style=\"text-align: center;\">D\u00e1mske gumen\u00e9 papu\u010de s ma\u0161\u013eou. Papu\u010de s\u00fa skvelou ponukou pre \u017eeny, ktor\u00e9 si cenia pohodlie v letn\u00fdch d\u0148och! Top\u00e1nky maj\u00fa m\u00e4kk\u00fa l\u00e1tkov\u00fa stielku a gumen\u00fa podr\u00e1\u017eku.\u00a0<strong>Pri v\u00fdbere ve\u013ekosti sa ria\u010fte tabu\u013ekou ve\u013ekost\u00ed.<\/strong><\/p>\n<p>D\u00e1mske papu\u010de s pru\u017enou podr\u00e1\u017ekou. Kr\u00e1sna ma\u0161\u013ea vpredu a leskl\u00fd lem z nich neumo\u017e\u0148uj\u00fa spusti\u0165 o\u010di! Tento model spolu napr\u00edklad so vzdu\u0161n\u00fdmi \u0161atami vytvoria m\u00f3dny letn\u00fd look a z\u00e1rove\u0148 si u\u017eijete pohodlie na ka\u017edom kroku ... To si nem\u00f4\u017eete necha\u0165 ujs\u0165! Vonkaj\u0161\u00ed materi\u00e1l - l\u00e1tka.<\/p>\n<ul>\n<li style=\"text-align: center;\"><\/li>\n<\/ul>\n<table width=\"540\">\n<thead>\n<tr>\n<td width=\"216\"><strong>Ve\u013ekos\u0165 E\u00da<\/strong><\/td>\n<td width=\"316\"><strong>D\u013a\u017eka vlo\u017eky<\/strong><\/td>\n<\/tr>\n<\/thead>\n<tbody>\n<tr>\n<td width=\"216\"><strong>36<\/strong><\/td>\n<td width=\"316\">23 cm<\/td>\n<\/tr>\n<tr>\n<td width=\"216\"><strong>37<\/strong><\/td>\n<td width=\"316\">23,5 cm<\/td>\n<\/tr>\n<tr>\n<td width=\"216\"><strong>38<\/strong><\/td>\n<td width=\"316\">24 cm<\/td>\n<\/tr>\n<tr>\n<td width=\"216\"><strong>39<\/strong><\/td>\n<td width=\"316\">24,5 cm<\/td>\n<\/tr>\n<tr>\n<td width=\"216\"><strong>40<\/strong><\/td>\n<td width=\"316\">25,5 cm<\/td>\n<\/tr>\n<tr>\n<td width=\"216\"><strong>41<\/strong><\/td>\n<td width=\"316\">26 cm<\/td>\n<\/tr>\n<\/tbody>\n<\/table>\n<div class=\"wrap-content\">\n<div class=\"main-container container\">\n<div class=\"row\">\n<section class=\"main-content sidebar-left-false\">\n<div class=\"product-page page\">\n<div class=\"page-content\">\n<div id=\"ProductSizing\" class=\"product-sizing modal fade in\" tabindex=\"-1\" role=\"dialog\" aria-hidden=\"false\">\n<div class=\"modal-dialog\">\n<div class=\"modal-content\">\n<div class=\"widget html_editor\">\n<p>&nbsp;<\/p>\n<\/div>\n<p>&nbsp;<\/p>\n<\/div>\n<\/div>\n<\/div>\n<\/div>\n<\/div>\n<\/section>\n<\/div>\n<\/div>\n<\/div>\n<div class=\"wrap-footer\">\n<footer class=\"\">\n<div class=\"container\">\n<div class=\"footer-newsletter-box\"><\/div>\n<\/div>\n<\/footer>\n<\/div>\n<table>\n<tbody>\n<tr>\n<td width=\"302\">Meno modela<\/td>\n<td width=\"302\">D\u00e1mske letn\u00e9 papu\u010de s ma\u0161\u013eou<\/td>\n<\/tr>\n<tr>\n<td width=\"302\">Farba<\/td>\n<td width=\"302\">\u0160ed\u00e1<\/td>\n<\/tr>\n<tr>\n<td width=\"302\">ve\u013ekosti<\/td>\n<td width=\"302\">36 37\u00a0 38\u00a0 39 40 41<\/td>\n<\/tr>\n<tr>\n<td width=\"302\">Podo\u0161va<\/td>\n<td width=\"302\">Guma<\/td>\n<\/tr>\n<tr>\n<td width=\"302\">Otep\u013eovanie<\/td>\n<td width=\"302\">Nie<\/td>\n<\/tr>\n<tr>\n<td width=\"302\">Spona<\/td>\n<td width=\"302\">Nie (posuvn\u00e9)<\/td>\n<\/tr>\n<tr>\n<td width=\"302\">Zbierka<\/td>\n<td width=\"302\">Jar\/Jese\u0148\/Leto<\/td>\n<\/tr>\n<\/tbody>\n<\/table>\n<div class=\"tabs tabs-bb clear mb-80\">\n<div class=\"tab-content\">\n<div id=\"tab-description\" class=\"tab-pane fade in woocommerce-Tabs-panel--description active\">\n<p style=\"text-align: center;\">\n<\/div>\n<\/div>\n<\/div>\n<section class=\"up-sells upsells products mb-80\"><\/section>\n<p style=\"text-align: left;\">","protected":false},"excerpt":{"rendered":"<p>D\u00e1mske letn\u00e9 \u017eabky s ma\u0161\u013eou, siv\u00e9. D\u00e1mske gumen\u00e9 \u017eabky s ma\u0161\u013eou. Tieto \u017eabky s\u00fa skvelou vo\u013ebou pre \u017eeny, ktor\u00e9 si cenia pohodlie v letn\u00fdch d\u0148och! Top\u00e1nky maj\u00fa m\u00e4kk\u00fa l\u00e1tkov\u00fa stielku a gumen\u00fa podr\u00e1\u017eku. Pri v\u00fdbere ve\u013ekosti sa ria\u010fte tabu\u013ekou ve\u013ekost\u00ed. D\u00e1mske \u017eabky s flexibilnou podr\u00e1\u017ekou. Kr\u00e1sna ma\u0161\u013ea vpredu a leskl\u00fd lem ich robia jednoducho neprehliadnute\u013en\u00fdmi.<\/p>\n<div class=\"klb-readmore post-buttons\"><a class=\"button black outline size-sm\" href=\"https:\/\/madelinefashion.pl\/sk\/klapki-letnie-damskie-z-kokarda-szare\/\">\u010c\u00edta\u0165 \u010falej <i class=\"klbth-icon-right-arrow\"><\/i><\/a><\/div>","protected":false},"featured_media":30408,"template":"","meta":[],"product_brand":[],"product_cat":[400],"product_tag":[494],"class_list":{"0":"post-30424","1":"product","2":"type-product","3":"status-publish","4":"has-post-thumbnail","6":"product_cat-buty","7":"product_tag-klapki","9":"first","10":"instock","11":"purchasable","12":"product-type-variable"},"_links":{"self":[{"href":"https:\/\/madelinefashion.pl\/sk\/wp-json\/wp\/v2\/product\/30424","targetHints":{"allow":["GET"]}}],"collection":[{"href":"https:\/\/madelinefashion.pl\/sk\/wp-json\/wp\/v2\/product"}],"about":[{"href":"https:\/\/madelinefashion.pl\/sk\/wp-json\/wp\/v2\/types\/product"}],"wp:featuredmedia":[{"embeddable":true,"href":"https:\/\/madelinefashion.pl\/sk\/wp-json\/wp\/v2\/media\/30408"}],"wp:attachment":[{"href":"https:\/\/madelinefashion.pl\/sk\/wp-json\/wp\/v2\/media?parent=30424"}],"wp:term":[{"taxonomy":"product_brand","embeddable":true,"href":"https:\/\/madelinefashion.pl\/sk\/wp-json\/wp\/v2\/product_brand?post=30424"},{"taxonomy":"product_cat","embeddable":true,"href":"https:\/\/madelinefashion.pl\/sk\/wp-json\/wp\/v2\/product_cat?post=30424"},{"taxonomy":"product_tag","embeddable":true,"href":"https:\/\/madelinefashion.pl\/sk\/wp-json\/wp\/v2\/product_tag?post=30424"}],"curies":[{"name":"pracovn\u00fd list","href":"https:\/\/api.w.org\/{rel}","templated":true}]}}