{"id":30510,"date":"2022-03-02T15:04:26","date_gmt":"2022-03-02T14:04:26","guid":{"rendered":"https:\/\/madelinefashion.pl\/?post_type=product&#038;p=30510"},"modified":"2026-03-26T12:40:26","modified_gmt":"2026-03-26T11:40:26","slug":"klapki-letnie-damskie-z-futrem-naturalnym-cm-grafitowe","status":"publish","type":"product","link":"https:\/\/madelinefashion.pl\/sk\/klapki-letnie-damskie-z-futrem-naturalnym-cm-grafitowe\/","title":{"rendered":"D\u00e1mske letn\u00e9 sand\u00e1le s pr\u00edrodnou ko\u017eu\u0161inou CM grafit"},"content":{"rendered":"<h3 style=\"text-align: center;\">D\u00e1mske letn\u00e9 sand\u00e1le s pr\u00edrodnou ko\u017eu\u0161inou CM grafit<\/h3>\n<p style=\"text-align: center;\"><strong>Papu\u010de s pr\u00edrodnou ko\u017eu\u0161inou!! Vyroben\u00e9 s d\u00f4razom na ka\u017ed\u00fd detail, je to n\u00e1vrh, ktor\u00fd by mal by\u0165 pr\u00edtomn\u00fd v ka\u017edom \u0161atn\u00edku. Bud\u00fa vyzera\u0165 m\u00f3dne a s\u00fa mimoriadne pohodln\u00e9! <\/strong>Papu\u010de s\u00fa skvelou ponukou pre \u017eeny, ktor\u00e9 si cenia pohodlie v letn\u00fdch d\u0148och! Top\u00e1nky maj\u00fa m\u00e4kk\u00fa gumen\u00fa podr\u00e1\u017eku. <strong>Pri v\u00fdbere ve\u013ekosti sa ria\u010fte tabu\u013ekou ve\u013ekost\u00ed.<\/strong><\/p>\n<p style=\"text-align: center;\"><strong>Mimoriadne pr\u00edjemn\u00e1 na dotyk ko\u017eu\u0161ina - U\u017e na prv\u00fd poh\u013ead je vidie\u0165 v\u00fdborn\u00e1 kvalita a starostlivos\u0165 o top\u00e1nky.<\/strong><\/p>\n<p style=\"text-align: center;\">D\u00e1mske papu\u010de s pru\u017enou podr\u00e1\u017ekou. Tento model spolu napr\u00edklad so vzdu\u0161n\u00fdmi \u0161atami vytvoria m\u00f3dny letn\u00fd look a z\u00e1rove\u0148 si u\u017eijete pohodlie na ka\u017edom kroku ... To si nem\u00f4\u017eete necha\u0165 ujs\u0165!<\/p>\n<p>&nbsp;<\/p>\n<table width=\"540\">\n<thead>\n<tr>\n<td width=\"216\"><strong>Ve\u013ekos\u0165 E\u00da<\/strong><\/td>\n<td width=\"316\"><strong>D\u013a\u017eka vlo\u017eky<\/strong><\/td>\n<\/tr>\n<\/thead>\n<tbody>\n<tr>\n<td width=\"216\"><strong>36<\/strong><\/td>\n<td width=\"316\">23 cm<\/td>\n<\/tr>\n<tr>\n<td width=\"216\"><strong>37<\/strong><\/td>\n<td width=\"316\">23,5 cm<\/td>\n<\/tr>\n<tr>\n<td width=\"216\"><strong>38<\/strong><\/td>\n<td width=\"316\">24 cm<\/td>\n<\/tr>\n<tr>\n<td width=\"216\"><strong>39<\/strong><\/td>\n<td width=\"316\">24,5 cm<\/td>\n<\/tr>\n<tr>\n<td width=\"216\"><strong>40<\/strong><\/td>\n<td width=\"316\">25,5 cm<\/td>\n<\/tr>\n<tr>\n<td width=\"216\"><strong>41<\/strong><\/td>\n<td width=\"316\">26 cm<\/td>\n<\/tr>\n<\/tbody>\n<\/table>\n<div class=\"wrap-content\">\n<div class=\"main-container container\">\n<div class=\"row\">\n<section class=\"main-content sidebar-left-false\">\n<div class=\"product-page page\">\n<div class=\"page-content\">\n<div id=\"ProductSizing\" class=\"product-sizing modal fade in\" tabindex=\"-1\" role=\"dialog\" aria-hidden=\"false\">\n<div class=\"modal-dialog\">\n<div class=\"modal-content\">\n<div class=\"widget html_editor\">\n<p>&nbsp;<\/p>\n<\/div>\n<p>&nbsp;<\/p>\n<\/div>\n<\/div>\n<\/div>\n<\/div>\n<\/div>\n<\/section>\n<\/div>\n<\/div>\n<\/div>\n<div class=\"wrap-footer\">\n<footer class=\"\">\n<div class=\"container\">\n<div class=\"footer-newsletter-box\"><\/div>\n<\/div>\n<\/footer>\n<\/div>\n<table>\n<tbody>\n<tr>\n<td width=\"302\">Meno modela<\/td>\n<td width=\"302\">D\u00e1mske letn\u00e9 papu\u010de s pr\u00edrodnou ko\u017eu\u0161inou<\/td>\n<\/tr>\n<tr>\n<td width=\"302\">Farba<\/td>\n<td width=\"302\">Grafit<\/td>\n<\/tr>\n<tr>\n<td width=\"302\">ve\u013ekosti<\/td>\n<td width=\"302\">36 37\u00a0 38\u00a0 39 40 41<\/td>\n<\/tr>\n<tr>\n<td width=\"302\">Podo\u0161va<\/td>\n<td width=\"302\">Guma<\/td>\n<\/tr>\n<tr>\n<td width=\"302\">Otep\u013eovanie<\/td>\n<td width=\"302\">Nie<\/td>\n<\/tr>\n<tr>\n<td width=\"302\">Spona<\/td>\n<td width=\"302\">Nie (posuvn\u00e9)<\/td>\n<\/tr>\n<tr>\n<td width=\"302\">Zbierka<\/td>\n<td width=\"302\">Jar\/Jese\u0148\/Leto<\/td>\n<\/tr>\n<\/tbody>\n<\/table>\n<div class=\"tabs tabs-bb clear mb-80\">\n<div class=\"tab-content\">\n<div id=\"tab-description\" class=\"tab-pane fade in woocommerce-Tabs-panel--description active\">\n<p style=\"text-align: center;\">\n<\/div>\n<\/div>\n<\/div>\n<section class=\"up-sells upsells products mb-80\"><\/section>\n<p style=\"text-align: left;\">107 CK<\/p>","protected":false},"excerpt":{"rendered":"<p>Klapki Letnie Damskie Z Futrem Naturalnym CM Grafitowe Klapki z futerkiem naturalnym!! Wykonane z dba\u0142o\u015bci\u0105 o ka\u017cdy szczeg\u00f3\u0142 to propozycja, kt\u00f3ra koniecznie powinna znale\u017a\u0107 si\u0119 w ka\u017cdej garderobie. Zaprezentuj\u0105 si\u0119 modnie, a do tego s\u0105 niezwykle wygodne! Klapki to \u015bwietna propozycja dla kobiet ceni\u0105cych sobie komfort w letnie dni! Buty posiadaj\u0105 mi\u0119kk\u0105 gumow\u0105 podeszw\u0119. Przy<\/p>\n<div class=\"klb-readmore post-buttons\"><a class=\"button black outline size-sm\" href=\"https:\/\/madelinefashion.pl\/sk\/klapki-letnie-damskie-z-futrem-naturalnym-cm-grafitowe\/\">\u010c\u00edta\u0165 \u010falej <i class=\"klbth-icon-right-arrow\"><\/i><\/a><\/div>","protected":false},"featured_media":30509,"template":"","meta":[],"product_brand":[],"product_cat":[400,380],"product_tag":[494],"class_list":{"0":"post-30510","1":"product","2":"type-product","3":"status-publish","4":"has-post-thumbnail","6":"product_cat-buty","7":"product_cat-wyprzedaz","8":"product_tag-klapki","10":"first","11":"instock","12":"sale","13":"purchasable","14":"product-type-variable"},"_links":{"self":[{"href":"https:\/\/madelinefashion.pl\/sk\/wp-json\/wp\/v2\/product\/30510","targetHints":{"allow":["GET"]}}],"collection":[{"href":"https:\/\/madelinefashion.pl\/sk\/wp-json\/wp\/v2\/product"}],"about":[{"href":"https:\/\/madelinefashion.pl\/sk\/wp-json\/wp\/v2\/types\/product"}],"wp:featuredmedia":[{"embeddable":true,"href":"https:\/\/madelinefashion.pl\/sk\/wp-json\/wp\/v2\/media\/30509"}],"wp:attachment":[{"href":"https:\/\/madelinefashion.pl\/sk\/wp-json\/wp\/v2\/media?parent=30510"}],"wp:term":[{"taxonomy":"product_brand","embeddable":true,"href":"https:\/\/madelinefashion.pl\/sk\/wp-json\/wp\/v2\/product_brand?post=30510"},{"taxonomy":"product_cat","embeddable":true,"href":"https:\/\/madelinefashion.pl\/sk\/wp-json\/wp\/v2\/product_cat?post=30510"},{"taxonomy":"product_tag","embeddable":true,"href":"https:\/\/madelinefashion.pl\/sk\/wp-json\/wp\/v2\/product_tag?post=30510"}],"curies":[{"name":"pracovn\u00fd list","href":"https:\/\/api.w.org\/{rel}","templated":true}]}}