{"id":31645,"date":"2022-03-16T17:13:40","date_gmt":"2022-03-16T16:13:40","guid":{"rendered":"https:\/\/madelinefashion.pl\/?post_type=product&#038;p=31645"},"modified":"2026-04-08T06:54:15","modified_gmt":"2026-04-08T04:54:15","slug":"katana-kurtka-jeansowa-krotka-ze-sciagaczem-z-nadrukami","status":"publish","type":"product","link":"https:\/\/madelinefashion.pl\/sk\/katana-kurtka-jeansowa-krotka-ze-sciagaczem-z-nadrukami\/","title":{"rendered":"Katana skr\u00e1ten\u00e1 d\u017e\u00ednsov\u00e1 bunda s potla\u010dou"},"content":{"rendered":"<h3 style=\"text-align: center;\">Katana skr\u00e1ten\u00e1 d\u017e\u00ednsov\u00e1 bunda s potla\u010dou<\/h3>\n<p style=\"text-align: center;\">D\u017e\u00ednsov\u00e1 bunda Katana je ide\u00e1lnym n\u00e1vrhom na bl\u00ed\u017eiacu sa jar. Bunda oversize strihu, okolo p\u00e1sa. Mimoriadne m\u00f3dna ponuka, m\u00e1 dve vreck\u00e1 a ozdobn\u00e9 odreniny. Zap\u00edna sa na zips a hod\u00ed sa k v\u00e4\u010d\u0161ine ka\u017edodenn\u00fdch \u0161t\u00fdlov. Katana je ide\u00e1lna na topy, tri\u010dk\u00e1, leg\u00edny, nohavice - je to ve\u013emi univerz\u00e1lny model, ktor\u00fd sa dod\u00e1va vo ve\u013e.<b> M,L,XL. Mal\u00e1 ve\u013ekos\u0165 - ve\u013ekos\u0165 M = S. Pozrite si tabu\u013eku ve\u013ekost\u00ed ni\u017e\u0161ie.<\/b><\/p>\n<h3 style=\"text-align: center;\">Rozmery:<\/h3>\n<p style=\"text-align: center;\"><b>M\/38<\/b><\/p>\n<p style=\"text-align: center;\">Celkov\u00e1 d\u013a\u017eka - 59 cm<\/p>\n<p style=\"text-align: center;\">\u0160\u00edrka od pazuchy po pazuchu - 58 cm<\/p>\n<p style=\"text-align: center;\">D\u013a\u017eka ruk\u00e1va od ramena - 53 cm<\/p>\n<p style=\"text-align: center;\">D\u013a\u017eka ruk\u00e1va od podpazu\u0161ia - 40 cm<\/p>\n<p style=\"text-align: center;\">\u0160\u00edrka v spodnej \u010dasti - 40-52 cm<\/p>\n<p style=\"text-align: center;\"><b>L\/40<\/b><\/p>\n<p style=\"text-align: center;\">Celkov\u00e1 d\u013a\u017eka - 59 cm<\/p>\n<p style=\"text-align: center;\">\u0160\u00edrka od pazuchy po pazuchu - 60 cm<\/p>\n<p style=\"text-align: center;\">D\u013a\u017eka ruk\u00e1va od ramena - 54 cm<\/p>\n<p style=\"text-align: center;\">D\u013a\u017eka ruk\u00e1va od podpazu\u0161ia - 41 cm<\/p>\n<p style=\"text-align: center;\">\u0160\u00edrka v spodnej \u010dasti - 40-54 cm<\/p>\n<p style=\"text-align: center;\"><b>XL\/42<\/b><\/p>\n<p style=\"text-align: center;\">Celkov\u00e1 d\u013a\u017eka - 59 cm<\/p>\n<p style=\"text-align: center;\">\u0160\u00edrka od pazuchy po pazuchu - 62 cm<\/p>\n<p style=\"text-align: center;\">D\u013a\u017eka ruk\u00e1va od ramena - 55 cm<\/p>\n<p style=\"text-align: center;\">D\u013a\u017eka ruk\u00e1va od podpazu\u0161ia - 42 cm<\/p>\n<p style=\"text-align: center;\">\u0160\u00edrka v spodnej \u010dasti - 40-56 cm<\/p>\n<p>&nbsp;<\/p>\n<p style=\"text-align: center;\">Rozmery sa m\u00f4\u017eu mierne l\u00ed\u0161i\u0165 od uveden\u00fdch +\/- 2cm. V\u0161etky uveden\u00e9 rozmery s\u00fa <strong>meran\u00fd byt<\/strong>.\u00a0<strong>rozmer x2<\/strong><\/p>\n<p>&nbsp;<\/p>\n<table width=\"605\">\n<tbody>\n<tr>\n<td width=\"302\">Meno modela<\/td>\n<td width=\"302\">Katana skr\u00e1ten\u00e1 d\u017e\u00ednsov\u00e1 bunda s potla\u010dou<\/td>\n<\/tr>\n<tr>\n<td width=\"302\">Farba<\/td>\n<td width=\"302\">d\u017e\u00ednsy<\/td>\n<\/tr>\n<tr>\n<td width=\"302\">ve\u013ekosti<\/td>\n<td width=\"302\">ML XL<\/td>\n<\/tr>\n<tr>\n<td width=\"302\">Zbierka<\/td>\n<td width=\"302\">Jar leto jese\u0148 zima<\/td>\n<\/tr>\n<tr>\n<td width=\"302\">Hood<\/td>\n<td width=\"302\">Nie<\/td>\n<\/tr>\n<tr>\n<td width=\"302\">Kvalita<\/td>\n<td width=\"302\">Premium<\/td>\n<\/tr>\n<tr>\n<td width=\"302\">zap\u00ednanie<\/td>\n<td width=\"302\">Z\u00e1mok<\/td>\n<\/tr>\n<\/tbody>\n<\/table>\n<p style=\"text-align: center;\">Model m\u00e1\u00a0<strong>169<\/strong>\u00a0cm vysok\u00fd, nos\u00ed ve\u013ekos\u0165 ka\u017ed\u00fd de\u0148\u00a0<strong>S<\/strong><\/p>\n<p style=\"text-align: center;\">\u0160\u00edrka cez prsia 92 cm<\/p>\n<p style=\"text-align: center;\">\u0160\u00edrka v p\u00e1se 62 cm<\/p>\n<p style=\"text-align: center;\">\u0160\u00edrka v bokoch 94 cm<\/p>\n<p>&nbsp;<\/p>\n<p style=\"text-align: center;\"><span style=\"font-size: 10pt;\">\u00a0<\/span><\/p>\n<p style=\"text-align: center;\">","protected":false},"excerpt":{"rendered":"<p>Katana Kurtka Jeansowa Kr\u00f3tka Ze \u015aci\u0105gaczem Z Nadrukami Katana kurtka jeansowa to idealna propozycja na nadchodz\u0105c\u0105 wiosn\u0119. Kurtka o kroju oversize, do okolic pasa. Niezwykle modna propozycja, posiada dwie kieszenie oraz ozdobne przetarcia. Zapinana na zamek, pasuje do wi\u0119kszo\u015bci stylizacji codziennych. Katana idealnie sprawdzi si\u0119 do top\u00f3w, t-shirt\u00f3w, leggins\u00f3w, spodni &#8211; jest to bardzo uniwersalny<\/p>\n<div class=\"klb-readmore post-buttons\"><a class=\"button black outline size-sm\" href=\"https:\/\/madelinefashion.pl\/sk\/katana-kurtka-jeansowa-krotka-ze-sciagaczem-z-nadrukami\/\">\u010c\u00edta\u0165 \u010falej <i class=\"klbth-icon-right-arrow\"><\/i><\/a><\/div>","protected":false},"featured_media":31558,"template":"","meta":[],"product_brand":[],"product_cat":[117,395],"product_tag":[507],"class_list":{"0":"post-31645","1":"product","2":"type-product","3":"status-publish","4":"has-post-thumbnail","6":"product_cat-kurtki","7":"product_cat-nowosci","8":"product_tag-kurtka-jeansowa","9":"pa_rozmiar-l","10":"pa_rozmiar-xl","11":"pa_rozmiar-s","12":"pa_rozmiar-m","14":"first","15":"instock","16":"product-type-variable"},"_links":{"self":[{"href":"https:\/\/madelinefashion.pl\/sk\/wp-json\/wp\/v2\/product\/31645","targetHints":{"allow":["GET"]}}],"collection":[{"href":"https:\/\/madelinefashion.pl\/sk\/wp-json\/wp\/v2\/product"}],"about":[{"href":"https:\/\/madelinefashion.pl\/sk\/wp-json\/wp\/v2\/types\/product"}],"wp:featuredmedia":[{"embeddable":true,"href":"https:\/\/madelinefashion.pl\/sk\/wp-json\/wp\/v2\/media\/31558"}],"wp:attachment":[{"href":"https:\/\/madelinefashion.pl\/sk\/wp-json\/wp\/v2\/media?parent=31645"}],"wp:term":[{"taxonomy":"product_brand","embeddable":true,"href":"https:\/\/madelinefashion.pl\/sk\/wp-json\/wp\/v2\/product_brand?post=31645"},{"taxonomy":"product_cat","embeddable":true,"href":"https:\/\/madelinefashion.pl\/sk\/wp-json\/wp\/v2\/product_cat?post=31645"},{"taxonomy":"product_tag","embeddable":true,"href":"https:\/\/madelinefashion.pl\/sk\/wp-json\/wp\/v2\/product_tag?post=31645"}],"curies":[{"name":"pracovn\u00fd list","href":"https:\/\/api.w.org\/{rel}","templated":true}]}}