{"id":3355,"date":"2020-11-28T11:40:43","date_gmt":"2020-11-28T10:40:43","guid":{"rendered":"https:\/\/madelinefashion.pl\/?post_type=product&#038;p=3355"},"modified":"2026-01-20T10:34:47","modified_gmt":"2026-01-20T09:34:47","slug":"bluzka-boho-irna-biala","status":"publish","type":"product","link":"https:\/\/madelinefashion.pl\/sk\/bluzka-boho-irna-biala\/","title":{"rendered":"Bl\u00fazka Irna Boho biela"},"content":{"rendered":"<h3 style=\"text-align: center;\">Bl\u00fazka Irna Boho biela<\/h3>\n<p style=\"text-align: center;\"><span style=\"font-size: 10pt;\"><strong>Irna boho bl\u00fazka<\/strong> v bielej farbe - Univerz\u00e1lny model - ide\u00e1lny na r\u00f4zne oslavy so suk\u0148ou a pod sako, ako aj s nohavicami ka\u017ed\u00fd de\u0148. Bl\u00fazka z \u010dipkovan\u00e9ho materi\u00e1lu zap\u00ednan\u00e1 vzadu na zips. Top vpredu m\u00e1 pod \u010dipkou jemn\u00fa bavlnen\u00fa pod\u0161\u00edvku. Model, v ktorom nezostanete bez pov\u0161imnutia. Odpor\u00fa\u010da sa pre \u017eeny vo ve\u013ekosti <strong>XS, S, M, L<\/strong><\/span><\/p>\n<h2 style=\"text-align: center;\">Rozmery:<\/h2>\n<ul style=\"text-align: center;\">\n<li>celkov\u00e1 d\u013a\u017eka: 62 cm<\/li>\n<li>\u0161\u00edrka od pazuchy po pazuchu: 43-50 cm<\/li>\n<li>\u0161\u00edrka p\u00e1sa: 35-38 cm<\/li>\n<li>odpor\u00fa\u010dan\u00fd maxim\u00e1lny obvod poprsia: 96 cm<\/li>\n<\/ul>\n<p style=\"text-align: center;\">Rozmery sa m\u00f4\u017eu mierne l\u00ed\u0161i\u0165 od uveden\u00fdch +\/- 2cm. V\u0161etky uveden\u00e9 rozmery s\u00fa meran\u00e9 plo\u0161ne. rozmer x2<\/p>\n<p style=\"text-align: center;\"><span style=\"font-size: 10pt;\">\u00a0<\/span><\/p>\n<p style=\"text-align: center;\"><span style=\"font-size: 10pt;\">\u00a0<\/span><\/p>\n<table width=\"611\">\n<tbody>\n<tr>\n<td width=\"302\">Meno modela<\/td>\n<td width=\"302\">boh\u00e9mska bl\u00fazka<\/td>\n<\/tr>\n<tr>\n<td width=\"302\">Farba<\/td>\n<td width=\"302\">biely<\/td>\n<\/tr>\n<tr>\n<td width=\"302\">ve\u013ekosti<\/td>\n<td width=\"302\">Univerz\u00e1lny<\/td>\n<\/tr>\n<tr>\n<td width=\"302\">M\u00f3da<\/td>\n<td width=\"302\">nadrozmern\u00e9<\/td>\n<\/tr>\n<tr>\n<td width=\"302\">Materi\u00e1l<\/td>\n<td width=\"302\">100 % Polyester<\/td>\n<\/tr>\n<\/tbody>\n<\/table>\n<p style=\"text-align: center;\"><span style=\"font-size: 10pt;\">\u00a0<\/span><\/p>\n<p style=\"text-align: center;\">\u00a0Modelka je vysok\u00e1 165 cm a zvy\u010dajne nos\u00ed ve\u013ekos\u0165 hore <strong>S<\/strong><span style=\"font-size: 10pt;\">\u00a0<\/span><\/p>\n<p style=\"text-align: center;\"><span style=\"font-size: 10pt;\">\u00a0<\/span><\/p>\n<p style=\"text-align: center;\"><span style=\"font-size: 10pt;\">\u00a0<\/span><\/p>\n<p style=\"text-align: center;\"><span style=\"font-size: 10pt;\">\u00a0<\/span><\/p>","protected":false},"excerpt":{"rendered":"<p>Bluzka Boho Irna Bia\u0142a Bluzka Boho Irna w kolorze bia\u0142ym &#8211; Uniwersalny model- idealny na r\u00f3\u017cne uroczysto\u015bci do sp\u00f3dnicy i pod \u017cakiet, a tak\u017ce do spodni na co dzie\u0144. Bluzka wykonana z koronkowego materia\u0142u zapinana z ty\u0142u na zamek.\u00a0 Top z przodu posiada delikatn\u0105 bawe\u0142nian\u0105 podszewk\u0119 pod koronk\u0105. Model, w kt\u00f3rym nie przejdziesz nie zauwa\u017cona.<\/p>\n<div class=\"klb-readmore post-buttons\"><a class=\"button black outline size-sm\" href=\"https:\/\/madelinefashion.pl\/sk\/bluzka-boho-irna-biala\/\">\u010c\u00edta\u0165 \u010falej <i class=\"klbth-icon-right-arrow\"><\/i><\/a><\/div>","protected":false},"featured_media":10519,"template":"","meta":[],"product_brand":[],"product_cat":[77],"product_tag":[251],"class_list":{"0":"post-3355","1":"product","2":"type-product","3":"status-publish","4":"has-post-thumbnail","6":"product_cat-bluzki","7":"product_tag-bluzka-biala","9":"first","10":"instock","11":"sale","12":"purchasable","13":"product-type-simple"},"_links":{"self":[{"href":"https:\/\/madelinefashion.pl\/sk\/wp-json\/wp\/v2\/product\/3355","targetHints":{"allow":["GET"]}}],"collection":[{"href":"https:\/\/madelinefashion.pl\/sk\/wp-json\/wp\/v2\/product"}],"about":[{"href":"https:\/\/madelinefashion.pl\/sk\/wp-json\/wp\/v2\/types\/product"}],"wp:featuredmedia":[{"embeddable":true,"href":"https:\/\/madelinefashion.pl\/sk\/wp-json\/wp\/v2\/media\/10519"}],"wp:attachment":[{"href":"https:\/\/madelinefashion.pl\/sk\/wp-json\/wp\/v2\/media?parent=3355"}],"wp:term":[{"taxonomy":"product_brand","embeddable":true,"href":"https:\/\/madelinefashion.pl\/sk\/wp-json\/wp\/v2\/product_brand?post=3355"},{"taxonomy":"product_cat","embeddable":true,"href":"https:\/\/madelinefashion.pl\/sk\/wp-json\/wp\/v2\/product_cat?post=3355"},{"taxonomy":"product_tag","embeddable":true,"href":"https:\/\/madelinefashion.pl\/sk\/wp-json\/wp\/v2\/product_tag?post=3355"}],"curies":[{"name":"pracovn\u00fd list","href":"https:\/\/api.w.org\/{rel}","templated":true}]}}