{"id":34225,"date":"2022-04-14T19:37:04","date_gmt":"2022-04-14T17:37:04","guid":{"rendered":"https:\/\/madelinefashion.pl\/?post_type=product&#038;p=34225"},"modified":"2023-02-16T15:14:33","modified_gmt":"2023-02-16T14:14:33","slug":"kombinezon-w-panterke-na-ramiaczkach-czarny","status":"publish","type":"product","link":"https:\/\/madelinefashion.pl\/sk\/kombinezon-w-panterke-na-ramiaczkach-czarny\/","title":{"rendered":"\u010cierny overal s leopard\u00edm vzorom"},"content":{"rendered":"<h3 style=\"text-align: center;\">\u010cierny overal s leopard\u00edm vzorom<\/h3>\n<p style=\"text-align: center;\"><span style=\"vertical-align: inherit;\"><span style=\"vertical-align: inherit;\"><strong>\u0160ialen\u00fd overal s najm\u00f3dnej\u0161ou zvieracou potla\u010dou \u2013 <\/strong>vyroben\u00e9 z jemn\u00e9ho, tenk\u00e9ho materi\u00e1lu je ide\u00e1lnym n\u00e1vrhom pre<strong> ka\u017ed\u00e1 \u017eena, ktor\u00e1 ocen\u00ed \u0161t\u00fdl. V\u010faka miernemu oversize strihu sa c\u00edtime pohodlne a pohodlne.\u00a0<\/strong>S<\/span><span style=\"vertical-align: inherit;\">\u017ee okolo v\u00e1s nikto \u013eahostajne neprejde.<strong> Oblek m\u00e1 vo\u013en\u00e9 nohavice <\/strong>a elastick\u00fd p\u00e1s pre dokonal\u00e9 prisp\u00f4sobenie. Oblek je dostupn\u00fd vo viacer\u00fdch farb\u00e1ch. Je to modelka<\/span><\/span> jednoducho stvoren\u00e1 na tepl\u00e9 jarn\u00e9 a letn\u00e9 dni ako po\u010das pr\u00e1zdnin, tak aj v ruchu ve\u013ekomesta. <strong>Budete pote\u0161en\u00ed, dokonal\u00fd strih, ktor\u00fd je alternat\u00edvou k \u0161at\u00e1m.<\/strong> Pohodln\u00e9 nosenie v sofistikovanom \u0161t\u00fdle mus\u00ed by\u0165 vo va\u0161om \u0161atn\u00edku. <strong>\u0160t\u00fdlov\u00fd a z\u00e1rove\u0148 ve\u013emi \u017eensk\u00fd overal.<\/strong>\u00a0 Odpor\u00fa\u010da sa pre \u017eeny, ktor\u00e9 nosia ve\u013e <strong>XS SML XL.\u00a0 <span lang=\"pl-pl\" xml:lang=\"pl-pl\">Jedine\u010dn\u00fd model pre v\u00fdnimo\u010dn\u00e9 \u017eeny!<\/span><\/strong><\/p>\n<p>&nbsp;<\/p>\n<h3 style=\"text-align: center;\"><span style=\"vertical-align: inherit;\">Rozmery obleku:<\/span><\/h3>\n<p align=\"center\">Celkov\u00e1 d\u013a\u017eka - 142 cm<br \/>\n\u0160\u00edrka poprsia - 42-55 cm x2<br \/>\n\u0160\u00edrka p\u00e1sa -29 cm -40 cm x2<br \/>\nVonkaj\u0161ia d\u013a\u017eka nohav\u00edc - 94 cm<br \/>\nVn\u00fatorn\u00e1 d\u013a\u017eka nohav\u00edc - 64 cm<\/p>\n<p style=\"text-align: center;\"><span style=\"vertical-align: inherit;\"><span style=\"vertical-align: inherit;\">Rozmery sa m\u00f4\u017eu l\u00ed\u0161i\u0165 od uveden\u00fdch +\/- 2cm. <\/span><span style=\"vertical-align: inherit;\">V\u0161etky uveden\u00e9 rozmery s\u00fa meran\u00e9 plo\u0161ne. <strong>rozmer x2<\/strong><\/span><\/span><\/p>\n<h3 style=\"text-align: center;\"><span style=\"vertical-align: inherit;\"><span style=\"vertical-align: inherit;\">Vlastnosti produktu:<br \/>\n<\/span><\/span><\/h3>\n<p style=\"text-align: center;\"><span style=\"vertical-align: inherit;\"><span style=\"vertical-align: inherit;\"><br \/>\n-elegantn\u00fd<br \/>\n- pr\u00edjemn\u00fd materi\u00e1l<br \/>\n- m\u00f3dny \u0161t\u00fdl<br \/>\n- guma v p\u00e1se<br \/>\n- origin\u00e1l<br \/>\n-\u017eensk\u00fd<br \/>\n- na ramenn\u00fdch popruhoch<br \/>\n- zvieracia potla\u010d<\/span><\/span><\/p>\n<p style=\"text-align: center;\"><strong>\u00a0<\/strong><\/p>\n<table style=\"height: 202px;\" width=\"565\">\n<tbody>\n<tr>\n<td width=\"302\">Meno modela<\/td>\n<td width=\"302\">Overal s leopard\u00edm vzorom na ramienka<\/td>\n<\/tr>\n<tr>\n<td width=\"302\">Farba<\/td>\n<td width=\"302\">Panther Black Beige<\/td>\n<\/tr>\n<tr>\n<td width=\"302\">Zbierka<\/td>\n<td width=\"302\">Jar leto<\/td>\n<\/tr>\n<tr>\n<td width=\"302\">ve\u013ekosti<\/td>\n<td width=\"302\">Univerz\u00e1lny<\/td>\n<\/tr>\n<tr>\n<td width=\"302\">\u0160tiepenie<\/td>\n<td width=\"302\">V \u0161t\u00fdle<\/td>\n<\/tr>\n<tr>\n<td width=\"302\">D\u013a\u017eka<\/td>\n<td width=\"302\">maxi<\/td>\n<\/tr>\n<tr>\n<td width=\"302\">Materi\u00e1l<\/td>\n<td width=\"302\">95% Polyester 5% Elastan<\/td>\n<\/tr>\n<\/tbody>\n<\/table>\n<div class=\"tabs tabs-bb clear mb-80\">\n<div class=\"tab-content\">\n<div id=\"tab-description\" class=\"tab-pane fade in woocommerce-Tabs-panel--description active\">\n<p style=\"text-align: center;\">Model m\u00e1\u00a0<strong>169<\/strong>\u00a0cm vysok\u00fd, nos\u00ed ve\u013ekos\u0165 ka\u017ed\u00fd de\u0148\u00a0<strong>S<\/strong><\/p>\n<p style=\"text-align: center;\">\u0160\u00edrka cez prsia 92 cm<\/p>\n<p style=\"text-align: center;\">\u0160\u00edrka v p\u00e1se 62 cm<\/p>\n<p style=\"text-align: center;\">\u0160\u00edrka v bokoch 94 cm<\/p>\n<\/div>\n<\/div>\n<\/div>\n<section class=\"related products mb-80\"><\/section>\n<section class=\"page-product-box\">\n<div class=\"rte\">\n<p style=\"text-align: center;\">\n<\/div>\n<\/section>","protected":false},"excerpt":{"rendered":"<p>Overal s leopard\u00edm vzorom a ramienkami v \u010diernej farbe. Tento \u00fa\u017easn\u00fd overal s najtrendovej\u0161ou zvieracou potla\u010dou \u2013 vyroben\u00fd z jemnej, \u013eahkej l\u00e1tky \u2013 je perfektnou vo\u013ebou pre ka\u017ed\u00fa \u017eenu, ktor\u00e1 si cen\u00ed \u0161t\u00fdl. Mierne nadrozmern\u00fd strih v\u00e1m zaru\u010d\u00ed pohodlie a \u00fatulnos\u0165. Ur\u010dite zaujme ka\u017ed\u00e9ho. Overal m\u00e1 vo\u013en\u00e9 nohavice a elastick\u00fd p\u00e1s pre dokonal\u00e9 padnutie.<\/p>\n<div class=\"klb-readmore post-buttons\"><a class=\"button black outline size-sm\" href=\"https:\/\/madelinefashion.pl\/sk\/kombinezon-w-panterke-na-ramiaczkach-czarny\/\">\u010c\u00edta\u0165 \u010falej <i class=\"klbth-icon-right-arrow\"><\/i><\/a><\/div>","protected":false},"featured_media":34184,"template":"","meta":[],"product_brand":[],"product_cat":[80,395],"product_tag":[297],"class_list":{"0":"post-34225","1":"product","2":"type-product","3":"status-publish","4":"has-post-thumbnail","6":"product_cat-sukienki-i-kombinezony","7":"product_cat-nowosci","8":"product_tag-kombinezony","10":"first","11":"instock","12":"purchasable","13":"product-type-simple"},"_links":{"self":[{"href":"https:\/\/madelinefashion.pl\/sk\/wp-json\/wp\/v2\/product\/34225","targetHints":{"allow":["GET"]}}],"collection":[{"href":"https:\/\/madelinefashion.pl\/sk\/wp-json\/wp\/v2\/product"}],"about":[{"href":"https:\/\/madelinefashion.pl\/sk\/wp-json\/wp\/v2\/types\/product"}],"wp:featuredmedia":[{"embeddable":true,"href":"https:\/\/madelinefashion.pl\/sk\/wp-json\/wp\/v2\/media\/34184"}],"wp:attachment":[{"href":"https:\/\/madelinefashion.pl\/sk\/wp-json\/wp\/v2\/media?parent=34225"}],"wp:term":[{"taxonomy":"product_brand","embeddable":true,"href":"https:\/\/madelinefashion.pl\/sk\/wp-json\/wp\/v2\/product_brand?post=34225"},{"taxonomy":"product_cat","embeddable":true,"href":"https:\/\/madelinefashion.pl\/sk\/wp-json\/wp\/v2\/product_cat?post=34225"},{"taxonomy":"product_tag","embeddable":true,"href":"https:\/\/madelinefashion.pl\/sk\/wp-json\/wp\/v2\/product_tag?post=34225"}],"curies":[{"name":"pracovn\u00fd list","href":"https:\/\/api.w.org\/{rel}","templated":true}]}}