{"id":34672,"date":"2022-04-19T15:14:16","date_gmt":"2022-04-19T13:14:16","guid":{"rendered":"https:\/\/madelinefashion.pl\/?post_type=product&#038;p=34672"},"modified":"2026-01-20T10:33:56","modified_gmt":"2026-01-20T09:33:56","slug":"bluzka-falbana-na-jedno-ramie-luxe-bezowa","status":"publish","type":"product","link":"https:\/\/madelinefashion.pl\/sk\/bluzka-falbana-na-jedno-ramie-luxe-bezowa\/","title":{"rendered":"Luxusn\u00e1 b\u00e9\u017eov\u00e1 bl\u00fazka na jedno rameno"},"content":{"rendered":"<h3 style=\"text-align: center;\">Luxusn\u00e1 b\u00e9\u017eov\u00e1 bl\u00fazka na jedno rameno<\/h3>\n<p style=\"text-align: center;\">Kr\u00e1sny letn\u00fd n\u00e1vrh nosen\u00fd na jednom ramene. Vol\u00e1niky dod\u00e1vaj\u00fa bl\u00fazke \u0161arm, v\u010faka \u010domu v nej budete vyzera\u0165 super m\u00f3dne. Perfektn\u00e1 poloha, ktor\u00e1 sa hod\u00ed takmer ku ka\u017ed\u00e9mu \u0161t\u00fdlu - m\u00f4\u017eete ju kombinova\u0165 s \u0161ortkami, nohavicami alebo suk\u0148ami.<\/p>\n<h3 style=\"text-align: center;\">\u00a0 \u00a0 \u00a0Rozmery:<\/h3>\n<ul style=\"text-align: center;\">\n<li style=\"list-style-type: none;\">\n<ul>\n<li>celkov\u00e1 d\u013a\u017eka: 59 cm<\/li>\n<li>\u0161\u00edrka od pazuchy po pazuchu: 43-54 cm<\/li>\n<li><\/li>\n<\/ul>\n<p>Rozmery sa m\u00f4\u017eu mierne l\u00ed\u0161i\u0165 od uveden\u00fdch +\/- 2cm. V\u0161etky uveden\u00e9 rozmery s\u00fa meran\u00e9 plo\u0161ne. <strong>rozmer x2<\/strong><\/li>\n<\/ul>\n<p>&nbsp;<\/p>\n<table style=\"height: 288px;\" width=\"432\">\n<tbody>\n<tr>\n<td>Meno modela<\/td>\n<td>\n<p style=\"text-align: left;\">Luxusn\u00e1 vol\u00e1nov\u00e1 bl\u00fazka na jedno rameno<\/p>\n<\/td>\n<\/tr>\n<tr>\n<td>Farba<\/td>\n<td>Bez<\/td>\n<\/tr>\n<tr>\n<td>Zbierka<\/td>\n<td>Jar leto jese\u0148 zima<\/td>\n<\/tr>\n<tr>\n<td>Ve\u013ekos\u0165<\/td>\n<td>Univerz\u00e1lny<\/td>\n<\/tr>\n<tr>\n<td>M\u00f3da<\/td>\n<td>nadrozmern\u00e9<\/td>\n<\/tr>\n<tr>\n<td>zap\u00ednanie<\/td>\n<td>tla\u010didl\u00e1<\/td>\n<\/tr>\n<tr>\n<td>Zlo\u017eenie materi\u00e1lov<\/td>\n<td>polyester 97%, elastan 3%<\/td>\n<\/tr>\n<\/tbody>\n<\/table>\n<p style=\"text-align: center;\">Model m\u00e1\u00a0<strong>169<\/strong>\u00a0cm vysok\u00fd, nos\u00ed ve\u013ekos\u0165 ka\u017ed\u00fd de\u0148\u00a0<strong>S<\/strong><\/p>\n<p style=\"text-align: center;\">\u0160\u00edrka cez prsia 92 cm<\/p>\n<p style=\"text-align: center;\">\u0160\u00edrka v p\u00e1se 62 cm<\/p>\n<p style=\"text-align: center;\">\u0160\u00edrka v bokoch 94 cm<\/p>\n<p style=\"text-align: center;\"><strong>\u00a0<\/strong><\/p>","protected":false},"excerpt":{"rendered":"<p>Bluzka Falbana Na Jedno Rami\u0119 Luxe Be\u017cowa Pi\u0119kna letnia propozycja zak\u0142adana na jedno rami\u0119. Falbany dodaj\u0105 bluzce uroku, dzi\u0119ki czemu b\u0119dziesz w niej wygl\u0105da\u0142a super modnie. Idealna pozycja, pasuj\u0105ca niemal\u017ce do ka\u017cdej stylizacji &#8211;\u00a0 mo\u017cesz j\u0105 po\u0142\u0105czy\u0107 z szortami, spodniami lub sp\u00f3dniczkami. \u00a0 \u00a0 \u00a0Wymiary: d\u0142ugo\u015b\u0107 ca\u0142kowita : 59 cm szeroko\u015b\u0107 od pachy do pachy:<\/p>\n<div class=\"klb-readmore post-buttons\"><a class=\"button black outline size-sm\" href=\"https:\/\/madelinefashion.pl\/sk\/bluzka-falbana-na-jedno-ramie-luxe-bezowa\/\">\u010c\u00edta\u0165 \u010falej <i class=\"klbth-icon-right-arrow\"><\/i><\/a><\/div>","protected":false},"featured_media":34652,"template":"","meta":[],"product_brand":[],"product_cat":[92],"product_tag":[],"class_list":{"0":"post-34672","1":"product","2":"type-product","3":"status-publish","4":"has-post-thumbnail","6":"product_cat-koszule","8":"first","9":"instock","10":"sale","11":"purchasable","12":"product-type-simple"},"_links":{"self":[{"href":"https:\/\/madelinefashion.pl\/sk\/wp-json\/wp\/v2\/product\/34672","targetHints":{"allow":["GET"]}}],"collection":[{"href":"https:\/\/madelinefashion.pl\/sk\/wp-json\/wp\/v2\/product"}],"about":[{"href":"https:\/\/madelinefashion.pl\/sk\/wp-json\/wp\/v2\/types\/product"}],"wp:featuredmedia":[{"embeddable":true,"href":"https:\/\/madelinefashion.pl\/sk\/wp-json\/wp\/v2\/media\/34652"}],"wp:attachment":[{"href":"https:\/\/madelinefashion.pl\/sk\/wp-json\/wp\/v2\/media?parent=34672"}],"wp:term":[{"taxonomy":"product_brand","embeddable":true,"href":"https:\/\/madelinefashion.pl\/sk\/wp-json\/wp\/v2\/product_brand?post=34672"},{"taxonomy":"product_cat","embeddable":true,"href":"https:\/\/madelinefashion.pl\/sk\/wp-json\/wp\/v2\/product_cat?post=34672"},{"taxonomy":"product_tag","embeddable":true,"href":"https:\/\/madelinefashion.pl\/sk\/wp-json\/wp\/v2\/product_tag?post=34672"}],"curies":[{"name":"pracovn\u00fd list","href":"https:\/\/api.w.org\/{rel}","templated":true}]}}