{"id":34720,"date":"2022-04-19T16:08:49","date_gmt":"2022-04-19T14:08:49","guid":{"rendered":"https:\/\/madelinefashion.pl\/?post_type=product&#038;p=34720"},"modified":"2025-09-09T10:29:16","modified_gmt":"2025-09-09T08:29:16","slug":"sukienka-rozkloszowana-smile-bezowa","status":"publish","type":"product","link":"https:\/\/madelinefashion.pl\/sk\/sukienka-rozkloszowana-smile-bezowa\/","title":{"rendered":"Roz\u0161\u00edren\u00e9 \u0161aty Smile B\u00e9\u017eov\u00e1"},"content":{"rendered":"<h3 style=\"text-align: center;\">Roz\u0161\u00edren\u00e9 \u0161aty Smile B\u00e9\u017eov\u00e1<\/h3>\n<p style=\"text-align: center;\"><span style=\"font-size: 10pt;\"><span style=\"font-size: 10pt;\">S<\/span><strong style=\"font-size: 10pt;\">mal\u00e9 okno<\/strong><span style=\"font-size: 10pt;\"> s potla\u010dou s n\u00e1pismi, plisovan\u00e1. <\/span><span style=\"font-size: 10pt;\">S<\/span><strong style=\"font-size: 10pt;\">\u0160aty s kr\u00e1tkym ruk\u00e1vom ide\u00e1lne na ka\u017edodenn\u00e9 nosenie, v\u010faka ktor\u00fdm budete vyzera\u0165 svie\u017eo, m\u00f3dne a ve\u013emi \u017eensky <\/strong><span style=\"font-size: 10pt;\"> je to ide\u00e1lna ponuka na jarno-letn\u00fa sez\u00f3nu. Preto na\u0161a ponuka obsahuje jedine\u010dn\u00e9 n\u00e1vrhy letn\u00fdch \u0161iat, ktor\u00e9 m\u00f4\u017eete nosi\u0165 na mnoho r\u00f4znych sp\u00f4sobov. S<\/span><b style=\"font-size: 10pt;\">\u0161aty s\u00fa dokonal\u00e9 <\/b><span style=\"font-size: 13.3333px;\"><b>pon\u00faknu\u0165<\/b><\/span><b style=\"font-size: 10pt;\"> \u010di u\u017e na rande s priate\u013emi alebo do pr\u00e1ce.<\/b><br \/>\n<span style=\"font-size: 10pt;\">\u00a0 \u0160aty maj\u00fa<\/span><strong style=\"font-size: 10pt;\"> guma v p\u00e1se<\/strong><span style=\"font-size: 10pt;\"> v\u010faka ktor\u00e9mu zv\u00fdrazn\u00edte \u017eensk\u00e9 tvary.\u00a0<\/span><br \/>\n<\/span><\/p>\n<p>&nbsp;<\/p>\n<h3 style=\"text-align: center;\">Rozmery:<\/h3>\n<ul style=\"text-align: center;\">\n<li><span style=\"font-size: 10pt;\">\u00a0\u00a0 celkov\u00e1 d\u013a\u017eka: 87 cm<\/span><\/li>\n<li><span style=\"font-size: 10pt;\">\u00a0\u00a0\u00a0\u00a0\u00a0\u00a0\u00a0 \u0161\u00edrka od pazuchy po pazuchu: 44 - 52 cm<\/span><span style=\"font-size: 10pt;\"><span style=\"font-size: 10pt;\">\u00a0<\/span><\/span><\/li>\n<li>\u0161\u00edrka p\u00e1sa: 41-55 cm (elastick\u00fd)<\/li>\n<li><\/li>\n<\/ul>\n<p style=\"text-align: center;\">Rozmery sa m\u00f4\u017eu mierne l\u00ed\u0161i\u0165 od uveden\u00fdch +\/- 2cm. V\u0161etky uveden\u00e9 rozmery s\u00fa meran\u00e9 plo\u0161ne. <strong>rozmer x2<\/strong><\/p>\n<p style=\"text-align: center;\"><span style=\"font-size: 10pt;\">\u00a0<\/span><\/p>\n<table style=\"height: 169px;\" width=\"853\">\n<tbody>\n<tr>\n<td width=\"302\">Meno modela<\/td>\n<td width=\"302\">\u00dasmev roz\u0161\u00edren\u00e9 \u0161aty<\/td>\n<\/tr>\n<tr>\n<td width=\"302\">Farba<\/td>\n<td width=\"302\">Bez<\/td>\n<\/tr>\n<tr>\n<td width=\"302\">M\u00f3da<\/td>\n<td width=\"302\">nadrozmern\u00e9<\/td>\n<\/tr>\n<tr>\n<td width=\"302\">Materi\u00e1l<\/td>\n<td width=\"302\">100 % Polyester<\/td>\n<\/tr>\n<tr>\n<td width=\"302\">D\u013a\u017eka<\/td>\n<td width=\"302\">Cez koleno<\/td>\n<\/tr>\n<\/tbody>\n<\/table>\n<p>&nbsp;<\/p>\n<p>&nbsp;<\/p>\n<div class=\"tabs tabs-bb clear mb-80\">\n<div class=\"tab-content\">\n<div id=\"tab-description\" class=\"tab-pane fade in woocommerce-Tabs-panel--description active\">\n<p style=\"text-align: center;\">Model m\u00e1\u00a0<strong>169<\/strong>\u00a0cm vysok\u00fd, nos\u00ed ve\u013ekos\u0165 ka\u017ed\u00fd de\u0148\u00a0<strong>S<\/strong><\/p>\n<p style=\"text-align: center;\">\u0160\u00edrka cez prsia 92 cm<\/p>\n<p style=\"text-align: center;\">\u0160\u00edrka v p\u00e1se 62 cm<\/p>\n<p style=\"text-align: center;\">\u0160\u00edrka v bokoch 94 cm<\/p>\n<\/div>\n<\/div>\n<\/div>\n<section class=\"related products mb-80\"><\/section>\n<p style=\"text-align: center;\">","protected":false},"excerpt":{"rendered":"<p>Sukienka Rozkloszowana Smile Be\u017cowa Sukienka z printem w napisy, rokloszowana. Sukienka z kr\u00f3tkim r\u0119kawem idealna na co dzie\u0144, sprawi \u017ce nasz look b\u0119dzie \u015bwie\u017cy, modny i bardzo kobiecy jest to idealna propozycja na sezon wiosenno-letni. Dlatego w Naszej ofercie czekaj\u0105 na Ciebie wyj\u0105tkowe propozycje letnich sukienek , kt\u00f3re mo\u017cesz nosi\u0107 na wiele r\u00f3\u017cnych sposob\u00f3w. Sukienka<\/p>\n<div class=\"klb-readmore post-buttons\"><a class=\"button black outline size-sm\" href=\"https:\/\/madelinefashion.pl\/sk\/sukienka-rozkloszowana-smile-bezowa\/\">\u010c\u00edta\u0165 \u010falej <i class=\"klbth-icon-right-arrow\"><\/i><\/a><\/div>","protected":false},"featured_media":34709,"template":"","meta":[],"product_brand":[],"product_cat":[125,395],"product_tag":[],"class_list":{"0":"post-34720","1":"product","2":"type-product","3":"status-publish","4":"has-post-thumbnail","6":"product_cat-sukienki","7":"product_cat-nowosci","9":"first","10":"instock","11":"purchasable","12":"product-type-simple"},"_links":{"self":[{"href":"https:\/\/madelinefashion.pl\/sk\/wp-json\/wp\/v2\/product\/34720","targetHints":{"allow":["GET"]}}],"collection":[{"href":"https:\/\/madelinefashion.pl\/sk\/wp-json\/wp\/v2\/product"}],"about":[{"href":"https:\/\/madelinefashion.pl\/sk\/wp-json\/wp\/v2\/types\/product"}],"wp:featuredmedia":[{"embeddable":true,"href":"https:\/\/madelinefashion.pl\/sk\/wp-json\/wp\/v2\/media\/34709"}],"wp:attachment":[{"href":"https:\/\/madelinefashion.pl\/sk\/wp-json\/wp\/v2\/media?parent=34720"}],"wp:term":[{"taxonomy":"product_brand","embeddable":true,"href":"https:\/\/madelinefashion.pl\/sk\/wp-json\/wp\/v2\/product_brand?post=34720"},{"taxonomy":"product_cat","embeddable":true,"href":"https:\/\/madelinefashion.pl\/sk\/wp-json\/wp\/v2\/product_cat?post=34720"},{"taxonomy":"product_tag","embeddable":true,"href":"https:\/\/madelinefashion.pl\/sk\/wp-json\/wp\/v2\/product_tag?post=34720"}],"curies":[{"name":"pracovn\u00fd list","href":"https:\/\/api.w.org\/{rel}","templated":true}]}}